{"id":8645,"date":"2026-01-11T20:26:00","date_gmt":"2026-01-11T20:26:00","guid":{"rendered":"https:\/\/croc-aspe.com\/?page_id=8645"},"modified":"2026-04-10T05:36:45","modified_gmt":"2026-04-10T05:36:45","slug":"actualites-2026","status":"publish","type":"page","link":"https:\/\/croc-aspe.com\/?page_id=8645","title":{"rendered":"Actualit\u00e9s 2026"},"content":{"rendered":"\t\t<div data-elementor-type=\"wp-page\" data-elementor-id=\"8645\" class=\"elementor elementor-8645\" data-elementor-settings=\"[]\">\n\t\t\t\t\t\t\t<div class=\"elementor-section-wrap\">\n\t\t\t\t\t\t\t<section class=\"elementor-section elementor-top-section elementor-element elementor-element-12e8ea9f elementor-section-boxed elementor-section-height-default elementor-section-height-default\" data-id=\"12e8ea9f\" data-element_type=\"section\">\n\t\t\t\t\t\t<div class=\"elementor-container elementor-column-gap-default\">\n\t\t\t\t\t<div class=\"elementor-column elementor-col-100 elementor-top-column elementor-element elementor-element-42c71deb\" data-id=\"42c71deb\" data-element_type=\"column\">\n\t\t\t<div class=\"elementor-widget-wrap elementor-element-populated\">\n\t\t\t\t\t\t\t\t<div class=\"elementor-element elementor-element-2be74104 elementor-widget elementor-widget-text-editor\" data-id=\"2be74104\" data-element_type=\"widget\" data-widget_type=\"text-editor.default\">\n\t\t\t\t<div class=\"elementor-widget-container\">\n\t\t\t<style>\/*! elementor - v3.5.5 - 03-02-2022 *\/\n.elementor-widget-text-editor.elementor-drop-cap-view-stacked .elementor-drop-cap{background-color:#818a91;color:#fff}.elementor-widget-text-editor.elementor-drop-cap-view-framed .elementor-drop-cap{color:#818a91;border:3px solid;background-color:transparent}.elementor-widget-text-editor:not(.elementor-drop-cap-view-default) .elementor-drop-cap{margin-top:8px}.elementor-widget-text-editor:not(.elementor-drop-cap-view-default) .elementor-drop-cap-letter{width:1em;height:1em}.elementor-widget-text-editor .elementor-drop-cap{float:left;text-align:center;line-height:1;font-size:50px}.elementor-widget-text-editor .elementor-drop-cap-letter{display:inline-block}<\/style>\t\t\t\t<p><span class=\"elementor-heading-title elementor-size-large elementor-inline-editing pen\" contenteditable=\"true\" data-elementor-setting-key=\"title\" data-pen-placeholder=\"Type Here...\"><strong>Les actualit\u00e9s 2026 de la ligne Pau &#8211; Canfranc &#8211; Saragosse<\/strong><\/span><\/p>\t\t\t\t\t\t<\/div>\n\t\t\t\t<\/div>\n\t\t\t\t\t<\/div>\n\t\t<\/div>\n\t\t\t\t\t\t\t<\/div>\n\t\t<\/section>\n\t\t\t\t<section class=\"elementor-section elementor-top-section elementor-element elementor-element-5de354b elementor-section-boxed elementor-section-height-default elementor-section-height-default\" data-id=\"5de354b\" data-element_type=\"section\">\n\t\t\t\t\t\t<div class=\"elementor-container elementor-column-gap-default\">\n\t\t\t\t\t<div class=\"elementor-column elementor-col-100 elementor-top-column elementor-element elementor-element-32e9e5\" data-id=\"32e9e5\" data-element_type=\"column\">\n\t\t\t<div class=\"elementor-widget-wrap elementor-element-populated\">\n\t\t\t\t\t\t\t\t<div class=\"elementor-element elementor-element-69e1b6d3 elementor-widget elementor-widget-text-editor\" data-id=\"69e1b6d3\" data-element_type=\"widget\" data-widget_type=\"text-editor.default\">\n\t\t\t\t<div class=\"elementor-widget-container\">\n\t\t\t\t\t\t\t<p><strong>9 avril 2026 : publication du rapport 2025-2026 du Conseil d\u2019Orientation des Infrastructures qui concerne uniquement les grands projets<\/strong><\/p><p>La synth\u00e8se du nouveau rapport du COI (Conseil d\u2019Orientation des Infrastructures) [1] vient d\u2019\u00eatre publi\u00e9e. Cette synth\u00e8se ne concerne que<span style=\"color: #ff0000;\"> les 18 grands projets d\u2019infrastructures de transport nouvelles. La ligne ferroviaire Pau \u2013 Canfranc n\u2019est ainsi pas adress\u00e9e par ce rapport<\/span> alors qu\u2019elle l\u2019avait \u00e9t\u00e9 par les deux pr\u00e9c\u00e9dents [2] [3] [4]. Il y a quelques semaines, le CROC s\u2019\u00e9tait \u00e9tonn\u00e9 de voir dispara\u00eetre la mention de \u00ab Grand Projet \u00bb du site internet de SNCF R\u00e9seau concernant le ligne ferroviaire Pau \u2013 Canfranc (voir article du 3 mars 2026). Tout s\u2019explique, <span style=\"color: #ff0000;\">en retirant cette notion de \u00ab Grand projet \u00bb pour son projet de r\u00e9ouverture, la R\u00e9gion s\u2019\u00e9vite une nouvelle humiliation de la part du COI<\/span> comme le furent les deux humiliations inflig\u00e9es \u00e0 cette ligne ferroviaire par le pass\u00e9. <br \/>Pour rappel, <span style=\"color: #ff0000;\">le premier rapport du COI [4] en page 95 avait \u00e9trill\u00e9 la r\u00e9ouverture par ces mots<\/span> : <span style=\"color: #0000ff;\">&#8220;La section Pau-Bedous a \u00e9t\u00e9 r\u00e9ouverte \u00e0 la circulation le 1er juillet 2016 et le sujet est maintenant la r\u00e9ouverture de la section Bedous-Canfranc. M\u00eame si le projet pourrait pr\u00e9senter un int\u00e9r\u00eat en mati\u00e8re de fret ferroviaire avec la desserte de la plateforme de Saragosse (ce dont doutent toutefois certains membres du Conseil) et b\u00e9n\u00e9ficie de financements europ\u00e9ens au titre de son caract\u00e8re transfontalier, il s&#8217;agit avant tout d&#8217;une infrastructure d&#8217;int\u00e9r\u00eat local dont le caract\u00e8re prioritaire pour l&#8217;Etat n&#8217;appara\u00eet pas clairement au Conseil. Alors que les financements de l&#8217;Etat sont insuffisants pour satisfaire l&#8217;ensemble des besoins et apr\u00e8s analyse comparative des enjeux des diff\u00e9rents investissements qu&#8217;il a eu \u00e0 consid\u00e9rer, il ne consid\u00e8re pas utile \u00e0 ce stade de mobiliser des financements nationaux pour ce projet.&#8221;<\/span><br \/>Le second rapport du COI [2] [3] avait insist\u00e9 sur la priorit\u00e9 de moderniser le r\u00e9seau ferr\u00e9 existant et de r\u00e9aliser les SERM m\u00e9tropolitains, \u00e0 savoir transporter des dizaines de milliers de voyageurs vite et fr\u00e9quemment. <span style=\"color: #ff0000;\">Le COI avait alors \u00e9t\u00e9 tr\u00e8s virulent \u00e0 l\u2019\u00e9gard de la ligne ferroviaire Pau \u2013 Canfranc<\/span> en y consacrant enti\u00e8rement la page 77 et en concluant par : <span style=\"color: #0000ff;\">&#8220;Le COI confirme en l\u2019absence d\u2019\u00e9l\u00e9ments nouveaux la position prise par le COI2018 de ne pas mobiliser de financements nationaux pour ce projet.&#8221;<\/span> (voir article du 24 f\u00e9vrier 2023).<br \/>En l\u2019\u00e9tat, l\u2019on peut consid\u00e9rer que<span style=\"color: #ff0000;\"> la position du COI reste invariante, \u00e0 savoir que la ligne ferroviaire Pau \u2013 Canfranc est une ligne d\u2019int\u00e9r\u00eat local qui ne m\u00e9rite pas d\u2019attention et de financement de la part de l\u2019Etat<\/span>. En parall\u00e8le du rapport du COI sur les grands projets d\u2019infrastructures de transport nouvelles, la conf\u00e9rence Ambition France Transport avait \u00e9galement confi\u00e9e au pr\u00e9fet Fran\u00e7ois Philizot la r\u00e9daction d\u2019un rapport sur les LDFT (Lignes de Desserte Fines du Territoire) et la cr\u00e9ation d\u2019un ferroscope notant les lignes ferroviaires selon diff\u00e9rents crit\u00e8res (voir article du 12 ao\u00fbt 2025). <span style=\"color: #ff0000;\">Rapport du pr\u00e9fet Philizot et ferroscope se font toujours attendre. Une fois ces documents publi\u00e9s, certainement que l\u2019on en saura plus sur le devenir de cette ligne ferroviaire Pau \u2013 Canfranc de la part de l\u2019Etat ?<\/span><\/p><p>[1] : Grands projets : le temps des choix, Rapport de synth\u00e8se \u2013 sous la direction de David Valence \u2013 COI Conseil d\u2019Orientation des Infrastructures \u2013 avril 2026 <br \/>[2] : Investir plus et mieux dans les mobilit\u00e9s pour r\u00e9ussir leur transition Rapport de synth\u00e8se : strat\u00e9gie 2023-2042 et propositions de programmation \u2013 sous la pr\u00e9sidence de David Valence \u2013 COI Conseil d\u2019Orientation des Infrastructures \u2013 d\u00e9cembre 2022<br \/>[3] : Investir plus et mieux dans les mobilit\u00e9s pour r\u00e9ussir leur transition Rapport annexe : compl\u00e9ments sur les programmes et revue de projets \u2013 sous la pr\u00e9sidence de David Valence \u2013 COI Conseil d\u2019Orientation des Infrastructures \u2013 janvier 2023<br \/>[4] : Mobilit\u00e9s du Quotidien, R\u00e9pondre aux urgences et pr\u00e9parer l&#8217;avenir \u2013 sous la pr\u00e9sidence de Philippe Duron \u2013 COI Conseil d\u2019Orientation des Infrastructures \u2013 janvier 2018<\/p>\t\t\t\t\t\t<\/div>\n\t\t\t\t<\/div>\n\t\t\t\t\t<\/div>\n\t\t<\/div>\n\t\t\t\t\t\t\t<\/div>\n\t\t<\/section>\n\t\t\t\t<section class=\"elementor-section elementor-top-section elementor-element elementor-element-203fa6c elementor-section-boxed elementor-section-height-default elementor-section-height-default\" data-id=\"203fa6c\" data-element_type=\"section\">\n\t\t\t\t\t\t<div class=\"elementor-container elementor-column-gap-default\">\n\t\t\t\t\t<div class=\"elementor-column elementor-col-100 elementor-top-column elementor-element elementor-element-2c3159f\" data-id=\"2c3159f\" data-element_type=\"column\">\n\t\t\t<div class=\"elementor-widget-wrap elementor-element-populated\">\n\t\t\t\t\t\t\t\t<div class=\"elementor-element elementor-element-51630f6 elementor-widget elementor-widget-text-editor\" data-id=\"51630f6\" data-element_type=\"widget\" data-widget_type=\"text-editor.default\">\n\t\t\t\t<div class=\"elementor-widget-container\">\n\t\t\t\t\t\t\t<p><strong>1er avril 2026 : c\u2019est le 1er avril, le jour pour le CROC de s\u2019accorder quelques fantaisies<\/strong><\/p><p>C\u2019est aujourd\u2019hui le 1er avril 2026 et cette journ\u00e9e est l\u2019occasion de faire quelques fac\u00e9ties qui changent de l\u2019ordinaire. Le CROC se propose donc de vous faire rire et sourire avec quelques questions et leurs r\u00e9ponses toujours d\u2019actualit\u00e9.<\/p><p><em>Premi\u00e8re question :<\/em><br \/><span style=\"color: #ff0000;\">Qui a dit ? \u00ab Vous avez vu le patrimoine naturel de cette vall\u00e9e, cette vall\u00e9e qui va \u00e0 la fois \u00eatre d\u00e9fendue tout en permettant la mobilit\u00e9 de nos concitoyens et des marchandises. \u00bb<\/span> [1]<br \/><em>Indice :<\/em> <br \/>L\u2019auteur de cette d\u00e9claration a sa r\u00e9sidence principale \u00e0 Pessac et une r\u00e9sidence secondaire \u00e0 Lescun, on le voit aussi souvent parader dans un bel immeuble \u00e0 Bordeaux.<br \/><em>R\u00e9ponse :<\/em> <br \/><span style=\"color: #0000ff;\">On ne vous donnera pas la bonne r\u00e9ponse car l\u2019on sait que vous l\u2019avez avant m\u00eame d\u2019avoir fini de lire la question et son indice !<\/span><\/p><p><em>Deuxi\u00e8me question :<\/em><br \/><span style=\"color: #ff0000;\">Qui a dit ? que \u00ab les succ\u00e8s commerciaux sont au rendez-vous \u00e0 chaque fois que l\u2019on r\u00e9am\u00e9nage une ligne touristique. \u00bb<\/span> [2]<br \/><em>Indice :<\/em> <br \/>L\u2019auteur de cette d\u00e9claration est le m\u00eame que celui de la premi\u00e8re question.<br \/><em>R\u00e9ponse :<\/em> <br \/><span style=\"color: #0000ff;\">On ne vous donnera pas la bonne r\u00e9ponse car l\u2019on sait que vous l\u2019avez avant m\u00eame d\u2019avoir fini de lire la question et son indice !<\/span><\/p><p><em>Troisi\u00e8me question :<\/em><br \/><span style=\"color: #ff0000;\">Qui a dit ? \u00ab Si la baisse des \u00e9l\u00e8ves est li\u00e9e \u00e0 une probl\u00e9matique nationale de faible natalit\u00e9, nous sommes en mesure de dynamiser l\u2019attractivit\u00e9 des villages du Haut-B\u00e9arn, en am\u00e9liorant leur accessibilit\u00e9. Cela passe par une politique ambitieuse en terme de transports : l\u2019am\u00e9lioration de la RN134 et la construction de la voie ferr\u00e9e Pau-Canfranc vont dans ce sens. \u00bb<\/span> [3]<br \/><em>Indice :<\/em> <br \/>L\u2019auteur de cette d\u00e9claration a \u00e9t\u00e9 maire jusqu\u2019\u00e0 ce mois de mars 2026 dans une ville qui a fait beaucoup parler d\u2019elle \u00e0 l\u2019occasion de ces \u00e9lections municipales puisque le r\u00e9sultat final s\u2019est jou\u00e9 \u00e0 une seule voie de diff\u00e9rence entre la liste gagnante et la liste perdante. <br \/><em>R\u00e9ponse :<\/em> <br \/><span style=\"color: #0000ff;\">On ne vous donnera pas la bonne r\u00e9ponse car l\u2019on sait que vous l\u2019avez avant m\u00eame d\u2019avoir fini de lire la question et son indice !<\/span><\/p><p><em>Quatri\u00e8me question :<\/em><br \/><span style=\"color: #ff0000;\">Quel \u00e9lu envisageait d\u2019installer une p\u00e9pini\u00e8re d\u2019entreprises pr\u00e8s de la gare terminale d\u2019une ligne ferroviaire qui a co\u00fbt\u00e9 plus de 120M\u20ac de travaux lors de sa r\u00e9ouverture ?<\/span> [4]<br \/><em>Indice :<\/em> <br \/>L\u2019\u00e9lu qui envisageait cette p\u00e9pini\u00e8re d\u2019entreprises et qui n\u2019a jamais vu le jour est un maire qui entame son quatri\u00e8me mandat dans un village dont la route d\u2019entr\u00e9e est enlaidie par d\u2019horribles palissades et dont une falaise a \u00e9t\u00e9 totalement massacr\u00e9e pour l\u2019installation de filets sans qu\u2019aucune association environnementale ne s\u2019en \u00e9meuve. <br \/><em>R\u00e9ponse :<\/em> <br \/><span style=\"color: #0000ff;\">On ne vous donnera pas la bonne r\u00e9ponse car l\u2019on sait que vous l\u2019avez avant m\u00eame d\u2019avoir fini de lire la question et son indice !<\/span><\/p><p><em>Cinqui\u00e8me question :<\/em> <br \/><span style=\"color: #ff0000;\">Qui a estim\u00e9 par calcul la fr\u00e9quentation \u00e0 200 passagers par jour sur les quatre aller-retours entre Oloron et Bedous et les deux allers-retours en heures de pointe entre Oloron et Bidos ?<\/span> [5]<br \/><em>Indice :<\/em> <br \/>C\u2019est l\u2019anc\u00eatre de SNCF R\u00e9seau dont le directeur territorial en Nouvelle-Aquitaine, Jean-Luc Gary, ne cesse de vanter la sinc\u00e9rit\u00e9 et la cr\u00e9dibilit\u00e9.<br \/><em>R\u00e9ponse :<\/em> <br \/><span style=\"color: #0000ff;\">R\u00e9seau Ferr\u00e9 de France<\/span><\/p><p><em>Sixi\u00e8me question :<\/em> <br \/><span style=\"color: #ff0000;\">Est-ce un poisson d\u2019avril de dire que le service de chirurgie et le bloc op\u00e9ratoire de l\u2019h\u00f4pital d\u2019Oloron-Sainte-Marie vont fermer durant les week-ends \u00e0 partir de mi-ao\u00fbt 2026 ?<\/span> [6]<br \/><em>Indice :<\/em> <br \/>A la suite des premi\u00e8re, deuxi\u00e8me, troisi\u00e8me, quatri\u00e8me et cinqui\u00e8me questions, on penche \u00e9videmment pour un poisson d\u2019avril de tr\u00e8s mauvais go\u00fbt\u2026<br \/><em>R\u00e9ponse :<\/em> <br \/><span style=\"color: #0000ff;\">Et non, ce n\u2019est pas un poisson d\u2019avril, mais la triste r\u00e9alit\u00e9 d\u2019aujourd\u2019hui pourtant bien pr\u00e9visible !<\/span><\/p><p><em>Septi\u00e8me question :<\/em> <br \/><span style=\"color: #ff0000;\">Est-ce un poisson d\u2019avril de dire que l\u2019inspection d\u2019acad\u00e9mie de Nouvelle-Aquitaine envisage de fermer une classe de l\u2019\u00e9cole \u00e9l\u00e9mentaire de Bidos \u00e0 la rentr\u00e9e de septembre 2026 ?<\/span> [7]<br \/><em>Indice :<\/em> <br \/>A la suite des premi\u00e8re, deuxi\u00e8me, troisi\u00e8me, quatri\u00e8me et cinqui\u00e8me questions, on penche \u00e9videmment pour un poisson d\u2019avril de tr\u00e8s mauvais go\u00fbt\u2026<br \/><em>R\u00e9ponse :<\/em> <br \/><span style=\"color: #0000ff;\">Et non, ce n\u2019est pas un poisson d\u2019avril, mais la triste r\u00e9alit\u00e9 d\u2019aujourd\u2019hui pourtant bien pr\u00e9visible !<\/span><\/p><p><em>Huiti\u00e8me question :<\/em> <br \/><span style=\"color: #ff0000;\">Est-ce un poisson d\u2019avril de dire que l\u2019inspection d\u2019acad\u00e9mie de Nouvelle-Aquitaine envisage de fermer une classe du RPI d\u2019Asap-Arros, d\u2019Escot et de Lurbe-Saint-Christau \u00e0 la rentr\u00e9e de septembre 2026 ?<\/span> [8]<br \/><em>Indice :<\/em> <br \/>A la suite des premi\u00e8re, deuxi\u00e8me, troisi\u00e8me, quatri\u00e8me et cinqui\u00e8me questions, on penche \u00e9videmment pour un poisson d\u2019avril de tr\u00e8s mauvais go\u00fbt\u2026<br \/><em>R\u00e9ponse :<\/em> <br \/><span style=\"color: #0000ff;\">Et non, ce n\u2019est pas un poisson d\u2019avril, mais la triste r\u00e9alit\u00e9 d\u2019aujourd\u2019hui pourtant bien pr\u00e9visible !<\/span><\/p><p><span style=\"color: #ff0000;\">On esp\u00e8re que le CROC vous a fait rire et sourire avec ses fac\u00e9ties, car nous, au CROC, ces 8 questions et leurs r\u00e9ponses ne nous font ni rire, ni sourire, 1er avril ou pas !!!<\/span><\/p><p>[1] : Enqu\u00eates de R\u00e9gion : SNCF : des trains \u00e0 deux vitesses ? \u2013 France 3 Nouvelle-Aquitaine \u2013 18 janvier 2018<br \/>[2] : Coop\u00e9ration transfrontali\u00e8re : Pau &#8211; Canfranc sur les rails \u2013 Jacques Ripoche \u2013 Sud-Ouest \u2013 16 mars 2013<br \/>[3] : Comment le Haut-B\u00e9arn s\u2019adapte \u00e0 la baisse du nombre d\u2019\u00e9coliers \u2013 Gildas Bo\u00ebnnec \u2013 La R\u00e9publique des Pyr\u00e9n\u00e9es \u2013 11 avril 2016<br \/>[4] : Pau-Canfranc : un signe d\u2019ouverture \u2013 Jacques Caubet \u2013 La R\u00e9publique des Pyr\u00e9n\u00e9es \u2013 7 mai 2009<br \/>[5] : Oloron-Bedous 200 voyageurs par jour pr\u00e9vus sur la ligne \u2013 S\u00e9bastien Lamarque \u2013 La R\u00e9publique des Pyr\u00e9n\u00e9es \u2013 15 f\u00e9vrier 2012<br \/>[6] : La chirurgie doit bien fermer lors des week-ends d\u00e8s le mois d\u2019ao\u00fbt \u2013 Gildas Bo\u00ebnnec \u2013 La R\u00e9publique des Pyr\u00e9n\u00e9es \u2013 31 mars 2026<br \/>[7] : Bidos, Parents d\u2019\u00e9l\u00e8ves et \u00e9lus mobilis\u00e9s contre la fermeture d\u2019une classe \u2013 La R\u00e9publique des Pyr\u00e9n\u00e9es \u2013 1er avril 2026<br \/>[8] : Asap-Arros, Le projet de suppression d\u2019une classe ne passe pas \u2013 La R\u00e9publique des Pyr\u00e9n\u00e9es \u2013 1er avril 2026<\/p>\t\t\t\t\t\t<\/div>\n\t\t\t\t<\/div>\n\t\t\t\t\t<\/div>\n\t\t<\/div>\n\t\t\t\t\t\t\t<\/div>\n\t\t<\/section>\n\t\t\t\t<section class=\"elementor-section elementor-top-section elementor-element elementor-element-657f7c3 elementor-section-boxed elementor-section-height-default elementor-section-height-default\" data-id=\"657f7c3\" data-element_type=\"section\">\n\t\t\t\t\t\t<div class=\"elementor-container elementor-column-gap-default\">\n\t\t\t\t\t<div class=\"elementor-column elementor-col-100 elementor-top-column elementor-element elementor-element-b15fc64\" data-id=\"b15fc64\" data-element_type=\"column\">\n\t\t\t<div class=\"elementor-widget-wrap elementor-element-populated\">\n\t\t\t\t\t\t\t\t<div class=\"elementor-element elementor-element-3c4ba16 elementor-widget elementor-widget-text-editor\" data-id=\"3c4ba16\" data-element_type=\"widget\" data-widget_type=\"text-editor.default\">\n\t\t\t\t<div class=\"elementor-widget-container\">\n\t\t\t\t\t\t\t<p><strong>21 mars 2026 : publication du bilan de la concertation MECDU, un document (non dat\u00e9 !!!) qui confirme l\u2019attitude abjecte et \u00e0 vomir de SNCF R\u00e9seau en Nouvelle-Aquitaine<\/strong><\/p><p><span style=\"color: #ff0000;\">Le bilan de la concertation MECDU qui s\u2019est tenue du 20 novembre au 20 d\u00e9cembre 2025 vient d\u2019\u00eatre publi\u00e9e<\/span> [1]. Vues les r\u00e9ponses aux tr\u00e8s nombreuses contributions de SNCF R\u00e9seau sur son site internet, l\u2019on ne pouvait pas attendre grand-chose de ce document (non dat\u00e9 !!!), et c\u2019est effectivement le cas. D\u2019ailleurs, qui a \u00e9crit ce document (non dat\u00e9 !!!) ? :<br \/>\u00a0 \u00a0 \u00a0 \u00a0 \u00a0 \u2022 SNCF R\u00e9seau et SNCF Gares &amp; Connexions selon la premi\u00e8re page de garde ?<br \/>\u00a0 \u00a0 \u00a0 \u00a0 \u00a0 \u2022 la R\u00e9gion Nouvelle-Aquitaine qui dit \u00eatre la seule responsable selon la deuxi\u00e8me page de garde ?<br \/>\u00a0 \u00a0 \u00a0 \u00a0 \u00a0 \u2022 ou <span style=\"color: #ff0000;\">un jeune charg\u00e9 d\u2019\u00e9tudes environnementales de SYSTRA bas\u00e9 \u00e0 Nantes<\/span> suivant les propri\u00e9t\u00e9s du fichier pdf ?<br \/>On ne le saura pas. En revanche, <span style=\"color: #ff0000;\">on sait qui a pay\u00e9 ce document (non dat\u00e9 !!!) creux et foireux : les contribuables n\u00e9o-aquitains et europ\u00e9ens<\/span> car il est bien dit que ce document (non dat\u00e9 !!!) rentre dans le programme d\u2019\u00e9tudes 22-EU-TG-PCZ 2022 !<\/p><p><span style=\"color: #ff0000;\">Un certain flou r\u00e8gne d\u00e9sormais dans les objectifs du projet<\/span> car plus aucune information n\u2019est d\u00e9sormais fournie en section 1.3 sur le nombre de trains de voyageurs et sur le nombre de trains de marchandises. Certainement que <span style=\"color: #ff0000;\">le retour aux hypoth\u00e8ses de convergence de 2020 et la notion de CA-PA-CI-TAI-RE incomprise des opposants au projet<\/span> a laiss\u00e9 des traces (voir article du 7 d\u00e9cembre 2025). <br \/><span style=\"color: #ff0000;\">Un flou r\u00e8gne \u00e9galement sur la tension d\u2019\u00e9lectrification<\/span> puisque ce document (non dat\u00e9 !!!) parle bien de r\u00e9electrification sans indiquer la tension et en illustrant la page 9 avec une photo d\u2019une sous-station \u00e9lectrique de 1 500V. C\u2019est toujours la grande incertitude depuis le retour du projet aux hypoth\u00e8ses de convergence. Y aura-t-il \u00e9lectrification ? et si oui, cette \u00e9lectrification se fera-t-elle en 1 500V ou 25kV ? Ce sujet de l\u2019\u00e9lectrification est clairement un point dur de ce projet car toutes les solutions possibles sont des mauvaises solutions. <span style=\"color: #ff0000;\">Quelle moins mauvaise solution parmi toutes les mauvaises solutions sera choisie par SNCF R\u00e9seau ?<\/span> Voil\u00e0 une vraie question qui attend une r\u00e9ponse rapide !<\/p><p>Tout le chapitre 3 de ce document (non dat\u00e9 !!!) est constitu\u00e9e de l\u2019analyse des contributions d\u00e9pos\u00e9es sur le site internet ou \u00e9crite sur les registres papier en mairie. <br \/><span style=\"color: #ff0000;\">C\u2019est toujours le flou complet sur le nombre exact de contributions.<\/span> Selon SNCF R\u00e9seau, il y aurait eu 222 contributions, dont 200 contributions sur le site internet, l\u00e0 o\u00f9 le CROC en compte seulement 195. Mais entre les contributions en double, les contributions cach\u00e9es, les contributions non publiques et peut-\u00eatre aussi les contributions perdues, <span style=\"color: #ff0000;\">notre jeune charg\u00e9 d\u2019\u00e9tudes environnementales de SYSTRA bas\u00e9 \u00e0 Nantes a certainement eu bien du mal \u00e0 les compter<\/span>. Peut-\u00eatre est-ce lui qui avait r\u00e9pondu \u00e0 l\u2019offre d\u2019emploi de SNCF Voyageurs qui cherchait une personne pour compter le nombre d\u2019usagers dans les trains Pau \u2013 Oloron \u2013 Bedous en janvier 2025, <span style=\"color: #ff0000;\">emploi dont la seule comp\u00e9tence \u00e9tait de savoir compter jusqu\u2019\u00e0 10<\/span> (voir article du 25 janvier 2025). Ceci expliquerait cela !<br \/><span style=\"color: #ff0000;\">Mais tout l\u2019objet de ce chapitre 3 est de chercher \u00e0 valoriser les 204 contributions que SNCF R\u00e9seau a mises directement \u00e0 la poubelle pour ne garder que les 18 contributions qui les int\u00e9ressent et qui ne sont pas pol\u00e9miques.<\/span> Bel exercice de style dont est coutumier SNCF R\u00e9seau nous disant tout et son contraire avec \u00ab le sujet a finalement peu mobilis\u00e9 \u00bb, mais tout en indiquant que \u00ab la participation du public a \u00e9t\u00e9 relativement importante sur le site internet \u00bb et que \u00ab cela traduit un int\u00e9r\u00eat pour le projet qui d\u00e9passe le seul p\u00e9rim\u00e8tre local \u00bb. <span style=\"color: #ff0000;\">A quoi bon faire toutes ces statistiques sur les modalit\u00e9s de contribution, la r\u00e9partition g\u00e9ographique des contributeurs, les th\u00e9matiques abord\u00e9es pour des contributions qui sont jet\u00e9es directement \u00e0 la poubelle.<\/span><br \/>Il aurait \u00e9t\u00e9 plus simple que SNCF R\u00e9seau en Nouvelle-Aquitaine nous dise qu\u2019il allait mettre unilat\u00e9ralement toutes les contributions qui ne les int\u00e9resse pas directement \u00e0 la poubelle plut\u00f4t que de faire miroiter toute sa publicit\u00e9 sur la magnifique concertation MECDU, signe de la belle d\u00e9mocratie participative. <span style=\"color: #ff0000;\">Cela aurait aussi permis aux 97 contributeurs de ne pas perdre leur temps. Une fois encore, la sinc\u00e9rit\u00e9 et la cr\u00e9dibilit\u00e9 de SNCF R\u00e9seau, d\u00e9clam\u00e9es par son directeur territorial Jean-Luc Gary, en prend un s\u00e9rieux coup (voir article du 7 d\u00e9cembre 2025) !<\/span><\/p><p>On peut noter aussi<span style=\"color: #ff0000;\"> le grand amateurisme de SNCF R\u00e9seau en Nouvelle-Aquitaine<\/span> sur deux points sensibles remont\u00e9s par les 18 contributions restantes :<br \/>\u00a0 \u00a0 \u00a0 \u00a0 \u00a0 \u2022<span style=\"color: #ff0000;\"> le mic-mac sur la temporalit\u00e9 de cette MECDU avec le nouveau PLUi du Haut-B\u00e9arn<\/span> : pour le temps de quelques mois, SNCF R\u00e9seau aurait tout de m\u00eame pu attendre que le PLUi du Haut-B\u00e9arn soit d\u00e9finitivement fig\u00e9 avant de faire cette MECDU, car il existe le risque de refaire une nouvelle concertation MECDU ult\u00e9rieurement en cas d\u2019incompatibilit\u00e9 ;<br \/>\u00a0 \u00a0 \u00a0 \u00a0 \u00a0 \u2022 <span style=\"color: #ff0000;\">la volte-face sur le positionnement de l\u2019antenne GSM-R \u00e0 Juran\u00e7on<\/span> : SNCF R\u00e9seau se rend compte tr\u00e8s tardivement que positionner cette antenne dans un Espace Bois\u00e9 Class\u00e9 est mission impossible et cherche d\u00e9sormais un nouvel emplacement comme elle le dit dans la r\u00e9ponse \u00e0 la contribution n\u00b0608 qui a enfin eu sa r\u00e9ponse le 16 mars 2026 : &#8220;<span style=\"color: #0000ff;\">SNCF R\u00e9seau a connaissance de l&#8217;existence de l&#8217;enjeu environnemental que repr\u00e9sente un EBC sur le site envisag\u00e9 pour l&#8217;implantation des \u00e9quipements de t\u00e9l\u00e9communications n\u00e9cessaires au fonctionnement de l&#8217;exploitation ferroviaire. L&#8217;examen des conditions de d\u00e9placement de cette installation pour pr\u00e9server l&#8217;EBC est en cours. Au stade actuel d&#8217;avancement de la d\u00e9finition technique du projet, des marges de man\u0153uvre existent pour repositionner cette installation en dehors de l&#8217;EBC.<\/span>&#8221; <span style=\"color: #ff0000;\">Il est triste que SNCF R\u00e9seau ne se soit pas adress\u00e9e d\u00e8s l\u2019origine de son projet \u00e0 la municipalit\u00e9 de Juran\u00e7on, ce qui aurait permis d\u2019\u00e9viter la grosse col\u00e8re de son maire, Michel Bernos.<\/span><\/p><p>On peut enfin noter aussi <span style=\"color: #ff0000;\">l\u2019attitude abjecte de SNCF R\u00e9seau sur les expropriations des 141 parcelles<\/span> puisque SNCF R\u00e9seau attendra la signature de la D\u00e9claration d\u2019Utilit\u00e9 Publique pour annoncer la liste des parcelles et des propri\u00e9taires qui auront la triste surprise de voir leurs terrains empi\u00e9t\u00e9s par la ligne ferroviaire. Et certainement qu\u2019il y aura bien plus de parcelles que les 141 annonc\u00e9es ! <span style=\"color: #ff0000;\">SNCF R\u00e9seau se garde bien de fournir l\u2019emplacement de ces parcelles, histoire d\u2019\u00e9viter que les propri\u00e9taires concern\u00e9s ne viennent grossir le nombre toujours plus \u00e9lev\u00e9 d\u2019opposants \u00e0 ce projet.<\/span><\/p><p>Le CROC en a profit\u00e9 pour mettre d\u00e9finitivement \u00e0 jour son fichier avec les r\u00e9ponses sans int\u00e9r\u00eat de SNCF R\u00e9seau et les r\u00e9ponses pertinentes et int\u00e9ressantes du CROC. Ces r\u00e9ponses n\u2019engagent bien \u00e9videmment que le CROC !<\/p><p><a href=\"https:\/\/drive.google.com\/file\/d\/1gmcFPZIG6Mil4zdAquU93PiT9phBlWkM\/view?usp=drive_link\">https:\/\/drive.google.com\/file\/d\/1gmcFPZIG6Mil4zdAquU93PiT9phBlWkM\/view?usp=drive_link<\/a><\/p><p>[1] : Projet de r\u00e9ouverture de la ligne ferroviaire Pau- Canfranc, Mise en compatibilit\u00e9 des documents d\u2019urbanisme, BILAN DE LA CONCERTATION, 20 novembre au 20 d\u00e9cembre 2025 \u2013 SNCF R\u00e9seau, SNCF Gares &amp; Connexions \u2013 (non dat\u00e9 !!!)<\/p>\t\t\t\t\t\t<\/div>\n\t\t\t\t<\/div>\n\t\t\t\t\t<\/div>\n\t\t<\/div>\n\t\t\t\t\t\t\t<\/div>\n\t\t<\/section>\n\t\t\t\t<section class=\"elementor-section elementor-top-section elementor-element elementor-element-9c104e4 elementor-section-boxed elementor-section-height-default elementor-section-height-default\" data-id=\"9c104e4\" data-element_type=\"section\">\n\t\t\t\t\t\t<div class=\"elementor-container elementor-column-gap-default\">\n\t\t\t\t\t<div class=\"elementor-column elementor-col-100 elementor-top-column elementor-element elementor-element-9862220\" data-id=\"9862220\" data-element_type=\"column\">\n\t\t\t<div class=\"elementor-widget-wrap elementor-element-populated\">\n\t\t\t\t\t\t\t\t<div class=\"elementor-element elementor-element-463ace8 elementor-widget elementor-widget-text-editor\" data-id=\"463ace8\" data-element_type=\"widget\" data-widget_type=\"text-editor.default\">\n\t\t\t\t<div class=\"elementor-widget-container\">\n\t\t\t\t\t\t\t<p><strong>15 mars 2026 : 280 poids-lourds en moyenne chaque jour de 2025 aux Forges-d\u2019Abel, ils mentent, nous savons qu\u2019ils mentent, ils persistent \u00e0 mentir<\/strong><\/p><p><span style=\"color: #ff0000;\">C\u2019est une valeur qui vient d\u2019\u00eatre publi\u00e9e en f\u00e9vrier par le Minist\u00e8re des Transports et qui fait beaucoup r\u00e9agir.<\/span> La DIRA (Direction Interd\u00e9partementale des Routes Atlantique) vient de diffuser ses comptages annuels sur la densit\u00e9 de trafic en Nouvelle-Aquitaine. Selon ses mesures, il y a eu <span style=\"color: #ff0000;\">une moyenne journali\u00e8re de 280 poids-lourds en vall\u00e9e d\u2019Aspe en 2025<\/span> comptabilis\u00e9s au capteur situ\u00e9 aux Forges-d\u2019Abel [1], soit quelques centaines de m\u00e8tres avant le tunnel routier du Somport. Plus pr\u00e9cis\u00e9ment, sur ces 280 poids-lourds, 145 suivent la direction France \u2013 Espagne et 135 suivent la direction Espagne \u2013 France. Au point de comptage pr\u00e9c\u00e9dent situ\u00e9 \u00e0 Asap-Arros, ce sont 453 poids-lourds qui circulent en moyenne chaque jour de 2025, dont 231 dans la direction France \u2013 Espagne et 222 dans la direction Espagne \u2013 France.<br \/>Ce comptage de 280 poids-lourds en 2025 est la plus r\u00e9cente des valeurs publi\u00e9es en 2026. A noter que l\u2019OTP (Observatoire franco-espagnol des Transports dans les Pyr\u00e9n\u00e9es) vient \u00e9galement de publier ses estimations de trafic en 2024 au niveau du tunnel du Somport [2]. Ce sont en moyenne journali\u00e8re 265 poids-lourds qui ont travers\u00e9 le tunnel routier du Somport en 2024 sachant que la circulation sur la RN 134 a \u00e9t\u00e9 interrompue du 7 septembre au 20 d\u00e9cembre 2024, soit durant 104 jours. Sans cette interruption, la circulation aurait \u00e9t\u00e9 d\u2019environ 371 poids-lourds par jour en 2024 en corrigeant proportionnellement. D\u2019autres statistiques existent et permettent de conna\u00eetre la circulation sur la RN 134 mais \u00e9galement sur la N-330 en Espagne telles que les donn\u00e9es du Conseil D\u00e9partemental 64, l\u2019enqu\u00eate poids-lourds du CETE Sud-Ouest, les comptages de l\u2019op\u00e9rateur MATINSA qui g\u00e8re le tunnel routier du Somport, les donn\u00e9es Avatar du CEREMA, les donn\u00e9es du Minist\u00e8re des Transports espagnols. Toutes ces donn\u00e9es convergent et sont coh\u00e9rentes entre elles. <span style=\"color: #ff0000;\">Ainsi, \u00e0 partir d\u2019une moyenne journali\u00e8re de 200 poids-lourds \u00e0 l\u2019ouverture du tunnel routier du Somport en 2003, cette moyenne a progressivement augment\u00e9 jusqu\u2019en 2017, puis s\u2019est stabilis\u00e9e \u00e0 des valeurs comprises entre 320 et 380 poids-lourds de 2018 \u00e0 2024.<\/span><\/p>\t\t\t\t\t\t<\/div>\n\t\t\t\t<\/div>\n\t\t\t\t\t<\/div>\n\t\t<\/div>\n\t\t\t\t\t\t\t<\/div>\n\t\t<\/section>\n\t\t\t\t<section class=\"elementor-section elementor-top-section elementor-element elementor-element-d5cfdd3 elementor-section-boxed elementor-section-height-default elementor-section-height-default\" data-id=\"d5cfdd3\" data-element_type=\"section\">\n\t\t\t\t\t\t<div class=\"elementor-container elementor-column-gap-default\">\n\t\t\t\t\t<div class=\"elementor-column elementor-col-100 elementor-top-column elementor-element elementor-element-2d8e887\" data-id=\"2d8e887\" data-element_type=\"column\">\n\t\t\t<div class=\"elementor-widget-wrap elementor-element-populated\">\n\t\t\t\t\t\t\t\t<div class=\"elementor-element elementor-element-422ae6d elementor-widget elementor-widget-image\" data-id=\"422ae6d\" data-element_type=\"widget\" data-widget_type=\"image.default\">\n\t\t\t\t<div class=\"elementor-widget-container\">\n\t\t\t<style>\/*! elementor - v3.5.5 - 03-02-2022 *\/\n.elementor-widget-image{text-align:center}.elementor-widget-image a{display:inline-block}.elementor-widget-image a img[src$=\".svg\"]{width:48px}.elementor-widget-image img{vertical-align:middle;display:inline-block}<\/style>\t\t\t\t\t\t\t\t\t\t\t\t<img loading=\"lazy\" decoding=\"async\" width=\"1024\" height=\"668\" src=\"https:\/\/croc-aspe.com\/wp-content\/uploads\/2026\/03\/4-1024x668.jpg\" class=\"attachment-large size-large\" alt=\"\" srcset=\"https:\/\/croc-aspe.com\/wp-content\/uploads\/2026\/03\/4-1024x668.jpg 1024w, https:\/\/croc-aspe.com\/wp-content\/uploads\/2026\/03\/4-300x196.jpg 300w, https:\/\/croc-aspe.com\/wp-content\/uploads\/2026\/03\/4-768x501.jpg 768w, https:\/\/croc-aspe.com\/wp-content\/uploads\/2026\/03\/4.jpg 1526w\" sizes=\"auto, (max-width: 1024px) 100vw, 1024px\" \/>\t\t\t\t\t\t\t\t\t\t\t\t\t\t\t<\/div>\n\t\t\t\t<\/div>\n\t\t\t\t\t<\/div>\n\t\t<\/div>\n\t\t\t\t\t\t\t<\/div>\n\t\t<\/section>\n\t\t\t\t<section class=\"elementor-section elementor-top-section elementor-element elementor-element-fb57a55 elementor-section-boxed elementor-section-height-default elementor-section-height-default\" data-id=\"fb57a55\" data-element_type=\"section\">\n\t\t\t\t\t\t<div class=\"elementor-container elementor-column-gap-default\">\n\t\t\t\t\t<div class=\"elementor-column elementor-col-100 elementor-top-column elementor-element elementor-element-627c67a\" data-id=\"627c67a\" data-element_type=\"column\">\n\t\t\t<div class=\"elementor-widget-wrap elementor-element-populated\">\n\t\t\t\t\t\t\t\t<div class=\"elementor-element elementor-element-1f26d10 elementor-widget elementor-widget-text-editor\" data-id=\"1f26d10\" data-element_type=\"widget\" data-widget_type=\"text-editor.default\">\n\t\t\t\t<div class=\"elementor-widget-container\">\n\t\t\t\t\t\t\t<p><span style=\"color: #ff0000;\">La diminution intervenue en 2025 est confirm\u00e9e par le ressenti de nombreux habitants de la vall\u00e9e d\u2019Aspe<\/span>, dont certains fins observateurs qui font leur propre comptage et ont bien not\u00e9 cette baisse sensible. Certainement que l\u2019interruption de la circulation sur la RN 134 durant l\u2019automne 2024 a men\u00e9 un certain nombre de transporteurs \u00e0 changer leurs habitudes et \u00e0 privil\u00e9gier d\u2019autres passages au travers des Pyr\u00e9n\u00e9es. De plus, les op\u00e9rations de modernisation faits derni\u00e8rement sur l\u2019axe RD 173 \u2013 A-138 passant par le tunnel d\u2019Aragnouet-Bielsa ainsi que la mont\u00e9e en puissance de l\u2019industrie et des activit\u00e9s \u00e0 Tarbes et \u00e0 l\u2019a\u00e9roport de Tarbes Lourdes Pyr\u00e9n\u00e9es montrent que ce dernier axe prend de plus en plus d\u2019importance, ceci certainement au d\u00e9triment de la RN 134 et du tunnel routier du Somport.<br \/>Il est difficile de dire si cette diminution observ\u00e9e en 2025 sera durable et se confirmera les ann\u00e9es futures. <span style=\"color: #ff0000;\">Dans tous les cas, il semble bien que le trafic se stabilise depuis 2018 et ne d\u00e9passera vraisemblablement jamais les 400 poids-lourds au tunnel routier du Somport.<\/span> <br \/>A noter que par rapport aux nombres de poids-lourds comptabilis\u00e9s au Gabarn d\u2019Oloron-Sainte-Marie, ce sont environ 45% des poids-lourds qui rejoignent l\u2019Espagne, les 55% restants r\u00e9alisent du trafic de cabotage \u00e0 Oloron-Sainte-Marie ou en vall\u00e9e d\u2019Aspe comme l\u2019on peut l\u2019observer sur le graphique suivant. Ce sont donc environ 380 poids-lourds dont la marchandise ne pourra jamais \u00eatre transport\u00e9e par un train.<\/p>\t\t\t\t\t\t<\/div>\n\t\t\t\t<\/div>\n\t\t\t\t\t<\/div>\n\t\t<\/div>\n\t\t\t\t\t\t\t<\/div>\n\t\t<\/section>\n\t\t\t\t<section class=\"elementor-section elementor-top-section elementor-element elementor-element-009e389 elementor-section-boxed elementor-section-height-default elementor-section-height-default\" data-id=\"009e389\" data-element_type=\"section\">\n\t\t\t\t\t\t<div class=\"elementor-container elementor-column-gap-default\">\n\t\t\t\t\t<div class=\"elementor-column elementor-col-100 elementor-top-column elementor-element elementor-element-740fe9c\" data-id=\"740fe9c\" data-element_type=\"column\">\n\t\t\t<div class=\"elementor-widget-wrap elementor-element-populated\">\n\t\t\t\t\t\t\t\t<div class=\"elementor-element elementor-element-4906314 elementor-widget elementor-widget-image\" data-id=\"4906314\" data-element_type=\"widget\" data-widget_type=\"image.default\">\n\t\t\t\t<div class=\"elementor-widget-container\">\n\t\t\t\t\t\t\t\t\t\t\t\t\t\t\t<img loading=\"lazy\" decoding=\"async\" width=\"1024\" height=\"668\" src=\"https:\/\/croc-aspe.com\/wp-content\/uploads\/2026\/03\/3-1024x668.jpg\" class=\"attachment-large size-large\" alt=\"\" srcset=\"https:\/\/croc-aspe.com\/wp-content\/uploads\/2026\/03\/3-1024x668.jpg 1024w, https:\/\/croc-aspe.com\/wp-content\/uploads\/2026\/03\/3-300x196.jpg 300w, https:\/\/croc-aspe.com\/wp-content\/uploads\/2026\/03\/3-768x501.jpg 768w, https:\/\/croc-aspe.com\/wp-content\/uploads\/2026\/03\/3.jpg 1526w\" sizes=\"auto, (max-width: 1024px) 100vw, 1024px\" \/>\t\t\t\t\t\t\t\t\t\t\t\t\t\t\t<\/div>\n\t\t\t\t<\/div>\n\t\t\t\t\t<\/div>\n\t\t<\/div>\n\t\t\t\t\t\t\t<\/div>\n\t\t<\/section>\n\t\t\t\t<section class=\"elementor-section elementor-top-section elementor-element elementor-element-682ed5b elementor-section-boxed elementor-section-height-default elementor-section-height-default\" data-id=\"682ed5b\" data-element_type=\"section\">\n\t\t\t\t\t\t<div class=\"elementor-container elementor-column-gap-default\">\n\t\t\t\t\t<div class=\"elementor-column elementor-col-100 elementor-top-column elementor-element elementor-element-3a1e40e\" data-id=\"3a1e40e\" data-element_type=\"column\">\n\t\t\t<div class=\"elementor-widget-wrap elementor-element-populated\">\n\t\t\t\t\t\t\t\t<div class=\"elementor-element elementor-element-3fc7603 elementor-widget elementor-widget-text-editor\" data-id=\"3fc7603\" data-element_type=\"widget\" data-widget_type=\"text-editor.default\">\n\t\t\t\t<div class=\"elementor-widget-container\">\n\t\t\t\t\t\t\t<p>Pourtant, d\u2019autres ne veulent pas voir la r\u00e9alit\u00e9 en face et persistent dans leurs d\u00e9nis et leurs mensonges, et particuli\u00e8rement depuis la concertation de l\u2019automne 2024. Ainsi, le <span style=\"color: #ff0000;\">Pr\u00e9sident de R\u00e9gion d\u00e9clame r\u00e9guli\u00e8rement que le trafic est bien sup\u00e9rieur<\/span> puisqu\u2019il n\u2019a pas h\u00e9sit\u00e9 \u00e0 parler de :<br \/>\u00a0 \u00a0 \u00a0 \u00a0 \u00a0 \u2022 <span style=\"color: #ff0000;\">1 000 poids-lourds les mardis et mercredis<\/span> lors de la r\u00e9union de fin de concertation du 16 d\u00e9cembre 2024 [3] ;<br \/>\u00a0 \u00a0 \u00a0 \u00a0 \u00a0 \u2022 <span style=\"color: #ff0000;\">1 000 poids-lourds les mardi 15 et mercredi 16 avril 2025<\/span> comptabilis\u00e9s au Somport lors de de son interview \u00e0 la R\u00e9publique des Pyr\u00e9n\u00e9es du 22 avril 2025 [4] ;<br \/>\u00a0 \u00a0 \u00a0 \u00a0 \u00a0 \u2022 <span style=\"color: #ff0000;\">600 \u00e0 800 poids-lourds les mercredis et jeudis<\/span> lors de son interview \u00e0 la R\u00e9publique des Pyr\u00e9n\u00e9es du 12 ao\u00fbt 2025 [5] ;<br \/>\u00a0 \u00a0 \u00a0 \u00a0 \u00a0 \u2022 <span style=\"color: #ff0000;\">parfois plus de 700 poids-lourds<\/span> lors de son interview \u00e0 Sud-Ouest le 4 d\u00e9cembre 2025 [6].<br \/>De m\u00eame, Bernard Uthurry, maire d\u2019Oloron-Sainte-Marie, n\u2019h\u00e9site pas parler de :<br \/>\u00a0 \u00a0 \u00a0 \u00a0 \u00a0 \u2022 <span style=\"color: #ff0000;\">600 poids-lourds<\/span> dans une interview \u00e0 ICI B\u00e9arn-Bigorre du 9 d\u00e9cembre 2025 [7].<br \/>\u00a0 \u00a0 \u00a0 \u00a0 \u00a0 \u2022 <span style=\"color: #ff0000;\">pr\u00e8s de 1 000 poids-lourds<\/span> dans une interview \u00e0 Sud-Ouest du 15 f\u00e9vrier 2026 [8].<br \/>Enfin, SNCF R\u00e9seau n\u2019h\u00e9site pas \u00e9crire :<br \/>\u00a0 \u00a0 \u00a0 \u00a0 \u00a0 \u2022 <span style=\"color: #ff0000;\">500 poids-lourds<\/span> au tunnel routier du Somport chaque jour de 2023 en page 12 de son Bilan des ma\u00eetres d\u2019ouvrage de mars 2025 [9].<\/p>\t\t\t\t\t\t<\/div>\n\t\t\t\t<\/div>\n\t\t\t\t\t<\/div>\n\t\t<\/div>\n\t\t\t\t\t\t\t<\/div>\n\t\t<\/section>\n\t\t\t\t<section class=\"elementor-section elementor-top-section elementor-element elementor-element-681793d elementor-section-boxed elementor-section-height-default elementor-section-height-default\" data-id=\"681793d\" data-element_type=\"section\">\n\t\t\t\t\t\t<div class=\"elementor-container elementor-column-gap-default\">\n\t\t\t\t\t<div class=\"elementor-column elementor-col-100 elementor-top-column elementor-element elementor-element-f4c8b87\" data-id=\"f4c8b87\" data-element_type=\"column\">\n\t\t\t<div class=\"elementor-widget-wrap elementor-element-populated\">\n\t\t\t\t\t\t\t\t<div class=\"elementor-element elementor-element-bca96ef elementor-widget elementor-widget-image\" data-id=\"bca96ef\" data-element_type=\"widget\" data-widget_type=\"image.default\">\n\t\t\t\t<div class=\"elementor-widget-container\">\n\t\t\t\t\t\t\t\t\t\t\t\t\t\t\t<img loading=\"lazy\" decoding=\"async\" width=\"1024\" height=\"668\" src=\"https:\/\/croc-aspe.com\/wp-content\/uploads\/2026\/03\/2-1024x668.jpg\" class=\"attachment-large size-large\" alt=\"\" srcset=\"https:\/\/croc-aspe.com\/wp-content\/uploads\/2026\/03\/2-1024x668.jpg 1024w, https:\/\/croc-aspe.com\/wp-content\/uploads\/2026\/03\/2-300x196.jpg 300w, https:\/\/croc-aspe.com\/wp-content\/uploads\/2026\/03\/2-768x501.jpg 768w, https:\/\/croc-aspe.com\/wp-content\/uploads\/2026\/03\/2.jpg 1526w\" sizes=\"auto, (max-width: 1024px) 100vw, 1024px\" \/>\t\t\t\t\t\t\t\t\t\t\t\t\t\t\t<\/div>\n\t\t\t\t<\/div>\n\t\t\t\t\t<\/div>\n\t\t<\/div>\n\t\t\t\t\t\t\t<\/div>\n\t\t<\/section>\n\t\t\t\t<section class=\"elementor-section elementor-top-section elementor-element elementor-element-43ba9dd elementor-section-boxed elementor-section-height-default elementor-section-height-default\" data-id=\"43ba9dd\" data-element_type=\"section\">\n\t\t\t\t\t\t<div class=\"elementor-container elementor-column-gap-default\">\n\t\t\t\t\t<div class=\"elementor-column elementor-col-100 elementor-top-column elementor-element elementor-element-53ab370\" data-id=\"53ab370\" data-element_type=\"column\">\n\t\t\t<div class=\"elementor-widget-wrap elementor-element-populated\">\n\t\t\t\t\t\t\t\t<div class=\"elementor-element elementor-element-b147454 elementor-widget elementor-widget-text-editor\" data-id=\"b147454\" data-element_type=\"widget\" data-widget_type=\"text-editor.default\">\n\t\t\t\t<div class=\"elementor-widget-container\">\n\t\t\t\t\t\t\t<p><span style=\"color: #ff0000;\">Mais le pire mensonge reste bien \u00e9videmment cette \u00e9tude faite en 1995 par un chercheur du CNRS de l\u2019Universit\u00e9 de Pau et des Pays de l\u2019Adour<\/span> [10], chercheur lui-m\u00eame partisan de la r\u00e9ouverture de la ligne ferroviaire Pau \u2013 Canfranc. <span style=\"color: #ff0000;\">Cette \u00e9tude, totalement bidonn\u00e9e et dont le seul objectif \u00e9tait de faire peur et de justifier la r\u00e9ouverture de la ligne ferroviaire, pr\u00e9voyait de 1 806 \u00e0 3 216 poids-lourds<\/span> au tunnel du Somport 20 ann\u00e9es apr\u00e8s son ouverture, soit en 2023. En son temps, cette \u00e9tude a beaucoup marqu\u00e9 les esprits et <span style=\"color: #ff0000;\">a mis dans la t\u00eate de nombreux \u00e9lus que seule la r\u00e9ouverture de la ligne ferroviaire et le ferroutage pouvaient arr\u00eater cette d\u00e9ferlante de poids-lourds<\/span>. Il est triste et affligeant que de l\u2019argent public ait servi \u00e0 promouvoir une id\u00e9ologie en travestissant sciemment la r\u00e9alit\u00e9 pour faire la promotion d\u2019id\u00e9es mortif\u00e8res.<\/p>\t\t\t\t\t\t<\/div>\n\t\t\t\t<\/div>\n\t\t\t\t\t<\/div>\n\t\t<\/div>\n\t\t\t\t\t\t\t<\/div>\n\t\t<\/section>\n\t\t\t\t<section class=\"elementor-section elementor-top-section elementor-element elementor-element-9b23b09 elementor-section-boxed elementor-section-height-default elementor-section-height-default\" data-id=\"9b23b09\" data-element_type=\"section\">\n\t\t\t\t\t\t<div class=\"elementor-container elementor-column-gap-default\">\n\t\t\t\t\t<div class=\"elementor-column elementor-col-100 elementor-top-column elementor-element elementor-element-91fdc6e\" data-id=\"91fdc6e\" data-element_type=\"column\">\n\t\t\t<div class=\"elementor-widget-wrap elementor-element-populated\">\n\t\t\t\t\t\t\t\t<div class=\"elementor-element elementor-element-1b25b58 elementor-widget elementor-widget-image\" data-id=\"1b25b58\" data-element_type=\"widget\" data-widget_type=\"image.default\">\n\t\t\t\t<div class=\"elementor-widget-container\">\n\t\t\t\t\t\t\t\t\t\t\t\t\t\t\t<img loading=\"lazy\" decoding=\"async\" width=\"1024\" height=\"613\" src=\"https:\/\/croc-aspe.com\/wp-content\/uploads\/2026\/03\/1-1024x613.jpg\" class=\"attachment-large size-large\" alt=\"\" srcset=\"https:\/\/croc-aspe.com\/wp-content\/uploads\/2026\/03\/1-1024x613.jpg 1024w, https:\/\/croc-aspe.com\/wp-content\/uploads\/2026\/03\/1-300x180.jpg 300w, https:\/\/croc-aspe.com\/wp-content\/uploads\/2026\/03\/1-768x460.jpg 768w, https:\/\/croc-aspe.com\/wp-content\/uploads\/2026\/03\/1-1536x920.jpg 1536w, https:\/\/croc-aspe.com\/wp-content\/uploads\/2026\/03\/1.jpg 1658w\" sizes=\"auto, (max-width: 1024px) 100vw, 1024px\" \/>\t\t\t\t\t\t\t\t\t\t\t\t\t\t\t<\/div>\n\t\t\t\t<\/div>\n\t\t\t\t\t<\/div>\n\t\t<\/div>\n\t\t\t\t\t\t\t<\/div>\n\t\t<\/section>\n\t\t\t\t<section class=\"elementor-section elementor-top-section elementor-element elementor-element-138128c elementor-section-boxed elementor-section-height-default elementor-section-height-default\" data-id=\"138128c\" data-element_type=\"section\">\n\t\t\t\t\t\t<div class=\"elementor-container elementor-column-gap-default\">\n\t\t\t\t\t<div class=\"elementor-column elementor-col-100 elementor-top-column elementor-element elementor-element-d4a3b1e\" data-id=\"d4a3b1e\" data-element_type=\"column\">\n\t\t\t<div class=\"elementor-widget-wrap elementor-element-populated\">\n\t\t\t\t\t\t\t\t<div class=\"elementor-element elementor-element-3b3dbf1 elementor-widget elementor-widget-text-editor\" data-id=\"3b3dbf1\" data-element_type=\"widget\" data-widget_type=\"text-editor.default\">\n\t\t\t\t<div class=\"elementor-widget-container\">\n\t\t\t\t\t\t\t<p>Ainsi, l\u2019on ne peut pas ne pas rappeler la formidable citation d\u2019Alexandre Soljenitsyne (1918 \u2013 2008) qui s\u2019applique compl\u00e8tement \u00e0 ces menteurs inv\u00e9t\u00e9r\u00e9s : <span style=\"color: #ff0000;\">&#8220;Nous savons qu&#8217;ils mentent. Ils savent qu&#8217;ils mentent. Ils savent que nous savons qu&#8217;ils mentent. Nous savons qu&#8217;ils savent que nous savons qu&#8217;ils mentent. Et, pourtant, ils persistent \u00e0 mentir.&#8221;<\/span><\/p><p>[1] : Ann\u00e9e 2025 Recensement de la circulation sur le r\u00e9seau routier national Atlantique Trafic Moyen Journalier Annuel \u2013 DIR Atlantique \u2013 18 f\u00e9vrier 2026 <br \/>[2] : Chiffres-cl\u00e9s 2022-2024 \u2013 Observatoire franco-espagnol des Transports dans les Pyr\u00e9n\u00e9es \u2013 DREAL Occitanie, Cerema \u2013 \u00e9dition 2025<br \/>[3] : Compte-rendu R\u00e9union publique de cl\u00f4ture 16\/12\/2024, Oloron-Sainte-Marie \u2013 SNCF R\u00e9seau, SNCF Gares &amp; Connexions <br \/>[4] : Ligne Pau-Canfranc : \u00ab ce ne sera pas une autoroute du fret ferroviaire \u00bb, assure Alain Rousset \u2013 Nicolas Rebi\u00e8re \u2013 La R\u00e9publique des Pyr\u00e9n\u00e9es \u2013 22 avril 2025<br \/>[5] : \u00ab Je souhaite inscrire la ligne Pau &#8211; Canfranc au patrimoine mondial de l\u2019Unesco \u00bb \u2013 Eric Normand \u2013 La R\u00e9publique des Pyr\u00e9n\u00e9es \u2013 12 ao\u00fbt 2025 <br \/>[6] : \u00ab L&#8217;\u00e9normit\u00e9 des mensonges me surprend \u00bb : Alain Rousset vole au secours de la Pau-Canfranc \u2013 Etienne Czernecka \u2013 Sud-Ouest \u2013 4 d\u00e9cembre 2025 <br \/>[7] : La R\u00e9gion promet &#8220;180 camions en moins sur la route&#8221; gr\u00e2ce \u00e0 la r\u00e9ouverture de la ligne de train entre Pau et Canfranc \u2013 ICI B\u00e9arn Bigorre \u2013 9 d\u00e9cembre 2025 <br \/>[8] : Un projet chiffr\u00e9 \u00e0 plusieurs centaines de millions d\u2019euros \u2013 Yann Saint-Sernin \u2013 Sud-Ouest \u2013 15 f\u00e9vrier 2026 <br \/>[9] : Concertation pr\u00e9alable volontaire, Bilan des ma\u00eetres d\u2019ouvrage, Pau-Canfranc, projet de r\u00e9ouverture de la ligne ferroviaire \u2013 SNCF R\u00e9seau, SNCF Gares &amp; Connexions \u2013 Mars 2025<br \/>[10] : Axe Pau-Somport Quel trafic de poids-lourds ? \u2013 Andr\u00e9 Etchelecou \u2013 Unit\u00e9 de recherche CNRS 911 \u2013 Soci\u00e9t\u00e9, Environnement, Territoire \u2013 Universit\u00e9 de Pau et des Pays de l\u2019Adour \u2013 1995<\/p>\t\t\t\t\t\t<\/div>\n\t\t\t\t<\/div>\n\t\t\t\t\t<\/div>\n\t\t<\/div>\n\t\t\t\t\t\t\t<\/div>\n\t\t<\/section>\n\t\t\t\t<section class=\"elementor-section elementor-top-section elementor-element elementor-element-c35f4e7 elementor-section-boxed elementor-section-height-default elementor-section-height-default\" data-id=\"c35f4e7\" data-element_type=\"section\">\n\t\t\t\t\t\t<div class=\"elementor-container elementor-column-gap-default\">\n\t\t\t\t\t<div class=\"elementor-column elementor-col-100 elementor-top-column elementor-element elementor-element-9bb1d01\" data-id=\"9bb1d01\" data-element_type=\"column\">\n\t\t\t<div class=\"elementor-widget-wrap elementor-element-populated\">\n\t\t\t\t\t\t\t\t<div class=\"elementor-element elementor-element-96fdfb8 elementor-widget elementor-widget-text-editor\" data-id=\"96fdfb8\" data-element_type=\"widget\" data-widget_type=\"text-editor.default\">\n\t\t\t\t<div class=\"elementor-widget-container\">\n\t\t\t\t\t\t\t<p><strong>7 mars 2026 : Sont-ils en train de retourner leurs vestes ?<\/strong><\/p><p><span style=\"color: #ff0000;\">Les \u00e9lections municipales ont du bon !<\/span> C\u2019est l\u2019occasion pour les citoyens de poser les questions qui f\u00e2chent aux candidats. C\u2019est ce qui s\u2019est pass\u00e9 ce vendredi 6 mars \u00e0 <span style=\"color: #ff0000;\">la r\u00e9union publique organis\u00e9e par la liste &#8220;Oser Oloron Ensemble&#8221; dans le quartier Sainte-Marie d\u2019Oloron-Sainte-Marie<\/span>. Les participants principaux \u00e0 cette liste, c\u2019est-\u00e0-dire l\u2019actuelle adjointe au maire et conseill\u00e8re d\u00e9partementale Marie-Lyse Bistu\u00e9, l\u2019actuel maire d\u2019Oloron-Sainte-Marie et conseiller r\u00e9gional <span style=\"color: #ff0000;\">Bernard Uthurry et le d\u00e9put\u00e9 Inaki Echaniz, auraient commenc\u00e9 \u00e0 retourner leurs vestes en admettant que le projet actuel de r\u00e9ouverture de la ligne Pau \u2013 Canfranc ne serait pas acceptable en l\u2019\u00e9tat<\/span>. <br \/><span style=\"color: #ff0000;\">Il semblerait m\u00eame que la R\u00e9gion et SNCF R\u00e9seau seraient en train de pr\u00e9parer un projet diff\u00e9rent<\/span> et que des mesures seraient prises pour tenter de diminuer la fr\u00e9quentation des poids-lourds sur la RN 134. Rappelons pourtant que la r\u00e9ouverture n\u2019est socio-\u00e9conomiquement viable uniquement par le passage de nombreux trains de marchandises et que la seule desserte de quelques usagers en haute vall\u00e9e d\u2019Aspe ne peut justifier \u00e0 lui seul l\u2019investissement de plusieurs centaines de millions d\u2019euros. <br \/><span style=\"color: #ff0000;\">Alors, r\u00e9el retournement de veste ou posture \u00e9lectoraliste \u00e0 l\u2019approche des \u00e9lections municipales ? L\u2019avenir le dira, mais les choses semblent bouger\u2026<\/span><\/p>\t\t\t\t\t\t<\/div>\n\t\t\t\t<\/div>\n\t\t\t\t\t<\/div>\n\t\t<\/div>\n\t\t\t\t\t\t\t<\/div>\n\t\t<\/section>\n\t\t\t\t<section class=\"elementor-section elementor-top-section elementor-element elementor-element-8cc313c elementor-section-boxed elementor-section-height-default elementor-section-height-default\" data-id=\"8cc313c\" data-element_type=\"section\">\n\t\t\t\t\t\t<div class=\"elementor-container elementor-column-gap-default\">\n\t\t\t\t\t<div class=\"elementor-column elementor-col-100 elementor-top-column elementor-element elementor-element-78370b9\" data-id=\"78370b9\" data-element_type=\"column\">\n\t\t\t<div class=\"elementor-widget-wrap elementor-element-populated\">\n\t\t\t\t\t\t\t\t<div class=\"elementor-element elementor-element-dfd2361 elementor-widget elementor-widget-text-editor\" data-id=\"dfd2361\" data-element_type=\"widget\" data-widget_type=\"text-editor.default\">\n\t\t\t\t<div class=\"elementor-widget-container\">\n\t\t\t\t\t\t\t<p><strong>3 mars 2026 (correction minime au 6 mars 2026): l\u2019attitude abjecte et \u00e0 vomir de SNCF R\u00e9seau en Nouvelle-Aquitaine<\/strong><\/p><p><span style=\"color: #ff0000;\">C\u2019est fait !<\/span> SNCF R\u00e9seau vient de r\u00e9pondre \u00e0 193 des 194 contributions sur son site internet concernant la concertation de la MECDU (pas de r\u00e9ponse \u00e0 la contribution n\u00b0608). Ou plus exactement, <span style=\"color: #ff0000;\">SNCF R\u00e9seau vient de botter en touche comme on pouvait s\u2019y attendre et trouve tous les mauvais pr\u00e9textes pour \u00e9viter de parler du fond de ce projet<\/span>. En clair, ce sont 181 contributions qui ont toutes re\u00e7u cette m\u00eame r\u00e9ponse :<br \/><em><span style=\"color: #0000ff;\">&#8220;Bonjour, <\/span><\/em><br \/><em><span style=\"color: #0000ff;\">Nous vous remercions pour votre participation \u00e0 la concertation organis\u00e9e au titre du Code de l\u2019Urbanisme. Votre implication t\u00e9moigne de l\u2019int\u00e9r\u00eat port\u00e9 au d\u00e9bat public et \u00e0 l\u2019avenir du territoire.<\/span><\/em><br \/><em><span style=\"color: #0000ff;\">Apr\u00e8s analyse, il appara\u00eet que votre contribution ne rel\u00e8ve pas directement des th\u00e9matiques soumises \u00e0 la concertation, lesquelles portent sp\u00e9cifiquement sur la mise en compatibilit\u00e9 du projet avec les documents d&#8217;urbanisme en vigueur. <\/span><\/em><br \/><em><span style=\"color: #0000ff;\">Conform\u00e9ment aux dispositions du code de l\u2019urbanisme, seules les observations en lien avec ces sujets peuvent \u00eatre int\u00e9gr\u00e9es au registre et prises en compte dans le bilan de la concertation. <\/span><\/em><br \/><em><span style=\"color: #0000ff;\">Vos remarques seront prises en compte dans le cadre de l&#8217;\u00e9laboration du dossier d&#8217;Enqu\u00eate publique Pr\u00e9alable \u00e0 la D\u00e9claration d&#8217;Utilit\u00e9 Publique au sein duquel les donn\u00e9es consolid\u00e9es du projet seront pr\u00e9cis\u00e9es et mises \u00e0 la disposition du public lors de l\u2019enqu\u00eate publique.&#8221;<\/span><\/em><br \/>et 12 contributions qui ont re\u00e7u des r\u00e9ponses sans beaucoup d\u2019int\u00e9r\u00eat si ce n\u2019est aucun int\u00e9r\u00eat (n\u00b0717, 710, 709, 610, 607, 606, 568, 567, 560, 559, 557, 556) except\u00e9 que les propri\u00e9taires concern\u00e9s par des expropriations seront inform\u00e9s des expropriations apr\u00e8s l\u2019obtention de la D\u00e9claration d\u2019Utilit\u00e9 Publique (n\u00b0560 et 557). <span style=\"color: #ff0000;\">Les propri\u00e9taires concern\u00e9s appr\u00e9cieront cette m\u00e9thode inf\u00e2me et m\u00e9prisante de SNCF R\u00e9seau !<\/span> Mais \u00e0 quoi pouvez-t-on s\u2019attendre de ce gestionnaire d\u2019infrastructure consid\u00e9r\u00e9 comme le plus nul et le plus mauvais d\u2019Europe. Pire et malheureusement pour nous, <span style=\"color: #ff0000;\">c\u2019est certainement la direction territoriale de Nouvelle-Aquitaine qui est la plus abjecte et la plus \u00e0 vomir de France<\/span>. Au mois, les Languedociens, Normands, et Franciliens ont eu droit \u00e0 des r\u00e9ponses intelligentes dans leurs concertations sur les projets de la \u00ab Ligne Nouvelle Montpellier Perpignan \u00bb, la \u00ab Ligne Nouvelle Paris \u2013 Normandie \u00bb, de l\u2019\u00ab Optimisation de l\u2019avant-gare de Paris Saint-Lazare \u00bb, et la \u00ab R\u00e9g\u00e9n\u00e9ration du viaduc ferroviaire de Bonneville \u00bb Donc, pour la sinc\u00e9rit\u00e9 et la cr\u00e9dibilit\u00e9 de SNCF R\u00e9seau en Nouvelle-Aquitaine, on repassera\u2026 <span style=\"color: #ff0000;\">Derni\u00e8re chose, le site internet qualifiait de \u00ab Grand Projet \u00bb la r\u00e9ouverture de la ligne ferroviaire Pau \u2013 Canfranc. Cette d\u00e9nomination a d\u00e9sormais disparu ce qui est tr\u00e8s r\u00e9v\u00e9lateur.<\/span><\/p><p>Voici donc le fichier remis \u00e0 jour avec les r\u00e9ponses sans int\u00e9r\u00eat de SNCF R\u00e9seau et les r\u00e9ponses pertinentes et int\u00e9ressantes du CROC. Ces r\u00e9ponses n\u2019engagent bien \u00e9videmment que le CROC !<\/p><p><a href=\"https:\/\/drive.google.com\/file\/d\/1gmcFPZIG6Mil4zdAquU93PiT9phBlWkM\/view?usp=drive_link\">https:\/\/drive.google.com\/file\/d\/1gmcFPZIG6Mil4zdAquU93PiT9phBlWkM\/view?usp=drive_link<\/a><\/p>\t\t\t\t\t\t<\/div>\n\t\t\t\t<\/div>\n\t\t\t\t\t<\/div>\n\t\t<\/div>\n\t\t\t\t\t\t\t<\/div>\n\t\t<\/section>\n\t\t\t\t<section class=\"elementor-section elementor-top-section elementor-element elementor-element-3e0a398 elementor-section-boxed elementor-section-height-default elementor-section-height-default\" data-id=\"3e0a398\" data-element_type=\"section\">\n\t\t\t\t\t\t<div class=\"elementor-container elementor-column-gap-default\">\n\t\t\t\t\t<div class=\"elementor-column elementor-col-100 elementor-top-column elementor-element elementor-element-6e296ed\" data-id=\"6e296ed\" data-element_type=\"column\">\n\t\t\t<div class=\"elementor-widget-wrap elementor-element-populated\">\n\t\t\t\t\t\t\t\t<div class=\"elementor-element elementor-element-ba88752 elementor-widget elementor-widget-text-editor\" data-id=\"ba88752\" data-element_type=\"widget\" data-widget_type=\"text-editor.default\">\n\t\t\t\t<div class=\"elementor-widget-container\">\n\t\t\t\t\t\t\t<p><strong>1er mars 2026 : on a retrouv\u00e9 19 contributions de la concertation MECDU de d\u00e9cembre 2025 mais il en manque encore<\/strong><\/p><p><span style=\"color: #ff0000;\">SNCF R\u00e9seau a encore bidouill\u00e9 la base de donn\u00e9es de la concertation de la MECDU dans son coin et sans rien dire.<\/span> Ce sont d\u00e9sormais 19 contributions suppl\u00e9mentaires (n\u00b0581, 590, 592, 598, 599, 600, 601, 603, 607, 613, 614, 617, 618, 626, 691, 697, 699, 708, 712) venant de contributeurs anonymes dont aucune favorable au projet qui ont \u00e9t\u00e9 rajout\u00e9es en plus des 27 contributions qui avaient myst\u00e9rieusement disparues et qui ont \u00e9t\u00e9 r\u00e9int\u00e9gr\u00e9es (voir article du 11 janvier 2026). Cela fait donc d\u00e9sormais <span style=\"color: #ff0000;\">un total de 194 contributions<\/span> sur le site internet de SNCF R\u00e9seau concernant la concertation de la MECDU. Pourtant, la lettre du projet n\u00b02 [1] parle de 229 contributions (voir article du 23 f\u00e9vrier 1016). <span style=\"color: #ff0000;\">Il en manque donc encore 35<\/span>, peut-\u00eatre vont-elles r\u00e9appara\u00eetre un jour ou un autre ! <br \/><span style=\"color: #ff0000;\">Bien \u00e9videmment, toujours aucune r\u00e9ponse de la R\u00e9gion et de la SNCF R\u00e9seau \u00e0 ces 194 contributions. Vont-ils un jour daigner r\u00e9pondre ? On peut d\u00e9sormais en douter !<\/span><br \/>Faute de r\u00e9ponses de la R\u00e9gion et de SNCF R\u00e9seau, le CROC a rajout\u00e9 quelques r\u00e9ponses aux questions les plus pertinentes des contributeurs dans le fichier joint. Ces r\u00e9ponses n\u2019engagent bien \u00e9videmment que le CROC !<\/p><p><a href=\"https:\/\/drive.google.com\/file\/d\/1gmcFPZIG6Mil4zdAquU93PiT9phBlWkM\/view?usp=drive_link\">https:\/\/drive.google.com\/file\/d\/1gmcFPZIG6Mil4zdAquU93PiT9phBlWkM\/view?usp=drive_link<\/a><\/p><p>Voici les statistiques mises \u00e0 jour qui peuvent \u00eatre faites sur ces 194 contributions.<\/p>\t\t\t\t\t\t<\/div>\n\t\t\t\t<\/div>\n\t\t\t\t\t<\/div>\n\t\t<\/div>\n\t\t\t\t\t\t\t<\/div>\n\t\t<\/section>\n\t\t\t\t<section class=\"elementor-section elementor-top-section elementor-element elementor-element-071302a elementor-section-boxed elementor-section-height-default elementor-section-height-default\" data-id=\"071302a\" data-element_type=\"section\">\n\t\t\t\t\t\t<div class=\"elementor-container elementor-column-gap-default\">\n\t\t\t\t\t<div class=\"elementor-column elementor-col-100 elementor-top-column elementor-element elementor-element-232bd2e\" data-id=\"232bd2e\" data-element_type=\"column\">\n\t\t\t<div class=\"elementor-widget-wrap elementor-element-populated\">\n\t\t\t\t\t\t\t\t<div class=\"elementor-element elementor-element-3ffa2af elementor-widget elementor-widget-text-editor\" data-id=\"3ffa2af\" data-element_type=\"widget\" data-widget_type=\"text-editor.default\">\n\t\t\t\t<div class=\"elementor-widget-container\">\n\t\t\t\t\t\t\t<table><tbody><tr><td width=\"121\"><p>\u00a0<\/p><\/td><td width=\"116\"><p><strong>Avis positifs<\/strong><\/p><\/td><td width=\"117\"><p><strong>Avis n\u00e9gatifs<\/strong><\/p><\/td><td width=\"117\"><p><strong>Avis neutres<\/strong><\/p><\/td><\/tr><tr><td rowspan=\"2\" width=\"121\"><p><strong>Sans question<\/strong><\/p><\/td><td width=\"116\"><p>28<\/p><\/td><td width=\"117\"><p>37<\/p><\/td><td width=\"117\"><p>5<\/p><\/td><\/tr><tr><td width=\"116\"><p>524 525 528 529 530 531 533 537 538 539 541 542 543 545 547 548 550 555 565 573 575 576 582 591 696 702 704 711<\/p><\/td><td width=\"117\"><p>532 534 535 536 544 549 552 558 561 564 574 577 589 592 594 595 599 602 604 605 607 612 614 691 693 697 698 699 700 701 706 707 708 713 714 715 716<\/p><\/td><td width=\"117\"><p>540 546 578 581 597<\/p><\/td><\/tr><tr><td rowspan=\"2\" width=\"121\"><p><strong>Avec questions<\/strong><\/p><\/td><td width=\"116\"><p>0<\/p><\/td><td width=\"117\"><p>115<\/p><\/td><td width=\"117\"><p>9<\/p><\/td><\/tr><tr><td width=\"116\"><p>&#8211;<\/p><\/td><td width=\"117\"><p>551 556 557 559 560 563 566 567 568 569 570 571 572 579 580 583 584 585 586 587 588 590 593 596 598 600 601 603 606 608 609 611 613 615 616 617 618 619 620 621 622 623 624 625 627 \u00e0 690 692 694 695 703 705 712 717<\/p><\/td><td width=\"117\"><p>526 527 553 554 562 610 626 709 710<\/p><\/td><\/tr><tr><td rowspan=\"2\" width=\"121\"><p><strong>Total<\/strong><\/p><\/td><td width=\"116\"><p>28<\/p><\/td><td width=\"117\"><p>152<\/p><\/td><td width=\"117\"><p>14<\/p><\/td><\/tr><tr><td width=\"116\"><p>14,4%<\/p><\/td><td width=\"117\"><p>78,4%<\/p><\/td><td width=\"117\"><p>7,2%<\/p><\/td><\/tr><\/tbody><\/table>\t\t\t\t\t\t<\/div>\n\t\t\t\t<\/div>\n\t\t\t\t\t<\/div>\n\t\t<\/div>\n\t\t\t\t\t\t\t<\/div>\n\t\t<\/section>\n\t\t\t\t<section class=\"elementor-section elementor-top-section elementor-element elementor-element-e326ffd elementor-section-boxed elementor-section-height-default elementor-section-height-default\" data-id=\"e326ffd\" data-element_type=\"section\">\n\t\t\t\t\t\t<div class=\"elementor-container elementor-column-gap-default\">\n\t\t\t\t\t<div class=\"elementor-column elementor-col-100 elementor-top-column elementor-element elementor-element-4563c40\" data-id=\"4563c40\" data-element_type=\"column\">\n\t\t\t<div class=\"elementor-widget-wrap elementor-element-populated\">\n\t\t\t\t\t\t\t\t<div class=\"elementor-element elementor-element-7ad721f elementor-widget elementor-widget-text-editor\" data-id=\"7ad721f\" data-element_type=\"widget\" data-widget_type=\"text-editor.default\">\n\t\t\t\t<div class=\"elementor-widget-container\">\n\t\t\t\t\t\t\t<p><span style=\"color: #ff0000;\">Le nombre des avis n\u00e9gatifs \u00e0 ce projet est toujours largement plus \u00e9lev\u00e9 que le nombre des avis positifs.<\/span> SNCF R\u00e9seau ne pourra toujours pas dire que son projet a re\u00e7u \u00ab un accueil globalement favorable, mais nuanc\u00e9 \u00bb et qu\u2019il y a eu \u00ab une opposition marginale, mais affirm\u00e9e \u00bb [2].<\/p><p>[1] : R\u00e9ouverture de la ligne Pau-Canfranc, Lettre du projet, Edition n\u00b02, janvier 2026 \u2013 R\u00e9gion Nouvelle-Aquitaine, SNCF R\u00e9seau \u2013 29 janvier 2026<br \/>[2] : Concertation pr\u00e9alable volontaire, Bilan des ma\u00eetres d\u2019ouvrage \u2013 Pau \u2013 Canfranc, Projet de r\u00e9ouverture de la ligne ferroviaire \u2013 SNCF R\u00e9seau, SNCF Gares &amp; Connexions, la CNDP \u2013 Mars 2025<\/p>\t\t\t\t\t\t<\/div>\n\t\t\t\t<\/div>\n\t\t\t\t\t<\/div>\n\t\t<\/div>\n\t\t\t\t\t\t\t<\/div>\n\t\t<\/section>\n\t\t\t\t<section class=\"elementor-section elementor-top-section elementor-element elementor-element-2af8269 elementor-section-boxed elementor-section-height-default elementor-section-height-default\" data-id=\"2af8269\" data-element_type=\"section\">\n\t\t\t\t\t\t<div class=\"elementor-container elementor-column-gap-default\">\n\t\t\t\t\t<div class=\"elementor-column elementor-col-100 elementor-top-column elementor-element elementor-element-855ba5c\" data-id=\"855ba5c\" data-element_type=\"column\">\n\t\t\t<div class=\"elementor-widget-wrap elementor-element-populated\">\n\t\t\t\t\t\t\t\t<div class=\"elementor-element elementor-element-086f2ad elementor-widget elementor-widget-text-editor\" data-id=\"086f2ad\" data-element_type=\"widget\" data-widget_type=\"text-editor.default\">\n\t\t\t\t<div class=\"elementor-widget-container\">\n\t\t\t\t\t\t\t<p><strong>23 f\u00e9vrier 2026 : deux mois sont pass\u00e9es et toujours pas de r\u00e9ponses de la R\u00e9gion et de SNCF R\u00e9seau aux questions des contributeurs de la concertation MECDU<\/strong><\/p><p><span style=\"color: #ff0000;\">Cela fait maintenant 2 mois que la concertation MECDU s\u2019est termin\u00e9e. A la date d\u2019aujourd\u2019hui, la R\u00e9gion et SNCF R\u00e9seau n\u2019ont toujours apport\u00e9 aucune r\u00e9ponse<\/span> aux 175 contributions post\u00e9es par les contributeurs dont de tr\u00e8s nombreuses questions sur le fondement de ce projet. Comme lors de la concertation de l\u2019automne 2024 et malgr\u00e9 l\u2019engagement de SNCF R\u00e9seau aupr\u00e8s des garants de la CNDP, <span style=\"color: #ff0000;\">la promesse de la R\u00e9gion et de SNCF R\u00e9seau de r\u00e9pondre aux questions pos\u00e9es sur le site internet n\u2019est toujours pas tenue.<\/span> La R\u00e9gion et SNCF R\u00e9seau se sont simplement content\u00e9es de fournir la lettre n\u00b02 du projet [1], <span style=\"color: #ff0000;\">lettre dont le contenu est totalement creux et sans aucun int\u00e9r\u00eat<\/span>, et donc qui n\u2019apporte strictement aucune r\u00e9ponse aux nombreuses attentes des contributeurs, des concitoyens et des \u00e9lus locaux. <span style=\"color: #ff0000;\">Il \u00e9tait pourtant dit dans l\u2019agenda en premi\u00e8re page de cette lettre que les ma\u00eetres d\u2019ouvrages allaient r\u00e9pondre aux contributions en janvier 2026. Une fois de plus, il n\u2019en est rien et la cr\u00e9dibilit\u00e9 et la sinc\u00e9rit\u00e9 ch\u00e8res au directeur territorial de SNCF R\u00e9seau, Jean-Luc Gary, sont de nouveau mises \u00e0 mal.<\/span> Tout cela d\u00e9montre une fois de plus que ces concertations ne sont que des mascarades de d\u00e9mocratie participative. Cette lettre nous apprend cependant que ce seraient 229 contributions qui ont \u00e9t\u00e9 \u00e9mises l\u00e0 o\u00f9 le CROC en compte seulement 175 ! O\u00f9 sont pass\u00e9es les 54 contributions invisibles qui se rajoutent aux 27 disparues ? De plus, cette lettre a \u00e9t\u00e9 diffus\u00e9e en 2 versions : la premi\u00e8re version parue le 27 janvier parle de 7 contributions qui ont trait \u00e0 la concertation MECDU ; la seconde version parue le 29 janvier parle de 16 contributions qui ont trait \u00e0 la concertation MECDU. <span style=\"color: #ff0000;\">Cela signifie-t-il que la R\u00e9gion et SNCF R\u00e9seau se contenteront de r\u00e9pondre uniquement \u00e0 ces 16 contributions, rejetant les autres comme n\u2019\u00e9tant pas directement li\u00e9es \u00e0 la MECDU : dans leur ignominie, ils en sont capables !<\/span><br \/>Rappelons que le CROC a r\u00e9pondu aux questions les plus pertinentes des contributeurs dans le fichier joint. Ces r\u00e9ponses n\u2019engagent bien \u00e9videmment que le CROC !<\/p><p><a href=\"https:\/\/drive.google.com\/file\/d\/1gmcFPZIG6Mil4zdAquU93PiT9phBlWkM\/view?usp=drive_link\">https:\/\/drive.google.com\/file\/d\/1gmcFPZIG6Mil4zdAquU93PiT9phBlWkM\/view?usp=drive_link<\/a><\/p><p>Sinon, <span style=\"color: #ff0000;\">le site internet du projet de r\u00e9ouverture dont l\u2019administration est faite par SNCF R\u00e9seau n\u2019est toujours pas mis \u00e0 jour<\/span>. L\u2019on attend toujours et encore <span style=\"color: #ff0000;\">le compte-rendu et la vid\u00e9o de la r\u00e9union houleuse du 24 juin 2025<\/span>. De plus, dans la rubrique \u00ab Projet \u00bb, il est toujours indiqu\u00e9 que la ligne permettra \u00ab un trafic ferroviaire cumul\u00e9 de 50 trains par jour \u00bb et qu\u2019elle \u00ab sera en capacit\u00e9 d\u2019accueillir 10 allers-retours de trains de fret par jour, dont 8 trains de fret affect\u00e9s au ferroutage. \u00bb <span style=\"color: #ff0000;\">Ce site internet ne refl\u00e8te donc pas la nouvelle orientation du projet d\u00e9sormais voulue par la R\u00e9gion et SNCF R\u00e9seau<\/span> qui souhaitent revenir aux hypoth\u00e8ses de convergence de 2020, o\u00f9 il n\u2019est pas pr\u00e9vu d\u2019\u00e9lectrification et o\u00f9 le trafic de marchandises serait simplement de 1 aller-retour maximum par jour \u00e0 la r\u00e9ouverture pour monter \u00e0 3 aller-retours maximum par jour en 2050. <span style=\"color: #ff0000;\">Pour la cr\u00e9dibilit\u00e9 et la sinc\u00e9rit\u00e9 de ce projet ch\u00e8res au directeur territorial de SNCF R\u00e9seau, Jean-Luc Gary, il serait bien que SNCF R\u00e9seau mette \u00e0 jour son site internet avec ses nouvelles hypoth\u00e8ses.<\/span><\/p><p>[1] : R\u00e9ouverture de la ligne Pau-Canfranc, Lettre du projet, Edition n\u00b02, janvier 2026 \u2013 R\u00e9gion Nouvelle-Aquitaine, SNCF R\u00e9seau \u2013 29 janvier 2026<\/p>\t\t\t\t\t\t<\/div>\n\t\t\t\t<\/div>\n\t\t\t\t\t<\/div>\n\t\t<\/div>\n\t\t\t\t\t\t\t<\/div>\n\t\t<\/section>\n\t\t\t\t<section class=\"elementor-section elementor-top-section elementor-element elementor-element-e681e47 elementor-section-boxed elementor-section-height-default elementor-section-height-default\" data-id=\"e681e47\" data-element_type=\"section\">\n\t\t\t\t\t\t<div class=\"elementor-container elementor-column-gap-default\">\n\t\t\t\t\t<div class=\"elementor-column elementor-col-100 elementor-top-column elementor-element elementor-element-6148d04\" data-id=\"6148d04\" data-element_type=\"column\">\n\t\t\t<div class=\"elementor-widget-wrap elementor-element-populated\">\n\t\t\t\t\t\t\t\t<div class=\"elementor-element elementor-element-611ec1b elementor-widget elementor-widget-text-editor\" data-id=\"611ec1b\" data-element_type=\"widget\" data-widget_type=\"text-editor.default\">\n\t\t\t\t<div class=\"elementor-widget-container\">\n\t\t\t\t\t\t\t<p><strong>15 f\u00e9vrier 2026 : le site internet du CROC a les honneurs de servir de source \u00e0 deux pages enti\u00e8res dans Sud-Ouest consacr\u00e9es \u00e0 la ligne ferroviaire Pau \u2013 Canfranc, le vent tourne sur ce dossier<\/strong><\/p><p>Ce dimanche 15 f\u00e9vrier 2026, Sud-Ouest consacre deux pages enti\u00e8res sur la r\u00e9ouverture de la ligne ferroviaire Pau \u2013 Canfranc dans toutes ses \u00e9ditions d\u00e9partementales [1] [2] et <span style=\"color: #ff0000;\">surprise, le journaliste fait r\u00e9f\u00e9rence \u00e0 votre site internet pr\u00e9f\u00e9r\u00e9 comme origine de ses sources ! C\u2019est un v\u00e9ritable honneur et une cons\u00e9cration pour notre site internet<\/span> g\u00e9r\u00e9 par plusieurs b\u00e9n\u00e9voles qui ne comptent pas leurs heures pour vous apporter informations sourc\u00e9es et dossiers sur tout ce qui tourne autour de cette ligne ferroviaire.<\/p>\t\t\t\t\t\t<\/div>\n\t\t\t\t<\/div>\n\t\t\t\t\t<\/div>\n\t\t<\/div>\n\t\t\t\t\t\t\t<\/div>\n\t\t<\/section>\n\t\t\t\t<section class=\"elementor-section elementor-top-section elementor-element elementor-element-0455581 elementor-section-boxed elementor-section-height-default elementor-section-height-default\" data-id=\"0455581\" data-element_type=\"section\">\n\t\t\t\t\t\t<div class=\"elementor-container elementor-column-gap-default\">\n\t\t\t\t\t<div class=\"elementor-column elementor-col-100 elementor-top-column elementor-element elementor-element-56681f9\" data-id=\"56681f9\" data-element_type=\"column\">\n\t\t\t<div class=\"elementor-widget-wrap elementor-element-populated\">\n\t\t\t\t\t\t\t\t<div class=\"elementor-element elementor-element-a29788f elementor-widget elementor-widget-image\" data-id=\"a29788f\" data-element_type=\"widget\" data-widget_type=\"image.default\">\n\t\t\t\t<div class=\"elementor-widget-container\">\n\t\t\t\t\t\t\t\t\t\t\t\t\t\t\t<img loading=\"lazy\" decoding=\"async\" width=\"813\" height=\"216\" src=\"https:\/\/croc-aspe.com\/wp-content\/uploads\/2026\/02\/Source-Sud-Ouest.png\" class=\"attachment-large size-large\" alt=\"\" srcset=\"https:\/\/croc-aspe.com\/wp-content\/uploads\/2026\/02\/Source-Sud-Ouest.png 813w, https:\/\/croc-aspe.com\/wp-content\/uploads\/2026\/02\/Source-Sud-Ouest-300x80.png 300w, https:\/\/croc-aspe.com\/wp-content\/uploads\/2026\/02\/Source-Sud-Ouest-768x204.png 768w\" sizes=\"auto, (max-width: 813px) 100vw, 813px\" \/>\t\t\t\t\t\t\t\t\t\t\t\t\t\t\t<\/div>\n\t\t\t\t<\/div>\n\t\t\t\t\t<\/div>\n\t\t<\/div>\n\t\t\t\t\t\t\t<\/div>\n\t\t<\/section>\n\t\t\t\t<section class=\"elementor-section elementor-top-section elementor-element elementor-element-f1fcea8 elementor-section-boxed elementor-section-height-default elementor-section-height-default\" data-id=\"f1fcea8\" data-element_type=\"section\">\n\t\t\t\t\t\t<div class=\"elementor-container elementor-column-gap-default\">\n\t\t\t\t\t<div class=\"elementor-column elementor-col-100 elementor-top-column elementor-element elementor-element-79429d3\" data-id=\"79429d3\" data-element_type=\"column\">\n\t\t\t<div class=\"elementor-widget-wrap elementor-element-populated\">\n\t\t\t\t\t\t\t\t<div class=\"elementor-element elementor-element-298898b elementor-widget elementor-widget-text-editor\" data-id=\"298898b\" data-element_type=\"widget\" data-widget_type=\"text-editor.default\">\n\t\t\t\t<div class=\"elementor-widget-container\">\n\t\t\t\t\t\t\t<p><span style=\"color: #ff0000;\">Le vent tourne \u00e9galement !<\/span> D\u2019habitude, chaque article sur ce sujet a droit \u00e0 une interview d\u2019un membre de l\u2019association des partisans de la r\u00e9ouverture. Cette fois-ci, ce n\u2019est pas le cas et c\u2019est une nouveaut\u00e9. De plus, <span style=\"color: #ff0000;\">le ton de ces deux articles d\u00e9note par rapports aux articles pr\u00e9c\u00e9dents<\/span>, le journaliste de Sud-Ouest parle d\u00e9sormais [1] de \u00ab dossier qui se tra\u00eene \u00bb, \u00ab le nombre de ses partisans s\u2019amenuise au fil du temps \u00bb, \u00ab au prix d\u2019un chantier pharaonique \u00bb, \u00ab des \u00e9lus montent au cr\u00e9neau \u00bb, \u00ab rouvrir la Pau-Canfranc ne suffira pas \u00e0 soulager la route de ses camions \u00bb, \u00ab le chrono est lanc\u00e9 \u00bb, \u00ab une ann\u00e9e de plus dans la vue \u00bb \u00ab la mise en service en 2032 semble d\u00e9sormais frapp\u00e9e d\u2019hypoth\u00e8se \u00bb. <br \/>De m\u00eame, <span style=\"color: #ff0000;\">l\u2019article sur le co\u00fbt du projet \u00e9claire tr\u00e8s bien sur l\u2019opacit\u00e9 et l\u2019inflation des co\u00fbts<\/span> [2]. Ainsi, le journaliste n\u2019h\u00e9site pas \u00e0 \u00e9crire \u00ab trois on\u00e9reuses \u00e9tudes lanc\u00e9es en 2016, 2019, 2022 \u00bb, \u00ab les 33 kilom\u00e8tres pour aller de Bedous \u00e0 Canfranc risquent de faire exploser la note\u2026 \u00bb, \u00ab \u00e0 ce stade, la R\u00e9gion n\u2019a pas communiqu\u00e9 d\u2019estimation actualis\u00e9e \u00bb, \u00ab le projet semble avoir les faveurs de l\u2019Union europ\u00e9enne dans le cadre de son m\u00e9canisme pour l\u2019interconnexion en Europe. Restera \u00e0 s\u2019assurer de la p\u00e9rennit\u00e9 de ce soutien europ\u00e9en au moment d\u2019entrer dans le vif du sujet \u00bb. On notera simplement la petite erreur du journaliste concernant la r\u00e9g\u00e9n\u00e9ration du pont polygonal de Gelos qui n\u2019a toujours pas eu lieu et qui co\u00fbtera certainement plus de 25M\u20ac !<\/p><p>Le journal Sud-Ouest est diffus\u00e9 dans une grande partie des d\u00e9partements de la Nouvelle-Aquitaine dont la Dordogne. Certainement que <span style=\"color: #ff0000;\">les P\u00e9rigourdins appr\u00e9cieront tr\u00e8s peu ces articles alors que les lignes autour de P\u00e9rigueux et celles pr\u00e8s de chez eux autour de Brive et Limoges sont menac\u00e9es de fermeture<\/span>. Dommage que Sud-Ouest ne soit pas diffus\u00e9 dans <span style=\"color: #ff0000;\">l\u2019ex-Limousin car les habitants auraient \u00e9t\u00e9 certainement tr\u00e8s furieux \u00e0 la lecture de ces articles<\/span>. Co\u00efncidence ou pas, est diffus\u00e9 ce m\u00eame jour un article de France 3 Nouvelle-Aquitaine qui revient sur la d\u00e9ch\u00e9ance des lignes ferroviaires en ex-Limousin [3].<\/p><p>[1] : R\u00e9ouverture de la ligne ferroviaire Pau-Canfranc : le dossier qui se tra\u00eene \u2013 Etienne Czernecka \u2013 Sud-Ouest \u2013 15 f\u00e9vrier 2026<br \/>[2] : Un projet chiffr\u00e9 \u00e0 plusieurs centaines de millions d\u2019euros \u2013 Yann Saint-Sernin \u2013 Sud-Ouest \u2013 15 f\u00e9vrier 2026<br \/>[3] : &#8220;Le sentiment d&#8217;abandon dans le Limousin est tr\u00e8s fort aujourd&#8217;hui&#8221; : le d\u00e9sert du maillage SNCF en Limousin \u2013 Nicolas Chigot et C\u00e9cile Descubes \u2013 France 3 Nouvelle-Aquitaine \u2013 15 f\u00e9vrier 2026<\/p>\t\t\t\t\t\t<\/div>\n\t\t\t\t<\/div>\n\t\t\t\t\t<\/div>\n\t\t<\/div>\n\t\t\t\t\t\t\t<\/div>\n\t\t<\/section>\n\t\t\t\t<section class=\"elementor-section elementor-top-section elementor-element elementor-element-c1d0fa2 elementor-section-boxed elementor-section-height-default elementor-section-height-default\" data-id=\"c1d0fa2\" data-element_type=\"section\">\n\t\t\t\t\t\t<div class=\"elementor-container elementor-column-gap-default\">\n\t\t\t\t\t<div class=\"elementor-column elementor-col-100 elementor-top-column elementor-element elementor-element-86d8906\" data-id=\"86d8906\" data-element_type=\"column\">\n\t\t\t<div class=\"elementor-widget-wrap elementor-element-populated\">\n\t\t\t\t\t\t\t\t<div class=\"elementor-element elementor-element-2f52015 elementor-widget elementor-widget-text-editor\" data-id=\"2f52015\" data-element_type=\"widget\" data-widget_type=\"text-editor.default\">\n\t\t\t\t<div class=\"elementor-widget-container\">\n\t\t\t\t\t\t\t<p><strong>31 janvier 2026 : l\u2019op\u00e9ration s\u00e9duction de la R\u00e9gion aupr\u00e8s des \u00e9lus locaux, \u00ab la col\u00e8re des sans-trains de Nouvelle-Aquitaine et du Massif Central \u00bb \u00e0 Limoges<\/strong><\/p><p>Voyant que la contestation du projet gagne de plus en plus d\u2019\u00e9lus locaux, <span style=\"color: #ff0000;\">la R\u00e9gion Nouvelle-Aquitaine est partie en \u00ab op\u00e9ration d\u00e9bunkage \u00bb de son projet afin de convaincre ces \u00e9lus locaux<\/span> du bien-fond\u00e9 de son projet de r\u00e9ouverture de la ligne ferroviaire Pau \u2013 Canfranc. <span style=\"color: #ff0000;\">Sauf que les arguments avanc\u00e9s manquent de consistance et de r\u00e9alisme, si bien que \u00ab l\u2019op\u00e9ration d\u00e9bunkage \u00bb est en train de faire un flop.<\/span><\/p><p>Tout a commenc\u00e9 le 19 janvier avec <span style=\"color: #ff0000;\">une grande r\u00e9union exceptionnelle appel\u00e9e GIA Transports<\/span> (Groupe Inter Assembl\u00e9e) qui r\u00e9unit les conseillers r\u00e9gionaux membres de la Commission Transport et certains membres du CESER. Cette r\u00e9union enti\u00e8rement consacr\u00e9e \u00e0 la ligne ferroviaire Pau \u2013 Canfranc s\u2019est d\u00e9roul\u00e9e \u00e0 l\u2019H\u00f4tel de R\u00e9gion de Bordeaux et a \u00e9t\u00e9 pr\u00e9sid\u00e9e par <span style=\"color: #ff0000;\">Renaud Lagrave, vice-pr\u00e9sident en charge des mobilit\u00e9s, avec \u00e0 ses c\u00f4t\u00e9s Jean-Luc Gary, directeur territorial de SNCF R\u00e9seau<\/span>. Tout la pr\u00e9paration de cette r\u00e9union a \u00e9t\u00e9 effectu\u00e9e par Emilie Debray, la nouvelle directrice de la Mission grands projets \u00e0 la R\u00e9gion et rempla\u00e7ante de Nathalie Fran\u00e7ois qui a pr\u00e9f\u00e9r\u00e9 jeter l\u2019\u00e9ponge.<br \/>Le moins que l\u2019on puisse dire, c\u2019est que <span style=\"color: #ff0000;\">l\u2019on a appris peu de choses nouvelles \u00e0 cette r\u00e9union<\/span>. Le projet de ferroutage sur une autoroute ferroviaire est totalement enterr\u00e9 confirmant ce qui avait \u00e9t\u00e9 annonc\u00e9 en novembre et d\u00e9cembre 2025 [1] [2]. A la place, <span style=\"color: #ff0000;\">la R\u00e9gion parle de report modal pour d\u00e9sengorger la RN 134<\/span> et le justifie par la \u00ab strat\u00e9gie europ\u00e9enne de d\u00e9veloppement du fret ferroviaire \u00bb et par \u00ab la strat\u00e9gie nationale visant le doublement de la part modale du rail d\u2019ici 2030 \u00bb. Il est fait r\u00e9f\u00e9rence ici au plan Ulysse Fret de SNCF R\u00e9seau, alors que ce plan ne fait absolument pas appel \u00e0 la ligne ferroviaire Pau \u2013 Canfranc et que la strat\u00e9gie nationale de d\u00e9veloppement du fret ferroviaire entre la France et l\u2019Espagne \u00e9labor\u00e9e par la DGITM est \u00e0 l\u2019oppos\u00e9e compl\u00e8te de la strat\u00e9gie de la R\u00e9gion ! <span style=\"color: #ff0000;\">Tout le transport de marchandises est d\u00e9sormais ax\u00e9 sur le transport de c\u00e9r\u00e9ales entre la Nouvelle-Aquitaine et l\u2019Aragon avec un potentiel de 4 000t de c\u00e9r\u00e9ales par semaine, ce qui fait 210 000t par an, soit rien du tout.<\/span> De plus, la R\u00e9gion en revient bien aux hypoth\u00e8ses de convergence qui consid\u00e8rent uniquement 6 \u00e0 10 trains de marchandises chaque semaine. Donc, avec de telles quantit\u00e9s qui repr\u00e9sentent 105 poids-lourds de 38t chaque semaine, soit environ 15 poids-lourds par jour,<span style=\"color: #ff0000;\"> le report modal provenant de la RN 134 est absolument n\u00e9gligeable. 15 poids-lourds sur environ 380 poids-lourds qui traversent le tunnel du Somport chaque jour, c\u2019est-\u00e0-dire moins de 4% [3] !<\/span> Qui plus est, que sait-on de la production de c\u00e9r\u00e9ales en Nouvelle-Aquitaine et de l\u2019achat de c\u00e9r\u00e9ales par l\u2019Espagne dans le futur ? <span style=\"color: #ff0000;\">Faire reposer toute une activit\u00e9 de transport de marchandises sur un seul produit est tr\u00e8s risqu\u00e9.<\/span> Que se passe-t-il si les r\u00e9coltes sont mauvaises ? Que se passe-t-il si l\u2019Espagne d\u00e9cide de se fournir en c\u00e9r\u00e9ales ailleurs ? On remarque \u00e9galement que la R\u00e9gion ne parle pas d\u2019autres types de transport comme le transport combin\u00e9, le transport de voitures, le transport de produits chimiques venant de Lacq ou le transport de mati\u00e8res dangereuses, preuve que <span style=\"color: #ff0000;\">cette volte-face de l\u2019abandon du ferroutage met les services de la R\u00e9gion tr\u00e8s mal-\u00e0-l\u2019aise pour \u00e9laborer une nouvelle strat\u00e9gie<\/span>.<br \/>Concernant les aspects techniques, ce GIA Transports a apport\u00e9 quelques pr\u00e9cisions et nouveaut\u00e9s :<br \/>\u00a0 \u00a0 \u00a0 \u00a0 \u00a0 \u2022 l\u2019\u00e9lectrification serait bien mise en \u0153uvre, mais<span style=\"color: #ff0000;\"> il n\u2019y a toujours aucune pr\u00e9cision sur la tension choisie <\/span>: certainement que les services techniques de SNCF R\u00e9seau sont tr\u00e8s r\u00e9ticents \u00e0 installer une ligne en 25kV et pr\u00e9f\u00e9reraient certainement une tension de 1 500V compatible avec la tension utilis\u00e9e dans tout le Sud-Ouest, le choix d\u00e9finitif de la tension d\u2019\u00e9lectrification semble \u00eatre repouss\u00e9 aux \u00e9tudes de projet ;<br \/>\u00a0 \u00a0 \u00a0 \u00a0 \u00a0 \u2022 la vitesse de la ligne serait de 50 \u00e0 70km\/h \u00e0 partir de Bedous, donc m\u00eame avec des travaux aux standards les plus modernes, <span style=\"color: #ff0000;\">la vitesse de la ligne ne serait pas am\u00e9lior\u00e9e par rapport \u00e0 ce qui existait en 1928 et est donc outrageusement faible et ridicule<\/span> ;<br \/>\u00a0 \u00a0 \u00a0 \u00a0 \u00a0 \u2022 <span style=\"color: #ff0000;\">il n\u2019y aura qu\u2019une halte au-del\u00e0 de Bedous<\/span>, et qui serait situ\u00e9e \u00e0 Urdos ou Etsaut, l\u2019hypoth\u00e8se des deux haltes est d\u00e9finitivement enterr\u00e9e ; <br \/>\u00a0 \u00a0 \u00a0 \u00a0 \u00a0 \u2022 la gare de Pau serait r\u00e9am\u00e9nag\u00e9e pour permettre la cr\u00e9ation de voies de services afin de g\u00e9rer l\u2019exploitation des trains de marchandises ;<br \/>\u00a0 \u00a0 \u00a0 \u00a0 \u00a0 \u2022 <span style=\"color: #ff0000;\">l\u2019exploitation serait faite en ERTMS niveau 2 et c\u2019est une nouveaut\u00e9 !<\/span> en effet, il \u00e9tait pr\u00e9vu initialement une exploitation en ERTMS niveau 1 ; d\u00e9j\u00e0 que l\u2019on ne voyait pas l\u2019int\u00e9r\u00eat de mettre une exploitation en ERTMS niveau 1 sur une voie unique, on ne voit encore moins l\u2019int\u00e9r\u00eat de mettre de l\u2019ERTMS en niveau 2 d\u2019autant plus que l\u2019ERTMS en niveau 1 vient d\u2019\u00eatre install\u00e9e entre Huesca et Canfranc ; tout cela est certainement une technique d\u2019embrouille pour SNCF R\u00e9seau afin s\u2019en mettre encore plus dans les poches !<br \/>\u00a0 \u00a0 \u00a0 \u00a0 \u00a0 \u2022 sur les passages \u00e0 niveau, sur les protections acoustiques, sur la s\u00e9curisation de la ligne : <span style=\"color: #ff0000;\">SNCF R\u00e9seau fera ce qui est exig\u00e9 par les normes et rien de plus<\/span> ; il ne faut donc pas s\u2019attendre \u00e0 ce que SNCF R\u00e9seau suive l\u2019esprit des normes et fasse des efforts suppl\u00e9mentaires pour limiter les nuisances aux riverains ou am\u00e9liorer la s\u00e9curit\u00e9 des circulations sur cette ligne complexe et potentiellement dangereuse.<br \/><span style=\"color: #ff0000;\">Surtout et ce qui fut le plus d\u00e9cevant, ce GIA Transports n\u2019a apport\u00e9 aucune pr\u00e9cision sur le co\u00fbt et sur la viabilit\u00e9 socio-\u00e9conomique de ce projet. Pourtant, les \u00e9tudes faites par Systra et Rail Concept en 2025 ont fourni toute ces informations. On se doute que si la R\u00e9gion ne les communique pas, c\u2019est qu\u2019elles ne sont pas agr\u00e9ables \u00e0 entendre.<\/span><\/p><p>C\u2019est ensuite <span style=\"color: #ff0000;\">le Pr\u00e9sident de la R\u00e9gion en personne qui, \u00e0 l\u2019occasion d\u2019un d\u00e9placement \u00e0 Lacq le vendredi 30 janvier, a tent\u00e9 de convaincre les maires de Juran\u00e7on, Michel Bernos, de Gelos, Pascal Mora, et de Gan, Francis P\u00e9es [4]<\/span>. Peine perdue, ici encore, le Pr\u00e9sident de la R\u00e9gion a pein\u00e9 \u00e0 apporter des r\u00e9ponses claires aux maires sur la finalit\u00e9 du projet, sur les exigences formul\u00e9es par les autorit\u00e9s espagnoles, sur les mesures de s\u00e9curit\u00e9 et sur les protections des populations, sur le financement du projet. Comme l\u2019a dit Michel Bernos dans son post, \u00ab nous constatons une divergence de fond sur la nature, les objectifs, et les cons\u00e9quences du projet de corridor ferroviaire Pau-Canfranc \u00bb.<br \/><span style=\"color: #ff0000;\">Ces trois maires r\u00e9it\u00e8rent ainsi leur \u00ab opposition \u00e0 ce projet tel qu\u2019il est aujourd\u2019hui envisag\u00e9 \u00bb.<\/span><br \/>Le post de Michel Bernos est \u00e0 lire ici :\u00a0<a href=\"https:\/\/www.facebook.com\/michel.bernos\">https:\/\/www.facebook.com\/michel.bernos<\/a><\/p><p>Pendant ce temps, <span style=\"color: #ff0000;\">c\u2019est une toute autre histoire qui se passe en Limousin<\/span> pourtant situ\u00e9 dans la m\u00eame r\u00e9gion que les Pyr\u00e9n\u00e9es-Atlantiques : pas de GIA Transports exceptionnel, pas de d\u00e9placement du Pr\u00e9sident de la R\u00e9gion, mais des simples citoyens qui se font appeler les <span style=\"color: #ff0000;\">\u00ab sans-trains de Nouvelle-Aquitaine et du Massif Central \u00bb<\/span> et qui vont manifester ce samedi 31 janvier \u00e0 la gare de Limoges. Eux, <span style=\"color: #ff0000;\"><span style=\"color: #000000;\">ils ne demandent pas des milliards pour r\u00e9habiliter 36km de voies ferr\u00e9es,<\/span> ils demandent un tout petit peu d\u2019argent pour \u00e9viter la fermeture de leurs lignes ferroviaires et pour rouvrir quelques lignes ferm\u00e9es ces 10 derni\u00e8res ann\u00e9es et utiles \u00e0 des milliers d\u2019usagers.<\/span><br \/>La trag\u00e9die est \u00e9loquente et il suffit de lire cet article du m\u00e9dia ind\u00e9pendant Facto pour s\u2019en rendre compte :<br \/><a href=\"https:\/\/www.facto-media.fr\/index.php\/2026\/01\/29\/ter-en-limousin-un-demenagement-du-territoire\/?fbclid=IwY2xjawPpidVleHRuA2FlbQIxMABicmlkETFHWGZqSGkwTkRwZzNweTR2c3J0YwZhcHBfaWQQMjIyMDM5MTc4ODIwMDg5MgABHhXqocZdrZMnWARc958_sv0GvzlwaT6RM_ynnozMuQXViEZ2yKZapKQPcitR_aem_MgeVTWiDWI_oQihCwo12yQ\">https:\/\/www.facto-media.fr\/index.php\/2026\/01\/29\/ter-en-limousin-un-demenagement-du-territoire\/?fbclid=IwY2xjawPpidVleHRuA2FlbQIxMABicmlkETFHWGZqSGkwTkRwZzNweTR2c3J0YwZhcHBfaWQQMjIyMDM5MTc4ODIwMDg5MgABHhXqocZdrZMnWARc958_sv0GvzlwaT6RM_ynnozMuQXViEZ2yKZapKQPcitR_aem_MgeVTWiDWI_oQihCwo12yQ<\/a><\/p><p>[1] : R\u00e9ouverture de Pau-Canfranc : ce que l&#8217;on sait du projet \u2013 Marie Berthoumieu \u2013 La R\u00e9publique des Pyr\u00e9n\u00e9es \u2013 4 d\u00e9cembre 2025<br \/>[2] : Ce qu&#8217;il faut retenir du grand d\u00e9bat organis\u00e9 par notre journal &#8211; La R\u00e9publique des Pyr\u00e9n\u00e9es \u2013 La R\u00e9publique des Pyr\u00e9n\u00e9es \u2013 9 d\u00e9cembre 2025<br \/>[3] : La R\u00e9gion promet 180 camions en moins sur la route gr\u00e2ce \u00e0 la r\u00e9ouverture \u2013 ICI \u2013 9 d\u00e9cembre 2025<br \/>[4] : Les maires de l\u2019agglo de Pau oppos\u00e9s \u00e0 la Pau-Canfranc ont rencontr\u00e9 Alain Rousset \u2013 La R\u00e9publique des Pyr\u00e9n\u00e9es \u2013 31 janvier 2026<\/p>\t\t\t\t\t\t<\/div>\n\t\t\t\t<\/div>\n\t\t\t\t\t<\/div>\n\t\t<\/div>\n\t\t\t\t\t\t\t<\/div>\n\t\t<\/section>\n\t\t\t\t<section class=\"elementor-section elementor-top-section elementor-element elementor-element-34bfd67 elementor-section-boxed elementor-section-height-default elementor-section-height-default\" data-id=\"34bfd67\" data-element_type=\"section\">\n\t\t\t\t\t\t<div class=\"elementor-container elementor-column-gap-default\">\n\t\t\t\t\t<div class=\"elementor-column elementor-col-100 elementor-top-column elementor-element elementor-element-81b75b9\" data-id=\"81b75b9\" data-element_type=\"column\">\n\t\t\t<div class=\"elementor-widget-wrap elementor-element-populated\">\n\t\t\t\t\t\t\t\t<div class=\"elementor-element elementor-element-e6a7d6a elementor-widget elementor-widget-text-editor\" data-id=\"e6a7d6a\" data-element_type=\"widget\" data-widget_type=\"text-editor.default\">\n\t\t\t\t<div class=\"elementor-widget-container\">\n\t\t\t\t\t\t\t<p><strong>16 janvier 2026 : Avec la fermeture prochaine de l\u2019h\u00f4pital d\u2019Oloron-Sainte-Marie, une formidable opportunit\u00e9 se pr\u00e9sente pour la r\u00e9ouverture de la ligne ferroviaire Pau \u2013 Canfranc avec le transport sanitaire<\/strong><\/p><p>Apr\u00e8s le transport de marchandises par ferroutage ou pas d\u2019Artix \u00e0 Saragosse-Plaza, le transport de voyageurs de Bordeaux \u00e0 Saragosse, le transport touristique en vall\u00e9e d\u2019Aspe, voil\u00e0 une nouvelle et formidable opportunit\u00e9 de valoriser la ligne ferroviaire Pau \u2013 Canfranc avec un nouveau type de transport : <span style=\"color: #ff0000;\">le transport sanitaire par train !<\/span> <br \/>A n\u2019en pas douter que <span style=\"color: #ff0000;\">la R\u00e9gion va vite valoriser cette opportunit\u00e9 avec la perspective de fermeture prochaine de l\u2019h\u00f4pital d\u2019Oloron-Sainte-Marie<\/span> telle que le rapporte son personnel [1]. D\u00e9j\u00e0, la maternit\u00e9 de l\u2019h\u00f4pital avait ferm\u00e9 en 2017 [2] ce qui a laiss\u00e9 <span style=\"color: #ff0000;\">la formidable opportunit\u00e9 aux jeunes maman d\u2019aller accoucher \u00e0 Pau en prenant le TER Pau \u2013 Oloron \u2013 Bedous<\/span>, \u00e0 la condition bien \u00e9videmment de ne pas d\u00e9cider d\u2019accoucher lorsque les circulations sont annul\u00e9es ! De m\u00eame, les urgences de l\u2019h\u00f4pital sont en situation tendue [3] [4], surtout l\u2019\u00e9t\u00e9 o\u00f9 elles peuvent fermer durant plusieurs semaines, ce qui a laiss\u00e9 <span style=\"color: #ff0000;\">la formidable opportunit\u00e9 aux bless\u00e9s graves d\u2019aller se faire soigner aux urgences de Pau en prenant le TER Pau \u2013 Oloron \u2013 Bedous<\/span>, \u00e0 la condition bien \u00e9videmment de ne pas se blesser lorsque les circulations sont annul\u00e9es !<br \/>Qui plus est, avec la r\u00e9ouverture de la ligne Pau \u2013 Canfranc, c\u2019est l\u2019espoir de r\u00e9activer le vieux projet de Victor B\u00e9rard (1864-1931) qui souhaitait r\u00e9aliser une ligne ferroviaire de Vladivostok en Extr\u00eame-Orient russe au Cap en Afrique du Sud tout en passant par Canfranc. Ce sera ainsi<span style=\"color: #ff0000;\"> la formidable opportunit\u00e9 pour les Oloronais et les Aspois de se faire soigner dans les meilleurs h\u00f4pitaux de Moscou, Berlin, Bruxelles, Paris, Saragosse, Madrid, Rabat, Abidjan, Luanda, Le Cap en prenant le train sanitaire j<\/span>uste en bas de chez eux.<br \/>Alors, le 20 janvier 2026 \u00e0 17h30, venez manifester devant l\u2019h\u00f4pital, venez accompagner les membres de l\u2019association des partisans de la r\u00e9ouverture et pr\u00e9parez vos formidables banderoles : <span style=\"color: #ff0000;\">\u00ab OUI A LA FERMETURE DE L\u2019HOPITAL D\u2019OLORON ! \u2013 OUI A LA REOUVERTURE DE PAU-CANFRANC ! \u2013 OUI AU TRANSPORT SANITAIRE JUSQU\u2019A MOSCOU ET AU CAP ! \u00bb<\/span><\/p><p>Bien \u00e9videmment, tout <span style=\"color: #ff0000;\">cet article d\u2019un tr\u00e8s mauvais go\u00fbt laisse une saveur am\u00e8re<\/span> tant la situation actuelle de l\u2019h\u00f4pital d\u2019Oloron-Sainte-Marie donne envie de vomir. <br \/>Quand l\u2019on pense que 2M\u20ac ont \u00e9t\u00e9 provisionn\u00e9es au budget 2026 de la R\u00e9gion pour de nouvelles \u00e9tudes, quand l\u2019on pense que le montant total des \u00e9tudes depuis 2017 doit osciller entre 25 et 30M\u20ac, quand l\u2019on pense que la r\u00e9ouverture va co\u00fbter plusieurs centaines de millions d\u2019euros, <span style=\"color: #ff0000;\">on se dit que cet argent pourrait \u00eatre beaucoup mieux utilis\u00e9 ailleurs. Mais comme l\u2019a dit \u00e0 plusieurs reprises Bernard Uthurry, maire d\u2019Oloron-Sainte-Marie : ce ne sont pas les m\u00eames budgets !!!<\/span><\/p><p>[1] : \u00ab L\u2019h\u00f4pital d\u2019Oloron est en train de mourir \u00bb : la CGT lance un cri d\u2019alerte et invite \u00e0 un rassemblement le 20 janvier \u2013 Gildas Bo\u00ebnnec \u2013 La R\u00e9publique des Pyr\u00e9n\u00e9es \u2013 11 janvier 2026<br \/>[2] : Fermeture de la maternit\u00e9 d&#8217;Oloron : l\u2019arr\u00eat\u00e9 sign\u00e9 par le directeur de l\u2019ARS \u2013 La R\u00e9publique des Pyr\u00e9n\u00e9es \u2013 28 octobre 2017<br \/>[3] : En manque de m\u00e9decins, les urgences d&#8217;Oloron tirent la sonnette d&#8217;alarme \u2013 Gildas Bo\u00ebnnec \u2013 La R\u00e9publique des Pyr\u00e9n\u00e9es \u2013 6 octobre 2020<br \/>[4] : Les urgences d\u2019Oloron vont \u00e0 nouveau fonctionner en \u00ab mode d\u00e9grad\u00e9 \u00bb cette semaine \u2013 Gildas Bo\u00ebnnec \u2013 La R\u00e9publique des Pyr\u00e9n\u00e9es \u2013 24 mai 2022<\/p>\t\t\t\t\t\t<\/div>\n\t\t\t\t<\/div>\n\t\t\t\t\t<\/div>\n\t\t<\/div>\n\t\t\t\t\t\t\t<\/div>\n\t\t<\/section>\n\t\t\t\t<section class=\"elementor-section elementor-top-section elementor-element elementor-element-82aeb37 elementor-section-boxed elementor-section-height-default elementor-section-height-default\" data-id=\"82aeb37\" data-element_type=\"section\">\n\t\t\t\t\t\t<div class=\"elementor-container elementor-column-gap-default\">\n\t\t\t\t\t<div class=\"elementor-column elementor-col-100 elementor-top-column elementor-element elementor-element-37cd4e3\" data-id=\"37cd4e3\" data-element_type=\"column\">\n\t\t\t<div class=\"elementor-widget-wrap elementor-element-populated\">\n\t\t\t\t\t\t\t\t<div class=\"elementor-element elementor-element-7b71b79 elementor-widget elementor-widget-text-editor\" data-id=\"7b71b79\" data-element_type=\"widget\" data-widget_type=\"text-editor.default\">\n\t\t\t\t<div class=\"elementor-widget-container\">\n\t\t\t\t\t\t\t<p><strong>11 janvier 2026 : toujours pas de r\u00e9ponses de la R\u00e9gion et de SNCF R\u00e9seau aux 175 contributions post\u00e9es sur le site internet de la concertation MECDU, les r\u00e9ponses du CROC \u00e0 ces contributions<\/strong><\/p><p>Les vacances de No\u00ebl se prolongent manifestement \u00e0 la R\u00e9gion et chez SNCF R\u00e9seau. Cela fait 21 jours maintenant que la concertation MECDU est termin\u00e9e. Pourtant, <span style=\"color: #ff0000;\">la R\u00e9gion et SNCF R\u00e9seau n\u2019ont toujours pas daign\u00e9 apporter une quelconque r\u00e9ponse aux 175 contributions<\/span> post\u00e9es par des contributeurs sur le site internet de la concertation MECDU. Le site internet lui-m\u00eame est quelque peu \u00e9tonnant car ce ne sont pas moins de 27 contributions qui ont disparu. Reviendront-elles un jour ? Dans tous les cas, le CROC les a pr\u00e9cieusement conserv\u00e9es dans son fichier, ce sont celles dont le num\u00e9ro d\u2019identification est en vert italique.<\/p><p>Comme lors de la concertation de l\u2019automne 2024, <span style=\"color: #ff0000;\">la promesse de la R\u00e9gion et de SNCF R\u00e9seau de r\u00e9pondre aux questions pos\u00e9es sur le site internet n\u2019est absolument pas tenue<\/span>. Alors, comme la R\u00e9gion et SNCF R\u00e9seau ne r\u00e9pondent pas, <span style=\"color: #ff0000;\">le CROC va r\u00e9pondre<\/span>. Voici donc quelques r\u00e9ponses aux questions les plus pertinentes des contributeurs dans le fichier joint. Ces r\u00e9ponses n\u2019engagent bien \u00e9videmment que le CROC !<\/p><p><a href=\"https:\/\/drive.google.com\/file\/d\/1gmcFPZIG6Mil4zdAquU93PiT9phBlWkM\/view?usp=drive_link\">https:\/\/drive.google.com\/file\/d\/1gmcFPZIG6Mil4zdAquU93PiT9phBlWkM\/view?usp=drive_link<\/a><\/p><p>Voici quelques statistiques qui peuvent \u00eatre faites sur ces contributions.<\/p>\t\t\t\t\t\t<\/div>\n\t\t\t\t<\/div>\n\t\t\t\t\t<\/div>\n\t\t<\/div>\n\t\t\t\t\t\t\t<\/div>\n\t\t<\/section>\n\t\t\t\t<section class=\"elementor-section elementor-top-section elementor-element elementor-element-1845aa6 elementor-section-boxed elementor-section-height-default elementor-section-height-default\" data-id=\"1845aa6\" data-element_type=\"section\">\n\t\t\t\t\t\t<div class=\"elementor-container elementor-column-gap-default\">\n\t\t\t\t\t<div class=\"elementor-column elementor-col-100 elementor-top-column elementor-element elementor-element-9770bd5\" data-id=\"9770bd5\" data-element_type=\"column\">\n\t\t\t<div class=\"elementor-widget-wrap elementor-element-populated\">\n\t\t\t\t\t\t\t\t<div class=\"elementor-element elementor-element-b6aad20 elementor-widget elementor-widget-text-editor\" data-id=\"b6aad20\" data-element_type=\"widget\" data-widget_type=\"text-editor.default\">\n\t\t\t\t<div class=\"elementor-widget-container\">\n\t\t\t\t\t\t\t<table><tbody><tr><td width=\"121\"><p>\u00a0<\/p><\/td><td width=\"116\"><p><strong>Avis positifs<\/strong><\/p><\/td><td width=\"117\"><p><strong>Avis n\u00e9gatifs<\/strong><\/p><\/td><td width=\"117\"><p><strong>Avis neutres<\/strong><\/p><\/td><\/tr><tr><td rowspan=\"2\" width=\"121\"><p><strong>Sans question<\/strong><\/p><\/td><td width=\"116\"><p>28<\/p><\/td><td width=\"117\"><p>29<\/p><\/td><td width=\"117\"><p>4<\/p><\/td><\/tr><tr><td width=\"116\"><p>524 525 528 529 530 531 533 537 538 539 541 542 543 545 547 548 550 555 565 573 575 576 581 589 681 685 687 693<\/p><\/td><td width=\"117\"><p>532 534 535 536 544 549 552 558 561 564 574 577 588 591 592 595 596 597 603 678 682 683 684 689 690 694 695 696 697<\/p><\/td><td width=\"117\"><p>540 546 578 594<\/p><\/td><\/tr><tr><td rowspan=\"2\" width=\"121\"><p><strong>Avec questions<\/strong><\/p><\/td><td width=\"116\"><p>0<\/p><\/td><td width=\"117\"><p>106<\/p><\/td><td width=\"117\"><p>8<\/p><\/td><\/tr><tr><td width=\"116\"><p>&#8211;<\/p><\/td><td width=\"117\"><p>551 556 557 559 560 563 566 567 568 569 570 571 572 579 580 582 583 584 585 586 587 590 593 598 599 600 602 604 605 606 607 608 609 610 611 612 613 \u00e0 676 677 679 680 686 688 698<\/p><\/td><td width=\"117\"><p>526 527 553 554 562 601 691 692<\/p><\/td><\/tr><tr><td rowspan=\"2\" width=\"121\"><p><strong>Total<\/strong><\/p><\/td><td width=\"116\"><p>28<\/p><\/td><td width=\"117\"><p>135<\/p><\/td><td width=\"117\"><p>12<\/p><\/td><\/tr><tr><td width=\"116\"><p>16,0%<\/p><\/td><td width=\"117\"><p>77,1%<\/p><\/td><td width=\"117\"><p>6,9%<\/p><\/td><\/tr><\/tbody><\/table>\t\t\t\t\t\t<\/div>\n\t\t\t\t<\/div>\n\t\t\t\t\t<\/div>\n\t\t<\/div>\n\t\t\t\t\t\t\t<\/div>\n\t\t<\/section>\n\t\t\t\t<section class=\"elementor-section elementor-top-section elementor-element elementor-element-f21d30f elementor-section-boxed elementor-section-height-default elementor-section-height-default\" data-id=\"f21d30f\" data-element_type=\"section\">\n\t\t\t\t\t\t<div class=\"elementor-container elementor-column-gap-default\">\n\t\t\t\t\t<div class=\"elementor-column elementor-col-100 elementor-top-column elementor-element elementor-element-d3a3d3d\" data-id=\"d3a3d3d\" data-element_type=\"column\">\n\t\t\t<div class=\"elementor-widget-wrap elementor-element-populated\">\n\t\t\t\t\t\t\t\t<div class=\"elementor-element elementor-element-9365896 elementor-widget elementor-widget-text-editor\" data-id=\"9365896\" data-element_type=\"widget\" data-widget_type=\"text-editor.default\">\n\t\t\t\t<div class=\"elementor-widget-container\">\n\t\t\t\t\t\t\t<p><span style=\"color: #ff0000;\">On remarque que le nombre des avis n\u00e9gatifs \u00e0 ce projet est largement plus \u00e9lev\u00e9 que le nombre des avis positifs.<\/span> Cette fois-ci, SNCF R\u00e9seau ne pourra pas dire que son projet a re\u00e7u \u00ab un accueil globalement favorable, mais nuanc\u00e9 \u00bb et qu\u2019il y a eu \u00ab une opposition marginale, mais affirm\u00e9e \u00bb comme elle a os\u00e9 le dire dans son bilan [1] \u00e0 propos des contributions de la concertation de l\u2019automne 2024.<br \/>De m\u00eame, tous les avis positifs se font sans aucune question et donc sans aucune critique du projet, ce qui signifie que les partisans de la r\u00e9ouverture sont pr\u00eats \u00e0 toutes les compromissions pour arriver \u00e0 leur fin. <\/p>\t\t\t\t\t\t<\/div>\n\t\t\t\t<\/div>\n\t\t\t\t\t<\/div>\n\t\t<\/div>\n\t\t\t\t\t\t\t<\/div>\n\t\t<\/section>\n\t\t\t\t\t\t<\/div>\n\t\t\t\t\t<\/div>\n\t\t","protected":false},"excerpt":{"rendered":"<p>Les actualit\u00e9s 2026 de la ligne Pau &#8211; Canfranc &#8211; Saragosse 9 avril 2026 : publication du rapport 2025-2026 du Conseil d\u2019Orientation des Infrastructures qui concerne uniquement les grands projets La synth\u00e8se du nouveau rapport du COI (Conseil d\u2019Orientation des Infrastructures) [1] vient d\u2019\u00eatre publi\u00e9e. Cette synth\u00e8se ne concerne que les 18 grands projets d\u2019infrastructures &hellip;<\/p>\n<p class=\"read-more\"> <a class=\"\" href=\"https:\/\/croc-aspe.com\/?page_id=8645\"> <span class=\"screen-reader-text\">Actualit\u00e9s 2026<\/span> Read More &raquo;<\/a><\/p>\n","protected":false},"author":1,"featured_media":0,"parent":0,"menu_order":0,"comment_status":"closed","ping_status":"closed","template":"","meta":{"om_disable_all_campaigns":false,"_monsterinsights_skip_tracking":false,"_monsterinsights_sitenote_active":false,"_monsterinsights_sitenote_note":"","_monsterinsights_sitenote_category":0,"site-sidebar-layout":"no-sidebar","site-content-layout":"page-builder","ast-main-header-display":"","ast-hfb-above-header-display":"","ast-hfb-below-header-display":"","ast-hfb-mobile-header-display":"","site-post-title":"disabled","ast-breadcrumbs-content":"","ast-featured-img":"disabled","footer-sml-layout":"","theme-transparent-header-meta":"","adv-header-id-meta":"","stick-header-meta":"","header-above-stick-meta":"","header-main-stick-meta":"","header-below-stick-meta":"","footnotes":""},"class_list":["post-8645","page","type-page","status-publish","hentry"],"_links":{"self":[{"href":"https:\/\/croc-aspe.com\/index.php?rest_route=\/wp\/v2\/pages\/8645","targetHints":{"allow":["GET"]}}],"collection":[{"href":"https:\/\/croc-aspe.com\/index.php?rest_route=\/wp\/v2\/pages"}],"about":[{"href":"https:\/\/croc-aspe.com\/index.php?rest_route=\/wp\/v2\/types\/page"}],"author":[{"embeddable":true,"href":"https:\/\/croc-aspe.com\/index.php?rest_route=\/wp\/v2\/users\/1"}],"replies":[{"embeddable":true,"href":"https:\/\/croc-aspe.com\/index.php?rest_route=%2Fwp%2Fv2%2Fcomments&post=8645"}],"version-history":[{"count":115,"href":"https:\/\/croc-aspe.com\/index.php?rest_route=\/wp\/v2\/pages\/8645\/revisions"}],"predecessor-version":[{"id":8812,"href":"https:\/\/croc-aspe.com\/index.php?rest_route=\/wp\/v2\/pages\/8645\/revisions\/8812"}],"wp:attachment":[{"href":"https:\/\/croc-aspe.com\/index.php?rest_route=%2Fwp%2Fv2%2Fmedia&parent=8645"}],"curies":[{"name":"wp","href":"https:\/\/api.w.org\/{rel}","templated":true}]}}