{"id":6795,"date":"2024-02-17T05:51:18","date_gmt":"2024-02-17T05:51:18","guid":{"rendered":"https:\/\/croc-aspe.com\/?page_id=6795"},"modified":"2024-04-08T01:38:28","modified_gmt":"2024-04-08T01:38:28","slug":"revue-de-presse-de-2020-a-20","status":"publish","type":"page","link":"https:\/\/croc-aspe.com\/?page_id=6795","title":{"rendered":"revue de presse de 2020 \u00e0 20.."},"content":{"rendered":"\t\t<div data-elementor-type=\"wp-page\" data-elementor-id=\"6795\" class=\"elementor elementor-6795\" data-elementor-settings=\"[]\">\n\t\t\t\t\t\t\t<div class=\"elementor-section-wrap\">\n\t\t\t\t\t\t\t<section class=\"elementor-section elementor-top-section elementor-element elementor-element-15473e19 elementor-section-boxed elementor-section-height-default elementor-section-height-default\" data-id=\"15473e19\" data-element_type=\"section\">\n\t\t\t\t\t\t<div class=\"elementor-container elementor-column-gap-default\">\n\t\t\t\t\t<div class=\"elementor-column elementor-col-100 elementor-top-column elementor-element elementor-element-667c9e7c\" data-id=\"667c9e7c\" data-element_type=\"column\">\n\t\t\t<div class=\"elementor-widget-wrap elementor-element-populated\">\n\t\t\t\t\t\t\t\t<div class=\"elementor-element elementor-element-b7cf97d elementor-widget elementor-widget-text-editor\" data-id=\"b7cf97d\" data-element_type=\"widget\" data-widget_type=\"text-editor.default\">\n\t\t\t\t<div class=\"elementor-widget-container\">\n\t\t\t<style>\/*! elementor - v3.5.5 - 03-02-2022 *\/\n.elementor-widget-text-editor.elementor-drop-cap-view-stacked .elementor-drop-cap{background-color:#818a91;color:#fff}.elementor-widget-text-editor.elementor-drop-cap-view-framed .elementor-drop-cap{color:#818a91;border:3px solid;background-color:transparent}.elementor-widget-text-editor:not(.elementor-drop-cap-view-default) .elementor-drop-cap{margin-top:8px}.elementor-widget-text-editor:not(.elementor-drop-cap-view-default) .elementor-drop-cap-letter{width:1em;height:1em}.elementor-widget-text-editor .elementor-drop-cap{float:left;text-align:center;line-height:1;font-size:50px}.elementor-widget-text-editor .elementor-drop-cap-letter{display:inline-block}<\/style>\t\t\t\t<p>\u00a0<\/p><p><span style=\"color: #ff0000;\"><strong>Revue de presse\u00a0<\/strong><\/span><\/p><p><span style=\"color: #ff0000;\"><strong>de 2020 \u00e0 2023<br \/><\/strong><\/span><\/p>\t\t\t\t\t\t<\/div>\n\t\t\t\t<\/div>\n\t\t\t\t\t<\/div>\n\t\t<\/div>\n\t\t\t\t\t\t\t<\/div>\n\t\t<\/section>\n\t\t\t\t<section class=\"elementor-section elementor-top-section elementor-element elementor-element-fd01178 elementor-section-boxed elementor-section-height-default elementor-section-height-default\" data-id=\"fd01178\" data-element_type=\"section\">\n\t\t\t\t\t\t<div class=\"elementor-container elementor-column-gap-default\">\n\t\t\t\t\t<div class=\"elementor-column elementor-col-100 elementor-top-column elementor-element elementor-element-5880e9f\" data-id=\"5880e9f\" data-element_type=\"column\">\n\t\t\t<div class=\"elementor-widget-wrap elementor-element-populated\">\n\t\t\t\t\t\t\t\t<div class=\"elementor-element elementor-element-17a15cc9 elementor-widget elementor-widget-text-editor\" data-id=\"17a15cc9\" data-element_type=\"widget\" data-widget_type=\"text-editor.default\">\n\t\t\t\t<div class=\"elementor-widget-container\">\n\t\t\t\t\t\t\t<p><span style=\"font-style: inherit; font-weight: inherit; background-color: var(--ast-global-color-4); color: #ff9900;\">Version initiale du 17 f\u00e9vrier 2024, derni\u00e8re mise \u00e0 jour au 17 f\u00e9vrier 2024<\/span><\/p>\t\t\t\t\t\t<\/div>\n\t\t\t\t<\/div>\n\t\t\t\t\t<\/div>\n\t\t<\/div>\n\t\t\t\t\t\t\t<\/div>\n\t\t<\/section>\n\t\t\t\t<section class=\"elementor-section elementor-top-section elementor-element elementor-element-2636ec2f elementor-section-boxed elementor-section-height-default elementor-section-height-default\" data-id=\"2636ec2f\" data-element_type=\"section\">\n\t\t\t\t\t\t<div class=\"elementor-container elementor-column-gap-default\">\n\t\t\t\t\t<div class=\"elementor-column elementor-col-100 elementor-top-column elementor-element elementor-element-5477286a\" data-id=\"5477286a\" data-element_type=\"column\">\n\t\t\t<div class=\"elementor-widget-wrap elementor-element-populated\">\n\t\t\t\t\t\t\t\t<div class=\"elementor-element elementor-element-af05f3a elementor-widget elementor-widget-text-editor\" data-id=\"af05f3a\" data-element_type=\"widget\" data-widget_type=\"text-editor.default\">\n\t\t\t\t<div class=\"elementor-widget-container\">\n\t\t\t\t\t\t\t<p>Plus de 80 ann\u00e9es de revue de presse qui tracent, jour apr\u00e8s jour, le destin tourment\u00e9 de la ligne ferroviaire Pau \u2013 Canfranc \u2013 Saragosse. Des faits les plus cocasses, \u00e0 ceux les plus \u00e9mouvants, ce sont des centaines d\u2019articles qui ont \u00e9t\u00e9 lus et choisis parmi les journaux et revues aussi bien r\u00e9gionaux que nationaux. Parmi ceux-ci, on y trouve La R\u00e9publique des Pyr\u00e9n\u00e9es, Sud-Ouest, Nueva Espa\u00f1a et Heraldo de Arag\u00f3n mais aussi Le Monde, La Tribune, L\u2019Humanit\u00e9, la Revista de Aragon et bien d\u2019autres\u2026<\/p><p>Cette cinqui\u00e8me partie traite des ann\u00e9es 2020 \u00e0 2023.<\/p>\t\t\t\t\t\t<\/div>\n\t\t\t\t<\/div>\n\t\t\t\t\t<\/div>\n\t\t<\/div>\n\t\t\t\t\t\t\t<\/div>\n\t\t<\/section>\n\t\t\t\t<section class=\"elementor-section elementor-top-section elementor-element elementor-element-bb403af elementor-section-boxed elementor-section-height-default elementor-section-height-default\" data-id=\"bb403af\" data-element_type=\"section\">\n\t\t\t\t\t\t<div class=\"elementor-container elementor-column-gap-default\">\n\t\t\t\t\t<div class=\"elementor-column elementor-col-100 elementor-top-column elementor-element elementor-element-3512fcf1\" data-id=\"3512fcf1\" data-element_type=\"column\">\n\t\t\t<div class=\"elementor-widget-wrap elementor-element-populated\">\n\t\t\t\t\t\t\t\t<div class=\"elementor-element elementor-element-7f4302aa elementor-widget elementor-widget-text-editor\" data-id=\"7f4302aa\" data-element_type=\"widget\" data-widget_type=\"text-editor.default\">\n\t\t\t\t<div class=\"elementor-widget-container\">\n\t\t\t\t\t\t\t<p style=\"text-align: center;\"><strong><span style=\"color: #0000ff;\">2020<\/span><\/strong><\/p><p><span style=\"color: #ff0000;\">Jeudi 16 janvier 2020<\/span> : Le syndicat mixte de l\u2019a\u00e9roport Pau-Pyr\u00e9n\u00e9es envisage d\u2019ouvrir une ligne a\u00e9rienne Pau \u2013 Saragosse en 2020, ce qui suscite certaines interrogations eu \u00e9gard \u00e0 l\u2019utilit\u00e9 de la ligne ferroviaire Pau \u2013 Canfranc \u2013 Saragosse<br \/><em>Pau-Saragosse, liaison dangereuse ? \u2013 Eric B\u00e9ly \u2013 La R\u00e9publique des Pyr\u00e9n\u00e9es \u2013 18 janvier 2020<\/em><\/p><p><span style=\"color: #ff0000;\">Jeudi 23 janvier 2020<\/span> : Le Pr\u00e9fet des Pyr\u00e9n\u00e9es-Atlantiques, Eric Spitz, confirme une nouvelle fois que l\u2019Etat ne soutiendra pas le projet ferroviaire Pau \u2013 Canfranc \u2013 Saragosse<br \/><em>Routes, Lacq, pr\u00e9dation, ch\u00f4mage&#8230; : le pr\u00e9fet r\u00e9pond sans d\u00e9tour \u2013 Pierre-Olivier Julien \u2013 La R\u00e9publique des Pyr\u00e9n\u00e9es \u2013 24 janvier 2020<\/em><br \/><em>Rousset Son plan de reconqu\u00eates \u2013 Pierre-Olivier Julien \u2013 La R\u00e9publique des Pyr\u00e9n\u00e9es \u2013 28 septembre 2020<\/em><\/p><p><span style=\"color: #ff0000;\">Janvier 2020<\/span> : Des repr\u00e9sentants de la Nouvelle-Aquitaine et de l\u2019Arag\u00f3n se d\u00e9placent en Suisse pour \u00e9tudier la gestion et le mod\u00e8le \u00e9conomique du train touristique Bernina Express qui pourrait servir d\u2019exemple \u00e0 un train touristique sur la ligne ferroviaire Pau \u2013 Canfranc<br \/><em>Briz visita un tren de monta\u00f1a suizo para aplicar al Canfranero \u2013 Heraldo de Arag\u00f3n \u2013 3 de febrero 2020<\/em><br \/><em>Un tren suizo, modelo a imitar para la l\u00ednea Zaragoza-Pau \u2013 El Peri\u00f3dico de Arag\u00f3n \u2013 3 de febrero 2020<\/em><br \/><em>Le mod\u00e8le ferroviaire suisse pour inspirer la r\u00e9ouverture du Canfranc \u2013 Eric Normand \u2013 La R\u00e9publique des Pyr\u00e9n\u00e9es \u2013 5 f\u00e9vrier 2020<\/em><\/p><p><span style=\"color: #ff0000;\">Mars 2020<\/span> : L\u2019association BAP publie une \u00e9tude r\u00e9alis\u00e9e par son Pr\u00e9sident, Michel Le Gall, qui estime le potentiel de transport de marchandises de la ligne ferroviaire Pau \u2013 Canfranc \u2013 Saragosse \u00e0 200kt par an en traction thermique et 600kt par an en traction \u00e9lectrique ce qui correspond \u00e0 environ 70 \u00e0 80 poids-lourds par jour, ces \u00e9valuations sont en coh\u00e9rence avec les \u00e9tudes de convergence qui estiment ce potentiel \u00e0 750kt par jour, mais tr\u00e8s loin des conclusions du livre blanc qui estimait ce potentiel de 1,5 \u00e0 2,0Mt par an<br \/><em>Pau-Canfranc limit\u00e9e ? \u2013 Olivier Bonnefon \u2013 Sud-Ouest \u2013 12 mars 2020<\/em><br \/><em>BAP doute du potentiel du fret de la Pau-Canfranc \u2013 La R\u00e9publique des Pyr\u00e9n\u00e9es \u2013 24 mars 2020<\/em><br \/><em>Fret de la Pau-Canfranc : EELV pointe la \u00ab vision d\u00e9pass\u00e9e \u00bb de BAP \u2013 La R\u00e9publique des Pyr\u00e9n\u00e9es \u2013 26 mars 2020<\/em><br \/><em>Nouveau comptage des poids lourds : l\u2019association BAP r\u00e9agit \u2013 Mathieu Houadec \u2013 La R\u00e9publique des Pyr\u00e9n\u00e9es \u2013 24 juillet 2020<\/em><\/p><p><span style=\"color: #ff0000;\">Printemps 2020<\/span> : En raison de la crise sanitaire et du confinement associ\u00e9 ainsi que d\u2019un \u00e9boulement, la circulation des trains est quasiment interrompue entre Oloron et Bedous et ceci sans autocar de substitution, ce qui reste une exception car les autres lignes ferroviaires en Nouvelle-Aquitaine connaissent un trafic journalier minimal <br \/><em>45 % de l\u2019offre TER la semaine prochaine sur les lignes r\u00e9gionales \u2013 G\u00e9rard Cayron \u2013 La R\u00e9publique des Pyr\u00e9n\u00e9es \u2013 9 mai 2020<\/em><br \/><em>Oloron-Bedous : toujours pas de train \u00e0 l\u2019horizon \u2013 La R\u00e9publique des Pyr\u00e9n\u00e9es \u2013 9 mai 2020<\/em><br \/><em>Presque plus de trains entre Pau et Bedous : le CRELOC se plaint \u2013 Sud-Ouest \u2013 13 mai 2020<\/em><br \/><em>&#8220;La desserte ferroviaire entre Pau et Bedous est quasiment abandonn\u00e9e&#8221; \u2013 La R\u00e9publique des Pyr\u00e9n\u00e9es \u2013 14 mai 2020<\/em><br \/><em>La ligne de train Oloron-Bedous a rouvert, deux mois apr\u00e8s l\u2019\u00e9boulement \u2013 Etienne Czernecka \u2013 Sud-Ouest \u2013 4 juin 2020<\/em><br \/><em>Train : la r\u00e9ouverture de la ligne Oloron-Bedous est imminente \u2013 La R\u00e9publique des Pyr\u00e9n\u00e9es \u2013 4 juin 2020<\/em><br \/><em>Des travaux sur la Oloron-Bedous : la ligne devrait rouvrir dans les prochains jours \u2013 Gildas Bo\u00ebnnec \u2013 La R\u00e9publique des Pyr\u00e9n\u00e9es \u2013 5 juin 2020<\/em><br \/><em>Les trains circulent \u00e0 nouveau entre Oloron et Bedous \u2013 La R\u00e9publique des Pyr\u00e9n\u00e9es \u2013 9 juin 2020<\/em><br \/><em>Apr\u00e8s plus de deux mois d\u2019inactivit\u00e9, les trains circulent \u00e0 nouveau entre Oloron et Bedous \u2013 Gildas Bo\u00ebnnec \u2013 La R\u00e9publique des Pyr\u00e9n\u00e9es \u2013 10 juin 2020<\/em><\/p><p><span style=\"color: #ff0000;\">Mercredi 15 avril 2020<\/span> : Un \u00e9boulement pr\u00e8s de la falaise du tunnel de l\u2019Araou interrompt la circulation des trains entre Oloron et Bedous, le trafic reprend le mardi 9 juin apr\u00e8s des travaux de d\u00e9broussaillage et de purge de la falaise<br \/><em>La ligne de train Oloron-Bedous a rouvert, deux mois apr\u00e8s l\u2019\u00e9boulement \u2013 Etienne Czernecka \u2013 Sud-Ouest \u2013 4 juin 2020<\/em><br \/><em>Train : la r\u00e9ouverture de la ligne Oloron-Bedous est imminente \u2013 La R\u00e9publique des Pyr\u00e9n\u00e9es \u2013 4 juin 2020<\/em><br \/><em>Des travaux sur la Oloron-Bedous : la ligne devrait rouvrir dans les prochains jours \u2013 Gildas Bo\u00ebnnec \u2013 La R\u00e9publique des Pyr\u00e9n\u00e9es \u2013 5 juin 2020<\/em><br \/><em>Les trains circulent \u00e0 nouveau entre Oloron et Bedous \u2013 La R\u00e9publique des Pyr\u00e9n\u00e9es \u2013 9 juin 2020<\/em><br \/><em>Apr\u00e8s plus de deux mois d\u2019inactivit\u00e9, les trains circulent \u00e0 nouveau entre Oloron et Bedous \u2013 Gildas Bo\u00ebnnec \u2013 La R\u00e9publique des Pyr\u00e9n\u00e9es \u2013 10 juin 2020<\/em><\/p><p><span style=\"color: #ff0000;\">Lundi 15 juin 2020<\/span> : Pr\u00e9sentation au Minist\u00e8re de l\u2019Industrie \u00e0 Madrid d\u2019un projet de production d\u2019hydrog\u00e8ne vert en Arag\u00f3n par le directeur d\u2019une soci\u00e9t\u00e9 qui exploite des parcs solaires, Philippe Esposito, deux trains hybrides \u00e0 hydrog\u00e8ne seraient susceptibles d\u2019\u00eatre mis en service sur la ligne ferroviaire Saragosse \u2013 Canfranc<br \/><em>Il imagine un train \u00e0 hydrog\u00e8ne entre Pau et Saragosse \u2013 Jean-Marc Faure \u2013 La R\u00e9publique des Pyr\u00e9n\u00e9es \u2013 7 d\u00e9cembre 2020<\/em><br \/><em>Un tren de hidr\u00f3geno de la f\u00e1brica de Plasencia del Monte podr\u00eda unir Canfranc y Pau \u2013 Heraldo de Arag\u00f3n \u2013 29 de noviembre 2023<\/em><\/p><p><span style=\"color: #ff0000;\">Samedi 18 juillet 2020<\/span> : L\u2019\u00e9tude de convergence de l\u2019INECO est termin\u00e9e, elle \u00e9tablit que la ligne ferroviaire Pau \u2013 Canfranc \u2013 Saragosse serait rouverte en 2025 au gabarit UIC, des voies d\u2019\u00e9vitement de 450m pour les trains de marchandises seraient cr\u00e9\u00e9es en 2030 et la ligne serait \u00e9lectrifi\u00e9e en 2040<br \/><em>Train : la Pau-Canfranc-Saragosse pourrait rouvrir en 2025 \u2013 La R\u00e9publique des Pyr\u00e9n\u00e9es \u2013 20 juillet 2020<\/em><br \/><em>Rousset Son plan de reconqu\u00eates \u2013 Pierre-Olivier Julien \u2013 La R\u00e9publique des Pyr\u00e9n\u00e9es \u2013 28 septembre 2020<\/em><br \/><em>Alain Rousset (R\u00e9gion Nouvelle-Aquitaine) : \u00ab Il est essentiel d\u2019innover, de se diversifier \u00bb \u2013 La R\u00e9publique des Pyr\u00e9n\u00e9es \u2013 20 octobre 2020<\/em><\/p><p><span style=\"color: #ff0000;\">Mardi 20 octobre 2020<\/span> : Lors de son assembl\u00e9e g\u00e9n\u00e9rale, l\u2019association des partisans de la r\u00e9ouverture acte son soutien moral et financier \u00e0 la coop\u00e9rative Railcoop et souhaite que cette coop\u00e9rative puisse g\u00e9rer le transport de voyageurs et de marchandises sur la ligne ferroviaire Pau \u2013 Canfranc \u2013 Saragosse <br \/><em>Le Creloc poursuit son combat pour la rouverture de la ligne Pau-Canfranc \u2013 Odile Isern \u2013 La R\u00e9publique des Pyr\u00e9n\u00e9es \u2013 21 octobre 2020<\/em><\/p><p><span style=\"color: #ff0000;\">Mardi 3 novembre 2020<\/span> : Le comit\u00e9 de ligne de l\u2019\u00e9toile de Pau organis\u00e9 en visio-conf\u00e9rence confirme la situation peu glorieuse de la ligne ferroviaire Pau \u2013 Bedous avec seulement 432 voyageurs par jour, le taux de suppressions de 1,6% en 2019 a bondit \u00e0 7,3% au premier semestre 2020, l\u2019activation de l\u2019\u00e9vitement de Buzy-sur-B\u00e9arn est \u00e0 l\u2019\u00e9tude<br \/><em>Rousset Son plan de reconqu\u00eates \u2013 Pierre-Olivier Julien \u2013 La R\u00e9publique des Pyr\u00e9n\u00e9es \u2013 28 septembre 2020<\/em><br \/><em>TER : la R\u00e9gion fixe ses objectifs de r\u00e9gularit\u00e9 \u2013 Etienne Czernecka \u2013 Sud-Ouest \u2013 4 novembre 2020<\/em><br \/><em>La R\u00e9gion veut maintenir 100 % des TER pendant le confinement \u2013 S\u00e9bastien Lamarque \u2013 La R\u00e9publique des Pyr\u00e9n\u00e9es \u2013 5 novembre 2020<\/em><\/p><p><span style=\"color: #ff0000;\">Samedi 14 novembre 2020<\/span> : En raison de la crise sanitaire et d\u2019un second confinement, la circulation des trains en Nouvelle-Aquitaine est diminu\u00e9e de 20% en semaine, de 55% les samedis et de 40% les dimanches<br \/><em>Confinement : moins de TER d\u00e8s samedi \u2013 Mathieu Houadec \u2013 La R\u00e9publique des Pyr\u00e9n\u00e9es \u2013 13 novembre 2020<\/em><\/p><p><span style=\"color: #ff0000;\">Lundi 23 novembre 2020<\/span> : Le Ministre des Transports d\u2019Aragon, Jos\u00e9 Luis Soro, pr\u00e9sente \u00e0 Saragosse les hypoth\u00e8ses de convergence issues de l\u2019\u00e9tude INECO, la voie restera unique et sera \u00e0 l\u2019\u00e9cartement UIC, la charge \u00e0 l\u2019essieu sera de 22,5t, le gabarit sera GB, l\u2019ERTMS de niveau 1 sera install\u00e9, les trains de marchandises auront une longueur maximale de 450m, les trains de voyageurs auront une longueur maximale de 160m <br \/><em>Soro describe c\u00f3mo ser\u00e1 la l\u00ednea internacional de Canfranc que se prev\u00e9 que est\u00e9 puesta en marcha en 2025 \u2013 Arag\u00f3n hoy \u2013 23 de noviembre 2020<\/em><\/p><p><span style=\"color: #ff0000;\">Jeudi 17 d\u00e9cembre 2020<\/span> : La r\u00e9gion Nouvelle-Aquitaine acte le lancement d\u2019\u00e9tudes pr\u00e9liminaires pour un co\u00fbt de 3M\u20ac afin d\u2019\u00e9tudier l\u2019activation de l\u2019\u00e9vitement en gare de Buzy-sur-B\u00e9arn et la modernisation de la signalisation sur la section Pau \u2013 Oloron, cette \u00e9tude n\u2019aboutira \u00e0 aucune d\u00e9cision<br \/><em>Ligne Pau-Oloron : la R\u00e9gion veut r\u00e9activer le croisement de Buzy \u2013 Gildas Bo\u00ebnnec \u2013 La R\u00e9publique des Pyr\u00e9n\u00e9es \u2013 31 d\u00e9cembre 2020<\/em><\/p>\t\t\t\t\t\t<\/div>\n\t\t\t\t<\/div>\n\t\t\t\t\t<\/div>\n\t\t<\/div>\n\t\t\t\t\t\t\t<\/div>\n\t\t<\/section>\n\t\t\t\t<section class=\"elementor-section elementor-top-section elementor-element elementor-element-2b64b3a elementor-section-boxed elementor-section-height-default elementor-section-height-default\" data-id=\"2b64b3a\" data-element_type=\"section\">\n\t\t\t\t\t\t<div class=\"elementor-container elementor-column-gap-default\">\n\t\t\t\t\t<div class=\"elementor-column elementor-col-100 elementor-top-column elementor-element elementor-element-cf436d6\" data-id=\"cf436d6\" data-element_type=\"column\">\n\t\t\t<div class=\"elementor-widget-wrap elementor-element-populated\">\n\t\t\t\t\t\t\t\t<div class=\"elementor-element elementor-element-9c0f42f elementor-widget elementor-widget-text-editor\" data-id=\"9c0f42f\" data-element_type=\"widget\" data-widget_type=\"text-editor.default\">\n\t\t\t\t<div class=\"elementor-widget-container\">\n\t\t\t\t\t\t\t<p style=\"text-align: center;\"><strong><span style=\"color: #0000ff;\">2021<\/span><\/strong><\/p><p><span style=\"color: #ff0000;\">F\u00e9vrier 2021<\/span> : Les panneaux de signal\u00e9tique sur le patrimoine et la g\u00e9ologie de l\u2019association G\u00e9olval sont d\u00e9sormais tous install\u00e9s dans toutes les gares et haltes de la ligne Pau \u2013 Bedous <br \/><em>Le G\u00e9otrain est arriv\u00e9 en gare \u2013 Martine Lacout-Loustalet \u2013 Sud-Ouest \u2013 5 f\u00e9vrier 2021<\/em><\/p><p><span style=\"color: #ff0000;\">F\u00e9vrier 2021<\/span> : Les co\u00fbts des travaux de r\u00e9habilitation de la gare de Canfranc d\u00e9rapent, initialement estim\u00e9s \u00e0 27M\u20ac en juin 2018, ils sont d\u00e9sormais estim\u00e9s \u00e0 40M\u20ac trois ann\u00e9es plus tard<br \/><em>La gare fant\u00f4me de Canfranc reprend vie \u2013 Etienne Czernecka \u2013 Sud-Ouest \u2013 8 f\u00e9vrier 2021<\/em><br \/><em>Le futur h\u00f4tel 5 \u00e9toiles pourrait g\u00e9n\u00e9rer une centaine d\u2019emplois \u2013 Etienne Czernecka \u2013 Sud-Ouest \u2013 26 avril 2021<\/em><\/p><p><span style=\"color: #ff0000;\">Jeudi 11 f\u00e9vrier 2021<\/span> : La route de 1,25km et le pont de 51m sur la RN 134 au niveau du passage \u00e0 niveau d\u2019Herr\u00e8re entrent en service apr\u00e8s trois ann\u00e9es de travaux qui ont co\u00fbt\u00e9 8,33M\u20ac<br \/><em>La RN 134 fait ses adieux au passage \u00e0 niveau de Herr\u00e8re \u2013 Gildas Bo\u00ebnnec \u2013 La R\u00e9publique des Pyr\u00e9n\u00e9es \u2013 10 f\u00e9vrier 2021<\/em><br \/><em>Herr\u00e8re : le pont sur la RN 134 ouvre ce jeudi \u2013 Etienne Czernecka \u2013 Sud-Ouest \u2013 11 f\u00e9vrier 2021<\/em><\/p><p><span style=\"color: #ff0000;\">Lundi 22 f\u00e9vrier 2021<\/span> : Les associations des partisans de la r\u00e9ouverture r\u00e9agissent enfin \u00e0 la pr\u00e9sentation des \u00e9tudes de convergences faites trois mois auparavant \u00e0 Saragosse, elles s\u2019\u00e9tonnent du calendrier de mise en place des \u00e9vitements pour 2030, de l\u2019\u00e9lectrification pour 2040 et du renoncement \u00e0 utiliser la section directe entre Zuera et Turu\u00f1ana ferm\u00e9e depuis septembre 1970<br \/><em>Pau-Canfranc-Saragosse : une ligne &#8220;digne du XIXe si\u00e8cle&#8221; pour sa r\u00e9ouverture ? \u2013 Etienne Czernecka \u2013 Sud-Ouest \u2013 22 f\u00e9vrier 2021<\/em><br \/><em>Les associations pour la voie ferr\u00e9e Pau-Canfranc s\u2019inqui\u00e8tent des d\u00e9lais \u2013 La R\u00e9publique des Pyr\u00e9n\u00e9es \u2013 22 f\u00e9vrier 2021<\/em><br \/><em>Train : le calendrier fait grincer \u2013 Etienne Czernecka \u2013 Sud-Ouest \u2013 23 f\u00e9vrier 2021<\/em><\/p><p><span style=\"color: #ff0000;\">Jeudi 15 avril 2021<\/span> : Inauguration de la nouvelle gare ferroviaire de Canfranc, le travaux d\u2019un co\u00fbt de 7M\u20ac ont consist\u00e9 \u00e0 r\u00e9am\u00e9nager l\u2019infrastructure ferroviaire et \u00e0 construire un nouveau b\u00e2timent voyageurs<br \/><em>Ligne Pau-Saragosse : la nouvelle gare inaugur\u00e9e \u00e0 Canfranc \u2013 G\u00e9rard Cayron \u2013 La R\u00e9publique des Pyr\u00e9n\u00e9es \u2013 17 avril 2021<\/em><br \/><em>Un pas de plus vers la liaison France-Espagne \u2013 Etienne Czernecka \u2013 Sud-Ouest \u2013 18 avril 2021<\/em><\/p><p><span style=\"color: #ff0000;\">Jeudi 22 avril 2021<\/span> : Signature \u00e0 Bordeaux du protocole d\u2019accord entre l\u2019\u00c9tat et la R\u00e9gion Nouvelle-Aquitaine sur &#8220;l\u2019avenir des lignes ferroviaire de desserte fine du territoire&#8221;, il est pr\u00e9vu 15M\u20ac pour la ligne ferroviaire Pau \u2013 Bedous sur la p\u00e9riode 2023 \u2013 2032 afin de r\u00e9nover le pont polygonal de Pau ainsi que des ouvrages d\u2019art et des protections contre les inondations<br \/><em>Pau-Bedous : 15 millions pour remettre la ligne en \u00e9tat \u2013 Etienne Czernecka \u2013 Sud-Ouest \u2013 5 juillet 2021<\/em><\/p><p><span style=\"color: #ff0000;\">Avril 2021<\/span> : Une usag\u00e8re \u00e0 mobilit\u00e9 r\u00e9duite s\u2019\u00e9meut de ne pouvoir descendre en gare de Bedous avec son fauteuil roulant en raison de la lacune entre l\u2019automotrice X73500 et le quai de Bedous, la faute \u00e0 une automotrice X73500 d\u2019ancienne g\u00e9n\u00e9ration qui n\u2019est pas compatible avec la norme des quais \u00e0 550mm<br \/><em>Handicap pour aller d\u2019Oloron \u00e0 Bedous en train, on peut monter mais pas descendre \u2013 St\u00e9phanie Savariaud \u2013 La R\u00e9publique des Pyr\u00e9n\u00e9es \u2013 15 avril 2021<\/em><br \/><em>Train : ce qu\u2019il reste \u00e0 faire pour amener la Oloron-Bedous jusqu\u2019en Espagne \u2013 Gildas Bo\u00ebnnec \u2013 La R\u00e9publique des Pyr\u00e9n\u00e9es \u2013 18 octobre 2021<\/em><\/p><p><span style=\"color: #ff0000;\">Avril 2021<\/span> : Le projet FCH2Rail, techniquement dirig\u00e9 par CAF, d\u00e9bute, il consiste \u00e0 exp\u00e9rimenter un train hybride \u00e0 hydrog\u00e8ne muni de batteries et de piles \u00e0 combustible, il est envisag\u00e9 de r\u00e9aliser des essais sur la ligne Saragosse \u2013 Canfranc en juillet 2022<br \/><em>CAF proyecta un tren de hidr\u00f3geno que quiere probar entre Zaragoza y Canfranc en 2022 \u2013 Heraldo de Arag\u00f3n \u2013 19 de abril 2021<\/em><\/p><p><span style=\"color: #ff0000;\">Jeudi 8 juillet 2021<\/span> : Premi\u00e8re sortie du G\u00e9otrain, concept de l\u2019association G\u00e9olval qui consiste \u00e0 commenter la g\u00e9ologie des Pyr\u00e9n\u00e9es \u00e0 bord du train de Pau \u00e0 Bedous durant quelques jours des mois de juillet et ao\u00fbt, l\u2019initiative rencontre un succ\u00e8s mitig\u00e9 avec de nombreuses sorties annul\u00e9es faute de participants <br \/><em>\u00c0 bord du G\u00e9otrain, les touristes s\u2019initient \u00e0 la g\u00e9ologie du Haut-B\u00e9arn \u2013 Beno\u00eet Rouzaud \u2013 La R\u00e9publique des Pyr\u00e9n\u00e9es \u2013 28 juillet 2021<\/em><\/p><p><span style=\"color: #ff0000;\">Mercredi 28 juillet 2021<\/span> : Pose de la premi\u00e8re pierre du futur h\u00f4tel 5 \u00e9toiles de Canfranc par les autorit\u00e9s aragonaises, la gestion de l\u2019h\u00f4tel sera confi\u00e9e au Groupe Barcel\u00f3, les co\u00fbts des travaux ne cessent de d\u00e9raper, initialement estim\u00e9s \u00e0 27M\u20ac en juin 2018 puis 40M\u20ac en f\u00e9vrier 2021, ils sont d\u00e9sormais estim\u00e9s \u00e0 50M\u20ac<br \/><em>Une premi\u00e8re pierre pour le futur h\u00f4tel cinq \u00e9toiles \u2013 Gabriel Blaise \u2013 Sud-Ouest \u2013 30 juillet 2021<\/em><\/p><p><span style=\"color: #ff0000;\">Ao\u00fbt 2021<\/span> : Un journaliste courageux rend compte de son voyage insolite d\u2019Oloron \u00e0 Bedous dans une rame quasiment vide et privatis\u00e9e o\u00f9 pourtant il \u00e9tait attendu plein de touristes et de randonneurs en \u00e9t\u00e9, ce journaliste confirme les observations de la Cour des Comptes sur la fr\u00e9quentation indigne et le prix r\u00e9el du billet de 307\u20ac<br \/><em>Seul (ou presque), \u00e0 bord du Transpyr\u00e9n\u00e9en \u2013 Sylvain Cottin \u2013 Sud-Ouest \u2013 7 ao\u00fbt 2021<\/em><\/p><p><span style=\"color: #ff0000;\">Samedi 4 septembre 2021<\/span> : A l\u2019occasion de l\u2019\u00e9tape du train sp\u00e9cial \u00ab Connecting Europe Express \u00bb \u00e0 Hendaye, un sp\u00e9cialiste du dossier \u00e0 la commission europ\u00e9enne rappelle vigoureusement que l\u2019Europe ne s\u2019engagera dans la r\u00e9ouverture de la ligne ferroviaire Pau \u2013 Canfranc \u2013 Saragosse qu\u2019\u00e0 la condition unique et n\u00e9cessaire que la France et l\u2019Espagne s\u2019engagent conjointement<br \/><em>Mobilit\u00e9s : en gare d\u2019Hendaye, l\u2019Europe mise sur le train \u2013 Fabien Jans \u2013 Sud-Ouest \u2013 6 septembre 2021<\/em><br \/><em>Pau-Canfranc : l\u2019Europe attend \u2013 Cyrille Pitois \u2013 La R\u00e9publique des Pyr\u00e9n\u00e9es \u2013 6 septembre 2021<\/em><\/p><p><span style=\"color: #ff0000;\">Jeudi 23 septembre 2021<\/span> : Lors de la r\u00e9union d\u2019un comit\u00e9 de programme en gare de Canfranc, le vice-pr\u00e9sident de la R\u00e9gion Aquitaine, Renaud Lagrave, et le Ministre des Transports du Gouvernement d\u2019Arag\u00f3n, Jos\u00e9 Luis Soro, r\u00e9affirment leur volont\u00e9 commune de rouvrir la ligne ferroviaire Pau \u2013 Canfranc \u2013 Saragosse<br \/><em>Trains TER en B\u00e9arn : pourquoi cela devient urgent de mettre fin aux retards \u2013 Pierre-Olivier Julien \u2013 La R\u00e9publique des Pyr\u00e9n\u00e9es \u2013 23 septembre 2021<\/em><\/p><p><span style=\"color: #ff0000;\">Mercredi 3 novembre 2021<\/span> : Le comit\u00e9 de ligne de l\u2019\u00e9toile de Pau organis\u00e9 en visio-conf\u00e9rence confirme la situation peu glorieuse de la ligne ferroviaire Pau \u2013 Bedous avec seulement 432 voyageurs par jour et un taux de suppressions de 5,1% en 2020<br \/><em>Trains TER en B\u00e9arn : pourquoi cela devient urgent de mettre fin aux retards \u2013 Pierre-Olivier Julien \u2013 La R\u00e9publique des Pyr\u00e9n\u00e9es \u2013 23 septembre 2021<\/em><\/p><p><span style=\"color: #ff0000;\">Jeudi 18 novembre 2021<\/span> : La R\u00e9gion Nouvelle-Aquitaine accueille \u00e0 Bordeaux les repr\u00e9sentants du Conseil d\u2019Orientation des Infrastructures dont son Pr\u00e9sident, David Valence, pour pr\u00e9senter les travaux ferroviaires d\u2019infrastructure pr\u00e9vus en Nouvelle-Aquitaine, la R\u00e9gion informe qu\u2019elle fournira au Conseil d\u2019Orientation des Infrastructures tout le dossier des \u00e9tudes concernant la ligne ferroviaire Pau \u2013 Canfranc <br \/><em>\u00ab Il y aura du fret sur la Pau-Canfranc \u00bb \u2013 Nicoas Rebi\u00e8re \u2013 La R\u00e9publique des Pyr\u00e9n\u00e9es \u2013 28 f\u00e9vrier 2022<\/em><\/p><p><span style=\"color: #ff0000;\">Samedi 11 d\u00e9cembre 2021<\/span> : Les circulations ferroviaires sont interrompues temporairement entre Pau et Bedous en raison des fortes pluies et de la crue des gaves <br \/><em>Intemp\u00e9ries en Haut-B\u00e9arn : Oloron n\u2019a pas \u00e9t\u00e9 \u00e9pargn\u00e9e par la mont\u00e9e des eaux \u2013 Gildas Bo\u00ebnnec \u2013 La R\u00e9publique des Pyr\u00e9n\u00e9es \u2013 11 d\u00e9cembre 2021<\/em><\/p>\t\t\t\t\t\t<\/div>\n\t\t\t\t<\/div>\n\t\t\t\t\t<\/div>\n\t\t<\/div>\n\t\t\t\t\t\t\t<\/div>\n\t\t<\/section>\n\t\t\t\t<section class=\"elementor-section elementor-top-section elementor-element elementor-element-946d425 elementor-section-boxed elementor-section-height-default elementor-section-height-default\" data-id=\"946d425\" data-element_type=\"section\">\n\t\t\t\t\t\t<div class=\"elementor-container elementor-column-gap-default\">\n\t\t\t\t\t<div class=\"elementor-column elementor-col-100 elementor-top-column elementor-element elementor-element-c70068d\" data-id=\"c70068d\" data-element_type=\"column\">\n\t\t\t<div class=\"elementor-widget-wrap elementor-element-populated\">\n\t\t\t\t\t\t\t\t<div class=\"elementor-element elementor-element-5b7ab41 elementor-widget elementor-widget-text-editor\" data-id=\"5b7ab41\" data-element_type=\"widget\" data-widget_type=\"text-editor.default\">\n\t\t\t\t<div class=\"elementor-widget-container\">\n\t\t\t\t\t\t\t<p style=\"text-align: center;\"><strong><span style=\"color: #0000ff;\">2022<\/span><\/strong><\/p><p><span style=\"color: #ff0000;\">Janvier 2022<\/span> : Pour la sixi\u00e8me fois, la ville de Jaca pose sa candidature pour l\u2019organisation des Jeux Olympiques d\u2019hiver 2030, l\u2019occasion d\u2019\u00e9voquer la r\u00e9ouverture de la ligne ferroviaire, pour la sixi\u00e8me fois, la candidature de Jaca ne sera pas retenue par le CIO en raison de divergences entre l\u2019Arag\u00f3n et la Catalogne<br \/><em>Jeux Olympiques 2030 : la candidature des Pyr\u00e9n\u00e9es (espagnoles) prend du poids \u2013 La R\u00e9publique des Pyr\u00e9n\u00e9es \u2013 24 janvier 2022<\/em><br \/><em>Pas de Jeux d\u2019hiver 2030 dans les Pyr\u00e9n\u00e9es \u2013 Laurent Vissuzaine \u2013 La R\u00e9publique des Pyr\u00e9n\u00e9es \u2013 23 juin 2022<\/em><\/p><p><span style=\"color: #ff0000;\">Dimanche 9 janvier 2022<\/span> : Les circulations ferroviaires sont interrompues temporairement entre Pau et Bedous en raison des fortes pluies et de la crue des gaves <br \/><em>Fortes pluies dans le Sud-Ouest : les Landes et les Pyr\u00e9n\u00e9es-Atlantiques en alerte rouge \u2013 La R\u00e9publique des Pyr\u00e9n\u00e9es \u2013 10 janvier 2022<\/em><\/p><p><span style=\"color: #ff0000;\">Mercredi 19 janvier 2022<\/span> : Pr\u00e9sentation par le groupe Barcel\u00f3 au salon international du tourisme FITUR de Madrid des maquettes du futur h\u00f4tel Royal Hideaway de Canfranc <br \/><em>Gare de Canfranc : d\u00e9couvrez les images du futur h\u00f4tel 5 \u00e9toiles \u2013 Marie Lilas-Vidal \u2013 Sud-Ouest \u2013 26 janvier 2022<\/em><br \/><em>Les images du futur h\u00f4tel 5 \u00e9toiles d\u00e9voil\u00e9es \u2013 Marie Lilas-Vidal \u2013 Sud-Ouest \u2013 27 janvier 2022<\/em><\/p><p><span style=\"color: #ff0000;\">Lundi 31 janvier 2022<\/span> : Le mur de sout\u00e8nement et des talus d\u2019un viaduc ferroviaire situ\u00e9 pr\u00e8s de Sarrance s\u2019effondrent dans le gave d\u2019Aspe, cette faiblesse avait \u00e9t\u00e9 identifi\u00e9e de longue date par SNCF R\u00e9seau, toutes les circulations ferroviaires entre Oloron et Bedous sont interrompues jusqu\u2019au 1er mars 2022 en attendant l\u2019ach\u00e8vement des travaux, des autocars de substitution sont mis en place<br \/><em>Pyr\u00e9n\u00e9es : Effondrements sous un viaduc, la circulation des trains interrompue entre Oloron et Bedous \u2013 Etienne Czernecka, Gabriel Blaise \u2013 Sud-Ouest \u2013 1er f\u00e9vrier 2022<\/em><br \/><em>La ligne Oloron-Bedous interrompue pendant un mois apr\u00e8s l\u2019effondrement d\u2019un mur de sout\u00e8nement \u2013 Gildas Bo\u00ebnnec \u2013 La R\u00e9publique des Pyr\u00e9n\u00e9es \u2013 2 f\u00e9vrier 2022<\/em><\/p><p><span style=\"color: #ff0000;\">Mercredi 9 f\u00e9vrier 2022<\/span> : SNCF R\u00e9seau informe que la reprise des circulations entre Oloron et Bedous interrompues en raison de l\u2019effondrement d\u2019un mur de sout\u00e8nement au niveau d\u2019un viaduc situ\u00e9 pr\u00e8s de Sarrance interviendra en d\u00e9but d\u2019avril 2022<br \/><em>La r\u00e9ouverture de la ligne Oloron-Bedous repouss\u00e9e au moins jusqu\u2019en avril \u2013 Gildas Bo\u00ebnnec \u2013 La R\u00e9publique des Pyr\u00e9n\u00e9es \u2013 10 f\u00e9vrier 2022<\/em><\/p><p><span style=\"color: #ff0000;\">Lundi 21 f\u00e9vrier 2022<\/span> : A l\u2019annonce de la r\u00e9union quadripartite pr\u00e9vue le lundi 28 f\u00e9vrier \u00e0 Saragosse, l\u2019association CROC des opposants \u00e0 la r\u00e9ouverture de la ligne ferroviaire Pau \u2013 Canfranc \u2013 Saragosse informe qu\u2019elle vient de cr\u00e9er son site internet \u00e0 l\u2019adresse www.croc-aspe.com<br \/><em>Un site web pour le Comit\u00e9 contre la r\u00e9ouverture de la Pau-Canfranc \u2013 La R\u00e9publique des Pyr\u00e9n\u00e9es \u2013 24 f\u00e9vrier 2022<\/em><\/p><p><span style=\"color: #ff0000;\">Lundi 28 f\u00e9vrier 2022<\/span> : Une r\u00e9union quadripartite \u00e0 Saragosse r\u00e9unit les repr\u00e9sentants de la Nouvelle-Aquitaine, de l\u2019Aragon, de la France et de l\u2019Espagne, \u00e0 savoir le vice-pr\u00e9sident de la R\u00e9gion Nouvelle-Aquitaine, Renaud Lagrave, le Ministre des Mobilit\u00e9s du Gouvernement d\u2019Aragon, Jos\u00e9 Luis Soro, le Secr\u00e9taire G\u00e9n\u00e9ral des Affaires R\u00e9gionales de la Nouvelle-Aquitaine, Patrick Amoussou-Adeble, et le Secr\u00e9taire G\u00e9n\u00e9ral des Infrastructures du Minist\u00e8re des Transports, Xavier Flores Garc\u00eda, ce groupe quadripartite ne s\u2019\u00e9tait pas r\u00e9uni depuis 2017, les participants confirment les recommandations issues des \u00e9tudes de convergence, d\u00e9finissent la structure unique de gestion du projet et discutent de la demande d\u2019une nouvelle subvention \u00e0 l\u2019Europe pour poursuivre les \u00e9tudes qui prennent beaucoup de retard <br \/><em>Francia y Espa\u00f1a recuperan la cita sobre la reapertura del Canfranc tras 4 a\u00f1os \u2013 Heraldo de Arag\u00f3n \u2013 17 de enero 2022<\/em><br \/><em>Pau-Canfranc : une r\u00e9union franco-espagnole \u00e0 Saragosse en f\u00e9vrier prochain \u2013 La R\u00e9publique des Pyr\u00e9n\u00e9es \u2013 18 janvier 2022<\/em><br \/><em>Ligne ferroviaire Pau-Canfranc : une r\u00e9union pr\u00e9vue le 28 f\u00e9vrier \u2013 Marie Lilas-Vidal \u2013 Sud-Ouest \u2013 26 janvier 2022<\/em><br \/><em>La cumbre de la reapertura del Canfranc reclamar\u00e1 fondos a la UE \u2013 Heraldo de Arag\u00f3n \u2013 26 de febrero 2022<\/em><br \/><em>France et Espagne main dans la main pour rouvrir la ligne ferroviaire Pau-Saragosse \u2013 Etienne Czernecka \u2013 Sud-Ouest \u2013 28 f\u00e9vrier 2022<\/em><br \/><em>\u00ab Il y aura du fret sur la Pau-Canfranc \u00bb \u2013 Nicoas Rebi\u00e8re \u2013 La R\u00e9publique des Pyr\u00e9n\u00e9es \u2013 28 f\u00e9vrier 2022<\/em><br \/><em>Espa\u00f1a y Francia abren la v\u00eda de la traves\u00eda central \u2013 El Peri\u00f3dico de Arag\u00f3n \u2013 28 de febrero 2022<\/em><\/p><p><span style=\"color: #ff0000;\">Lundi 14 mars 2022<\/span> : En visite dans les Pyr\u00e9n\u00e9es-Atlantiques, le Ministre des Transports, Jean-Baptiste Djebbari, refuse de se prononcer sur l\u2019engagement de l\u2019Etat concernant la r\u00e9ouverture de la ligne ferroviaire Pau \u2013 Canfranc \u2013 Saragosse et reporte cette question en juin 2022 \u00e0 la suite de l\u2019\u00e9lection pr\u00e9sidentielle d\u2019avril 2022<br \/><em>Pau : Jean-Baptiste Djebbari annonce plus d\u2019un milliard pour la d\u00e9carbonation de la fili\u00e8re a\u00e9ronautique \u2013 Edouard Ampuy \u2013 Sud-Ouest \u2013 14 mars 2022<\/em><br \/><em>A\u00e9roports de Pau et Tarbes : le ministre des transports pousse \u00e0 leur \u00ab sp\u00e9cialisation \u00bb \u2013 Pierre-Olivier Julien \u2013 La R\u00e9publique des Pyr\u00e9n\u00e9es \u2013 14 mars 2022<\/em><br \/><em>El Gobierno de Francia estudia invertir en la reapertura del tren Pau-Canfranc \u2013 Heraldo de Arag\u00f3n \u2013 15 de marzo 2022<\/em><\/p><p><span style=\"color: #ff0000;\">Lundi 14 mars 2022<\/span> : SNCF R\u00e9seau informe que la reprise des circulations entre Oloron et Bedous interrompues en raison de l\u2019effondrement d\u2019un mur de sout\u00e8nement au niveau d\u2019un viaduc situ\u00e9 pr\u00e8s de Sarrance interviendra mi-mai 2022<br \/><em>Train Oloron-Bedous : pas avant mi-mai pour la reprise du trafic \u2013 Etienne Czernecka \u2013 Sud-Ouest \u2013 14 mars 2022<\/em><br \/><em>La ligne ferroviaire Oloron-Bedous remise en service au mieux \u00e0 partir de la mi-mai \u2013 Beno\u00eet Rouzaud \u2013 La R\u00e9publique des Pyr\u00e9n\u00e9es \u2013 14 mars 2022<\/em><\/p><p><span style=\"color: #ff0000;\">Jeudi 24 mars 2022<\/span> : Le comit\u00e9 de suivi comprenant les repr\u00e9sentants de la Nouvelle-Aquitaine, de l\u2019Arag\u00f3n, de la France et de l\u2019Espagne se r\u00e9unit \u00e0 Bordeaux, l\u2019objet de cette r\u00e9union est de pr\u00e9parer les esprits \u00e0 la n\u00e9cessit\u00e9 de retarder de deux ann\u00e9es les \u00e9tudes en cours et de r\u00e9aliser des \u00e9tudes compl\u00e9mentaires dont les co\u00fbts sont estim\u00e9s \u00e0 au moins 10M\u20ac<br \/><em>Espa\u00f1a y Francia buscan implicar a Europa en la reapertura del Canfranc \u2013 Heraldo de Arag\u00f3n \u2013 24 de marzo 2022<\/em><br \/><em>Nuevo impulso a la reapertura de Canfranc para el transporte de mercanc\u00edas y la log\u00edstica \u2013 Diario de Alto Arag\u00f3n \u2013 24 de marzo 2022<\/em><br \/><em>Nuevo impulso a la reapertura de Canfranc para el transporte de mercanc\u00edas y la log\u00edstica \u2013 Arag\u00f3n hoy \u2013 24 de marzo 2022<\/em><\/p><p><span style=\"color: #ff0000;\">Samedi 26 mars 2022<\/span> : Une conf\u00e9rence \u00e0 Accous sur les transports en Europe organis\u00e9e par l\u2019association Partage et Culture en Aspe et dispens\u00e9e par un ancien fonctionnaire europ\u00e9en, Patrick Faucheur, interroge sur la finalit\u00e9 et les motivations de son auteur<br \/><em>Accous : une conf\u00e9rence sur les transports de Bruxelles \u00e0 la vall\u00e9e d\u2019Aspe \u2013 La R\u00e9publique des Pyr\u00e9n\u00e9es \u2013 22 mars 2022<\/em><br \/><em>Accous : les transports dans l\u2019avenir de l\u2019Europe \u2013 Martine Lacout-Loustalet \u2013 Sud-Ouest \u2013 25 mars 2022<\/em><\/p><p><span style=\"color: #ff0000;\">Mercredi 4 mai 2022<\/span> : SNCF R\u00e9seau informe que la reprise des circulations entre Oloron et Bedous interrompues en raison de l\u2019effondrement d\u2019un mur de sout\u00e8nement au niveau d\u2019un viaduc situ\u00e9 pr\u00e8s de Sarrance interviendra \u00e0 la fin du mois de juin 2022 et non mi-mai 2022 comme dit pr\u00e9c\u00e9demment, les travaux n\u2019ayant pas encore commenc\u00e9<br \/><em>Un gros chantier se pr\u00e9pare \u00e0 Sarrance, la ligne Oloron-Bedous ne sera pas rouverte avant la fin juin \u2013 Gildas Bo\u00ebnnec \u2013 La R\u00e9publique des Pyr\u00e9n\u00e9es \u2013 4 mai 2022<\/em><br \/><em>Oloron-Bedous : pas de trains avant fin juin \u2013 Etienne Czernecka \u2013 Sud-Ouest \u2013 5 mai 2022<\/em><\/p><p><span style=\"color: #ff0000;\">Mercredi 11 mai 2022<\/span> : Le comit\u00e9 de ligne de l\u2019\u00e9toile de Pau organis\u00e9 \u00e0 Juran\u00e7on confirme la situation peu glorieuse de la ligne ferroviaire Pau \u2013 Bedous avec seulement 450 voyageurs par jour et un taux de suppressions de 2,6% en 2021, il est de nouveau envisag\u00e9 de modifier les horaires au service annuel 2023, une nouvelle \u00e9tude sera lanc\u00e9e fin 2022 afin de modifier la signalisation entre Oloron et Bedous, de m\u00eame une nouvelle \u00e9tude de 3M\u20ac sera \u00e9galement lanc\u00e9e fin 2022 pour examiner l\u2019activation de l\u2019\u00e9vitement de Buzy-sur-B\u00e9arn<br \/><em>Une concertation pour les lignes ferroviaires b\u00e9arnaises \u2013 La R\u00e9publique des Pyr\u00e9n\u00e9es \u2013 21 avril 2022<\/em><br \/><em>Lignes TER en B\u00e9arn : des soucis qui persistent \u2013 Mathieu Houadec \u2013 La R\u00e9publique des Pyr\u00e9n\u00e9es \u2013 12 mai 2022<\/em><br \/><em>TER : des trains plus nombreux et plus ponctuels en 2023 ? \u2013 Mathieu Houadec \u2013 La R\u00e9publique des Pyr\u00e9n\u00e9es \u2013 12 mai 2022<\/em><br \/><em>\u00c9toile ferroviaire de Pau : la R\u00e9gion Nouvelle-Aquitaine annonce plus de trains en 2023 \u2013 Thibault Seurin \u2013 Sud-Ouest \u2013 17 mai 2022<\/em><br \/><em>Davantage de TER sur les lignes de Pau en 2023 \u2013 Pierre-Olivier Julien \u2013 La R\u00e9publique des Pyr\u00e9n\u00e9es \u2013 13 septembre 2022<\/em><\/p><p><span style=\"color: #ff0000;\">Lundi 23 mai 2022<\/span> : R\u00e9union \u00e0 Saragosse d\u2019un groupe d\u2019experts soutenu par des membres du Minist\u00e8re de la D\u00e9fense qui souhaitent relancer la Travers\u00e9e Centrale des Pyr\u00e9n\u00e9es et inscrire de nouveau ce projet dans le r\u00e9seau europ\u00e9en RTE<br \/><em>Un grupo de expertos urge recuperar la Traves\u00eda Central Pirenaica por su car\u00e1cter geoestrat\u00e9gico \u2013 Heraldo de Arag\u00f3n \u2013 24 de mayo 2022<\/em><br \/><em>El Ministerio avala la Traves\u00eda Central con m\u00e1s estudios pero no var\u00eda el plazo \u2013 Heraldo de Arag\u00f3n \u2013 5 de julio 2022<\/em><br \/><em>El lobi aragon\u00e9s de la TCP suma ya 69 adhesiones de organismos y empresas \u2013 Heraldo de Arag\u00f3n \u2013 7 de julio 2022<\/em><br \/><em>Defensa apoya el corredor central del Pirineo para la seguridad estrat\u00e9gica \u2013 Heraldo de Arag\u00f3n \u2013 14 de julio 2022<\/em><\/p><p><span style=\"color: #ff0000;\">Jeudi 23 juin 2022<\/span> : Une d\u00e9l\u00e9gation de la Nouvelle-Aquitaine et du Gouvernement d\u2019Aragon se rend en Autriche aux tunnels de l\u2019Arlberg afin d\u2019\u00e9tudier la gestion concomitante d\u2019un tunnel ferroviaire et d\u2019un tunnel routier<br \/><em>Soro conoce la gesti\u00f3n del t\u00fanel de Arlberg como modelo para Canfranc \u2013 Diario de Alto Arag\u00f3n \u2013 4 de junio 2022<\/em><br \/><em>Soro conoce la gesti\u00f3n del t\u00fanel de Arlberg (Austria) como modelo para aplicar en Canfranc (Huesca) \u2013 Europa Press \u2013 23 de junio 2022<\/em><\/p><p><span style=\"color: #ff0000;\">Mercredi 29 juin 2022<\/span> : Une d\u00e9l\u00e9gation de la Nouvelle-Aquitaine et du Gouvernement d\u2019Aragon se rend aux journ\u00e9es \u00ab Connecting Europe \u00bb \u00e0 Lyon pour pr\u00e9senter la r\u00e9ouverture de la ligne ferroviaire Pau \u2013 Canfranc \u2013 Saragosse, un stand de taille d\u00e9mesur\u00e9e pour l\u2019enjeu est lou\u00e9 \u00e0 cet effet par la R\u00e9gion Nouvelle-Aquitaine<br \/><em>Soro defiende a representantes de la UE la importancia de reabrir el tren del Canfranc \u2013 Heraldo de Arag\u00f3n \u2013 29 de junio 2022<\/em><br \/><em>Soro explica la importancia de reabrir el Canfranc en Lyon \u2013 Diario de Alto Arag\u00f3n \u2013 29 de junio 2022<\/em><br \/><em>Soro explica en la UE la importancia de reabrir el Canfranc \u2013 El Peri\u00f3dico de Arag\u00f3n \u2013 29 de junio 2022<\/em><\/p><p><span style=\"color: #ff0000;\">Samedi 2 juillet 2022<\/span> : Les circulations ferroviaires reprennent sur la ligne Oloron \u2013 Bedous avec cependant une limitation temporaire de vitesse de 10km\/h au niveau du viaduc situ\u00e9 pr\u00e8s de Sarrance, des travaux d\u2019ampleur avec une grue de 350t parmi les plus performantes de France ont \u00e9t\u00e9 r\u00e9alis\u00e9s pour conforter le mur de sout\u00e8nement, d\u2019autres travaux de moindre importance suivront en automne<br \/><em>Des travaux ont d\u00e9but\u00e9 \u00e0 Sarrance en vue de r\u00e9tablir le train entre Oloron et Bedous \u2013 Gildas Bo\u00ebnnec \u2013 La R\u00e9publique des Pyr\u00e9n\u00e9es \u2013 18 juin 2022<\/em><br \/><em>Train Oloron-Bedous : apr\u00e8s six mois de travaux, la ligne TER rouvre ce samedi 2 juillet \u2013 Louis Fabre \u2013 Sud-Ouest \u2013 1er juillet 2022<\/em><br \/><em>La ligne Oloron-Bedous rouvre ce samedi apr\u00e8s de gros travaux en vall\u00e9e d\u2019Aspe \u2013 Gildas Bo\u00ebnnec \u2013 La R\u00e9publique des Pyr\u00e9n\u00e9es \u2013 2 juillet 2022<\/em><\/p><p><span style=\"color: #ff0000;\">Samedi 30 juillet 2022<\/span> : La f\u00eate du fromage de l\u2019association La Main \u00e0 la P\u00e2tte se d\u00e9roule \u00e0 Canfranc avec une soixantaine de producteurs fermiers et artisans, une conf\u00e9rence sur la ligne ferroviaires Pau \u2013 Canfranc \u2013 Saragosse est donn\u00e9e en pr\u00e9sence du Pr\u00e9sident du Conseil R\u00e9gional de Nouvelle-Aquitaine, une estimation fait \u00e9tat d\u2019environ 8 000 visiteurs<br \/><em>B\u00e9arn : vers une f\u00eate du fromage c\u00f4t\u00e9 espagnol, \u00e0 Canfranc ? \u2013 Martine Lacout-Loustalet \u2013 Sud-Ouest \u2013 17 mai 2022<\/em><br \/><em>Vall\u00e9e d\u2019Aspe : Canfranc accueillera cet \u00e9t\u00e9 laF\u00eate du fromage \u2013 Odile Isern \u2013 La R\u00e9publique des Pyr\u00e9n\u00e9es \u2013 27 juin 2022<\/em><br \/><em>Canfranc : la f\u00eate transfrontali\u00e8re du fromage aura lieu samedi 30 juillet \u2013 Martine Lacout-Loustalet \u2013 Sud-Ouest \u2013 27 juillet 2022<\/em><br \/><em>Vall\u00e9e d\u2019Aspe : une f\u00eate transfrontali\u00e8re pour le Fromage \u2013 Odile Isern \u2013 La R\u00e9publique des Pyr\u00e9n\u00e9es \u2013 27 juillet 2022<\/em><br \/><em>La Fiesta del Queso de Canfranc contar\u00e1 este s\u00e1bado con m\u00e1s de 50 puestos y actividades durante todo el d\u00eda \u2013 Heraldo de Arag\u00f3n \u2013 28 de julio 2022<\/em><br \/><em>Sobresaliente acogida de Canfranc a la fiesta del queso del valle del Aspe \u2013 Diario de Alto Arag\u00f3n \u2013 31 de julio 2022<\/em><br \/><em>Carton plein pour la f\u00eate du fromage d\u00e9localis\u00e9e \u2013 Martine Lacout-Loustalet \u2013 Sud-Ouest \u2013 3 ao\u00fbt 2022<\/em><\/p><p><span style=\"color: #ff0000;\">Samedi 30 juillet 2022<\/span> : A l\u2019issue de sa visite \u00e0 la f\u00eate du fromage \u00e0 Canfranc, le Pr\u00e9sident du Conseil R\u00e9gional de Nouvelle-Aquitaine, avouant se sentir tout seul sur ce dossier, propose de cr\u00e9er un comit\u00e9 de soutien regroupant des membres de la soci\u00e9t\u00e9 civile, des jeunes, des universitaires, des industriels, des scientifiques\u2026<br \/><em>En vall\u00e9e d\u2019Aspe, Alain Rousset propose un comit\u00e9 de soutien pour la r\u00e9ouverture de Bedous-Canfranc \u2013 Odile Isern \u2013 La R\u00e9publique des Pyr\u00e9n\u00e9es \u2013 1er ao\u00fbt 2022<\/em><br \/><em>Bedous-Canfranc : Alain Rousset propose un comit\u00e9 de soutien \u2013 La R\u00e9publique des Pyr\u00e9n\u00e9es \u2013 2 ao\u00fbt 2022<\/em><\/p><p><span style=\"color: #ff0000;\">Mardi 2 ao\u00fbt 2022<\/span> : Nouvelle sortie du G\u00e9otrain, concept de l\u2019association G\u00e9olval qui consiste \u00e0 commenter la g\u00e9ologie des Pyr\u00e9n\u00e9es \u00e0 bord du train de Pau \u00e0 Bedous durant quelques jours des mois de juillet et ao\u00fbt, l\u2019initiative rencontre toujours un succ\u00e8s mitig\u00e9 avec la sortie du mardi 26 juillet qui a \u00e9t\u00e9 annul\u00e9e faute de participants et seulement 31 participants au total pour les trois autres sorties pr\u00e9vues en 2022<br \/><em>B\u00e9arn : les tr\u00e9sors g\u00e9ologiques des Pyr\u00e9n\u00e9es en r\u00e9alit\u00e9 augment\u00e9e \u00e0 bord du G\u00e9oTrain \u2013 Cl\u00e9mence Blanche \u2013 Sud-Ouest \u2013 29 juillet 2022<\/em><br \/><em>Le G\u00e9oTrain fait voyager dans le temps \u2013 Cl\u00e9mence Blanche \u2013 Sud-Ouest \u2013 5 ao\u00fbt 2022<\/em><\/p><p><span style=\"color: #ff0000;\">Lundi 3 octobre 2022<\/span> : La commission permanente du Conseil R\u00e9gional de Nouvelle-Aquitaine d\u00e9localis\u00e9e \u00e0 Limoges valide l\u2019affectation d\u2019au moins 10M\u20ac \u00e0 des \u00e9tudes compl\u00e9mentaires et valide une prolongation de deux ann\u00e9es des \u00e9tudes d\u00e9but\u00e9es en 2017 et qui se termineront en d\u00e9cembre 2024 au lieu de d\u00e9cembre 2022 <br \/><em>10 millions d\u2019euros pour de nouvelles \u00e9tudes sur le projet de ligne Pau-Canfranc \u2013 Gildas Bo\u00ebnnec \u2013 La R\u00e9publique des Pyr\u00e9n\u00e9es \u2013 19 octobre 2022<\/em><\/p><p><span style=\"color: #ff0000;\">Jeudi 20 octobre 2022<\/span> : Les circulations ferroviaires sont de nouveau interrompues entre Oloron et Bedous jusqu\u2019au vendredi 21 octobre en raison des vents violents<br \/><em>Vents violents en B\u00e9arn : les trains entre Oloron et Bedous interrompus jusqu\u2019\u00e0 vendredi matin \u2013 Sud-Ouest \u2013 20 octobre 2022<\/em><\/p><p><span style=\"color: #ff0000;\">Lundi 24 octobre 2022<\/span> : Les circulations ferroviaires sont de nouveau interrompues entre Pau et Bedous jusqu\u2019au dimanche 13 novembre en raison de la n\u00e9cessit\u00e9 de r\u00e9aliser des travaux sur une ligne \u00e9lectrique enterr\u00e9e \u00e0 Bizanos, des autocars de substitution sont mis en place<br \/><em>La ligne ferroviaire Pau \u2013 Bedous hors service pendant trois semaines \u2013 Beno\u00eet Rouzaud \u2013 La R\u00e9publique des Pyr\u00e9n\u00e9es \u2013 4 octobre 2022<\/em><br \/><em>La ligne Pau-Bedous ferm\u00e9e pendant trois semaines \u2013 Benjamin Roullier \u2013 Sud-Ouest \u2013 7 octobre 2022<\/em><br \/><em>Un chantier de maintenance de RTE suspend la circulation des trains entre Pau et Bedous \u2013 Gildas Bo\u00ebnnec \u2013 La R\u00e9publique des Pyr\u00e9n\u00e9es \u2013 25 octobre 2022<\/em><br \/><em>Reprise de la ligne ferroviaire Pau \u2013 Bedous \u2013 La R\u00e9publique des Pyr\u00e9n\u00e9es \u2013 12 novembre 2022<\/em><\/p><p><span style=\"color: #ff0000;\">Automne 2022<\/span> : Un collectif \u00ab TER, la gal\u00e8re en B\u00e9arn \u00bb se cr\u00e9e afin de d\u00e9noncer les probl\u00e8mes r\u00e9currents sur la ligne ferroviaire Pau \u2013 Oloron \u2013 Bedous menant \u00e0 des retards et annulations fr\u00e9quentes des circulations et de d\u00e9noncer des horaires inadapt\u00e9s, ce collectif lance une p\u00e9tition qui recueille plus de 250 signatures<br \/><em>Des usagers critiquent le bilan du TER Pau-Bedous \u2013 Beno\u00eet Rouzaud \u2013 La R\u00e9publique des Pyr\u00e9n\u00e9es \u2013 27 septembre 2022<\/em><br \/><em>La ligne ferroviaire Pau \u2013 Bedous hors service pendant trois semaines \u2013 Beno\u00eet Rouzaud \u2013 La R\u00e9publique des Pyr\u00e9n\u00e9es \u2013 4 octobre 2022<\/em><br \/><em>La ligne Pau-Bedous ferm\u00e9e pendant trois semaines \u2013 Benjamin Roullier \u2013 Sud-Ouest \u2013 7 octobre 2022<\/em><br \/><em>Un chantier de maintenance de RTE suspend la circulation des trains entre Pau et Bedous \u2013 Gildas Bo\u00ebnnec \u2013 La R\u00e9publique des Pyr\u00e9n\u00e9es \u2013 24 octobre 2022<\/em><\/p><p><span style=\"color: #ff0000;\">Mercredi 21 d\u00e9cembre 2022<\/span> : Une r\u00e9union \u00e0 Bedous organis\u00e9e par les associations M\u00e9moire d\u2019Aspe et Canfranc 1928 acte le lancement du processus d\u2019inscription de la section ferroviaire d\u2019Oloron-Sainte-Marie \u00e0 Jaca au patrimoine industriel et architectural de l\u2019UNESCO<br \/><em>Un long chemin vers le classement Unesco de la ligne du Canfranc \u2013 La R\u00e9publique des Pyr\u00e9n\u00e9es \u2013 12 janvier 2023<\/em><br \/><em>M\u00e9moire d&#8217;Aspe sur les rails \u2013 La R\u00e9publique des Pyr\u00e9n\u00e9es \u2013 7 mars 2023<\/em><\/p>\t\t\t\t\t\t<\/div>\n\t\t\t\t<\/div>\n\t\t\t\t\t<\/div>\n\t\t<\/div>\n\t\t\t\t\t\t\t<\/div>\n\t\t<\/section>\n\t\t\t\t<section class=\"elementor-section elementor-top-section elementor-element elementor-element-6b48f2c elementor-section-boxed elementor-section-height-default elementor-section-height-default\" data-id=\"6b48f2c\" data-element_type=\"section\">\n\t\t\t\t\t\t<div class=\"elementor-container elementor-column-gap-default\">\n\t\t\t\t\t<div class=\"elementor-column elementor-col-100 elementor-top-column elementor-element elementor-element-0b344fd\" data-id=\"0b344fd\" data-element_type=\"column\">\n\t\t\t<div class=\"elementor-widget-wrap elementor-element-populated\">\n\t\t\t\t\t\t\t\t<div class=\"elementor-element elementor-element-854809c elementor-widget elementor-widget-text-editor\" data-id=\"854809c\" data-element_type=\"widget\" data-widget_type=\"text-editor.default\">\n\t\t\t\t<div class=\"elementor-widget-container\">\n\t\t\t\t\t\t\t<p style=\"text-align: center;\"><strong><span style=\"color: #0000ff;\">2023<\/span><\/strong><\/p><p><span style=\"color: #ff0000;\">Samedi 14 janvier 2023<\/span> : Le &#8220;Train Blanc&#8221; affr\u00e9t\u00e9 par l\u2019Association des chemins de fer et du tramway de Saragosse (AZAFT) arrive en gare de Canfranc apr\u00e8s \u00eatre parti la veille de Madrid avec 400 voyageurs \u00e0 son bord, ce train historique est constitu\u00e9 de voitures des ann\u00e9es 1950 et 1980<br \/><em>El Tren Azul viaja el 14 de enero de Zaragoza a Canfranc \u2013 El Peri\u00f3dico de Arag\u00f3n \u2013 3 de enero 2023<\/em><br \/><em>Un train historique reviendra \u00e0 Canfranc le 14 janvier \u2013 La R\u00e9publique des Pyr\u00e9n\u00e9es \u2013 6 janvier 2023<\/em><br \/><em>El Tren Azul cuelga el no hay billetes en su primer viaje de la temporada a Canfranc \u2013 El Peri\u00f3dico de Arag\u00f3n \u2013 11 de enero 2023<\/em><br \/><em>Avec le Train blanc, Canfranc c\u00e9l\u00e8bre son identit\u00e9 ferroviaire \u2013 Marie-Lilas Vidal \u2013 Sud-Ouest \u2013 15 janvier 2023<\/em><\/p><p><span style=\"color: #ff0000;\">Jeudi 19 janvier 2023<\/span> : Un trait\u00e9 d\u2019amiti\u00e9 et de coop\u00e9ration entre la France et l\u2019Espagne est sign\u00e9 lors du sommet franco-espagnol tenu \u00e0 Barcelone, ce trait\u00e9 ne mentionne nullement la r\u00e9ouverture de la ligne ferroviaire Pau \u2013 Canfranc \u2013 Saragosse <br \/><em>La cumbre bilateral deja la reapertura del Canfranc para conversaciones futuras \u2013 Heraldo de Arag\u00f3n \u2013 20 de enero 2023<\/em><br \/><em>Ligne Pau-Saragosse : le Creloc optimiste apr\u00e8s la rencontre Espagne-France \u2013 La R\u00e9publique des Pyr\u00e9n\u00e9es \u2013 30 janvier 2023<\/em><\/p><p><span style=\"color: #ff0000;\">Vendredi 27 janvier 2023<\/span> : Les travaux de consolidation au niveau du viaduc situ\u00e9 pr\u00e8s de Sarrance sont d\u00e9finitivement termin\u00e9s, la limitation temporaire de vitesse de 10km\/h des circulations est lev\u00e9e, officiellement ces travaux ont co\u00fbt\u00e9 2,2M\u20ac enti\u00e8rement financ\u00e9s par la R\u00e9gion Nouvelle-Aquitaine ce qui interroge fortement vus les moyens humains et techniques mis en \u0153uvre pour ce chantier hors-norme<br \/><em>La ligne Oloron-Bedous rouvre ce samedi apr\u00e8s de gros travaux en vall\u00e9e d\u2019Aspe \u2013 Gildas Bo\u00ebnnec \u2013 La R\u00e9publique des Pyr\u00e9n\u00e9es \u2013 2 juillet 2022<\/em><br \/><em>Ligne Oloron-Bedous : 2,2 millions d\u2019euros de travaux pour s\u00e9curiser le viaduc de Sarrance \u2013 Gildas Bo\u00ebnnec \u2013 La R\u00e9publique des Pyr\u00e9n\u00e9es \u2013 5 novembre 2022<\/em><br \/><em>B\u00e9arn : les travaux du viaduc de Sarrance touchent \u00e0 leur fin \u2013 Etienne Czernecka \u2013 Sud-Ouest \u2013 7 novembre 2022<\/em><br \/><em>Les travaux se poursuivent sur le viaduc de Sarrance \u2013 La R\u00e9publique des Pyr\u00e9n\u00e9es \u2013 20 d\u00e9cembre 2022<\/em><br \/><em>Travaux sur la RN134, futur belv\u00e9d\u00e8re d\u2019Oloron\u2026 six projets qui rythmeront 2023 \u2013 Gildas Bo\u00ebnnec \u2013 La R\u00e9publique des Pyr\u00e9n\u00e9es \u2013 2 janvier 2023<\/em><\/p><p><span style=\"color: #ff0000;\">Vendredi 27 janvier 2023<\/span> : Ouverture du nouvel h\u00f4tel Royal Hideaway \u00e0 Canfranc avec quelques semaines de d\u00e9lai en raison des retards des travaux et des nombreuses chutes de neige, 150 emplois directs sont concern\u00e9s par cette ouverture<br \/><em>Pyr\u00e9n\u00e9es : l\u2019h\u00f4tel 5 \u00e9toiles dans l\u2019ancienne gare de Canfranc pr\u00eat \u00e0 ouvrir en d\u00e9cembre \u2013 Pierre-Olivier Julien \u2013 La R\u00e9publique des Pyr\u00e9n\u00e9es \u2013 25 septembre 2022<\/em><br \/><em>L\u2019ouverture de l\u2019h\u00f4tel de luxe report\u00e9e \u00e0 janvier 2023 \u2013 Marie-Lilas Vidal \u2013 Sud-Ouest \u2013 26 novembre 2022<\/em><br \/><em>Les grands moments qui nous attendent en 2023 \u2013 Sud-Ouest \u2013 3 janvier 2023<\/em><br \/><em>H\u00f4tel de luxe \u00e0 Canfranc : l\u2019ouverture report\u00e9e en raison des intemp\u00e9ries \u2013 La R\u00e9publique des Pyr\u00e9n\u00e9es \u2013 25 janvier 2023<\/em><br \/><em>H\u00f4tel de luxe \u00e0 Canfranc : l&#8217;ouverture encore report\u00e9e \u2013 La R\u00e9publique des Pyr\u00e9n\u00e9es \u2013 26 janvier 2023<\/em><br \/><em>Canfranc l\u2019h\u00f4tel 5 \u00e9toiles a \u00e9t\u00e9 inaugur\u00e9 finalement ce vendredi \u2013 La R\u00e9publique des Pyr\u00e9n\u00e9es \u2013 28 janvier 2023<\/em><br \/><em>L\u2019h\u00f4tel 5 \u00e9toiles a ouvert ses portes \u2013 Sud-Ouest \u2013 30 janvier 2023<\/em><br \/><em>L\u2019h\u00f4tel 5 \u00e9toiles de Canfranc a rouvert ses portes \u2013 Sud-Ouest \u2013 30 janvier 2023<\/em><\/p><p><span style=\"color: #ff0000;\">Vendredi 10 f\u00e9vrier 2023<\/span> : Apr\u00e8s avoir investi 150M\u20ac dans la r\u00e9novation de la ligne ferroviaire entre Huesca et Canfranc, l\u2019ADIF engage plus de 230M\u20ac dans la mise en \u0153uvre de travaux pour adapter la ligne ferroviaire \u00e0 l\u2019\u00e9cartement europ\u00e9en en utilisant des traverses polyvalentes, ceci pour r\u00e9pondre \u00e0 cette lubie vieille de plus de 100 ans de convertir le r\u00e9seau espagnol \u00e0 \u00e9cartement ib\u00e9rique \u00e0 un r\u00e9seau \u00e0 \u00e9cartement europ\u00e9en<br \/><em>Avec le Train blanc, Canfranc c\u00e9l\u00e8bre son identit\u00e9 ferroviaire \u2013 Marie-Lilas Vidal \u2013 Sud-Ouest \u2013 15 janvier 2023<\/em><br \/><em>Mitma aprueba definitivamente el estudio para implantare el ancho est\u00e1ndar en el tramo Huesca-Canfranc \u2013 Heraldo de Arag\u00f3n \u2013 10 de febrero 2023<\/em><br \/><em>230 millions d\u2019euros pour adapter la ligne Huesca-Canfranc aux standards europ\u00e9ens \u2013 La R\u00e9publique des Pyr\u00e9n\u00e9es \u2013 14 f\u00e9vrier 2023<\/em><br \/><em>Espa\u00f1a ultima obras por 82 millones en el Canfranc mientras Francia no avanza \u2013 Heraldo de Arag\u00f3n \u2013 22 de febrero 2023<\/em><br \/><em>Les Espagnols fulminent face \u00e0 un rapport minist\u00e9riel fran\u00e7ais \u2013 Marie-Lilas Vida, Etienne Czernecka \u2013 Sud-Ouest \u2013 23 f\u00e9vrier 2023<\/em><\/p><p><span style=\"color: #ff0000;\">Jeudi 23 f\u00e9vrier 2023<\/span> : Publication du rapport final du Conseil d\u2019Orientation des Infrastructures qui, concernant la ligne ferroviaire Pau \u2013 Canfranc \u2013 Saragosse, \u00ab confirme en l\u2019absence d\u2019\u00e9l\u00e9ments nouveaux la position prise par le COI2018 de ne pas mobiliser de financements nationaux pour ce projet \u00bb, cette posture r\u00e9vulse le Pr\u00e9sident du Conseil R\u00e9gional de Nouvelle-Aquitaine ainsi que les autorit\u00e9s espagnoles <br \/><em>Francia no contempla invertir a corto plazo en la reapertura del tren Pau-Canfranc-Zaragoza \u2013 Ram\u00f3n J. Campo \u2013 Heraldo de Arag\u00f3n \u2013 22 de febrero 2023<\/em><br \/><em>Les Espagnols fulminent face \u00e0 un rapport minist\u00e9riel fran\u00e7ais \u2013 Marie-Lilas Vida, Etienne Czernecka \u2013 Sud-Ouest \u2013 23 f\u00e9vrier 2023<\/em><br \/><em>Pau-Canfranc un rapport conseille \u00e0 l&#8217;Etat de ne pas mobiliser de financements \u2013 La R\u00e9publique des Pyr\u00e9n\u00e9es \u2013 23 f\u00e9vrier 2023<\/em><br \/><em>Pau-Canfranc : la bouderie continue \u2013 Sud-Ouest \u2013 25 f\u00e9vrier 2023<\/em><br \/><em>Le CRELOC R\u00e9agit au rapport du COI sur la ligne Pau-Canfranc \u2013 La R\u00e9publique des Pyr\u00e9n\u00e9es \u2013 25 f\u00e9vrier 2023<\/em><br \/><em>Sant\u00e9 et trains au menu de la session pl\u00e9ni\u00e8re de la R\u00e9gion \u2013 Beno\u00eet Lasserre \u2013 Sud-Ouest \u2013 27 f\u00e9vrier 2023<\/em><br \/><em>Creloc denuncia que el informe del COI sobrela reapertura del Canfranc est\u00e1 &#8220;desfasado&#8221; \u2013 Heraldo de Arag\u00f3n \u2013 27 de febrero<\/em><br \/><em>LGV vers Dax, Pau Canfranc : deux projets pr\u00e8s de d\u00e9railler \u2013 Pierre-Olivier Julien \u2013 La R\u00e9publique des Pyr\u00e9n\u00e9es \u2013 9 mars 2023 <\/em><br \/><em>Ligne Pau-Canfranc-Saragosse : l\u2019Espagne fonce, la France pi\u00e9tine \u2013 Etienne Czernecka \u2013 Sud-Ouest \u2013 17 mars 2023<\/em><br \/><em>L\u2019Europe met 9 millions sur la table \u2013 Etienne Czernecka \u2013 Sud-Ouest \u2013 26 mars 2023<\/em><\/p><p><span style=\"color: #ff0000;\">Mercredi 15 mars 2023<\/span> : Le Pr\u00e9sident du Conseil R\u00e9gional de Nouvelle-Aquitaine, Alain Rousset, le Pr\u00e9sident du Gouvernement d\u2019Aragon, Javier Lamb\u00e1n, et d\u2019autres \u00e9lus locaux sont en gare d\u2019Ayerbe pour une pr\u00e9sentation des travaux en cours sur la section Huesca \u2013 Canfranc pour un montant estim\u00e9 \u00e0 128M\u20ac, le conseiller r\u00e9gional et maire d\u2019Ogeu-les-Bains, Marc Oxibar, assiste \u00e0 cette pr\u00e9sentation et reste tr\u00e8s sceptique sur l\u2019aspect \u00e9conomique de la r\u00e9ouverture de cette ligne ferroviaire<br \/><em>Reapertura del Canfranc, Espa\u00f1a inicia la \u00faltima fase de renovaci\u00f3n y Francia aspira a reabrir la l\u00ednea en 2028 \u2013 Heraldo de Arag\u00f3n \u2013 15 de marzo 2023<\/em><br \/><em>Las obras del Canfranc avanzan en Arag\u00f3n pero no arrancan en Francia \u2013 El Peri\u00f3dico de Arag\u00f3n \u2013 15 de marzo 2023<\/em><br \/><em>R\u00e9ouverture du train transpyr\u00e9n\u00e9en : circuit touristique ou vraie ligne logistique ? \u2013 La Tribune \u2013 16 mars 2023<\/em><br \/><em>Ligne Pau-Canfranc-Saragosse : l\u2019Espagne fonce, la France pi\u00e9tine \u2013 Etienne Czernecka \u2013 Sud-Ouest \u2013 17 mars 2023<\/em><br \/><em>Ligne ferroviaire Pau Canfranc, en Espagne le chantier prend de la vitesse \u2013 B\u00e9n\u00e9dicte Mallet \u2013 La R\u00e9publique des Pyr\u00e9n\u00e9es \u2013 17 mars 2023<\/em><br \/><em>C\u2019est l\u2019histoire d\u2019un train en retard \u2013 Sud-Ouest \u2013 18 mars 2023<\/em><\/p><p><span style=\"color: #ff0000;\">F\u00e9vrier \u2013 Mars 2023<\/span> : SNCF R\u00e9seau r\u00e9alise le changement des traverses en bois du pont polygonal de Pau, ce chantier r\u00e9alis\u00e9 de nuit est d\u2019un co\u00fbt de 500k\u20ac dont 67% financ\u00e9s par la R\u00e9gion Nouvelle-Aquitaine et 33% par l\u2019Etat, ces travaux temporaires ont pour objectif de conserver les performances de la ligne en attendant la r\u00e9novation compl\u00e8te et totale du pont polygonal pr\u00e9vue pas avant 2030 <br \/><em>Une r\u00e9novation pour le pont SNCF avant sa r\u00e9habilitation compl\u00e8te \u2013 Marie Berthoumieu \u2013 La R\u00e9publique des Pyr\u00e9n\u00e9es \u2013 21 mars 2023<\/em><\/p><p><span style=\"color: #ff0000;\">Mars 2023<\/span> : L\u2019association &#8220;Train d\u2019estive&#8221; envisage de faire venir de Toulouse un train historique tract\u00e9 par une locomotive \u00e0 vapeur jusqu\u2019\u00e0 Bedous le samedi 30 juillet \u00e0 l\u2019occasion de la f\u00eate du fromage \u00e0 Canfranc, SNCF R\u00e9seau refusera \u00e9videmment de fournir des sillons \u00e0 cette initiative farfelue<br \/><em>Un projet de train d\u2019estive cet \u00e9t\u00e9 avant une f\u00eate \u00e0 Canfranc \u2013 La R\u00e9publique des Pyr\u00e9n\u00e9es \u2013 24 mars 2023<\/em><\/p><p><span style=\"color: #ff0000;\">Mercredi 3 mai 2023<\/span> : L\u2019association des partisans de la r\u00e9ouverture lance une p\u00e9tition sur internet sous forme de manifeste afin de &#8220;compter leurs soutiens&#8221;, malgr\u00e9 toute la publicit\u00e9 r\u00e9alis\u00e9e autour de cette p\u00e9tition, le nombre de signataires atteindra p\u00e9niblement 1 300 personnes en fin d\u2019ann\u00e9e 2023<br \/><em>Les d\u00e9fenseurs du train veulent compter leur soutiens \u2013 Thibault Seurin \u2013 Sud-Ouest \u2013 5 mai 2023<\/em><br \/><em>Ligne ferroviaire Pau-Canfranc : les partisans (re)passent \u00e0 l&#8217;offensive \u2013 Luc Salles-Cazeaux \u2013 La R\u00e9publique des Pyr\u00e9n\u00e9es \u2013 6 mai 2023<\/em><\/p><p><span style=\"color: #ff0000;\">Mardi 30 mai 2023<\/span> : Le comit\u00e9 de ligne de l\u2019\u00e9toile de Pau organis\u00e9 \u00e0 Pau confirme la situation peu glorieuse de la ligne ferroviaire Pau \u2013 Bedous avec seulement 348 voyageurs par jour, la pire fr\u00e9quentation depuis que les comit\u00e9s de ligne existent en 2009, et un taux de suppressions de 5,1% en 2022<br \/><em>Trains en B\u00e9arn : la parole donn\u00e9e aux usagers le 30 mai \u2013 Pierre-Olivier Jullien \u2013 La R\u00e9publique des Pyr\u00e9n\u00e9es \u2013 25 mai 2023<\/em><br \/><em>Les usagers des TER consult\u00e9s ce soir \u00e0 Pau \u2013 Sud-Ouest \u2013 30 mai 2023<\/em><br \/><em>Trains r\u00e9gionaux : la r\u00e9gularit\u00e9 et l&#8217;\u00e9tat du r\u00e9seau \u00e0 nouveau sur le gril \u2013 G\u00e9rard Cayron \u2013 La R\u00e9publique des Pyr\u00e9n\u00e9es \u2013 1er juin 2023<\/em><br \/><em>Hendaye-Bayonne-Pau-Tarbes, mauvais \u00e9l\u00e8ve \u2013 Gabriel Blaise \u2013 Sud-Ouest \u2013 2 juin 2023<\/em><br \/><em>La fr\u00e9quentation du train Pau-Bedous progresse de fa\u00e7on contrast\u00e9e \u2013 Beno\u00eft Rouzaud \u2013 La R\u00e9publique des Pyr\u00e9n\u00e9es \u2013 11 octobre 2023<\/em><\/p><p><span style=\"color: #ff0000;\">Lundi 19 juin 2023<\/span> : Les circulations ferroviaires sont interrompues sur la ligne Huesca \u2013 Canfranc jusqu\u2019en mai 2024 afin de r\u00e9aliser les lourds travaux d\u2019adaptation \u00e0 l\u2019\u00e9cartement europ\u00e9en<br \/><em>La l\u00ednea Huesca-Canfranc estar\u00e1 11 meses cortada desde finales de junio \u2013 Heraldo de Arag\u00f3n \u2013 3 de junio 2023<\/em><br \/><em>Las obras en la l\u00ednea ferroviaria entre Zaragoza y Canfranc interrumpir\u00e1n el servicio durante 11 meses \u2013 El Peri\u00f3dico de Arag\u00f3n \u2013 3 de junio 2023<\/em><br \/><em>La l\u00ednea Huesca-Canfranc estar\u00e1 cerrada durante once meses \u2013 El Peri\u00f3dico de Arag\u00f3n \u2013 15 de junio 2023<\/em><\/p><p><span style=\"color: #ff0000;\">Jeudi 22 juin 2023<\/span> : L\u2019Europe accepte de financer 50% des \u00e9tudes compl\u00e9mentaires permettant de terminer les pr\u00e9c\u00e9dentes \u00e9tudes qui ont pris plus de deux ann\u00e9es de retard sur l\u2019ensemble des travaux \u00e0 r\u00e9aliser pour la r\u00e9ouverture de la ligne ferroviaire Pau \u2013 Canfranc \u2013 Saragosse, ce qui repr\u00e9sente une subvention de 9,1M\u20ac sur un co\u00fbt estim\u00e9 de 18,1M\u20ac<br \/><em>230 millions d\u2019euros pour adapter la ligne Huesca-Canfranc aux standards europ\u00e9ens \u2013 La R\u00e9publique des Pyr\u00e9n\u00e9es \u2013 14 f\u00e9vrier 2023<\/em><br \/><em>Espa\u00f1a y Francia piden 18 millones de euros a la UE para el Canfranc \u2013 Heraldo de Arag\u00f3n \u2013 22 de febrero 2023<\/em><br \/><em>La reapertura de la l\u00ednea de Canfranc opta a 18 millones de fondos europeos \u2013 El Peri\u00f3dico de Arag\u00f3n \u2013 22 de febrero 2023<\/em><br \/><em>Pourquoi l\u2019Union europ\u00e9enne va injecter une nouvelle enveloppe dans le projet Pau-Saragosse \u2013 La R\u00e9publique des Pyr\u00e9n\u00e9es \u2013 22 juin 2023<\/em><br \/><em>Europa destina 9,1 millones en ayudas al proyecto de reapertura de la l\u00ednea de Canfranc \u2013 Heraldo de Arag\u00f3n \u2013 22 de junio 2023<\/em><br \/><em>L\u2019Europe met 9 millions sur la table \u2013 Etienne Czernecka \u2013 Sud-Ouest \u2013 23 juin 2023<\/em><br \/><em>L&#8217;Europe appuie les projets ferroviaires locaux \u2013 La R\u00e9publique des Pyr\u00e9n\u00e9es \u2013 23 juin 2023<\/em><\/p><p><span style=\"color: #ff0000;\">Mercredi 28 juin 2023<\/span> : Lancement du parcours de jeu Terra Aventura \u00e0 faire en famille et qui permet des d\u00e9couvertes insolites en empruntant le train de Pau \u00e0 Bedous<br \/><em>Pau \u2013 Bedous : un nouveau parcours Terra Aventura\u2026 en train \u2013 Sud-Ouest \u2013 2 juillet 2023<\/em><br \/><em>Train Pau-Bedous : une exp\u00e9rience unique avec Terra Aventura \u2013 G\u00e9rard Cayron \u2013 La R\u00e9publique des Pyr\u00e9n\u00e9es \u2013 3 juillet 2023<\/em><\/p><p><span style=\"color: #ff0000;\">Juin 2023<\/span> : Le d\u00e9monstrateur de train \u00e0 hydrog\u00e8ne de CAF issu du projet FCH2Rail r\u00e9alise ses premiers essais sur la ligne Saragosse \u2013 Canfranc<br \/><em>El primer tren propulsado por hidr\u00f3geno se prueba en la v\u00eda de Canfranc \u2013 Heraldo de Arag\u00f3n \u2013 3 de junio 2023<\/em><br \/><em>El tren de hidr\u00f3geno supera el &#8220;desaf\u00edo&#8221; de las pronunciadas rampas de la l\u00ednea de Canfranc \u2013 Heraldo de Arag\u00f3n \u2013 6 de junio 2023<\/em><\/p><p><span style=\"color: #ff0000;\">Samedi 30 juillet 2023<\/span> : La f\u00eate du fromage de l\u2019association La Main \u00e0 la P\u00e2tte se d\u00e9roule \u00e0 Canfranc avec environ 80 producteurs fermiers et artisans, une conf\u00e9rence sur la possible utilisation d\u2019un train \u00e0 hydrog\u00e8ne sur la ligne ferroviaire Pau \u2013 Canfranc \u2013 Saragosse est donn\u00e9e en pr\u00e9sence du Pr\u00e9sident du Conseil R\u00e9gional de Nouvelle-Aquitaine, une estimation fait \u00e9tat d\u2019environ 8 000 visiteurs<br \/><em>Canfranc vuelve a acoger la Feria del Queso con un gui\u00f1o al hidr\u00f3geno y la reapertura del ferrocarril \u2013 Heraldo de Arag\u00f3n \u2013 23 de julio 2023<\/em><br \/><em>Canfranc : la montagne s&#8217;offre un festival de fromages \u2013 La R\u00e9publique des Pyr\u00e9n\u00e9es \u2013 24 juillet 2024<\/em><br \/><em>Pas de fronti\u00e8res pour la f\u00eate du fromage \u2013 La R\u00e9publique des Pyr\u00e9n\u00e9es \u2013 28 juillet 2023<\/em><br \/><em>El presidente de Nueva Aquitania reivindica la reapertura del ferrocarril en la Feria del Queso de Canfranc \u2013 Heraldo de Arag\u00f3n \u2013 31 de julio 2023<\/em><br \/><em>Des visiteurs et producteurs ravis par la 2e f\u00eate du fromage \u2013 Dominique Guirauton \u2013 Sud-Ouest \u2013 1er ao\u00fbt 2023<\/em><br \/><em>La F\u00eate du fromage pl\u00e9biscit\u00e9e par le public \u2013 La R\u00e9publique des Pyr\u00e9n\u00e9es \u2013 7 ao\u00fbt 2023<\/em><br \/><em>De l&#8217;hydrog\u00e8ne pour la ligne Bordeaux-Saragosse ? \u2013 La R\u00e9publique des Pyr\u00e9n\u00e9es \u2013 7 ao\u00fbt 2023<\/em><\/p><p><span style=\"color: #ff0000;\">Vendredi 11 ao\u00fbt 2023<\/span> : A l\u2019occasion d\u2019une visite priv\u00e9e \u00e0 Canfranc du PDG de la SNCF, Jean-Pierre Farandou, le Pr\u00e9sident de la R\u00e9gion Nouvelle-Aquitaine \u00e9voque la cr\u00e9ation d\u2019un comit\u00e9 de soutien \u00e0 la r\u00e9ouverture de la ligne ferroviaire Pau \u2013 Canfranc \u2013 Saragosse compos\u00e9 de personnalit\u00e9s, d\u2019entreprises et d\u2019associations, sont d\u2019ores et d\u00e9j\u00e0 \u00e9voqu\u00e9s les noms du rugbyman Antoine Dupont, du cano\u00e9iste Tony Estanguet et du footballeur Zinedine Zidane<br \/><em>Se crea un &#8220;lobby&#8221; de pol\u00edticos, empresas y asociaciones para reabrir el tren Canfranc-Pau \u2013 Heraldo de Arag\u00f3n \u2013 5 de septiembre 2023<\/em><br \/><em>Canfranc busca famosos del deporte y el arte como embajadores de la reapertura \u2013 Ram\u00f3n J. Campo \u2013 Heraldo de Arag\u00f3n \u2013 9 de noviembre 2023<\/em><\/p><p><span style=\"color: #ff0000;\">Lundi 18 septembre 2023<\/span> : Des travaux de consolidation d\u00e9butent sur une falaise situ\u00e9e \u00e0 la sortie du tunnel de l\u2019Araou, ces travaux tr\u00e8s complexes consistent \u00e0 forer des pieux dans la roche, \u00e0 poser des barres de renfort, \u00e0 injecter du ciment puis \u00e0 installer un grillage haute performance pour \u00e9viter les chutes de pierre, afin de permettre le bon d\u00e9roulement du chantier dans une zone comprenant des esp\u00e8ces prot\u00e9g\u00e9es, le pr\u00e9fet des Pyr\u00e9n\u00e9es-Atlantiques signe un arr\u00eat\u00e9 permettant de d\u00e9roger \u00e0 la destruction de ces esp\u00e8ces prot\u00e9g\u00e9es, de plus, les circulations ferroviaires entre Oloron et Bedous sont toutes interrompues en journ\u00e9e<br \/><em>Ligne Oloron-Bedous : une falaise va \u00eatre confort\u00e9e pr\u00e8s du tunnel de l&#8217;Araou \u2013 Gildas Bo\u00ebnnec \u2013 La R\u00e9publique des Pyr\u00e9n\u00e9es \u2013 6 septembre 2023<\/em><br \/><em>Le Comit\u00e9 pour la r\u00e9ouverture de la ligne Oloron-Canfranc plus mobilis\u00e9 que jamais \u2013 Odile Isern \u2013 La R\u00e9publique des Pyr\u00e9n\u00e9es \u2013 18 octobre 2023<\/em><br \/><em>Planning respect\u00e9 pour le chantier de s\u00e9curisation de l\u2019Araou \u2013 Martine Lacout-Loustalet, Benjamin Roullier \u2013 Sud-Ouest \u2013 4 novembre 2023<\/em><\/p><p><span style=\"color: #ff0000;\">Vendredi 22 septembre 2023<\/span> : A l\u2019occasion de la semaine de la mobilit\u00e9, le nouveau Ministre des Transports du gouvernement de Jorge Azc\u00f3n issu des \u00e9lections de mai 2023, Octavio L\u00f3pez, d\u00e9voile sa politique pour les transports en Arag\u00f3n, la r\u00e9activation du projet de la Travers\u00e9e Centrale des Pyr\u00e9n\u00e9es figure en bonne position<br \/><em>Octavio L\u00f3pez Vamos a apostar por la movilidad sostenible como eje de desarrollo \u2013 El Peri\u00f3dico de Arag\u00f3n \u2013 24 de septiembre 2023<\/em><\/p><p><span style=\"color: #ff0000;\">Lundi 25 septembre 2023<\/span> : Le PDG de la SNCF, Jean-Pierre Farandou, est \u00e0 Pau afin d\u2019inaugurer le nouveau p\u00f4le multimodal de la gare, il \u00e9voque la r\u00e9ouverture de la ligne ferroviaire Pau \u2013 Canfranc \u2013 Saragosse en termes vagues et en renvoyant la responsabilit\u00e9 vers l\u2019Etat<br \/><em>Le PDG de la SNCF attendu \u00e0 Pau lundi prochain \u2013 La R\u00e9publique des Pyr\u00e9n\u00e9es \u2013 19 septembre 2023<\/em><br \/><em>Le patron de la SNCF \u00e0 Pau \u2013 Romain Bely \u2013 Sud-Ouest \u2013 22 septembre 2023<\/em><br \/><em>\u00ab Le ferroviaire a de l\u2019avenir \u00e0 Pau \u00bb \u2013 Marie-Lilas Vidal \u2013 Sud-Ouest \u2013 26 septembre 2023<\/em><\/p><p><span style=\"color: #ff0000;\">Mardi 7 novembre 2023<\/span> : Un colloque r\u00e9unissant des personnalit\u00e9s politiques et du tourisme pour la plupart totalement inconnues se d\u00e9roule \u00e0 l\u2019h\u00f4tel Royal Hideaway de Canfranc, ce colloque est organis\u00e9 par les soci\u00e9t\u00e9s Pyr\u00e9n\u00e9es-Presse et le groupe Henneo et fait l\u2019objet d\u2019un num\u00e9ro sp\u00e9cial de la R\u00e9publique des Pyr\u00e9n\u00e9es, de l\u2019Eclair des Pyr\u00e9n\u00e9es, du Heraldo de Aragon et du Diario del AltoArag\u00f3n, ce colloque au final sans beaucoup d\u2019int\u00e9r\u00eat est une occasion suppl\u00e9mentaire de raconter de nombreuses inepties et contre-v\u00e9rit\u00e9s concernant la r\u00e9ouverture de la ligne ferroviaire Pau \u2013 Canfranc \u2013 Saragosse<br \/><em>La Nouvelle-Aquitaine et l\u2019Aragon poussent aux coop\u00e9rations transfrontali\u00e8res \u2013 Nicolas Rebi\u00e8re \u2013 La R\u00e9publique des Pyr\u00e9n\u00e9es \u2013 11 novembre 2022<\/em><br \/><em>Canfranc, du r\u00eave \u00e0 la r\u00e9alit\u00e9 \u2013 La R\u00e9publique des Pyr\u00e9n\u00e9es \u2013 10 novembre 2023<\/em><\/p><p><span style=\"color: #ff0000;\">Lundi 27 novembre 2023<\/span> : A l\u2019occasion de la r\u00e9union pl\u00e9ni\u00e8re de la Communaut\u00e9 de Travail des Pyr\u00e9n\u00e9es en pr\u00e9sence du Pr\u00e9sident de la R\u00e9gion Nouvelle-Aquitaine, Alain Rousset, la ministre du Gouvernement d\u2019Arag\u00f3n, Tomasa Hern\u00e1ndez, \u00e9voque avec insistance la r\u00e9activation du projet de la Travers\u00e9e Centrale des Pyr\u00e9n\u00e9es<br \/><em>La Comunidad de Trabajo de los Pirineos cambia de presidente el 27 de noviembre en la XLI edici\u00f3n del Consejo Plenario \u2013 Diario de Alto Arag\u00f3n \u2013 21 de noviembre 2023<\/em><br \/><em>La Comunidad de Trabajo de los Pirineos reivindica la necesidad de los pasos ferroviarios por el Pirineo central \u2013 Eco de Teruel \u2013 27 de noviembre 2023<\/em><br \/><em>Reivindican la necesidad de reabrir el tren por el centro de los Pirineos \u2013 Diario de Alto Arag\u00f3n \u2013 28 de noviembre 2023<\/em><\/p>\t\t\t\t\t\t<\/div>\n\t\t\t\t<\/div>\n\t\t\t\t\t<\/div>\n\t\t<\/div>\n\t\t\t\t\t\t\t<\/div>\n\t\t<\/section>\n\t\t\t\t\t\t<\/div>\n\t\t\t\t\t<\/div>\n\t\t","protected":false},"excerpt":{"rendered":"<p>\u00a0 Revue de presse\u00a0 de 2020 \u00e0 2023 Version initiale du 17 f\u00e9vrier 2024, derni\u00e8re mise \u00e0 jour au 17 f\u00e9vrier 2024 Plus de 80 ann\u00e9es de revue de presse qui tracent, jour apr\u00e8s jour, le destin tourment\u00e9 de la ligne ferroviaire Pau \u2013 Canfranc \u2013 Saragosse. Des faits les plus cocasses, \u00e0 ceux les &hellip;<\/p>\n<p class=\"read-more\"> <a class=\"\" href=\"https:\/\/croc-aspe.com\/?page_id=6795\"> <span class=\"screen-reader-text\">revue de presse de 2020 \u00e0 20..<\/span> Read More &raquo;<\/a><\/p>\n","protected":false},"author":1,"featured_media":0,"parent":0,"menu_order":0,"comment_status":"closed","ping_status":"closed","template":"","meta":{"om_disable_all_campaigns":false,"_monsterinsights_skip_tracking":false,"_monsterinsights_sitenote_active":false,"_monsterinsights_sitenote_note":"","_monsterinsights_sitenote_category":0,"site-sidebar-layout":"no-sidebar","site-content-layout":"page-builder","ast-main-header-display":"","ast-hfb-above-header-display":"","ast-hfb-below-header-display":"","ast-hfb-mobile-header-display":"","site-post-title":"disabled","ast-breadcrumbs-content":"","ast-featured-img":"disabled","footer-sml-layout":"","theme-transparent-header-meta":"","adv-header-id-meta":"","stick-header-meta":"","header-above-stick-meta":"","header-main-stick-meta":"","header-below-stick-meta":"","footnotes":""},"class_list":["post-6795","page","type-page","status-publish","hentry"],"_links":{"self":[{"href":"https:\/\/croc-aspe.com\/index.php?rest_route=\/wp\/v2\/pages\/6795","targetHints":{"allow":["GET"]}}],"collection":[{"href":"https:\/\/croc-aspe.com\/index.php?rest_route=\/wp\/v2\/pages"}],"about":[{"href":"https:\/\/croc-aspe.com\/index.php?rest_route=\/wp\/v2\/types\/page"}],"author":[{"embeddable":true,"href":"https:\/\/croc-aspe.com\/index.php?rest_route=\/wp\/v2\/users\/1"}],"replies":[{"embeddable":true,"href":"https:\/\/croc-aspe.com\/index.php?rest_route=%2Fwp%2Fv2%2Fcomments&post=6795"}],"version-history":[{"count":19,"href":"https:\/\/croc-aspe.com\/index.php?rest_route=\/wp\/v2\/pages\/6795\/revisions"}],"predecessor-version":[{"id":6956,"href":"https:\/\/croc-aspe.com\/index.php?rest_route=\/wp\/v2\/pages\/6795\/revisions\/6956"}],"wp:attachment":[{"href":"https:\/\/croc-aspe.com\/index.php?rest_route=%2Fwp%2Fv2%2Fmedia&parent=6795"}],"curies":[{"name":"wp","href":"https:\/\/api.w.org\/{rel}","templated":true}]}}