{"id":6331,"date":"2024-01-04T21:18:45","date_gmt":"2024-01-04T21:18:45","guid":{"rendered":"https:\/\/croc-aspe.com\/?page_id=6331"},"modified":"2024-01-06T07:09:10","modified_gmt":"2024-01-06T07:09:10","slug":"promesses-et-mensonges-le-desenclavement-de-la-vallee-daspe","status":"publish","type":"page","link":"https:\/\/croc-aspe.com\/?page_id=6331","title":{"rendered":"Promesses et mensonges le d\u00e9senclavement de la vall\u00e9e d&#8217;aspe"},"content":{"rendered":"\t\t<div data-elementor-type=\"wp-page\" data-elementor-id=\"6331\" class=\"elementor elementor-6331\" data-elementor-settings=\"[]\">\n\t\t\t\t\t\t\t<div class=\"elementor-section-wrap\">\n\t\t\t\t\t\t\t<section class=\"elementor-section elementor-top-section elementor-element elementor-element-34579f6 elementor-section-boxed elementor-section-height-default elementor-section-height-default\" data-id=\"34579f6\" data-element_type=\"section\">\n\t\t\t\t\t\t<div class=\"elementor-container elementor-column-gap-default\">\n\t\t\t\t\t<div class=\"elementor-column elementor-col-100 elementor-top-column elementor-element elementor-element-2f3640d4\" data-id=\"2f3640d4\" data-element_type=\"column\">\n\t\t\t<div class=\"elementor-widget-wrap elementor-element-populated\">\n\t\t\t\t\t\t\t\t<div class=\"elementor-element elementor-element-562c396d elementor-widget elementor-widget-text-editor\" data-id=\"562c396d\" data-element_type=\"widget\" data-widget_type=\"text-editor.default\">\n\t\t\t\t<div class=\"elementor-widget-container\">\n\t\t\t<style>\/*! elementor - v3.5.5 - 03-02-2022 *\/\n.elementor-widget-text-editor.elementor-drop-cap-view-stacked .elementor-drop-cap{background-color:#818a91;color:#fff}.elementor-widget-text-editor.elementor-drop-cap-view-framed .elementor-drop-cap{color:#818a91;border:3px solid;background-color:transparent}.elementor-widget-text-editor:not(.elementor-drop-cap-view-default) .elementor-drop-cap{margin-top:8px}.elementor-widget-text-editor:not(.elementor-drop-cap-view-default) .elementor-drop-cap-letter{width:1em;height:1em}.elementor-widget-text-editor .elementor-drop-cap{float:left;text-align:center;line-height:1;font-size:50px}.elementor-widget-text-editor .elementor-drop-cap-letter{display:inline-block}<\/style>\t\t\t\t<p>\u00a0<\/p><p><span style=\"color: #ff0000;\"><strong>Promesses et mensonges de la r\u00e9ouverture<\/strong><\/span><\/p><p><span style=\"color: #ff0000;\"><strong>de la ligne d\u2019Oloron-Sainte-Marie \u00e0 Bedous<\/strong><\/span><\/p><p><span style=\"color: #ff0000;\"><strong>\u00a0<\/strong><\/span><\/p><p><span style=\"color: #ff0000;\"><strong>Le d\u00e9senclavement de la vall\u00e9e d&#8217;Aspe<\/strong><\/span><\/p>\t\t\t\t\t\t<\/div>\n\t\t\t\t<\/div>\n\t\t\t\t\t<\/div>\n\t\t<\/div>\n\t\t\t\t\t\t\t<\/div>\n\t\t<\/section>\n\t\t\t\t<section class=\"elementor-section elementor-top-section elementor-element elementor-element-412cc4e7 elementor-section-boxed elementor-section-height-default elementor-section-height-default\" data-id=\"412cc4e7\" data-element_type=\"section\">\n\t\t\t\t\t\t<div class=\"elementor-container elementor-column-gap-default\">\n\t\t\t\t\t<div class=\"elementor-column elementor-col-100 elementor-top-column elementor-element elementor-element-7a1d8472\" data-id=\"7a1d8472\" data-element_type=\"column\">\n\t\t\t<div class=\"elementor-widget-wrap elementor-element-populated\">\n\t\t\t\t\t\t\t\t<div class=\"elementor-element elementor-element-270c40be elementor-widget elementor-widget-text-editor\" data-id=\"270c40be\" data-element_type=\"widget\" data-widget_type=\"text-editor.default\">\n\t\t\t\t<div class=\"elementor-widget-container\">\n\t\t\t\t\t\t\t<p>&#8220;Chacun tourne en r\u00e9alit\u00e9s,<\/p><p>Autant qu&#8217;il peut, ses propres songes :<\/p><p>L&#8217;homme est de glace aux v\u00e9rit\u00e9s ;<\/p><p>Il est de feu pour les mensonges.&#8221;<\/p><p>Jean de La Fontaine (1621 &#8211; 1695) &#8211; Le Statuaire et la Statue de Jupiter &#8211;<\/p><p>Livre IX \u2013 Fable 6 &#8211; 1678<\/p>\t\t\t\t\t\t<\/div>\n\t\t\t\t<\/div>\n\t\t\t\t\t<\/div>\n\t\t<\/div>\n\t\t\t\t\t\t\t<\/div>\n\t\t<\/section>\n\t\t\t\t<section class=\"elementor-section elementor-top-section elementor-element elementor-element-62cd7593 elementor-section-boxed elementor-section-height-default elementor-section-height-default\" data-id=\"62cd7593\" data-element_type=\"section\">\n\t\t\t\t\t\t<div class=\"elementor-container elementor-column-gap-default\">\n\t\t\t\t\t<div class=\"elementor-column elementor-col-100 elementor-top-column elementor-element elementor-element-16173500\" data-id=\"16173500\" data-element_type=\"column\">\n\t\t\t<div class=\"elementor-widget-wrap elementor-element-populated\">\n\t\t\t\t\t\t\t\t<div class=\"elementor-element elementor-element-4aa3f24a elementor-widget elementor-widget-text-editor\" data-id=\"4aa3f24a\" data-element_type=\"widget\" data-widget_type=\"text-editor.default\">\n\t\t\t\t<div class=\"elementor-widget-container\">\n\t\t\t\t\t\t\t<p>La glace des glaciers des Pyr\u00e9n\u00e9es ne cesse de fondre, non \u00e0 cause du feu des \u00e9cobuages, mais sous le feu des mensonges\u00a0de nos politiciens locaux qui se r\u00e9v\u00e8lent jour apr\u00e8s jour ! Petite revue de toutes les fausses promesses et de tous les vrais mensonges qui ont \u00e9t\u00e9 entendus pour l\u00e9gitimer la r\u00e9ouverture de la ligne ferroviaire d\u2019Oloron-Sainte-Marie \u00e0 Bedous et qui sont encore utilis\u00e9s pour justifier le prolongement jusqu\u2019\u00e0 Canfranc.<\/p><p><strong><span style=\"color: #0000ff;\">R\u00e9sum\u00e9 des articles<\/span><\/strong><\/p><p><span style=\"color: #0000ff;\">Ces quatre articles recensent toutes les promesses non tenues et tous les mensonges prof\u00e9r\u00e9s pour justifier de la r\u00e9ouverture de la section Oloron-Sainte-Marie \u00e0 Bedous, puis pour justifier une future prolongation jusqu\u2019\u00e0 Canfranc. Concernant la promesse de d\u00e9senclavement, les recensements de l\u2019INSEE montrent que la population en vall\u00e9e d\u2019Aspe diminue depuis 2016 et les articles de journaux montrent que les fermetures de classes sont toujours d\u2019actualit\u00e9.<\/span><\/p><p><span style=\"color: #ff9900;\">Version initiale du 14 d\u00e9cembre 2021, derni\u00e8re mise \u00e0 jour au 4 janvier 2024<\/span><\/p><p><strong>Le d\u00e9senclavement de la vall\u00e9e d\u2019Aspe<\/strong><\/p><p>Voici ce que n\u2019h\u00e9sitait pas \u00e0 expliquer le premier de nos politiciens locaux lors d\u2019un reportage sur le journal de 20h de France 2 : &#8220;C\u2019est tout simplement l\u2019am\u00e9nagement du territoire. Cette vall\u00e9e se d\u00e9peuple, rouvrir une voie ferr\u00e9e, c\u2019est la redynamiser&#8221; [1]. C\u2019est d\u2019ailleurs l\u2019une des quatre justifications du projet de r\u00e9ouverture des circulations d\u2019Oloron-Sainte-Marie \u00e0 Bedous et mise en avant en page 11 de la D\u00e9claration d\u2019Utilit\u00e9 Publique : &#8220;R\u00e9habiliter une liaison ferroviaire de voyageurs dans cette vall\u00e9e longtemps enclav\u00e9e&#8221; [2]. Logiquement, l\u2019on devrait donc s\u2019attendre \u00e0 une augmentation de la population dans la vall\u00e9e d\u2019Aspe et en particulier entre Oloron-Sainte-Marie et Bedous \u00e0 partir de la date de la r\u00e9ouverture de 2016. Pourtant et bien au contraire, les recensements de l\u2019INSEE effectu\u00e9s chaque ann\u00e9e montrent tout l\u2019oppos\u00e9 : la vall\u00e9e ne cesse de se d\u00e9peupler malgr\u00e9 la pr\u00e9sence du train [3].<\/p><p>Les populations des villes et villages en vall\u00e9e d\u2019Aspe et d\u2019Ossau de 2010 \u00e0 2021 sont les suivantes\u00a0:<\/p>\t\t\t\t\t\t<\/div>\n\t\t\t\t<\/div>\n\t\t\t\t\t<\/div>\n\t\t<\/div>\n\t\t\t\t\t\t\t<\/div>\n\t\t<\/section>\n\t\t\t\t<section class=\"elementor-section elementor-top-section elementor-element elementor-element-30a0eb73 elementor-section-boxed elementor-section-height-default elementor-section-height-default\" data-id=\"30a0eb73\" data-element_type=\"section\">\n\t\t\t\t\t\t<div class=\"elementor-container elementor-column-gap-default\">\n\t\t\t\t\t<div class=\"elementor-column elementor-col-100 elementor-top-column elementor-element elementor-element-7e6fb265\" data-id=\"7e6fb265\" data-element_type=\"column\">\n\t\t\t<div class=\"elementor-widget-wrap elementor-element-populated\">\n\t\t\t\t\t\t\t\t<div class=\"elementor-element elementor-element-45785aa5 elementor-widget elementor-widget-text-editor\" data-id=\"45785aa5\" data-element_type=\"widget\" data-widget_type=\"text-editor.default\">\n\t\t\t\t<div class=\"elementor-widget-container\">\n\t\t\t\t\t\t\t<table width=\"1212\"><tbody><tr><td width=\"248\">Ann\u00e9es<\/td><td width=\"84\">2010<\/td><td width=\"80\">2011<\/td><td width=\"80\">2012<\/td><td width=\"80\">2013<\/td><td width=\"80\">2014<\/td><td width=\"80\">2015<\/td><td width=\"80\">2016<\/td><td width=\"80\">2017<\/td><td width=\"80\">2018<\/td><td width=\"80\">2019<\/td><td width=\"80\">2020<\/td><td width=\"80\">2021<\/td><\/tr><tr><td>Ville de Pau<\/td><td>81 166<\/td><td>79 798<\/td><td>78 506<\/td><td>77 575<\/td><td>77 489<\/td><td>77 215<\/td><td>77 251<\/td><td>77 130<\/td><td>76 275<\/td><td>75 627<\/td><td>75 665<\/td><td>77 066<\/td><\/tr><tr><td>Villages de Pau \u00e0 Oloron-Sainte-Marie<\/td><td>23 304<\/td><td>23 474<\/td><td>23 545<\/td><td>23 673<\/td><td>23 804<\/td><td>23 783<\/td><td>23 730<\/td><td>23 764<\/td><td>23 845<\/td><td>23 883<\/td><td>23 820<\/td><td>23 777<\/td><\/tr><tr><td>Ville d&#8217;Oloron-Sainte-Marie<\/td><td>10 800<\/td><td>10 854<\/td><td>10 678<\/td><td>10 794<\/td><td>10 824<\/td><td>10 818<\/td><td>10 791<\/td><td>10 684<\/td><td>10 629<\/td><td>10 594<\/td><td>10 653<\/td><td>10 616<\/td><\/tr><tr><td>Villages d&#8217;Oloron \u00e0 Bedous<\/td><td>5 988<\/td><td>5 980<\/td><td>6 019<\/td><td>6 079<\/td><td>6 093<\/td><td>6 076<\/td><td>6 062<\/td><td>6 042<\/td><td>6 012<\/td><td>5 998<\/td><td>5 981<\/td><td>6 005<\/td><\/tr><tr><td>Villages de Bedous au Somport<\/td><td>1 285<\/td><td>1 287<\/td><td>1 307<\/td><td>1 305<\/td><td>1 301<\/td><td>1 278<\/td><td>1 255<\/td><td>1 233<\/td><td>1 209<\/td><td>1 198<\/td><td>1 181<\/td><td>1 165<\/td><\/tr><tr><td>Villages de Buzy \u00e0 Laruns<\/td><td>7 037<\/td><td>6 973<\/td><td>6 882<\/td><td>6 818<\/td><td>6 781<\/td><td>6 739<\/td><td>6 669<\/td><td>6 619<\/td><td>6 555<\/td><td>6 551<\/td><td>6 565<\/td><td>6 565<\/td><\/tr><\/tbody><\/table>\t\t\t\t\t\t<\/div>\n\t\t\t\t<\/div>\n\t\t\t\t\t<\/div>\n\t\t<\/div>\n\t\t\t\t\t\t\t<\/div>\n\t\t<\/section>\n\t\t\t\t<section class=\"elementor-section elementor-top-section elementor-element elementor-element-388bddf7 elementor-section-boxed elementor-section-height-default elementor-section-height-default\" data-id=\"388bddf7\" data-element_type=\"section\">\n\t\t\t\t\t\t<div class=\"elementor-container elementor-column-gap-default\">\n\t\t\t\t\t<div class=\"elementor-column elementor-col-100 elementor-top-column elementor-element elementor-element-fedf93d\" data-id=\"fedf93d\" data-element_type=\"column\">\n\t\t\t<div class=\"elementor-widget-wrap elementor-element-populated\">\n\t\t\t\t\t\t\t\t<div class=\"elementor-element elementor-element-570f343c elementor-widget elementor-widget-text-editor\" data-id=\"570f343c\" data-element_type=\"widget\" data-widget_type=\"text-editor.default\">\n\t\t\t\t<div class=\"elementor-widget-container\">\n\t\t\t\t\t\t\t<p>Avec\u00a0:<\/p><ul><li>villages de Pau \u00e0 Oloron-Sainte-Marie : Buziet, Buzy, Escou, Escout, Estos, Gan, Gelos, Go\u00e8s, Herr\u00e8re, Juran\u00e7on, Lasseubetat, Ledeuix, Moumour, Ogeu-les-Bains, Pr\u00e9cilhon\u00a0;<\/li><li>villages d\u2019Oloron-Sainte-Marie \u00e0 Bedous : Agnos, Asasp-Arros, Aydius, Bedous, Bidos, Escot, Eysus, Gurmen\u00e7on, Issor, Lourdios-Ich\u00e8re, Lurbe-Saint-Christau, Osse-en-Aspe, Sarrance\u00a0;<\/li><li>villages de Bedous au Somport\u00a0: Accous, Borce, Cette-Eygun, Etsaut, L\u00e9es-Athas, Lescun, Urdos\u00a0;<\/li><li>villages de Buzy \u00e0 Laruns\u00a0: Arudy, Aste-B\u00e9on, B\u00e9ost, Bielle, Bilh\u00e8res, Castet, Eaux-Bonnes, G\u00e8re-B\u00e9lesten, Izeste, Laruns, Louvie-Juzon, Louvie-Soubiron.<\/li><\/ul><p>En prenant en compte une base 100 \u00e0 la date de 2015, ann\u00e9e pr\u00e9c\u00e9dant la r\u00e9ouverture de la ligne Oloron-Sainte-Marie \u00e0 Bedous, les variations et graphiques d\u2019\u00e9volution des populations pour chaque entit\u00e9 g\u00e9ographique sont les suivants\u00a0:<\/p>\t\t\t\t\t\t<\/div>\n\t\t\t\t<\/div>\n\t\t\t\t\t<\/div>\n\t\t<\/div>\n\t\t\t\t\t\t\t<\/div>\n\t\t<\/section>\n\t\t\t\t<section class=\"elementor-section elementor-top-section elementor-element elementor-element-b2818c7 elementor-section-boxed elementor-section-height-default elementor-section-height-default\" data-id=\"b2818c7\" data-element_type=\"section\">\n\t\t\t\t\t\t<div class=\"elementor-container elementor-column-gap-default\">\n\t\t\t\t\t<div class=\"elementor-column elementor-col-100 elementor-top-column elementor-element elementor-element-56ea4cb\" data-id=\"56ea4cb\" data-element_type=\"column\">\n\t\t\t<div class=\"elementor-widget-wrap elementor-element-populated\">\n\t\t\t\t\t\t\t\t<div class=\"elementor-element elementor-element-3fce8123 elementor-widget elementor-widget-text-editor\" data-id=\"3fce8123\" data-element_type=\"widget\" data-widget_type=\"text-editor.default\">\n\t\t\t\t<div class=\"elementor-widget-container\">\n\t\t\t\t\t\t\t<table width=\"1212\"><tbody><tr><td width=\"248\">Ann\u00e9es<\/td><td width=\"84\">2010<\/td><td width=\"80\">2011<\/td><td width=\"80\">2012<\/td><td width=\"80\">2013<\/td><td width=\"80\">2014<\/td><td width=\"80\">2015<\/td><td width=\"80\">2016<\/td><td width=\"80\">2017<\/td><td width=\"80\">2018<\/td><td width=\"80\">2019<\/td><td width=\"80\">2020<\/td><td width=\"80\">2021<\/td><\/tr><tr><td>Ville de Pau<\/td><td>105,1<\/td><td>103,3<\/td><td>101,7<\/td><td>100,5<\/td><td>100,4<\/td><td>100,0<\/td><td>100,0<\/td><td>99,9<\/td><td>98,8<\/td><td>97,9<\/td><td>98,0<\/td><td>99,8<\/td><\/tr><tr><td>Villages de Pau \u00e0 Oloron-Sainte-Marie<\/td><td>98,0<\/td><td>98,7<\/td><td>99,0<\/td><td>99,5<\/td><td>100,1<\/td><td>100,0<\/td><td>99,8<\/td><td>99,9<\/td><td>100,3<\/td><td>100,4<\/td><td>100,2<\/td><td>100,0<\/td><\/tr><tr><td>Ville d&#8217;Oloron-Sainte-Marie<\/td><td>99,8<\/td><td>100,3<\/td><td>98,7<\/td><td>99,8<\/td><td>100,1<\/td><td>100,0<\/td><td>99,8<\/td><td>98,8<\/td><td>98,3<\/td><td>97,9<\/td><td>98,5<\/td><td>98,1<\/td><\/tr><tr><td>Villages d&#8217;Oloron \u00e0 Bedous<\/td><td>98,6<\/td><td>98,4<\/td><td>99,1<\/td><td>100,0<\/td><td>100,3<\/td><td>100,0<\/td><td>99,8<\/td><td>99,4<\/td><td>98,9<\/td><td>98,7<\/td><td>98,4<\/td><td>98,8<\/td><\/tr><tr><td>Villages de Bedous au Somport<\/td><td>100,5<\/td><td>100,7<\/td><td>102,3<\/td><td>102,1<\/td><td>101,8<\/td><td>100,0<\/td><td>98,2<\/td><td>96,5<\/td><td>94,6<\/td><td>93,7<\/td><td>92,4<\/td><td>91,2<\/td><\/tr><tr><td>Villages de Buzy \u00e0 Laruns<\/td><td>104,4<\/td><td>103,5<\/td><td>102,1<\/td><td>101,2<\/td><td>100,6<\/td><td>100,0<\/td><td>99,0<\/td><td>98,2<\/td><td>97,3<\/td><td>97,2<\/td><td>97,4<\/td><td>97,4<\/td><\/tr><\/tbody><\/table>\t\t\t\t\t\t<\/div>\n\t\t\t\t<\/div>\n\t\t\t\t\t<\/div>\n\t\t<\/div>\n\t\t\t\t\t\t\t<\/div>\n\t\t<\/section>\n\t\t\t\t<section class=\"elementor-section elementor-top-section elementor-element elementor-element-138515f7 elementor-section-boxed elementor-section-height-default elementor-section-height-default\" data-id=\"138515f7\" data-element_type=\"section\">\n\t\t\t\t\t\t<div class=\"elementor-container elementor-column-gap-default\">\n\t\t\t\t\t<div class=\"elementor-column elementor-col-100 elementor-top-column elementor-element elementor-element-5de847f8\" data-id=\"5de847f8\" data-element_type=\"column\">\n\t\t\t<div class=\"elementor-widget-wrap elementor-element-populated\">\n\t\t\t\t\t\t\t\t<div class=\"elementor-element elementor-element-2ef255d4 elementor-widget elementor-widget-image\" data-id=\"2ef255d4\" data-element_type=\"widget\" data-widget_type=\"image.default\">\n\t\t\t\t<div class=\"elementor-widget-container\">\n\t\t\t<style>\/*! elementor - v3.5.5 - 03-02-2022 *\/\n.elementor-widget-image{text-align:center}.elementor-widget-image a{display:inline-block}.elementor-widget-image a img[src$=\".svg\"]{width:48px}.elementor-widget-image img{vertical-align:middle;display:inline-block}<\/style>\t\t\t\t\t\t\t\t\t\t\t\t<img loading=\"lazy\" decoding=\"async\" width=\"945\" height=\"616\" src=\"https:\/\/croc-aspe.com\/wp-content\/uploads\/2024\/01\/Image1.png\" class=\"attachment-large size-large\" alt=\"\" srcset=\"https:\/\/croc-aspe.com\/wp-content\/uploads\/2024\/01\/Image1.png 945w, https:\/\/croc-aspe.com\/wp-content\/uploads\/2024\/01\/Image1-300x196.png 300w, https:\/\/croc-aspe.com\/wp-content\/uploads\/2024\/01\/Image1-768x501.png 768w\" sizes=\"auto, (max-width: 945px) 100vw, 945px\" \/>\t\t\t\t\t\t\t\t\t\t\t\t\t\t\t<\/div>\n\t\t\t\t<\/div>\n\t\t\t\t\t<\/div>\n\t\t<\/div>\n\t\t\t\t\t\t\t<\/div>\n\t\t<\/section>\n\t\t\t\t<section class=\"elementor-section elementor-top-section elementor-element elementor-element-3cc9eb8f elementor-section-boxed elementor-section-height-default elementor-section-height-default\" data-id=\"3cc9eb8f\" data-element_type=\"section\">\n\t\t\t\t\t\t<div class=\"elementor-container elementor-column-gap-default\">\n\t\t\t\t\t<div class=\"elementor-column elementor-col-100 elementor-top-column elementor-element elementor-element-132f6211\" data-id=\"132f6211\" data-element_type=\"column\">\n\t\t\t<div class=\"elementor-widget-wrap elementor-element-populated\">\n\t\t\t\t\t\t\t\t<div class=\"elementor-element elementor-element-fae831 elementor-widget elementor-widget-text-editor\" data-id=\"fae831\" data-element_type=\"widget\" data-widget_type=\"text-editor.default\">\n\t\t\t\t<div class=\"elementor-widget-container\">\n\t\t\t\t\t\t\t<p>Ainsi, alors que la ligne ferroviaire d\u2019Oloron-Sainte-Marie \u00e0 Bedous \u00e9tait en phase de travaux, la population entre ces deux villes a augment\u00e9 d\u2019environ 2% de 2010 \u00e0 2014. Puis cette m\u00eame population a diminu\u00e9 d\u2019environ 1,2% de 2015 \u00e0 2021 alors que la ligne \u00e9tait rouverte avec 4 allers-retours quotidiens. Qui plus est, au-del\u00e0 de Bedous, la population n\u2019a cess\u00e9 de diminuer d\u2019une valeur d\u2019environ 8,8% de 2015 \u00e0 2021. C\u2019est d\u2019ailleurs ce que r\u00e9v\u00e8le les analyses des journalistes sur la base des recensements de l\u2019INSEE de 2020 [4] et 2021 [5]. Loin d\u2019attirer les habitants, l\u2019arriv\u00e9e du train les chasse et accentue le d\u00e9senclavement de la vall\u00e9e d\u2019Aspe. La contradiction est donc pouss\u00e9e \u00e0 son paroxysme : faire croire que le train attire de nouveaux habitants dans la vall\u00e9e alors que la r\u00e9alit\u00e9 est l\u2019exacte oppos\u00e9e.<\/p><p>On remarque \u00e9galement que de Buzy \u00e0 Laruns, la diminution de la population est du m\u00eame ordre, montrant que la pr\u00e9sence d\u2019une ligne ferroviaire n\u2019est pas la solution miracle pour d\u00e9senclaver les vall\u00e9es pyr\u00e9n\u00e9ennes.<\/p><p>Seuls, les villages situ\u00e9s entre Pau et Oloron-Sainte-Marie profiteraient de la pr\u00e9sence des liaisons ferroviaires avec une population totale qui augmente. Mais en regardant dans les d\u00e9tails, ce sont surtout les villes de Gelos et de Gan dont les populations ont augment\u00e9 de respectivement 110 et 94 habitants entre 2016 et 2021 qui sont les seules villes responsables de cette croissance. Est-ce \u00e0 dire que la vingtaine de voyageurs qui montent et descendent chaque jour aux haltes de Croix-du-Prince et de Gan explique cette augmentation de population\u00a0? La r\u00e9ponse est \u00e9videmment n\u00e9gative, puisque ces nouveaux habitants sont tous motoris\u00e9s et utilisent leurs v\u00e9hicules personnels ou les lignes de bus urbain n\u00b05, n\u00b011 et n\u00b015, surtout \u00e0 Gelos, pour effectuer leurs d\u00e9placements.<\/p><p>La d\u00e9sertification se concr\u00e9tise d\u2019ailleurs dans les effectifs des \u00e9coles de la communaut\u00e9 \u00e9ducative de la vall\u00e9e d&#8217;Aspe. Autant les enfants furent plus nombreux \u00e0 la rentr\u00e9e 2012 avec une institutrice n\u2019h\u00e9sitant pas \u00e0 dire &#8220;Il y a des d\u00e9cennies que l&#8217;on n&#8217;avait pas vu \u00e7a !&#8221; [6], autant c\u2019est la d\u00e9convenue depuis 2018 avec des effectifs qui diminuent, ce qui fit dire au maire de Bedous : &#8220;Depuis 2018, chaque ann\u00e9e, l\u2019effectif global baisse : 65 en 2018, 59 en 2019, et 55, cette ann\u00e9e&#8221; [7]. L\u2019h\u00e9morragie ne se termine malheureusement pas avec de grandes inqui\u00e9tudes pour les futures rentr\u00e9es comme l\u2019\u00e9voquent divers articles qui tendent \u00e0 d\u00e9montrer la volont\u00e9 de l\u2019inspection d\u2019acad\u00e9mie de r\u00e9duire les effectifs du personnel enseignant [8] [9] [10] [11] [12] [13]. Ce n\u2019est que gr\u00e2ce \u00e0 la mobilisation des parents d\u2019\u00e9l\u00e8ves et des \u00e9lus, dont certains sont paradoxalement des partisans de la r\u00e9ouverture jusqu\u2019\u00e0 Canfranc, que l\u2019inspection acad\u00e9mique recule [14] [15]. Pourtant, l\u2019argument de la r\u00e9ouverture de la ligne Oloron-Sainte-Marie \u2013 Bedous \u00e9tait encore utilis\u00e9 avant sa remise en service pour dynamiser l\u2019attractivit\u00e9 des villages par l\u2019un de nos politiciens locaux : &#8220;Si la baisse des \u00e9l\u00e8ves est li\u00e9e \u00e0 une probl\u00e9matique nationale de faible natalit\u00e9, nous sommes en mesure de dynamiser l\u2019attractivit\u00e9 des villages du Haut-B\u00e9arn, en am\u00e9liorant leur accessibilit\u00e9. Cela passe par une politique ambitieuse en terme de transports : l\u2019am\u00e9lioration de la RN134 et la construction de la voie ferr\u00e9e Pau-Canfranc vont dans ce sens&#8221; [16].<\/p><p>Les autres services publics p\u00e2tissent d\u2019ailleurs de cette situation, puisque l\u2019h\u00f4pital d\u2019Oloron-Sainte-Marie accumule, ann\u00e9e apr\u00e8s ann\u00e9e, les crises et les fermetures de services et la Poste de Bedous se r\u00e9organise avec une fermeture envisag\u00e9e de ses locaux [17].<\/p><p>Les professionnels de la vall\u00e9e d\u2019Aspe disent eux-m\u00eames que cette liaison entre Oloron-Sainte-Marie et Bedous ne redynamise pas leur vall\u00e9e. C\u2019est ainsi qu\u2019un sondage r\u00e9alis\u00e9 dans le cadre du projet de cr\u00e9ation du G\u00e9otrain [18] pages 67, 68 et 146 aupr\u00e8s de plusieurs acteurs du tourisme montre que, parmi les 15 r\u00e9ponses re\u00e7ues :<\/p><ul><li>2 acteurs du tourisme seulement estiment que la fr\u00e9quentation a augment\u00e9 avec la r\u00e9ouverture de la section ;<\/li><li>11 acteurs du tourisme n\u2019ont vu aucun changement ;<\/li><li>1 acteur du tourisme estime m\u00eame qu\u2019il y a eu diminution de l\u2019activit\u00e9.<\/li><\/ul><p>La r\u00e9ouverture de la ligne Oloron-Sainte-Marie \u2013 Bedous n\u2019a pas permis de d\u00e9senclaver et de redynamiser la vall\u00e9e d\u2019Aspe. Bien au contraire, en plus d\u2019avoir co\u00fbt\u00e9 tr\u00e8s cher en investissement et de maintenant co\u00fbter tr\u00e8s cher en exploitation, cette ligne ferroviaire acc\u00e9l\u00e8re l\u2019exode rural et la d\u00e9sertification\u00a0: l\u2019exacte oppos\u00e9 \u00e0 ce qui avait \u00e9t\u00e9 initialement promis. Nos politiciens locaux ont donc tout faux et nous ont bien menti\u00a0!\u00a0<\/p>\t\t\t\t\t\t<\/div>\n\t\t\t\t<\/div>\n\t\t\t\t\t<\/div>\n\t\t<\/div>\n\t\t\t\t\t\t\t<\/div>\n\t\t<\/section>\n\t\t\t\t<section class=\"elementor-section elementor-top-section elementor-element elementor-element-1e1a5fa4 elementor-section-boxed elementor-section-height-default elementor-section-height-default\" data-id=\"1e1a5fa4\" data-element_type=\"section\">\n\t\t\t\t\t\t<div class=\"elementor-container elementor-column-gap-default\">\n\t\t\t\t\t<div class=\"elementor-column elementor-col-100 elementor-top-column elementor-element elementor-element-57513a7d\" data-id=\"57513a7d\" data-element_type=\"column\">\n\t\t\t<div class=\"elementor-widget-wrap elementor-element-populated\">\n\t\t\t\t\t\t\t\t<div class=\"elementor-element elementor-element-6a211b67 elementor-widget elementor-widget-text-editor\" data-id=\"6a211b67\" data-element_type=\"widget\" data-widget_type=\"text-editor.default\">\n\t\t\t\t<div class=\"elementor-widget-container\">\n\t\t\t\t\t\t\t<p><strong style=\"font-style: inherit; background-color: var(--ast-global-color-4); color: var(--ast-global-color-3);\">Quelques r\u00e9f\u00e9rences<\/strong><\/p>\t\t\t\t\t\t<\/div>\n\t\t\t\t<\/div>\n\t\t\t\t\t<\/div>\n\t\t<\/div>\n\t\t\t\t\t\t\t<\/div>\n\t\t<\/section>\n\t\t\t\t<section class=\"elementor-section elementor-top-section elementor-element elementor-element-466b0b1 elementor-section-boxed elementor-section-height-default elementor-section-height-default\" data-id=\"466b0b1\" data-element_type=\"section\">\n\t\t\t\t\t\t<div class=\"elementor-container elementor-column-gap-default\">\n\t\t\t\t\t<div class=\"elementor-column elementor-col-100 elementor-top-column elementor-element elementor-element-793332db\" data-id=\"793332db\" data-element_type=\"column\">\n\t\t\t<div class=\"elementor-widget-wrap elementor-element-populated\">\n\t\t\t\t\t\t\t\t<div class=\"elementor-element elementor-element-117bf41b elementor-widget elementor-widget-text-editor\" data-id=\"117bf41b\" data-element_type=\"widget\" data-widget_type=\"text-editor.default\">\n\t\t\t\t<div class=\"elementor-widget-container\">\n\t\t\t\t\t\t\t<p>[1] : Journal t\u00e9l\u00e9vis\u00e9 de 20h &#8211; L\u2019\u0153il du 20h &#8211; France 2 &#8211; 23 novembre 2016<\/p>\n<p>[2]&nbsp;: Reprise des circulations ferroviaires entre Oloron et Bedous \u2013 Dossier provisoire d\u2019enqu\u00eate pr\u00e9alable \u00e0 la d\u00e9claration d\u2019utilit\u00e9 publique, \u00e0 la mise en compatibilit\u00e9 des documents d\u2019urbanisme et \u00e0 la suppression des passages \u00e0 niveau &#8211; Pi\u00e8ce B &#8211; Pr\u00e9sentation du projet \u2013 RFF \u2013 version D &#8211; juin 2012<\/p>\n<p>[3]&nbsp;: INSEE &#8211; <a href=\"https:\/\/www.insee.fr\/fr\/statistiques\/5650720\">https:\/\/www.insee.fr\/fr\/statistiques\/2522602<\/a> &#8211; Historique des populations l\u00e9gales &#8211; Recensements de la population 1968-2021 \u2013 28 d\u00e9cembre 2023<\/p>\n<p>[4]&nbsp;: Oloron gagne des habitants, Josbaig en hausse, la Vall\u00e9e d&#8217;Aspe toujours en berne &#8211; Gildas Bo\u00ebnnec &#8211; La R\u00e9publique des Pyr\u00e9n\u00e9es \u2013 30 d\u00e9cembre 2022<\/p>\n<p>[5] : Oloron perd des habitants, tandis qu\u2019Arette et la vall\u00e9e de Josbaig voient leurs populations progresser \u2013 Beno\u00eet Rouzaud &#8211; La R\u00e9publique des Pyr\u00e9n\u00e9es \u2013 2 janvier 2024<\/p>\n<p>[6]&nbsp;: Ecole primaire en vall\u00e9e d&#8217;Aspe : effectifs en l\u00e9g\u00e8re hausse \u2013 Odile Isern &#8211; La R\u00e9publique des Pyr\u00e9n\u00e9es \u2013 5 septembre 2012<\/p>\n<p>[7]&nbsp;: Des personnels organis\u00e9s \u2013 Sud-Ouest \u2013 2 septembre 2020<\/p>\n<p>[8]&nbsp;: Regroupement p\u00e9dagogique d&#8217;Accous\/Bedous : les maires inquiets \u2013 Odile Isern &#8211; La R\u00e9publique des Pyr\u00e9n\u00e9es \u2013 29 janvier 2021<\/p>\n<p>[9]&nbsp;: Suppression de postes au RPI d&#8217;Accous : parents et \u00e9lus se mobilisent \u2013 Odile Isern &#8211; La R\u00e9publique des Pyr\u00e9n\u00e9es \u2013 25 f\u00e9vrier 2021<\/p>\n<p>[10]&nbsp;: Accous-Bedous : les parents d\u2019\u00e9l\u00e8ves du RPI en col\u00e8re et mobilis\u00e9s &#8211; Martine Lacout-Loustalet &#8211; La R\u00e9publique des Pyr\u00e9n\u00e9es \u2013 2 mars 2021<\/p>\n<p>[11]&nbsp;: Une classe menac\u00e9e de fermeture au sein du RPI Agnos &#8211; Gurmen\u00e7on \u2013 Gildas Bo\u00ebnnec &#8211; La R\u00e9publique des Pyr\u00e9n\u00e9es \u2013 1<sup>er<\/sup> f\u00e9vrier 2022<\/p>\n<p>[12]&nbsp;: Accous, Un demi-poste en danger \u00e0 l\u2019\u00e9cole &#8211; La R\u00e9publique des Pyr\u00e9n\u00e9es \u2013 8 f\u00e9vrier 2023<\/p>\n<p>[13]&nbsp;: B\u00e9arn&nbsp;: deux \u00e9coles menac\u00e9es par des fermetures de postes \u00e0 Arudy et Accous, Oloron \u00ab souffle \u00bb \u2013 \u00c9tienne Czernecka \u2013 Sud-Ouest \u2013 1<sup>er<\/sup> mars 2023<\/p>\n<p>[14]&nbsp;: Plus de 200 personnes mobilis\u00e9es \u00e0 Oloron contre les fermetures de classes en Haut-B\u00e9arn &#8211; Gildas Bo\u00ebnnec &#8211; La R\u00e9publique des Pyr\u00e9n\u00e9es \u2013 8 f\u00e9vrier 2022<\/p>\n<p>[15]&nbsp;: Les suppressions de postes annul\u00e9es \u00e0 l&#8217;\u00e9cole Pondeilh d&#8217;Oloron et aux RPI Agnos-Gurmen\u00e7on et Accous-Bedous &#8211; Gildas Bo\u00ebnnec &#8211; La R\u00e9publique des Pyr\u00e9n\u00e9es \u2013 1<sup>er<\/sup> mars 2022<\/p>\n<p>[16]&nbsp;: Comment le Haut-B\u00e9arn s\u2019adapte \u00e0 la baisse du nombre d\u2019\u00e9coliers \u2013 Gildas Bo\u00ebnnec &#8211; La R\u00e9publique des Pyr\u00e9n\u00e9es \u2013 11 avril 2016<\/p>\n<p>[17]&nbsp;: Bedous&nbsp;la r\u00e9organisation de la Poste interroge \u2013 Odile Isern &#8211; La R\u00e9publique des Pyr\u00e9n\u00e9es \u2013 20 d\u00e9cembre 2021<\/p>\n<p>[18]&nbsp;: Le G\u00e9otrain Pyr\u00e9n\u00e9en, un objet g\u00e9otouristique complexe &#8211; Audrey Billerot \u2013 Universit\u00e9 de Pau et des Pays de l&#8217;Adour &#8211; 2019<\/p>\t\t\t\t\t\t<\/div>\n\t\t\t\t<\/div>\n\t\t\t\t\t<\/div>\n\t\t<\/div>\n\t\t\t\t\t\t\t<\/div>\n\t\t<\/section>\n\t\t\t\t\t\t<\/div>\n\t\t\t\t\t<\/div>\n\t\t","protected":false},"excerpt":{"rendered":"<p>\u00a0 Promesses et mensonges de la r\u00e9ouverture de la ligne d\u2019Oloron-Sainte-Marie \u00e0 Bedous \u00a0 Le d\u00e9senclavement de la vall\u00e9e d&#8217;Aspe &#8220;Chacun tourne en r\u00e9alit\u00e9s, Autant qu&#8217;il peut, ses propres songes : L&#8217;homme est de glace aux v\u00e9rit\u00e9s ; Il est de feu pour les mensonges.&#8221; Jean de La Fontaine (1621 &#8211; 1695) &#8211; Le Statuaire &hellip;<\/p>\n<p class=\"read-more\"> <a class=\"\" href=\"https:\/\/croc-aspe.com\/?page_id=6331\"> <span class=\"screen-reader-text\">Promesses et mensonges le d\u00e9senclavement de la vall\u00e9e d&#8217;aspe<\/span> Read More &raquo;<\/a><\/p>\n","protected":false},"author":1,"featured_media":0,"parent":0,"menu_order":0,"comment_status":"closed","ping_status":"closed","template":"","meta":{"om_disable_all_campaigns":false,"_monsterinsights_skip_tracking":false,"_monsterinsights_sitenote_active":false,"_monsterinsights_sitenote_note":"","_monsterinsights_sitenote_category":0,"site-sidebar-layout":"no-sidebar","site-content-layout":"page-builder","ast-main-header-display":"","ast-hfb-above-header-display":"","ast-hfb-below-header-display":"","ast-hfb-mobile-header-display":"","site-post-title":"disabled","ast-breadcrumbs-content":"","ast-featured-img":"disabled","footer-sml-layout":"","theme-transparent-header-meta":"","adv-header-id-meta":"","stick-header-meta":"","header-above-stick-meta":"","header-main-stick-meta":"","header-below-stick-meta":"","footnotes":""},"class_list":["post-6331","page","type-page","status-publish","hentry"],"_links":{"self":[{"href":"https:\/\/croc-aspe.com\/index.php?rest_route=\/wp\/v2\/pages\/6331","targetHints":{"allow":["GET"]}}],"collection":[{"href":"https:\/\/croc-aspe.com\/index.php?rest_route=\/wp\/v2\/pages"}],"about":[{"href":"https:\/\/croc-aspe.com\/index.php?rest_route=\/wp\/v2\/types\/page"}],"author":[{"embeddable":true,"href":"https:\/\/croc-aspe.com\/index.php?rest_route=\/wp\/v2\/users\/1"}],"replies":[{"embeddable":true,"href":"https:\/\/croc-aspe.com\/index.php?rest_route=%2Fwp%2Fv2%2Fcomments&post=6331"}],"version-history":[{"count":10,"href":"https:\/\/croc-aspe.com\/index.php?rest_route=\/wp\/v2\/pages\/6331\/revisions"}],"predecessor-version":[{"id":6429,"href":"https:\/\/croc-aspe.com\/index.php?rest_route=\/wp\/v2\/pages\/6331\/revisions\/6429"}],"wp:attachment":[{"href":"https:\/\/croc-aspe.com\/index.php?rest_route=%2Fwp%2Fv2%2Fmedia&parent=6331"}],"curies":[{"name":"wp","href":"https:\/\/api.w.org\/{rel}","templated":true}]}}