{"id":4628,"date":"2022-09-13T18:03:34","date_gmt":"2022-09-13T18:03:34","guid":{"rendered":"https:\/\/croc-aspe.com\/?page_id=4628"},"modified":"2023-06-17T08:07:14","modified_gmt":"2023-06-17T08:07:14","slug":"conseil-regional-subventions","status":"publish","type":"page","link":"https:\/\/croc-aspe.com\/?page_id=4628","title":{"rendered":"Conseil R\u00e9gional : Subventions"},"content":{"rendered":"\t\t<div data-elementor-type=\"wp-page\" data-elementor-id=\"4628\" class=\"elementor elementor-4628\" data-elementor-settings=\"[]\">\n\t\t\t\t\t\t\t<div class=\"elementor-section-wrap\">\n\t\t\t\t\t\t\t<section class=\"elementor-section elementor-top-section elementor-element elementor-element-7e843812 elementor-section-boxed elementor-section-height-default elementor-section-height-default\" data-id=\"7e843812\" data-element_type=\"section\">\n\t\t\t\t\t\t<div class=\"elementor-container elementor-column-gap-default\">\n\t\t\t\t\t<div class=\"elementor-column elementor-col-100 elementor-top-column elementor-element elementor-element-2d9bd323\" data-id=\"2d9bd323\" data-element_type=\"column\">\n\t\t\t<div class=\"elementor-widget-wrap elementor-element-populated\">\n\t\t\t\t\t\t\t\t<div class=\"elementor-element elementor-element-27d4419e elementor-widget elementor-widget-text-editor\" data-id=\"27d4419e\" data-element_type=\"widget\" data-widget_type=\"text-editor.default\">\n\t\t\t\t<div class=\"elementor-widget-container\">\n\t\t\t<style>\/*! elementor - v3.5.5 - 03-02-2022 *\/\n.elementor-widget-text-editor.elementor-drop-cap-view-stacked .elementor-drop-cap{background-color:#818a91;color:#fff}.elementor-widget-text-editor.elementor-drop-cap-view-framed .elementor-drop-cap{color:#818a91;border:3px solid;background-color:transparent}.elementor-widget-text-editor:not(.elementor-drop-cap-view-default) .elementor-drop-cap{margin-top:8px}.elementor-widget-text-editor:not(.elementor-drop-cap-view-default) .elementor-drop-cap-letter{width:1em;height:1em}.elementor-widget-text-editor .elementor-drop-cap{float:left;text-align:center;line-height:1;font-size:50px}.elementor-widget-text-editor .elementor-drop-cap-letter{display:inline-block}<\/style>\t\t\t\t<p>\u00a0<\/p><p><span style=\"color: #ff0000;\"><strong>D\u00e9lib\u00e9rations du Conseil R\u00e9gional de Nouvelle-Aquitaine<\/strong><\/span><\/p><p><span style=\"color: #ff0000;\"><strong><br \/>Subventions<br \/><\/strong><\/span><\/p>\t\t\t\t\t\t<\/div>\n\t\t\t\t<\/div>\n\t\t\t\t\t<\/div>\n\t\t<\/div>\n\t\t\t\t\t\t\t<\/div>\n\t\t<\/section>\n\t\t\t\t<section class=\"elementor-section elementor-top-section elementor-element elementor-element-6a484d3f elementor-section-boxed elementor-section-height-default elementor-section-height-default\" data-id=\"6a484d3f\" data-element_type=\"section\">\n\t\t\t\t\t\t<div class=\"elementor-container elementor-column-gap-default\">\n\t\t\t\t\t<div class=\"elementor-column elementor-col-100 elementor-top-column elementor-element elementor-element-3ed65bed\" data-id=\"3ed65bed\" data-element_type=\"column\">\n\t\t\t<div class=\"elementor-widget-wrap elementor-element-populated\">\n\t\t\t\t\t\t\t\t<div class=\"elementor-element elementor-element-566c8778 elementor-widget elementor-widget-text-editor\" data-id=\"566c8778\" data-element_type=\"widget\" data-widget_type=\"text-editor.default\">\n\t\t\t\t<div class=\"elementor-widget-container\">\n\t\t\t\t\t\t\t<p>&#8220;La g\u00e9n\u00e9rosit\u00e9 n&#8217;est que la piti\u00e9 des \u00e2mes nobles&#8221;<\/p><p>S\u00e9bastien-Roch Nicolas de Chamfort (1740 \u2013 1794) \u2013 Maximes et pens\u00e9es, caract\u00e8res et anecdotes \u2013 CCCXVIII &#8211; 1795<\/p>\t\t\t\t\t\t<\/div>\n\t\t\t\t<\/div>\n\t\t\t\t\t<\/div>\n\t\t<\/div>\n\t\t\t\t\t\t\t<\/div>\n\t\t<\/section>\n\t\t\t\t<section class=\"elementor-section elementor-top-section elementor-element elementor-element-2edaee09 elementor-section-boxed elementor-section-height-default elementor-section-height-default\" data-id=\"2edaee09\" data-element_type=\"section\">\n\t\t\t\t\t\t<div class=\"elementor-container elementor-column-gap-default\">\n\t\t\t\t\t<div class=\"elementor-column elementor-col-100 elementor-top-column elementor-element elementor-element-9077037\" data-id=\"9077037\" data-element_type=\"column\">\n\t\t\t<div class=\"elementor-widget-wrap elementor-element-populated\">\n\t\t\t\t\t\t\t\t<div class=\"elementor-element elementor-element-4834b5bd elementor-widget elementor-widget-text-editor\" data-id=\"4834b5bd\" data-element_type=\"widget\" data-widget_type=\"text-editor.default\">\n\t\t\t\t<div class=\"elementor-widget-container\">\n\t\t\t\t\t\t\t<p><span style=\"font-style: inherit; font-weight: inherit; background-color: var(--ast-global-color-4); color: #ff9900;\">Version initiale du 13 septembre 2022, derni\u00e8re mise \u00e0 jour au 17 juin 2023<\/span><\/p>\t\t\t\t\t\t<\/div>\n\t\t\t\t<\/div>\n\t\t\t\t\t<\/div>\n\t\t<\/div>\n\t\t\t\t\t\t\t<\/div>\n\t\t<\/section>\n\t\t\t\t<section class=\"elementor-section elementor-top-section elementor-element elementor-element-3afb358f elementor-section-boxed elementor-section-height-default elementor-section-height-default\" data-id=\"3afb358f\" data-element_type=\"section\">\n\t\t\t\t\t\t<div class=\"elementor-container elementor-column-gap-default\">\n\t\t\t\t\t<div class=\"elementor-column elementor-col-100 elementor-top-column elementor-element elementor-element-7a68c39f\" data-id=\"7a68c39f\" data-element_type=\"column\">\n\t\t\t<div class=\"elementor-widget-wrap elementor-element-populated\">\n\t\t\t\t\t\t\t\t<div class=\"elementor-element elementor-element-378d5ed5 elementor-widget elementor-widget-text-editor\" data-id=\"378d5ed5\" data-element_type=\"widget\" data-widget_type=\"text-editor.default\">\n\t\t\t\t<div class=\"elementor-widget-container\">\n\t\t\t\t\t\t\t<p><strong>Les g\u00e9n\u00e9reuses subventions du Conseil R\u00e9gional<\/strong><\/p><p>Le Conseil R\u00e9gional est bon prince avec tous ceux qui font l\u2019\u00e9loge de la ligne Pau \u2013 Canfranc &#8211; Saragosse. Voici donc quelques subventions parmi les plus significatives attribu\u00e9es par la R\u00e9gion \u00e0 tout porteur de projets en lien avec la r\u00e9ouverture de la ligne. Projets qui, pour certains, sont tomb\u00e9s dans l\u2019oubli et n\u2019ont en rien fait revenir le train en vall\u00e9e d\u2019Aspe et pour d\u2019autres, permettent encore d\u2019entretenir l\u2019illusion aux partisans de la r\u00e9ouverture.<br \/>Ces subventions sont celles extraites des d\u00e9lib\u00e9rations du Conseil R\u00e9gional, il y en a certainement beaucoup d\u2019autres, non visibles celles-l\u00e0, mais s\u00fbrement tout autant importantes. En faisant le total de celles qui sont visibles, c\u2019est plus de 240k\u20ac distribu\u00e9s gracieusement. <br \/>Voici donc un petit voyage dans les m\u00e9andres des subventions du Conseil R\u00e9gional.<\/p>\t\t\t\t\t\t<\/div>\n\t\t\t\t<\/div>\n\t\t\t\t\t<\/div>\n\t\t<\/div>\n\t\t\t\t\t\t\t<\/div>\n\t\t<\/section>\n\t\t\t\t<section class=\"elementor-section elementor-top-section elementor-element elementor-element-29f1200 elementor-section-boxed elementor-section-height-default elementor-section-height-default\" data-id=\"29f1200\" data-element_type=\"section\">\n\t\t\t\t\t\t<div class=\"elementor-container elementor-column-gap-default\">\n\t\t\t\t\t<div class=\"elementor-column elementor-col-100 elementor-top-column elementor-element elementor-element-8d1820d\" data-id=\"8d1820d\" data-element_type=\"column\">\n\t\t\t<div class=\"elementor-widget-wrap elementor-element-populated\">\n\t\t\t\t\t\t\t\t<div class=\"elementor-element elementor-element-3dd2891 elementor-widget elementor-widget-text-editor\" data-id=\"3dd2891\" data-element_type=\"widget\" data-widget_type=\"text-editor.default\">\n\t\t\t\t<div class=\"elementor-widget-container\">\n\t\t\t\t\t\t\t<table width=\"100%\"><tbody><tr><td width=\"53%\"><p><strong>Projets<\/strong><\/p><\/td><td width=\"20%\"><p><strong>Subventions en \u20ac<\/strong><\/p><\/td><td width=\"26%\"><p><strong>D\u00e9lib\u00e9rations<\/strong><\/p><\/td><\/tr><tr><td rowspan=\"2\" width=\"53%\"><p>Le film \u00ab Passage des Pyr\u00e9n\u00e9es \u00bb aussi un peu tomb\u00e9 dans l\u2019oubli<\/p><\/td><td rowspan=\"2\" width=\"20%\"><p>53 357<\/p><\/td><td width=\"26%\"><p>2000.1710.CP<\/p><\/td><\/tr><tr><td width=\"26%\"><p>2000.1710.CP (Annexe)<\/p><\/td><\/tr><tr><td rowspan=\"2\" width=\"53%\"><p>Le film \u00ab Canfranc, l&#8217;or et le tungst\u00e8ne \u00bb un peu tomb\u00e9 dans l\u2019oubli<\/p><\/td><td rowspan=\"2\" width=\"20%\"><p>25 000<\/p><\/td><td width=\"26%\"><p>2010.0999.CP<\/p><\/td><\/tr><tr><td width=\"26%\"><p>2010.0999.CP (Annexe)<\/p><\/td><\/tr><tr><td width=\"53%\"><p>Une ch\u00e8re exposition \u00e0 l\u2019h\u00f4tel de R\u00e9gion<\/p><\/td><td width=\"20%\"><p>4 500<\/p><\/td><td width=\"26%\"><p>2013.170.CP<\/p><\/td><\/tr><tr><td rowspan=\"2\" width=\"53%\"><p>Le centenaire vite oubli\u00e9 de la gare de Bedous<\/p><\/td><td rowspan=\"2\" width=\"20%\"><p>8 600<\/p><p>3 550<\/p><p>1 000<\/p><\/td><td width=\"26%\"><p>2014.755.CP<\/p><\/td><\/tr><tr><td width=\"26%\"><p>2014.755.CP (Annexe)<\/p><\/td><\/tr><tr><td rowspan=\"2\" width=\"53%\"><p>L\u2019inauguration \u00e0 prix d\u2019or de la r\u00e9ouverture d\u2019Oloron-Sainte-Marie \u00e0 Bedous<\/p><\/td><td rowspan=\"2\" width=\"20%\"><p>2 000<\/p><\/td><td width=\"26%\"><p>2016.2226.CP<\/p><\/td><\/tr><tr><td width=\"26%\"><p>2016.2226.CP (Annexe)<\/p><\/td><\/tr><tr><td width=\"53%\"><p>Combats de jedis b\u00e9arnais \u00e0 la gare de Bedous<\/p><\/td><td width=\"20%\"><p>17 000<\/p><\/td><td width=\"26%\"><p>2017.162.CP<\/p><\/td><\/tr><tr><td rowspan=\"3\" width=\"53%\"><p>La g\u00e9ologie 2.0 \u00e0 bord du train Oloron &#8211; Bedous<\/p><\/td><td rowspan=\"3\" width=\"20%\"><p>17 965<\/p><\/td><td width=\"26%\"><p>2018.1135.SP<\/p><\/td><\/tr><tr><td width=\"26%\"><p>2018.1135.SP (Annexe)<\/p><\/td><\/tr><tr><td width=\"26%\"><p>2018.1376.CP<\/p><\/td><\/tr><tr><td width=\"53%\"><p>Une subvention \u00e0 des personnes priv\u00e9es pour cr\u00e9er leur h\u00f4tel<\/p><\/td><td width=\"20%\"><p>80 000<\/p><\/td><td width=\"26%\"><p>2018.2035.CP<\/p><\/td><\/tr><tr><td width=\"53%\"><p>Un projet de recherche qui ne trouve rien<\/p><\/td><td width=\"20%\"><p>5 771<\/p><\/td><td width=\"26%\"><p>2019.883.CP<\/p><\/td><\/tr><tr><td width=\"53%\"><p>Des pseudo-artistes qui prennent du bon temps en vall\u00e9e d\u2019Aspe et \u00e0 Canfranc<\/p><\/td><td width=\"20%\"><p>3 150<\/p><\/td><td width=\"26%\"><p>2022.877.CP<\/p><\/td><\/tr><tr><td width=\"53%\"><p>Je te tiens, tu me tiens par la barbichette\u2026<\/p><\/td><td width=\"20%\"><p>18\u00a0329<\/p><\/td><td width=\"26%\"><p>2023.933.CP (Annexe)<\/p><\/td><\/tr><tr><td width=\"53%\"><p><strong>TOTAL<\/strong><\/p><\/td><td width=\"20%\"><p><strong>240\u00a0222<\/strong><\/p><\/td><td width=\"26%\">\u00a0<\/td><\/tr><\/tbody><\/table>\t\t\t\t\t\t<\/div>\n\t\t\t\t<\/div>\n\t\t\t\t\t<\/div>\n\t\t<\/div>\n\t\t\t\t\t\t\t<\/div>\n\t\t<\/section>\n\t\t\t\t<section class=\"elementor-section elementor-top-section elementor-element elementor-element-a7a39ee elementor-section-boxed elementor-section-height-default elementor-section-height-default\" data-id=\"a7a39ee\" data-element_type=\"section\">\n\t\t\t\t\t\t<div class=\"elementor-container elementor-column-gap-default\">\n\t\t\t\t\t<div class=\"elementor-column elementor-col-100 elementor-top-column elementor-element elementor-element-a211bd2\" data-id=\"a211bd2\" data-element_type=\"column\">\n\t\t\t<div class=\"elementor-widget-wrap elementor-element-populated\">\n\t\t\t\t\t\t\t\t<div class=\"elementor-element elementor-element-37ab366 elementor-widget elementor-widget-text-editor\" data-id=\"37ab366\" data-element_type=\"widget\" data-widget_type=\"text-editor.default\">\n\t\t\t\t<div class=\"elementor-widget-container\">\n\t\t\t\t\t\t\t<p><strong>Je te tiens, tu me tiens par la barbichette\u2026<\/strong><\/p>\t\t\t\t\t\t<\/div>\n\t\t\t\t<\/div>\n\t\t\t\t\t<\/div>\n\t\t<\/div>\n\t\t\t\t\t\t\t<\/div>\n\t\t<\/section>\n\t\t\t\t<section class=\"elementor-section elementor-top-section elementor-element elementor-element-37546bc elementor-section-boxed elementor-section-height-default elementor-section-height-default\" data-id=\"37546bc\" data-element_type=\"section\">\n\t\t\t\t\t\t<div class=\"elementor-container elementor-column-gap-default\">\n\t\t\t\t\t<div class=\"elementor-column elementor-col-100 elementor-top-column elementor-element elementor-element-7cfbef0\" data-id=\"7cfbef0\" data-element_type=\"column\">\n\t\t\t<div class=\"elementor-widget-wrap elementor-element-populated\">\n\t\t\t\t\t\t\t\t<div class=\"elementor-element elementor-element-b919b87 elementor-widget elementor-widget-text-editor\" data-id=\"b919b87\" data-element_type=\"widget\" data-widget_type=\"text-editor.default\">\n\t\t\t\t<div class=\"elementor-widget-container\">\n\t\t\t\t\t\t\t<table><tbody><tr><td colspan=\"3\" width=\"604\"><p>R\u00e9f\u00e9rence des d\u00e9lib\u00e9rations<\/p><\/td><\/tr><tr><td width=\"201\"><p>\u00a0<\/p><\/td><td width=\"201\"><p>2023.933.CP (Annexe)<\/p><\/td><td width=\"201\"><p>\u00a0<\/p><\/td><\/tr><tr><td width=\"201\"><p>D\u00e9penses de personnel &#8211; Charges de personnel<\/p><\/td><td width=\"201\"><p>\u00a0<\/p><\/td><td width=\"201\"><p>12\u00a0960\u20ac<\/p><\/td><\/tr><tr><td width=\"201\"><p>D\u00e9penses de d\u00e9placements\/frais de mission &#8211; Frais de d\u00e9placements, h\u00e9bergement<\/p><\/td><td width=\"201\"><p>\u00a0<\/p><\/td><td width=\"201\"><p>1\u00a0286\u20ac<\/p><\/td><\/tr><tr><td width=\"201\"><p>Prestations de services &#8211; Frais de traduction, promotion, publicit\u00e9<\/p><\/td><td width=\"201\"><p>\u00a0<\/p><\/td><td width=\"201\"><p>12\u00a0452\u20ac<\/p><\/td><\/tr><tr><td width=\"201\"><p>Mat\u00e9riels\/\u00e9quipements &#8211; Frais d&#8217;impression, de distribution, fabrication, encartage<\/p><\/td><td width=\"201\"><p>\u00a0<\/p><\/td><td width=\"201\"><p>9\u00a0960\u20ac<\/p><\/td><\/tr><tr><td width=\"201\"><p>Total<\/p><\/td><td width=\"201\"><p>\u00a0<\/p><\/td><td width=\"201\"><p>36\u00a0658\u20ac<\/p><\/td><\/tr><tr><td width=\"201\"><p>R\u00e9gion &#8211; Nouvelle Aquitaine<\/p><\/td><td width=\"201\"><p>50%<\/p><\/td><td width=\"201\"><p>18\u00a0329\u20ac<\/p><\/td><\/tr><tr><td width=\"201\"><p>Pyr\u00e9n\u00e9es Presse<\/p><\/td><td width=\"201\"><p>50%<\/p><\/td><td width=\"201\"><p>18\u00a0329\u20ac<\/p><\/td><\/tr><\/tbody><\/table>\t\t\t\t\t\t<\/div>\n\t\t\t\t<\/div>\n\t\t\t\t\t<\/div>\n\t\t<\/div>\n\t\t\t\t\t\t\t<\/div>\n\t\t<\/section>\n\t\t\t\t<section class=\"elementor-section elementor-top-section elementor-element elementor-element-1db6d2b elementor-section-boxed elementor-section-height-default elementor-section-height-default\" data-id=\"1db6d2b\" data-element_type=\"section\">\n\t\t\t\t\t\t<div class=\"elementor-container elementor-column-gap-default\">\n\t\t\t\t\t<div class=\"elementor-column elementor-col-100 elementor-top-column elementor-element elementor-element-cfe8f3a\" data-id=\"cfe8f3a\" data-element_type=\"column\">\n\t\t\t<div class=\"elementor-widget-wrap elementor-element-populated\">\n\t\t\t\t\t\t\t\t<div class=\"elementor-element elementor-element-0c32472 elementor-widget elementor-widget-text-editor\" data-id=\"0c32472\" data-element_type=\"widget\" data-widget_type=\"text-editor.default\">\n\t\t\t\t<div class=\"elementor-widget-container\">\n\t\t\t\t\t\t\t<p>Le projet \u00ab Projet de la presse des Pyr\u00e9n\u00e9es saison 2 \u00bb est un projet d\u2019association de diff\u00e9rents journaux quotidiens fran\u00e7ais et espagnols, \u00e0 savoir La R\u00e9publique des Pyr\u00e9n\u00e9es, l\u2019Eclair, le Heraldo de Aragon, le Diario del Alto Aragon, afin d\u2019\u00ab aider\u2026 \u00e0 une meilleure compr\u00e9hension r\u00e9ciproque des enjeux touristiques dans les Pyr\u00e9n\u00e9es. \u00bb Une premi\u00e8re collaboration avait d\u00e9j\u00e0 eu lieu en 2022. Cette fois-ci, \u00ab cette seconde collaboration a pour objectif d&#8217;approfondir la question de l&#8217;attractivit\u00e9 touristique \u00e0 travers le site symbolique de Canfranc, sorte de trait d&#8217;union historique entre le B\u00e9arn et l&#8217;Aragon. \u00bb Tout cela se traduira par \u00ab la r\u00e9alisation d&#8217;enqu\u00eates et de reportages, la r\u00e9daction d&#8217;un suppl\u00e9ment de 16 pages commun aux 4 journaux ainsi que l&#8217;organisation d&#8217;une table ronde \u00e0 Canfranc durant laquelle seront interrog\u00e9s les acteurs institutionnels et \u00e9conomiques des deux r\u00e9gions sur les opportunit\u00e9s qu&#8217;offrent la ligne. \u00bb. <br \/>En clair, une promotion encore et encore de la ligne ferroviaire par les meilleurs de ses propagandistes, \u00e0 savoir les journaux locaux des Pyr\u00e9n\u00e9es qui n\u2019ont aucun concurrent pour leur porter la contradiction. C\u2019est donc un \u00e9change de bons proc\u00e9d\u00e9s o\u00f9 chacun \u00e0 ses propres int\u00e9r\u00eats et est toujours gagnant : \u00ab Je te donne une belle subvention, tu me fais un beau reportage tous les ans au mois de juillet dans ma gentilhommi\u00e8re de Lescun \u00bb, \u00ab Je te donne une belle subvention, tu me fais constamment la propagande de la ligne ferroviaire Pau \u2013 Canfranc \u00bb, \u00ab Je te donne une belle subvention, tu te fais le porte-parole de l\u2019association des partisans de la r\u00e9ouverture \u00bb, \u00ab Je te donne une belle subvention, tu vilipendes, ridiculises et d\u00e9nigres constamment l\u2019association CROC \u00bb\u2026 Une belle le\u00e7on d\u2019objectivit\u00e9 en quelque sorte !<br \/>Avec de tels agissements, l\u2019on comprend que la profession de journaliste soit la mal aim\u00e9e de nos concitoyens et que la presse \u00e9crite ait de plus en plus de mal \u00e0 fid\u00e9liser ses lecteurs. <br \/>Au passage, on pourra noter que Pyr\u00e9n\u00e9es-Presse a la main un peu lourde sur les charges, d\u00e9penses, frais et prestations. En effet, plus de 36k\u20ac pour 16 pages et une table ronde, cela fait tout de m\u00eame cher payer\u2026<\/p>\t\t\t\t\t\t<\/div>\n\t\t\t\t<\/div>\n\t\t\t\t\t<\/div>\n\t\t<\/div>\n\t\t\t\t\t\t\t<\/div>\n\t\t<\/section>\n\t\t\t\t<section class=\"elementor-section elementor-top-section elementor-element elementor-element-c0c458f elementor-section-boxed elementor-section-height-default elementor-section-height-default\" data-id=\"c0c458f\" data-element_type=\"section\">\n\t\t\t\t\t\t<div class=\"elementor-container elementor-column-gap-default\">\n\t\t\t\t\t<div class=\"elementor-column elementor-col-100 elementor-top-column elementor-element elementor-element-4222600\" data-id=\"4222600\" data-element_type=\"column\">\n\t\t\t<div class=\"elementor-widget-wrap elementor-element-populated\">\n\t\t\t\t\t\t\t\t<div class=\"elementor-element elementor-element-0618850 elementor-widget elementor-widget-text-editor\" data-id=\"0618850\" data-element_type=\"widget\" data-widget_type=\"text-editor.default\">\n\t\t\t\t<div class=\"elementor-widget-container\">\n\t\t\t\t\t\t\t<p><strong>Des pseudo-artistes qui prennent du bon temps en vall\u00e9e d\u2019Aspe et \u00e0 Canfranc<\/strong><\/p>\t\t\t\t\t\t<\/div>\n\t\t\t\t<\/div>\n\t\t\t\t\t<\/div>\n\t\t<\/div>\n\t\t\t\t\t\t\t<\/div>\n\t\t<\/section>\n\t\t\t\t<section class=\"elementor-section elementor-top-section elementor-element elementor-element-436a8cf elementor-section-boxed elementor-section-height-default elementor-section-height-default\" data-id=\"436a8cf\" data-element_type=\"section\">\n\t\t\t\t\t\t<div class=\"elementor-container elementor-column-gap-default\">\n\t\t\t\t\t<div class=\"elementor-column elementor-col-100 elementor-top-column elementor-element elementor-element-0c6369b\" data-id=\"0c6369b\" data-element_type=\"column\">\n\t\t\t<div class=\"elementor-widget-wrap elementor-element-populated\">\n\t\t\t\t\t\t\t\t<div class=\"elementor-element elementor-element-bb7d8aa elementor-widget elementor-widget-text-editor\" data-id=\"bb7d8aa\" data-element_type=\"widget\" data-widget_type=\"text-editor.default\">\n\t\t\t\t<div class=\"elementor-widget-container\">\n\t\t\t\t\t\t\t<table><tbody><tr><td colspan=\"3\" width=\"604\"><p>R\u00e9f\u00e9rence des d\u00e9lib\u00e9rations<\/p><\/td><\/tr><tr><td width=\"201\"><p>2022.877.CP<\/p><\/td><td width=\"201\"><p>2022.877.CP (Annexe)<\/p><\/td><td width=\"201\"><p>\u00a0<\/p><\/td><\/tr><tr><td width=\"201\"><p>D\u00e9penses de d\u00e9placements\/frais de mission &#8211; Frais de d\u00e9placement, h\u00e9bergement, restauration<\/p><\/td><td width=\"201\"><p>\u00a0<\/p><\/td><td width=\"201\"><p>4\u00a0400\u20ac<\/p><\/td><\/tr><tr><td width=\"201\"><p>Autres &#8211; Activit\u00e9 en plein air R\u00e9sidence artistique<\/p><\/td><td width=\"201\"><p>\u00a0<\/p><\/td><td width=\"201\"><p>1\u00a0500\u20ac<\/p><\/td><\/tr><tr><td width=\"201\"><p>Mat\u00e9riel\/\u00e9quipements &#8211; Achats en mat\u00e9riels, fournitures,\u00e9quipements..<\/p><\/td><td width=\"201\"><p>\u00a0<\/p><\/td><td width=\"201\"><p>400\u20ac<\/p><\/td><\/tr><tr><td width=\"201\"><p>Total<\/p><\/td><td width=\"201\"><p>\u00a0<\/p><\/td><td width=\"201\"><p>6 300\u20ac<\/p><\/td><\/tr><tr><td width=\"201\"><p>R\u00e9gion &#8211; Nouvelle Aquitaine<\/p><\/td><td width=\"201\"><p>50%<\/p><\/td><td width=\"201\"><p>3\u00a0150\u20ac<\/p><\/td><\/tr><tr><td width=\"201\"><p>Association l&#8217;irr\u00e9guli\u00e8re\u00a0\u00a0<\/p><\/td><td width=\"201\"><p>50%<\/p><\/td><td width=\"201\"><p>3\u00a0150\u20ac<\/p><\/td><\/tr><\/tbody><\/table>\t\t\t\t\t\t<\/div>\n\t\t\t\t<\/div>\n\t\t\t\t\t<\/div>\n\t\t<\/div>\n\t\t\t\t\t\t\t<\/div>\n\t\t<\/section>\n\t\t\t\t<section class=\"elementor-section elementor-top-section elementor-element elementor-element-fddf501 elementor-section-boxed elementor-section-height-default elementor-section-height-default\" data-id=\"fddf501\" data-element_type=\"section\">\n\t\t\t\t\t\t<div class=\"elementor-container elementor-column-gap-default\">\n\t\t\t\t\t<div class=\"elementor-column elementor-col-100 elementor-top-column elementor-element elementor-element-aa0dcb5\" data-id=\"aa0dcb5\" data-element_type=\"column\">\n\t\t\t<div class=\"elementor-widget-wrap elementor-element-populated\">\n\t\t\t\t\t\t\t\t<div class=\"elementor-element elementor-element-95b5e46 elementor-widget elementor-widget-text-editor\" data-id=\"95b5e46\" data-element_type=\"widget\" data-widget_type=\"text-editor.default\">\n\t\t\t\t<div class=\"elementor-widget-container\">\n\t\t\t\t\t\t\t<p>Le projet \u00ab La ligne qui nous unit \u00bb a \u00e9t\u00e9 mis en place par une association bordelaise \u00ab L\u2019Irr\u00e9guli\u00e8re \u00bb sp\u00e9cialis\u00e9e dans la m\u00e9diation culturelle. L&#8217;objectif de ce projet est \u00ab de cr\u00e9er une rencontre annuelle d&#8217;artistes afin d&#8217;organiser des formations et des activit\u00e9s artistiques communes pour valoriser le patrimoine naturel et culturel autour de la ligne ferroviaire Pau-Canfranc, en Vall\u00e9e d&#8217;Aspe et \u00e0 Canfranc. Il s&#8217;agit d&#8217;un projet qui fera travailler des artistes sur une th\u00e9matique transfrontali\u00e8re et qui les am\u00e8nera \u00e0 se d\u00e9placer sur ce territoire. \u00bb<br \/>En clair, une bande de copains et copines, li\u00e9s par la passion du dessin et soi-disant artistes, vont se faire payer \u00e0 l\u2019\u0153il par une subvention de 3 150\u20ac des vacances sympas en vall\u00e9e d\u2019Aspe et en Aragon : \u00ab 30 artistes seront convi\u00e9s sur 7 jours dans une r\u00e9sidence en plein air \u00e0 Oloron-Sainte-Marie. Les artistes suivront ensuite un itin\u00e9raire allant d&#8217;Accous (B\u00e9arn) \u00e0 Ayerbe (Huesca). \u00bb<br \/>Bien \u00e9videmment, tout cela se fait dans la plus grande opacit\u00e9, il est cependant pr\u00e9vu : \u00ab A l&#8217;issue du projet, certains des travaux des artistes seront s\u00e9lectionn\u00e9s et une brochure illustr\u00e9e sera confectionn\u00e9e. \u00bb On ne sait pas trop quelles \u0153uvres ont \u00e9t\u00e9 s\u00e9lectionn\u00e9es, et on attend toujours la brochure illustr\u00e9e. <br \/>Sur la page facebook de l\u2019association, des photos nous montrent nos artistes en pleine forme dans leur s\u00e9jour cr\u00e9ateur ainsi que quelques-unes de leurs \u0153uvres. On ne voit pas trop en quoi ces dessins permettent de \u00ab valoriser le patrimoine naturel et culturel autour de la ligne ferroviaire Pau-Canfranc \u00bb, mais l\u2019important est d\u2019y croire.<\/p><p><a href=\"https:\/\/www.lirreguliere.fr\/\">https:\/\/www.lirreguliere.fr\/<\/a><\/p><p>N&#8217;est pas Goya qui veut !<\/p><p><a href=\"https:\/\/www.facebook.com\/associationlirreguliere\/videos\/5235992786449305\">https:\/\/www.facebook.com\/associationlirreguliere\/videos\/5235992786449305<\/a><\/p><p>Difficile le lever \u00e0 5h du matin, mais si c&#8217;est pour la gloire de la ligne et de la Nouvelle-Aquitaine&#8230;<\/p><p><a href=\"https:\/\/www.facebook.com\/associationlirreguliere\/posts\/pfbid0uL8LhACWf9ik61HEcnhw7avKoNWnApRWwAYsSM3mmtFRCpr84aqyptAAJCevAnx9l\">https:\/\/www.facebook.com\/associationlirreguliere\/posts\/pfbid0uL8LhACWf9ik61HEcnhw7avKoNWnApRWwAYsSM3mmtFRCpr84aqyptAAJCevAnx9l<\/a><\/p><p>Sans soutien-gorge, il doit s&#8217;en passer de belles au frais du contribuable n\u00e9o-aquitain&#8230;<\/p><p><a href=\"https:\/\/www.facebook.com\/associationlirreguliere\/posts\/pfbid06r4Jq8hPqWyoSp4RXNpX4u2j1fEHLo2wNDEm7G87obHH7jrosNhPdmriYpmBHpFLl\">https:\/\/www.facebook.com\/associationlirreguliere\/posts\/pfbid06r4Jq8hPqWyoSp4RXNpX4u2j1fEHLo2wNDEm7G87obHH7jrosNhPdmriYpmBHpFLl<\/a><\/p>\t\t\t\t\t\t<\/div>\n\t\t\t\t<\/div>\n\t\t\t\t\t<\/div>\n\t\t<\/div>\n\t\t\t\t\t\t\t<\/div>\n\t\t<\/section>\n\t\t\t\t<section class=\"elementor-section elementor-top-section elementor-element elementor-element-1d5c436b elementor-section-boxed elementor-section-height-default elementor-section-height-default\" data-id=\"1d5c436b\" data-element_type=\"section\">\n\t\t\t\t\t\t<div class=\"elementor-container elementor-column-gap-default\">\n\t\t\t\t\t<div class=\"elementor-column elementor-col-100 elementor-top-column elementor-element elementor-element-51c91cd0\" data-id=\"51c91cd0\" data-element_type=\"column\">\n\t\t\t<div class=\"elementor-widget-wrap elementor-element-populated\">\n\t\t\t\t\t\t\t\t<div class=\"elementor-element elementor-element-69cea418 elementor-widget elementor-widget-text-editor\" data-id=\"69cea418\" data-element_type=\"widget\" data-widget_type=\"text-editor.default\">\n\t\t\t\t<div class=\"elementor-widget-container\">\n\t\t\t\t\t\t\t<p><strong>Un projet de recherche qui ne trouve rien<\/strong><\/p>\t\t\t\t\t\t<\/div>\n\t\t\t\t<\/div>\n\t\t\t\t\t<\/div>\n\t\t<\/div>\n\t\t\t\t\t\t\t<\/div>\n\t\t<\/section>\n\t\t\t\t<section class=\"elementor-section elementor-top-section elementor-element elementor-element-8e78aef elementor-section-boxed elementor-section-height-default elementor-section-height-default\" data-id=\"8e78aef\" data-element_type=\"section\">\n\t\t\t\t\t\t<div class=\"elementor-container elementor-column-gap-default\">\n\t\t\t\t\t<div class=\"elementor-column elementor-col-100 elementor-top-column elementor-element elementor-element-dd3cd97\" data-id=\"dd3cd97\" data-element_type=\"column\">\n\t\t\t<div class=\"elementor-widget-wrap elementor-element-populated\">\n\t\t\t\t\t\t\t\t<div class=\"elementor-element elementor-element-5835dc2 elementor-widget elementor-widget-text-editor\" data-id=\"5835dc2\" data-element_type=\"widget\" data-widget_type=\"text-editor.default\">\n\t\t\t\t<div class=\"elementor-widget-container\">\n\t\t\t\t\t\t\t<table><tbody><tr><td colspan=\"3\" width=\"604\"><p>R\u00e9f\u00e9rence des d\u00e9lib\u00e9rations<\/p><\/td><\/tr><tr><td width=\"201\"><p>2019.883.CP<\/p><\/td><td width=\"201\">\u00a0<\/td><td width=\"201\">\u00a0<\/td><\/tr><tr><td width=\"201\"><p>Frais de personnel<\/p><\/td><td width=\"201\">\u00a0<\/td><td width=\"201\"><p>5 771\u20ac<\/p><\/td><\/tr><tr><td width=\"201\"><p>Panneaux exposition<\/p><\/td><td width=\"201\">\u00a0<\/td><td width=\"201\"><p>1 200\u20ac<\/p><\/td><\/tr><tr><td width=\"201\"><p>Page web<\/p><\/td><td width=\"201\">\u00a0<\/td><td width=\"201\"><p>300\u20ac<\/p><\/td><\/tr><tr><td width=\"201\"><p>Publication ouvrage collectif<\/p><\/td><td width=\"201\">\u00a0<\/td><td width=\"201\"><p>2 500\u20ac<\/p><\/td><\/tr><tr><td width=\"201\"><p>Organisation colloque international<\/p><\/td><td width=\"201\">\u00a0<\/td><td width=\"201\"><p>1 500\u20ac<\/p><\/td><\/tr><tr><td width=\"201\"><p>Overheads<\/p><\/td><td width=\"201\">\u00a0<\/td><td width=\"201\"><p>271\u20ac<\/p><\/td><\/tr><tr><td width=\"201\"><p>Total<\/p><\/td><td width=\"201\">\u00a0<\/td><td width=\"201\"><p>11 542\u20ac<\/p><\/td><\/tr><\/tbody><\/table>\t\t\t\t\t\t<\/div>\n\t\t\t\t<\/div>\n\t\t\t\t\t<\/div>\n\t\t<\/div>\n\t\t\t\t\t\t\t<\/div>\n\t\t<\/section>\n\t\t\t\t<section class=\"elementor-section elementor-top-section elementor-element elementor-element-167eef40 elementor-section-boxed elementor-section-height-default elementor-section-height-default\" data-id=\"167eef40\" data-element_type=\"section\">\n\t\t\t\t\t\t<div class=\"elementor-container elementor-column-gap-default\">\n\t\t\t\t\t<div class=\"elementor-column elementor-col-100 elementor-top-column elementor-element elementor-element-4ada5124\" data-id=\"4ada5124\" data-element_type=\"column\">\n\t\t\t<div class=\"elementor-widget-wrap elementor-element-populated\">\n\t\t\t\t\t\t\t\t<div class=\"elementor-element elementor-element-5fc91aa5 elementor-widget elementor-widget-text-editor\" data-id=\"5fc91aa5\" data-element_type=\"widget\" data-widget_type=\"text-editor.default\">\n\t\t\t\t<div class=\"elementor-widget-container\">\n\t\t\t\t\t\t\t<p>Dans la cadre de la coop\u00e9ration transfrontali\u00e8re, le projet SUM-PORT a \u00e9t\u00e9 mis en \u0153uvre conjointement par l\u2019Universit\u00e9 de Pau et des Pays de l\u2019Adour et par l\u2019Universit\u00e9 de Saragosse. L\u2019objectif de ce projet est \u00ab d&#8217;analyser historiquement les migrations et les exils transfrontaliers qui ont connect\u00e9 les vall\u00e9es d&#8217;Aragon et d&#8217;Aspe \u00e0 l&#8217;\u00e9poque contemporaine. Il s&#8217;agit ainsi de valoriser la ligne de chemin de fer internationale reliant Saragosse \u00e0 Pau qui circulait dans ces territoires. \u00bb <br \/>Vaste programme sans beaucoup d\u2019int\u00e9r\u00eat, mais tout est bon pour justifier la r\u00e9ouverture de la ligne Pau \u2013 Canfranc \u2013 Saragosse. Et c\u2019est ainsi qu\u2019une subvention de 5 771\u20ac correspondant \u00e0 50% des d\u00e9penses de ce projet a \u00e9t\u00e9 attribu\u00e9e \u00e0 l\u2019Universit\u00e9 de Pau et des Pays de l\u2019Adour pour les activit\u00e9s suivantes : \u00ab Parmi les principales activit\u00e9s qui seront d\u00e9velopp\u00e9es, et en collaboration avec les associations et les municipalit\u00e9s de Canfranc et d&#8217;Oloron Sainte-Marie figurent l&#8217;\u00e9tude du patrimoine, la tenue d&#8217;un congr\u00e8s international, la publication d&#8217;un ouvrage collectif, l&#8217;installation de mat\u00e9riel d&#8217;exposition portable et la cr\u00e9ation d&#8217;un portail web. \u00bb<br \/>Le congr\u00e8s international, qui n\u2019avait d\u2019international que de nom, a bien eu lieu les 25 et 26 octobre 2019 au Laboratoire Souterrain de Canfranc.<\/p><p><a href=\"https:\/\/www.unizar.es\/actualidad\/ficheros\/20191017\/50741\/programa_final.pdf\">https:\/\/www.unizar.es\/actualidad\/ficheros\/20191017\/50741\/programa_final.pdf<\/a><\/p><p>Quant au site web et \u00e0 l\u2019ouvrage collectif, on les cherche encore\u2026<\/p>\t\t\t\t\t\t<\/div>\n\t\t\t\t<\/div>\n\t\t\t\t\t<\/div>\n\t\t<\/div>\n\t\t\t\t\t\t\t<\/div>\n\t\t<\/section>\n\t\t\t\t<section class=\"elementor-section elementor-top-section elementor-element elementor-element-0b35104 elementor-section-boxed elementor-section-height-default elementor-section-height-default\" data-id=\"0b35104\" data-element_type=\"section\">\n\t\t\t\t\t\t<div class=\"elementor-container elementor-column-gap-default\">\n\t\t\t\t\t<div class=\"elementor-column elementor-col-100 elementor-top-column elementor-element elementor-element-40009b4\" data-id=\"40009b4\" data-element_type=\"column\">\n\t\t\t<div class=\"elementor-widget-wrap elementor-element-populated\">\n\t\t\t\t\t\t\t\t<div class=\"elementor-element elementor-element-33d406f elementor-widget elementor-widget-text-editor\" data-id=\"33d406f\" data-element_type=\"widget\" data-widget_type=\"text-editor.default\">\n\t\t\t\t<div class=\"elementor-widget-container\">\n\t\t\t\t\t\t\t<p><strong>Une subvention \u00e0 des personnes priv\u00e9es pour cr\u00e9er leur h\u00f4tel<\/strong><\/p>\t\t\t\t\t\t<\/div>\n\t\t\t\t<\/div>\n\t\t\t\t\t<\/div>\n\t\t<\/div>\n\t\t\t\t\t\t\t<\/div>\n\t\t<\/section>\n\t\t\t\t<section class=\"elementor-section elementor-top-section elementor-element elementor-element-92ff94a elementor-section-boxed elementor-section-height-default elementor-section-height-default\" data-id=\"92ff94a\" data-element_type=\"section\">\n\t\t\t\t\t\t<div class=\"elementor-container elementor-column-gap-default\">\n\t\t\t\t\t<div class=\"elementor-column elementor-col-100 elementor-top-column elementor-element elementor-element-1c8ca8d\" data-id=\"1c8ca8d\" data-element_type=\"column\">\n\t\t\t<div class=\"elementor-widget-wrap elementor-element-populated\">\n\t\t\t\t\t\t\t\t<div class=\"elementor-element elementor-element-7bb22ae elementor-widget elementor-widget-text-editor\" data-id=\"7bb22ae\" data-element_type=\"widget\" data-widget_type=\"text-editor.default\">\n\t\t\t\t<div class=\"elementor-widget-container\">\n\t\t\t\t\t\t\t<table><tbody><tr><td colspan=\"3\" width=\"604\"><p>R\u00e9f\u00e9rence des d\u00e9lib\u00e9rations<\/p><\/td><\/tr><tr><td width=\"201\"><p>2018.2035.CP<\/p><\/td><td width=\"201\"><p>\u00a0<\/p><\/td><td width=\"201\"><p>\u00a0<\/p><\/td><\/tr><\/tbody><\/table>\t\t\t\t\t\t<\/div>\n\t\t\t\t<\/div>\n\t\t\t\t\t<\/div>\n\t\t<\/div>\n\t\t\t\t\t\t\t<\/div>\n\t\t<\/section>\n\t\t\t\t<section class=\"elementor-section elementor-top-section elementor-element elementor-element-3b24d44 elementor-section-boxed elementor-section-height-default elementor-section-height-default\" data-id=\"3b24d44\" data-element_type=\"section\">\n\t\t\t\t\t\t<div class=\"elementor-container elementor-column-gap-default\">\n\t\t\t\t\t<div class=\"elementor-column elementor-col-100 elementor-top-column elementor-element elementor-element-2400f7d\" data-id=\"2400f7d\" data-element_type=\"column\">\n\t\t\t<div class=\"elementor-widget-wrap elementor-element-populated\">\n\t\t\t\t\t\t\t\t<div class=\"elementor-element elementor-element-e359f3f elementor-widget elementor-widget-text-editor\" data-id=\"e359f3f\" data-element_type=\"widget\" data-widget_type=\"text-editor.default\">\n\t\t\t\t<div class=\"elementor-widget-container\">\n\t\t\t\t\t\t\t<p>C\u2019est \u00e0 peine croyable, mais c\u2019est une subvention de 80k\u20ac donn\u00e9e cash \u00e0 un couple de priv\u00e9s pour que ceux-ci puissent am\u00e9nager leur h\u00f4tel dans l\u2019ancienne gare de Bedous. On peut s\u2019interroger sur la l\u00e9galit\u00e9 d\u2019une telle subvention donn\u00e9e \u00e0 des personnes priv\u00e9es sans aucune contrepartie et \u00e0 la distorsion de concurrence faite envers tous les h\u00f4teliers de la vall\u00e9e d\u2019Aspe. Mais, bon, selon la d\u00e9lib\u00e9ration : \u00ab Le R\u00e8glement d&#8217;Intervention Tourisme R\u00e9gional autorise une aide financi\u00e8re \u00e0 hauteur de 20% maximum d&#8217;un montant de d\u00e9penses plafonn\u00e9es \u00e0 400k\u20ac HT pour les op\u00e9rations relevant de la modernisation de l&#8217;h\u00f4tellerie ind\u00e9pendante en zone de montagne. \u00bb Soit, et c\u2019est ainsi que 17% des travaux estim\u00e9s \u00e0 460k\u20ac ont \u00e9t\u00e9 financ\u00e9s par la R\u00e9gion \u00e0 ce couple d\u2019h\u00f4teliers qui ont cr\u00e9\u00e9 6 chambres et un restaurant. <br \/>Et toujours, selon la d\u00e9lib\u00e9ration, \u00ab Le projet de cr\u00e9ation d&#8217;un tel \u00e9quipement en Vall\u00e9e d&#8217;Aspe a \u00e9t\u00e9 rendu possible \u00e9conomiquement gr\u00e2ce notamment \u00e0 la r\u00e9ouverture de la ligne Pau &#8211; Bedous et \u00e0 terme de la ligne Pau &#8211; Canfranc. \u00bb On souhaite vivement que nos h\u00f4teliers ne comptent pas trop sur la fr\u00e9quentation de la ligne Oloron \u2013 Bedous et sur la r\u00e9ouverture de Pau \u2013 Canfranc pour remplir leur h\u00f4tel et leur restaurant, car ils risquent de tr\u00e8s vite d\u00e9chanter.<\/p>\t\t\t\t\t\t<\/div>\n\t\t\t\t<\/div>\n\t\t\t\t\t<\/div>\n\t\t<\/div>\n\t\t\t\t\t\t\t<\/div>\n\t\t<\/section>\n\t\t\t\t<section class=\"elementor-section elementor-top-section elementor-element elementor-element-d1d1283 elementor-section-boxed elementor-section-height-default elementor-section-height-default\" data-id=\"d1d1283\" data-element_type=\"section\">\n\t\t\t\t\t\t<div class=\"elementor-container elementor-column-gap-default\">\n\t\t\t\t\t<div class=\"elementor-column elementor-col-100 elementor-top-column elementor-element elementor-element-b141c9a\" data-id=\"b141c9a\" data-element_type=\"column\">\n\t\t\t<div class=\"elementor-widget-wrap elementor-element-populated\">\n\t\t\t\t\t\t\t\t<div class=\"elementor-element elementor-element-098e62d elementor-widget elementor-widget-text-editor\" data-id=\"098e62d\" data-element_type=\"widget\" data-widget_type=\"text-editor.default\">\n\t\t\t\t<div class=\"elementor-widget-container\">\n\t\t\t\t\t\t\t<p><strong>La g\u00e9ologie 2.0 \u00e0 bord du train Oloron &#8211; Bedous<\/strong><\/p>\t\t\t\t\t\t<\/div>\n\t\t\t\t<\/div>\n\t\t\t\t\t<\/div>\n\t\t<\/div>\n\t\t\t\t\t\t\t<\/div>\n\t\t<\/section>\n\t\t\t\t<section class=\"elementor-section elementor-top-section elementor-element elementor-element-340fe7a elementor-section-boxed elementor-section-height-default elementor-section-height-default\" data-id=\"340fe7a\" data-element_type=\"section\">\n\t\t\t\t\t\t<div class=\"elementor-container elementor-column-gap-default\">\n\t\t\t\t\t<div class=\"elementor-column elementor-col-100 elementor-top-column elementor-element elementor-element-8027801\" data-id=\"8027801\" data-element_type=\"column\">\n\t\t\t<div class=\"elementor-widget-wrap elementor-element-populated\">\n\t\t\t\t\t\t\t\t<div class=\"elementor-element elementor-element-92f7d33 elementor-widget elementor-widget-text-editor\" data-id=\"92f7d33\" data-element_type=\"widget\" data-widget_type=\"text-editor.default\">\n\t\t\t\t<div class=\"elementor-widget-container\">\n\t\t\t\t\t\t\t<table><tbody><tr><td colspan=\"3\" width=\"604\"><p>R\u00e9f\u00e9rence des d\u00e9lib\u00e9rations<\/p><\/td><\/tr><tr><td width=\"201\"><p>2018.1135.SP<\/p><\/td><td width=\"201\"><p>2018.1135.SP (Annexe)<\/p><\/td><td width=\"201\"><p>2018.1376.CP<\/p><\/td><\/tr><tr><td width=\"201\"><p>R\u00e9gion Nouvelle-Aquitaine<\/p><\/td><td width=\"201\"><p>13,32%<\/p><\/td><td width=\"201\"><p>17 965\u20ac<\/p><\/td><\/tr><tr><td width=\"201\"><p>D\u00e9partement des Pyr\u00e9n\u00e9es Atlantiques<\/p><\/td><td width=\"201\"><p>13,32%<\/p><\/td><td width=\"201\"><p>17 965\u20ac<\/p><\/td><\/tr><tr><td width=\"201\"><p>Etat (FNADT)<\/p><\/td><td width=\"201\"><p>13,32<\/p><\/td><td width=\"201\"><p>17 965\u20ac<\/p><\/td><\/tr><tr><td width=\"201\"><p>Europe (Leader)<\/p><\/td><td width=\"201\"><p>45,05%<\/p><\/td><td width=\"201\"><p>60 770\u20ac<\/p><\/td><\/tr><tr><td width=\"201\"><p>Autofinancement<\/p><\/td><td width=\"201\"><p>15,00%<\/p><\/td><td width=\"201\"><p>20 235\u20ac<\/p><\/td><\/tr><tr><td width=\"201\"><p>TOTAL<\/p><\/td><td width=\"201\"><p>\u00a0<\/p><\/td><td width=\"201\"><p>134 900\u20ac<\/p><\/td><\/tr><\/tbody><\/table>\t\t\t\t\t\t<\/div>\n\t\t\t\t<\/div>\n\t\t\t\t\t<\/div>\n\t\t<\/div>\n\t\t\t\t\t\t\t<\/div>\n\t\t<\/section>\n\t\t\t\t<section class=\"elementor-section elementor-top-section elementor-element elementor-element-8aecf40 elementor-section-boxed elementor-section-height-default elementor-section-height-default\" data-id=\"8aecf40\" data-element_type=\"section\">\n\t\t\t\t\t\t<div class=\"elementor-container elementor-column-gap-default\">\n\t\t\t\t\t<div class=\"elementor-column elementor-col-100 elementor-top-column elementor-element elementor-element-b8c3805\" data-id=\"b8c3805\" data-element_type=\"column\">\n\t\t\t<div class=\"elementor-widget-wrap elementor-element-populated\">\n\t\t\t\t\t\t\t\t<div class=\"elementor-element elementor-element-9d1d595 elementor-widget elementor-widget-text-editor\" data-id=\"9d1d595\" data-element_type=\"widget\" data-widget_type=\"text-editor.default\">\n\t\t\t\t<div class=\"elementor-widget-container\">\n\t\t\t\t\t\t\t<p>C\u2019est une subvention de presque 18k\u20ac de la R\u00e9gion pour l\u2019association G\u00e9olval destin\u00e9e \u00e0 la mise en \u0153uvre du train de Pyr\u00e8ne. Selon l\u2019association, le train de Pyr\u00e8ne permet de \u00ab valoriser l\u2019itin\u00e9raire Pau-Canfranc par la mise en place d\u2019une signal\u00e9tique et d\u2019animations touristiques et patrimoniales sur le cheminement g\u00e9ologique du trac\u00e9 ferroviaire. \u00bb. Parmi les actions envisag\u00e9es, figure l\u2019action suivante : \u00ab offre de produits touristiques de type \u00ab train \u00e0 th\u00e8mes \u00bb avec accompagnateurs capables d\u2019intervenir dans les diff\u00e9rentes sp\u00e9cialit\u00e9s (environnement, g\u00e9ologie, g\u00e9ographie, patrimoine b\u00e2ti, ouvrages d\u2019art&#8230;). \u00bb<br \/>C\u2019est la g\u00e9ologie 2.0. Avant, la g\u00e9ologie, c\u2019\u00e9tait chausser ses chaussures de randonn\u00e9es, prendre son petit marteau et son sac \u00e0 dos puis faire des dizaines de kilom\u00e8tres \u00e0 pied pour rechercher des roches, min\u00e9raux et fossiles caract\u00e9ristiques des Pyr\u00e9n\u00e9es avec le guide g\u00e9ologique r\u00e9gional Masson sous le bras. <br \/>Mais, \u00e7a, c\u2019\u00e9tait avant. Avec l\u2019association G\u00e9olval, \u00ab ce n\u2019est pas toi qui vas \u00e0 la g\u00e9ologie, c\u2019est la g\u00e9ologie qui vient \u00e0 toi \u00bb. Et rien de mieux que le train Oloron-Bedous transform\u00e9 en G\u00e9otrain o\u00f9 l\u2019on est assis confortablement avec ses habits du dimanche, pour faire de la g\u00e9ologie avec un Gentil Organisateur qui vous apporte roches, min\u00e9raux et fossiles d\u00e9j\u00e0 tout pr\u00e9par\u00e9s. Pas besoin de se fatiguer, pas besoin de se salir, pas de risque de revenir bredouille, et surtout un train Oloron \u2013 Bedous qui accueille enfin quelques passagers, histoire de justifier au minimum les 122M\u20ac investis. <br \/>Mais disons, sans \u00eatre m\u00e9disant, que notre train de Pyr\u00e8ne n\u2019est pas un franc succ\u00e8s. Apr\u00e8s une inauguration en grande pompe le 25 septembre 2021 avec le pr\u00e9sident du Conseil R\u00e9gional et de nombreux \u00e9lus de la r\u00e9gion, le site internet de l\u2019association nous apprend que 4 visites ont \u00e9t\u00e9 pr\u00e9vues \u00e0 l\u2019\u00e9t\u00e9 2022 pour la deuxi\u00e8me saison. Une a \u00e9t\u00e9 annul\u00e9e faute de participants, les trois autres ont rassembl\u00e9 p\u00e9niblement 7, 11 et 13 participants. Il y avait donc plus de participants \u00e0 l\u2019inauguration du 25 septembre 2021 que durant toute l\u2019ann\u00e9e 2022 !<br \/>Encore rat\u00e9 pour remplir les trains Oloron &#8211; Bedous !<br \/>Alors, pour rentabiliser cette subvention et justifier ce train de Pyr\u00e8ne, n\u2019h\u00e9sitez pas \u00e0 remplir le G\u00e9otrain Oloron \u2013 Bedous de g\u00e9ologues en herbe en vous adressant \u00e0 l\u2019association G\u00e9olval comme le montre cette vid\u00e9o de pr\u00e9sentation :<\/p><p><a href=\"https:\/\/www.youtube.com\/watch?v=pXuO0kGBeTI\">https:\/\/www.youtube.com\/watch?v=pXuO0kGBeT<\/a><\/p>\t\t\t\t\t\t<\/div>\n\t\t\t\t<\/div>\n\t\t\t\t\t<\/div>\n\t\t<\/div>\n\t\t\t\t\t\t\t<\/div>\n\t\t<\/section>\n\t\t\t\t<section class=\"elementor-section elementor-top-section elementor-element elementor-element-74b4b1d elementor-section-boxed elementor-section-height-default elementor-section-height-default\" data-id=\"74b4b1d\" data-element_type=\"section\">\n\t\t\t\t\t\t<div class=\"elementor-container elementor-column-gap-default\">\n\t\t\t\t\t<div class=\"elementor-column elementor-col-100 elementor-top-column elementor-element elementor-element-9a4dfea\" data-id=\"9a4dfea\" data-element_type=\"column\">\n\t\t\t<div class=\"elementor-widget-wrap elementor-element-populated\">\n\t\t\t\t\t\t\t\t<div class=\"elementor-element elementor-element-b310ecb elementor-widget elementor-widget-text-editor\" data-id=\"b310ecb\" data-element_type=\"widget\" data-widget_type=\"text-editor.default\">\n\t\t\t\t<div class=\"elementor-widget-container\">\n\t\t\t\t\t\t\t<p><strong>Combats de jedis b\u00e9arnais \u00e0 la gare de Bedous<\/strong><\/p>\t\t\t\t\t\t<\/div>\n\t\t\t\t<\/div>\n\t\t\t\t\t<\/div>\n\t\t<\/div>\n\t\t\t\t\t\t\t<\/div>\n\t\t<\/section>\n\t\t\t\t<section class=\"elementor-section elementor-top-section elementor-element elementor-element-a028131 elementor-section-boxed elementor-section-height-default elementor-section-height-default\" data-id=\"a028131\" data-element_type=\"section\">\n\t\t\t\t\t\t<div class=\"elementor-container elementor-column-gap-default\">\n\t\t\t\t\t<div class=\"elementor-column elementor-col-100 elementor-top-column elementor-element elementor-element-09a4b23\" data-id=\"09a4b23\" data-element_type=\"column\">\n\t\t\t<div class=\"elementor-widget-wrap elementor-element-populated\">\n\t\t\t\t\t\t\t\t<div class=\"elementor-element elementor-element-7805a85 elementor-widget elementor-widget-text-editor\" data-id=\"7805a85\" data-element_type=\"widget\" data-widget_type=\"text-editor.default\">\n\t\t\t\t<div class=\"elementor-widget-container\">\n\t\t\t\t\t\t\t<table><tbody><tr><td colspan=\"3\" width=\"604\"><p>R\u00e9f\u00e9rence des d\u00e9lib\u00e9rations<\/p><\/td><\/tr><tr><td width=\"217\"><p>2017.162.CP<\/p><\/td><td width=\"186\">\u00a0<\/td><td width=\"201\">\u00a0<\/td><\/tr><tr><td width=\"217\"><p>R\u00e9gion Nouvelle-Aquitaine<\/p><\/td><td width=\"186\"><p>10,59%<\/p><\/td><td width=\"201\"><p>17 000\u20ac<\/p><\/td><\/tr><tr><td width=\"217\"><p>D\u00e9partement des Pyr\u00e9n\u00e9es Atlantiques<\/p><\/td><td width=\"186\"><p>10,59%<\/p><\/td><td width=\"201\"><p>17 000\u20ac<\/p><\/td><\/tr><tr><td width=\"217\"><p>Communaut\u00e9 d&#8217;Agglom\u00e9ration de Pau Pyr\u00e9n\u00e9es<\/p><\/td><td width=\"186\"><p>52,96%<\/p><\/td><td width=\"201\"><p>85 000\u20ac<\/p><\/td><\/tr><tr><td width=\"217\"><p>Commune de Pau<\/p><\/td><td width=\"186\"><p>3,12%<\/p><\/td><td width=\"201\"><p>5 000\u20ac<\/p><\/td><\/tr><tr><td width=\"217\"><p>Commune de Juran\u00e7on<\/p><\/td><td width=\"186\"><p>3,12%<\/p><\/td><td width=\"201\"><p>5 000\u20ac<\/p><\/td><\/tr><tr><td width=\"217\"><p>Autres financements priv\u00e9<\/p><\/td><td width=\"186\"><p>3,74%<\/p><\/td><td width=\"201\"><p>6 000\u20ac<\/p><\/td><\/tr><tr><td width=\"217\"><p>Autofinancement<\/p><\/td><td width=\"186\"><p>15,89%<\/p><\/td><td width=\"201\"><p>25 500\u20ac<\/p><\/td><\/tr><tr><td width=\"217\"><p>TOTAL<\/p><\/td><td width=\"186\">\u00a0<\/td><td width=\"201\"><p>160 500\u20ac<\/p><\/td><\/tr><\/tbody><\/table>\t\t\t\t\t\t<\/div>\n\t\t\t\t<\/div>\n\t\t\t\t\t<\/div>\n\t\t<\/div>\n\t\t\t\t\t\t\t<\/div>\n\t\t<\/section>\n\t\t\t\t<section class=\"elementor-section elementor-top-section elementor-element elementor-element-5c2cf69 elementor-section-boxed elementor-section-height-default elementor-section-height-default\" data-id=\"5c2cf69\" data-element_type=\"section\">\n\t\t\t\t\t\t<div class=\"elementor-container elementor-column-gap-default\">\n\t\t\t\t\t<div class=\"elementor-column elementor-col-100 elementor-top-column elementor-element elementor-element-e9f9f7e\" data-id=\"e9f9f7e\" data-element_type=\"column\">\n\t\t\t<div class=\"elementor-widget-wrap elementor-element-populated\">\n\t\t\t\t\t\t\t\t<div class=\"elementor-element elementor-element-fc19649 elementor-widget elementor-widget-text-editor\" data-id=\"fc19649\" data-element_type=\"widget\" data-widget_type=\"text-editor.default\">\n\t\t\t\t<div class=\"elementor-widget-container\">\n\t\t\t\t\t\t\t<p>C\u2019est une subvention de 17k\u20ac de la R\u00e9gion pour l\u2019organisation du Carnaval Biarn\u00e9s du 14 au 26 f\u00e9vrier 2017 par l\u2019association Carnaval Pantalonada. Parmi les activit\u00e9s pr\u00e9vues, une vid\u00e9o quelque peu fantomatique de l\u2019arriv\u00e9e du train \u00e0 Bedous avec un combat de jedis \u00e0 la sauce b\u00e9arnaise. Le but de cette vid\u00e9o est de faire des \u00ab Op\u00e9rations de valorisation de la ligne TER Pau \u2013 Canfranc, concr\u00e9tis\u00e9es par des actions de valorisation sp\u00e9cifique \u00bb dans l\u2019objectif de promouvoir le Carnaval et surtout de vendre encore et encore la ligne Oloron &#8211; Bedous. On doute que cette subvention ait incit\u00e9 des voyageurs potentiels \u00e0 prendre le train. Quoi qu\u2019il en soit, la vid\u00e9o est tr\u00e8s kitsch et ne rentrera pas dans les annales de la science-fiction, mais on ne se lasse pas de revoir cette confrontation qui a un petit air de combat entre Dark Vador et Obiwan Kenobi. <br \/>Pour rentabiliser cette subvention et m\u00eame avec quelques ann\u00e9es de retard, voyez et revoyez cette vid\u00e9o !<\/p><p><a href=\"https:\/\/www.youtube.com\/watch?v=z8SRVM0HITM\">https:\/\/www.youtube.com\/watch?v=z8SRVM0HITM<\/a><\/p>\t\t\t\t\t\t<\/div>\n\t\t\t\t<\/div>\n\t\t\t\t\t<\/div>\n\t\t<\/div>\n\t\t\t\t\t\t\t<\/div>\n\t\t<\/section>\n\t\t\t\t<section class=\"elementor-section elementor-top-section elementor-element elementor-element-66b15e6 elementor-section-boxed elementor-section-height-default elementor-section-height-default\" data-id=\"66b15e6\" data-element_type=\"section\">\n\t\t\t\t\t\t<div class=\"elementor-container elementor-column-gap-default\">\n\t\t\t\t\t<div class=\"elementor-column elementor-col-100 elementor-top-column elementor-element elementor-element-6611039\" data-id=\"6611039\" data-element_type=\"column\">\n\t\t\t<div class=\"elementor-widget-wrap elementor-element-populated\">\n\t\t\t\t\t\t\t\t<div class=\"elementor-element elementor-element-0c6a301 elementor-widget elementor-widget-text-editor\" data-id=\"0c6a301\" data-element_type=\"widget\" data-widget_type=\"text-editor.default\">\n\t\t\t\t<div class=\"elementor-widget-container\">\n\t\t\t\t\t\t\t<p><strong>L\u2019inauguration \u00e0 prix d\u2019or de la r\u00e9ouverture d\u2019Oloron-Sainte-Marie \u00e0 Bedous<\/strong><\/p>\t\t\t\t\t\t<\/div>\n\t\t\t\t<\/div>\n\t\t\t\t\t<\/div>\n\t\t<\/div>\n\t\t\t\t\t\t\t<\/div>\n\t\t<\/section>\n\t\t\t\t<section class=\"elementor-section elementor-top-section elementor-element elementor-element-6955d00 elementor-section-boxed elementor-section-height-default elementor-section-height-default\" data-id=\"6955d00\" data-element_type=\"section\">\n\t\t\t\t\t\t<div class=\"elementor-container elementor-column-gap-default\">\n\t\t\t\t\t<div class=\"elementor-column elementor-col-100 elementor-top-column elementor-element elementor-element-eb47751\" data-id=\"eb47751\" data-element_type=\"column\">\n\t\t\t<div class=\"elementor-widget-wrap elementor-element-populated\">\n\t\t\t\t\t\t\t\t<div class=\"elementor-element elementor-element-4b16eef elementor-widget elementor-widget-text-editor\" data-id=\"4b16eef\" data-element_type=\"widget\" data-widget_type=\"text-editor.default\">\n\t\t\t\t<div class=\"elementor-widget-container\">\n\t\t\t\t\t\t\t<table><tbody><tr><td colspan=\"3\" width=\"604\"><p>R\u00e9f\u00e9rence des d\u00e9lib\u00e9rations<\/p><\/td><\/tr><tr><td width=\"201\"><p>2016.2226.CP<\/p><\/td><td width=\"201\"><p>2016.2226.CP (Annexe)<\/p><\/td><td width=\"201\"><p>\u00a0<\/p><\/td><\/tr><\/tbody><\/table>\t\t\t\t\t\t<\/div>\n\t\t\t\t<\/div>\n\t\t\t\t\t<\/div>\n\t\t<\/div>\n\t\t\t\t\t\t\t<\/div>\n\t\t<\/section>\n\t\t\t\t<section class=\"elementor-section elementor-top-section elementor-element elementor-element-972ca8c elementor-section-boxed elementor-section-height-default elementor-section-height-default\" data-id=\"972ca8c\" data-element_type=\"section\">\n\t\t\t\t\t\t<div class=\"elementor-container elementor-column-gap-default\">\n\t\t\t\t\t<div class=\"elementor-column elementor-col-100 elementor-top-column elementor-element elementor-element-efc4978\" data-id=\"efc4978\" data-element_type=\"column\">\n\t\t\t<div class=\"elementor-widget-wrap elementor-element-populated\">\n\t\t\t\t\t\t\t\t<div class=\"elementor-element elementor-element-fdfa070 elementor-widget elementor-widget-text-editor\" data-id=\"fdfa070\" data-element_type=\"widget\" data-widget_type=\"text-editor.default\">\n\t\t\t\t<div class=\"elementor-widget-container\">\n\t\t\t\t\t\t\t<p>Ce 26 juin 2016 est une journ\u00e9e \u00e0 marquer d\u2019une pierre noire en Vall\u00e9e d\u2019Aspe. Avec l\u2019inauguration de la r\u00e9ouverture de la section d\u2019Oloron \u00e0 Bedous, ce sont des millions d\u2019euros qui prendront tous les ans la direction de la poubelle. Mais pour bien marquer ce jour, la R\u00e9gion n\u2019a pas h\u00e9sit\u00e9 \u00e0 faire les choses en grand pour sa propre glorification. Elle a donc mandat\u00e9 l\u2019Office de Tourisme de la Vall\u00e9e d\u2019Aspe afin d\u2019organiser la journ\u00e9e et d\u2019assurer la communication. Ainsi, selon les dires de la R\u00e9gion, \u00ab Cet \u00e9v\u00e8nement s&#8217;inscrit dans une d\u00e9marche globale d&#8217;attractivit\u00e9 du territoire et devrait conforter la communication qui est faite pour la fr\u00e9quentation de cette ligne par la SNCF et la R\u00e9gion en donnant de la visibilit\u00e9 \u00e0 l&#8217;offre vall\u00e9enne de loisirs et de service. \u00bb<br \/>C\u2019est donc un budget de 9 000\u20ac qui a \u00e9t\u00e9 pr\u00e9vu pour l\u2019Office de Tourisme afin d&#8217;organiser cet \u00e9v\u00e9nement. Sur ces 9 000\u20ac, la R\u00e9gion a fourni une jolie subvention de 2 000\u20ac. De quoi acheter pleins de ballons de baudruche, d\u2019apposer de grandes affiches et de pavoiser de drapeaux la gare de Bedous. Mais n\u2019est-ce pas normal pour une ligne pour qui le Pr\u00e9sident de la R\u00e9gion n\u2019h\u00e9sita pas \u00e0 dire ce jour-l\u00e0 : \u00ab en saison touristique notamment, plusieurs centaines de milliers de voyageurs ! \u00bb<br \/>On aimerait aussi savoir, si tous ceux qui chantaient et dansaient dans la rame inaugurale, ont repris au moins une fois le train depuis ce triste jour ?<\/p>\t\t\t\t\t\t<\/div>\n\t\t\t\t<\/div>\n\t\t\t\t\t<\/div>\n\t\t<\/div>\n\t\t\t\t\t\t\t<\/div>\n\t\t<\/section>\n\t\t\t\t<section class=\"elementor-section elementor-top-section elementor-element elementor-element-888d00e elementor-section-boxed elementor-section-height-default elementor-section-height-default\" data-id=\"888d00e\" data-element_type=\"section\">\n\t\t\t\t\t\t<div class=\"elementor-container elementor-column-gap-default\">\n\t\t\t\t\t<div class=\"elementor-column elementor-col-100 elementor-top-column elementor-element elementor-element-8b81e80\" data-id=\"8b81e80\" data-element_type=\"column\">\n\t\t\t<div class=\"elementor-widget-wrap elementor-element-populated\">\n\t\t\t\t\t\t\t\t<div class=\"elementor-element elementor-element-e76613c elementor-widget elementor-widget-text-editor\" data-id=\"e76613c\" data-element_type=\"widget\" data-widget_type=\"text-editor.default\">\n\t\t\t\t<div class=\"elementor-widget-container\">\n\t\t\t\t\t\t\t<p><strong>Le centenaire vite oubli\u00e9 de la gare de Bedous<\/strong><\/p>\t\t\t\t\t\t<\/div>\n\t\t\t\t<\/div>\n\t\t\t\t\t<\/div>\n\t\t<\/div>\n\t\t\t\t\t\t\t<\/div>\n\t\t<\/section>\n\t\t\t\t<section class=\"elementor-section elementor-top-section elementor-element elementor-element-1a306ce elementor-section-boxed elementor-section-height-default elementor-section-height-default\" data-id=\"1a306ce\" data-element_type=\"section\">\n\t\t\t\t\t\t<div class=\"elementor-container elementor-column-gap-default\">\n\t\t\t\t\t<div class=\"elementor-column elementor-col-100 elementor-top-column elementor-element elementor-element-1b5bf5c\" data-id=\"1b5bf5c\" data-element_type=\"column\">\n\t\t\t<div class=\"elementor-widget-wrap elementor-element-populated\">\n\t\t\t\t\t\t\t\t<div class=\"elementor-element elementor-element-6bc63f6 elementor-widget elementor-widget-text-editor\" data-id=\"6bc63f6\" data-element_type=\"widget\" data-widget_type=\"text-editor.default\">\n\t\t\t\t<div class=\"elementor-widget-container\">\n\t\t\t\t\t\t\t<table><tbody><tr><td colspan=\"3\" width=\"604\"><p>R\u00e9f\u00e9rence des d\u00e9lib\u00e9rations<\/p><\/td><\/tr><tr><td width=\"201\"><p>2014.755.CP<\/p><\/td><td width=\"201\"><p>2014.755.CP (Annexe)<\/p><\/td><td width=\"201\"><p>\u00a0<\/p><\/td><\/tr><\/tbody><\/table>\t\t\t\t\t\t<\/div>\n\t\t\t\t<\/div>\n\t\t\t\t\t<\/div>\n\t\t<\/div>\n\t\t\t\t\t\t\t<\/div>\n\t\t<\/section>\n\t\t\t\t<section class=\"elementor-section elementor-top-section elementor-element elementor-element-432d3af elementor-section-boxed elementor-section-height-default elementor-section-height-default\" data-id=\"432d3af\" data-element_type=\"section\">\n\t\t\t\t\t\t<div class=\"elementor-container elementor-column-gap-default\">\n\t\t\t\t\t<div class=\"elementor-column elementor-col-100 elementor-top-column elementor-element elementor-element-9c00eb1\" data-id=\"9c00eb1\" data-element_type=\"column\">\n\t\t\t<div class=\"elementor-widget-wrap elementor-element-populated\">\n\t\t\t\t\t\t\t\t<div class=\"elementor-element elementor-element-8cce34a elementor-widget elementor-widget-text-editor\" data-id=\"8cce34a\" data-element_type=\"widget\" data-widget_type=\"text-editor.default\">\n\t\t\t\t<div class=\"elementor-widget-container\">\n\t\t\t\t\t\t\t<p>Sur la ligne Pau \u2013 Canfranc \u2013 Saragosse, tous les anniversaires sont bons \u00e0 f\u00eater. En attendant le centenaire de l\u2019inauguration de la ligne en 2028, la R\u00e9gion n\u2019h\u00e9site pas \u00e0 f\u00eater tout centenaire qui se pr\u00e9sente \u00e0 elle. C\u2019est cette fois-ci le centenaire de l\u2019ouverture de la liaison Oloron &#8211; Bedous le 19 avril 1914 qui a eu droit \u00e0 tous les honneurs 100 ann\u00e9es plus tard. Et quoi de mieux que de faire des \u00e9v\u00e9nements et des expositions sur la gare et la ligne \u00e0 cette occasion. Ce sont donc trois associations locales, et dont tous les membres sont des partisans de la r\u00e9ouverture, qui ont organis\u00e9es ces \u00e9v\u00e9nements et expositions. En plus des subventions annuelles que re\u00e7oivent ces associations de la part de la R\u00e9gion, cette derni\u00e8re a \u00e9t\u00e9 tr\u00e8s g\u00e9n\u00e9reuse en leur attribuant ces subventions exceptionnelles :<br \/>\u00a0 \u00a0 \u00a0 \u00a0 \u00a0\u2022 M\u00e9moire d\u2019Aspe, a obtenu 8 600\u20ac pour un co\u00fbt total de 20 400\u20ac ;<br \/>\u00a0 \u00a0 \u00a0 \u00a0 \u00a0\u2022 Patrimoine et Culture Ferroviaire du Midi, a obtenu 3 550\u20ac pour un co\u00fbt total de 4 250\u20ac ;<br \/>\u00a0 \u00a0 \u00a0 \u00a0 \u00a0\u2022 Terre de M\u00e9moire(s) et de Lutte, a obtenu 1 000\u20ac pour un co\u00fbt total de 2 591,40\u20ac.<br \/>Que reste-t-il de ces \u00e9v\u00e9nements et de cette exposition, pas grand-chose, si ce n\u2019est le catalogue de l\u2019exposition parue dans le bulletin n\u00b019-20 de l\u2019association M\u00e9moire d\u2019Aspe.<\/p>\t\t\t\t\t\t<\/div>\n\t\t\t\t<\/div>\n\t\t\t\t\t<\/div>\n\t\t<\/div>\n\t\t\t\t\t\t\t<\/div>\n\t\t<\/section>\n\t\t\t\t<section class=\"elementor-section elementor-top-section elementor-element elementor-element-f69559e elementor-section-boxed elementor-section-height-default elementor-section-height-default\" data-id=\"f69559e\" data-element_type=\"section\">\n\t\t\t\t\t\t<div class=\"elementor-container elementor-column-gap-default\">\n\t\t\t\t\t<div class=\"elementor-column elementor-col-100 elementor-top-column elementor-element elementor-element-4564367\" data-id=\"4564367\" data-element_type=\"column\">\n\t\t\t<div class=\"elementor-widget-wrap elementor-element-populated\">\n\t\t\t\t\t\t\t\t<div class=\"elementor-element elementor-element-48dd51f elementor-widget elementor-widget-text-editor\" data-id=\"48dd51f\" data-element_type=\"widget\" data-widget_type=\"text-editor.default\">\n\t\t\t\t<div class=\"elementor-widget-container\">\n\t\t\t\t\t\t\t<p><strong>Une ch\u00e8re exposition \u00e0 l\u2019h\u00f4tel de R\u00e9gion<\/strong><\/p>\t\t\t\t\t\t<\/div>\n\t\t\t\t<\/div>\n\t\t\t\t\t<\/div>\n\t\t<\/div>\n\t\t\t\t\t\t\t<\/div>\n\t\t<\/section>\n\t\t\t\t<section class=\"elementor-section elementor-top-section elementor-element elementor-element-7e795ce elementor-section-boxed elementor-section-height-default elementor-section-height-default\" data-id=\"7e795ce\" data-element_type=\"section\">\n\t\t\t\t\t\t<div class=\"elementor-container elementor-column-gap-default\">\n\t\t\t\t\t<div class=\"elementor-column elementor-col-100 elementor-top-column elementor-element elementor-element-4fbe30f\" data-id=\"4fbe30f\" data-element_type=\"column\">\n\t\t\t<div class=\"elementor-widget-wrap elementor-element-populated\">\n\t\t\t\t\t\t\t\t<div class=\"elementor-element elementor-element-1947661 elementor-widget elementor-widget-text-editor\" data-id=\"1947661\" data-element_type=\"widget\" data-widget_type=\"text-editor.default\">\n\t\t\t\t<div class=\"elementor-widget-container\">\n\t\t\t\t\t\t\t<table><tbody><tr><td colspan=\"3\" width=\"604\"><p>R\u00e9f\u00e9rence des d\u00e9lib\u00e9rations<\/p><\/td><\/tr><tr><td width=\"201\"><p>2013.170.CP<\/p><\/td><td width=\"201\"><p>\u00a0<\/p><\/td><td width=\"201\"><p>\u00a0<\/p><\/td><\/tr><\/tbody><\/table>\t\t\t\t\t\t<\/div>\n\t\t\t\t<\/div>\n\t\t\t\t\t<\/div>\n\t\t<\/div>\n\t\t\t\t\t\t\t<\/div>\n\t\t<\/section>\n\t\t\t\t<section class=\"elementor-section elementor-top-section elementor-element elementor-element-828a1d5 elementor-section-boxed elementor-section-height-default elementor-section-height-default\" data-id=\"828a1d5\" data-element_type=\"section\">\n\t\t\t\t\t\t<div class=\"elementor-container elementor-column-gap-default\">\n\t\t\t\t\t<div class=\"elementor-column elementor-col-100 elementor-top-column elementor-element elementor-element-c9fa62f\" data-id=\"c9fa62f\" data-element_type=\"column\">\n\t\t\t<div class=\"elementor-widget-wrap elementor-element-populated\">\n\t\t\t\t\t\t\t\t<div class=\"elementor-element elementor-element-8463159 elementor-widget elementor-widget-text-editor\" data-id=\"8463159\" data-element_type=\"widget\" data-widget_type=\"text-editor.default\">\n\t\t\t\t<div class=\"elementor-widget-container\">\n\t\t\t\t\t\t\t<p>C\u2019est une exposition de quelques photographies de la ligne ferroviaire Pau \u2013 Canfranc fournies par Odile Malaganne, photographe et encadreuse dans les Pyr\u00e9n\u00e9es, qui a co\u00fbt\u00e9 4 500\u20ac \u00e0 la R\u00e9gion. Tout d\u2019abord, la R\u00e9gion a pay\u00e9 \u00e0 notre artiste la somme de 2 000\u20ac pour 4 photographies. La R\u00e9gion a ensuite demand\u00e9 10 photographies suppl\u00e9mentaires et un DVD pour une exposition \u00e0 l\u2019H\u00f4tel de R\u00e9gion du 21 juillet au 31 ao\u00fbt 2011. Malheureusement, pour ces 10 photographies, la R\u00e9gion a quelque peu oubli\u00e9 de r\u00e9mun\u00e9rer notre artiste et pire, le DVD \u00ab a \u00e9t\u00e9 \u00e9gar\u00e9 \u00bb ! Donc, pour \u00e9viter un litige avec notre artiste, la R\u00e9gion a pr\u00e9f\u00e9r\u00e9 lui verser de suite une somme de 2 500\u20ac.<br \/>Ce sont donc 4 500\u20ac qui ont \u00e9t\u00e9 d\u00e9pens\u00e9 pour cette exposition qui s\u2019est d\u00e9roul\u00e9e en plein mois d\u2019ao\u00fbt 2011 \u00e0 une p\u00e9riode o\u00f9 strictement personne ne se d\u00e9place \u00e0 l\u2019H\u00f4tel de R\u00e9gion de Bordeaux.<br \/>Si quelqu\u2019un pouvait retrouver le fameux DVD, on pourrait peut-\u00eatre r\u00e9cup\u00e9rer un peu des 2 500\u20ac !<\/p>\t\t\t\t\t\t<\/div>\n\t\t\t\t<\/div>\n\t\t\t\t\t<\/div>\n\t\t<\/div>\n\t\t\t\t\t\t\t<\/div>\n\t\t<\/section>\n\t\t\t\t<section class=\"elementor-section elementor-top-section elementor-element elementor-element-45a41a9 elementor-section-boxed elementor-section-height-default elementor-section-height-default\" data-id=\"45a41a9\" data-element_type=\"section\">\n\t\t\t\t\t\t<div class=\"elementor-container elementor-column-gap-default\">\n\t\t\t\t\t<div class=\"elementor-column elementor-col-100 elementor-top-column elementor-element elementor-element-77f8297\" data-id=\"77f8297\" data-element_type=\"column\">\n\t\t\t<div class=\"elementor-widget-wrap elementor-element-populated\">\n\t\t\t\t\t\t\t\t<div class=\"elementor-element elementor-element-4bee86f elementor-widget elementor-widget-text-editor\" data-id=\"4bee86f\" data-element_type=\"widget\" data-widget_type=\"text-editor.default\">\n\t\t\t\t<div class=\"elementor-widget-container\">\n\t\t\t\t\t\t\t<p><strong>Le film \u00ab Canfranc, l&#8217;or et le tungst\u00e8ne \u00bb un peu tomb\u00e9 dans l\u2019oubli<\/strong><\/p>\t\t\t\t\t\t<\/div>\n\t\t\t\t<\/div>\n\t\t\t\t\t<\/div>\n\t\t<\/div>\n\t\t\t\t\t\t\t<\/div>\n\t\t<\/section>\n\t\t\t\t<section class=\"elementor-section elementor-top-section elementor-element elementor-element-17b9865 elementor-section-boxed elementor-section-height-default elementor-section-height-default\" data-id=\"17b9865\" data-element_type=\"section\">\n\t\t\t\t\t\t<div class=\"elementor-container elementor-column-gap-default\">\n\t\t\t\t\t<div class=\"elementor-column elementor-col-100 elementor-top-column elementor-element elementor-element-c101273\" data-id=\"c101273\" data-element_type=\"column\">\n\t\t\t<div class=\"elementor-widget-wrap elementor-element-populated\">\n\t\t\t\t\t\t\t\t<div class=\"elementor-element elementor-element-979f448 elementor-widget elementor-widget-text-editor\" data-id=\"979f448\" data-element_type=\"widget\" data-widget_type=\"text-editor.default\">\n\t\t\t\t<div class=\"elementor-widget-container\">\n\t\t\t\t\t\t\t<table><tbody><tr><td colspan=\"3\" width=\"604\"><p>R\u00e9f\u00e9rence des d\u00e9lib\u00e9rations<\/p><\/td><\/tr><tr><td width=\"201\"><p>2010.0999.CP<\/p><\/td><td width=\"201\"><p>2010.0999.CP (Annexe)<\/p><\/td><td width=\"201\">\u00a0<\/td><\/tr><tr><td width=\"201\"><p>Conseil R\u00e9gional d&#8217;Aquitaine<\/p><\/td><td width=\"201\"><p>13,36%<\/p><\/td><td width=\"201\"><p>25 000\u20ac<\/p><\/td><\/tr><tr><td width=\"201\"><p>Etat (CNC &#8211; Centre National de la Cin\u00e9matographie)<\/p><\/td><td width=\"201\"><p>13,36%<\/p><\/td><td width=\"201\"><p>25 000\u20ac<\/p><\/td><\/tr><tr><td width=\"201\"><p>Diffuseurs et Distributeurs<\/p><\/td><td width=\"201\"><p>41,20%<\/p><\/td><td width=\"201\"><p>77 090\u20ac<\/p><\/td><\/tr><tr><td width=\"201\"><p>Conseil R\u00e9gional Midi-Pyr\u00e9n\u00e9es<\/p><\/td><td width=\"201\"><p>11,76%<\/p><\/td><td width=\"201\"><p>22 000\u20ac<\/p><\/td><\/tr><tr><td width=\"201\"><p>Co-Production<\/p><\/td><td width=\"201\"><p>17,64%<\/p><\/td><td width=\"201\"><p>33 000\u20ac<\/p><\/td><\/tr><tr><td width=\"201\"><p>Autofinancement<\/p><\/td><td width=\"201\"><p>2,67%<\/p><\/td><td width=\"201\"><p>5 000\u20ac<\/p><\/td><\/tr><tr><td width=\"201\"><p>TOTAL<\/p><\/td><td width=\"201\">\u00a0<\/td><td width=\"201\"><p>187 090\u20ac<\/p><\/td><\/tr><\/tbody><\/table>\t\t\t\t\t\t<\/div>\n\t\t\t\t<\/div>\n\t\t\t\t\t<\/div>\n\t\t<\/div>\n\t\t\t\t\t\t\t<\/div>\n\t\t<\/section>\n\t\t\t\t<section class=\"elementor-section elementor-top-section elementor-element elementor-element-329bc5d elementor-section-boxed elementor-section-height-default elementor-section-height-default\" data-id=\"329bc5d\" data-element_type=\"section\">\n\t\t\t\t\t\t<div class=\"elementor-container elementor-column-gap-default\">\n\t\t\t\t\t<div class=\"elementor-column elementor-col-100 elementor-top-column elementor-element elementor-element-b3d3359\" data-id=\"b3d3359\" data-element_type=\"column\">\n\t\t\t<div class=\"elementor-widget-wrap elementor-element-populated\">\n\t\t\t\t\t\t\t\t<div class=\"elementor-element elementor-element-7968c5f elementor-widget elementor-widget-text-editor\" data-id=\"7968c5f\" data-element_type=\"widget\" data-widget_type=\"text-editor.default\">\n\t\t\t\t<div class=\"elementor-widget-container\">\n\t\t\t\t\t\t\t<p>C\u2019est une subvention pour la soci\u00e9t\u00e9 de production Znort! de 25k\u20ac sur un total de 187k\u20ac n\u00e9cessaires pour faire le film-documentaire \u00ab Canfranc, l&#8217;or et le tungst\u00e8ne \u00bb qui a \u00e9t\u00e9 r\u00e9alis\u00e9 en 2010 par Xavier Pajot. Selon la description qui en est faite par les producteurs : \u00ab l&#8217;auteur enqu\u00eate sur les traces de l&#8217;or nazi, \u00e0 travers plusieurs pays d&#8217;Europe. Au c\u0153ur du r\u00e9cit et du tournage, la gare internationale de Canfranc\u2026 Pendant la 2e guerre mondiale, un myst\u00e9rieux ballet de trains et de camions a r\u00e9veill\u00e9 la gare endormie de Canfranc. On a voulu faire taire l&#8217;homme qui a mis en lumi\u00e8re ce trafic d&#8217;or et de tungst\u00e8ne, mais la presse s&#8217;en fait l&#8217;\u00e9cho \u00e0 travers le monde. Pourtant l&#8217;obscurit\u00e9 demeure : combien d&#8217;or est pass\u00e9 par Canfranc ? D&#8217;o\u00f9 venait-il ? O\u00f9 allait-il ?&#8221;.<br \/>Ce film a \u00e9t\u00e9 diffus\u00e9 de mani\u00e8re confidentielle sur quelques cha\u00eenes de t\u00e9l\u00e9vision et dans quelques cin\u00e9mas. <br \/>Impossible aujourd\u2019hui de se faire une id\u00e9e de ce film-documentaire de 52 minutes, seules quelques informations \u00e9parses sont encore pr\u00e9sentes sur le site internet du r\u00e9alisateur :<\/p><p><a href=\"http:\/\/www.xavier-pajot.fr\/canfranc-lor-rt-lr-tungstegravene.html\">http:\/\/www.xavier-pajot.fr\/canfranc-lor-rt-lr-tungstegravene.html<\/a><\/p>\t\t\t\t\t\t<\/div>\n\t\t\t\t<\/div>\n\t\t\t\t\t<\/div>\n\t\t<\/div>\n\t\t\t\t\t\t\t<\/div>\n\t\t<\/section>\n\t\t\t\t<section class=\"elementor-section elementor-top-section elementor-element elementor-element-dd267e9 elementor-section-boxed elementor-section-height-default elementor-section-height-default\" data-id=\"dd267e9\" data-element_type=\"section\">\n\t\t\t\t\t\t<div class=\"elementor-container elementor-column-gap-default\">\n\t\t\t\t\t<div class=\"elementor-column elementor-col-100 elementor-top-column elementor-element elementor-element-7180c88\" data-id=\"7180c88\" data-element_type=\"column\">\n\t\t\t<div class=\"elementor-widget-wrap elementor-element-populated\">\n\t\t\t\t\t\t\t\t<div class=\"elementor-element elementor-element-7c3271a elementor-widget elementor-widget-text-editor\" data-id=\"7c3271a\" data-element_type=\"widget\" data-widget_type=\"text-editor.default\">\n\t\t\t\t<div class=\"elementor-widget-container\">\n\t\t\t\t\t\t\t<p><strong>Le film \u00ab Passage des Pyr\u00e9n\u00e9es \u00bb aussi un peu tomb\u00e9 dans l\u2019oubli<\/strong><\/p>\t\t\t\t\t\t<\/div>\n\t\t\t\t<\/div>\n\t\t\t\t\t<\/div>\n\t\t<\/div>\n\t\t\t\t\t\t\t<\/div>\n\t\t<\/section>\n\t\t\t\t<section class=\"elementor-section elementor-top-section elementor-element elementor-element-a1c3b15 elementor-section-boxed elementor-section-height-default elementor-section-height-default\" data-id=\"a1c3b15\" data-element_type=\"section\">\n\t\t\t\t\t\t<div class=\"elementor-container elementor-column-gap-default\">\n\t\t\t\t\t<div class=\"elementor-column elementor-col-100 elementor-top-column elementor-element elementor-element-53234d1\" data-id=\"53234d1\" data-element_type=\"column\">\n\t\t\t<div class=\"elementor-widget-wrap elementor-element-populated\">\n\t\t\t\t\t\t\t\t<div class=\"elementor-element elementor-element-5b5f72b elementor-widget elementor-widget-text-editor\" data-id=\"5b5f72b\" data-element_type=\"widget\" data-widget_type=\"text-editor.default\">\n\t\t\t\t<div class=\"elementor-widget-container\">\n\t\t\t\t\t\t\t<table><tbody><tr><td colspan=\"3\" width=\"604\"><p>R\u00e9f\u00e9rence des d\u00e9lib\u00e9rations<\/p><\/td><\/tr><tr><td width=\"201\"><p>2000.1710.CP<\/p><\/td><td width=\"201\"><p>2000.1710.CP (Annexe)<\/p><\/td><td width=\"201\"><p>\u00a0<\/p><\/td><\/tr><\/tbody><\/table>\t\t\t\t\t\t<\/div>\n\t\t\t\t<\/div>\n\t\t\t\t\t<\/div>\n\t\t<\/div>\n\t\t\t\t\t\t\t<\/div>\n\t\t<\/section>\n\t\t\t\t<section class=\"elementor-section elementor-top-section elementor-element elementor-element-3636696 elementor-section-boxed elementor-section-height-default elementor-section-height-default\" data-id=\"3636696\" data-element_type=\"section\">\n\t\t\t\t\t\t<div class=\"elementor-container elementor-column-gap-default\">\n\t\t\t\t\t<div class=\"elementor-column elementor-col-100 elementor-top-column elementor-element elementor-element-33e257b\" data-id=\"33e257b\" data-element_type=\"column\">\n\t\t\t<div class=\"elementor-widget-wrap elementor-element-populated\">\n\t\t\t\t\t\t\t\t<div class=\"elementor-element elementor-element-502ea8a elementor-widget elementor-widget-text-editor\" data-id=\"502ea8a\" data-element_type=\"widget\" data-widget_type=\"text-editor.default\">\n\t\t\t\t<div class=\"elementor-widget-container\">\n\t\t\t\t\t\t\t<p>C\u2019est une subvention pour les deux soci\u00e9t\u00e9s de production Baiacedez Films Production et A3 Production de 53k\u20ac sur un total de 187k\u20ac n\u00e9cessaires pour faire le film-documentaire \u00ab Passage des Pyr\u00e9n\u00e9es \u00bb qui a \u00e9t\u00e9 r\u00e9alis\u00e9 en 2000 et 2001 par Jean-Paul Roig. Selon la description qui en est faite par les producteurs : \u00ab Ce film est une qu\u00eate initiatique autour d&#8217;une gare, une immense, une magistrale gare, la gare internationale de Canfranc, au c\u0153ur des Pyr\u00e9n\u00e9es. Lieu de transit et de m\u00e9moire, pos\u00e9e l\u00e0 presque par hasard, son histoire contient la n\u00f4tre, celle de nos origines. Un voyageur part \u00e0 sa rencontre. Devant le monument et autour de lui, il rencontre les histoires des personnages eux-m\u00eames habit\u00e9s par cette gare magnifique, inconcevable, surr\u00e9aliste. C&#8217;est une r\u00e9flexion sur la travers\u00e9e, le temps, la rencontre, un film sur un instant magique : le passage \u00bb. <br \/>Le Conseil R\u00e9gional a estim\u00e9 que le versement des subventions \u00e9tait justifi\u00e9 : \u00ab Compte tenu de sa qualit\u00e9 et de l&#8217;int\u00e9r\u00eat majeur que ce sujet pr\u00e9sente au plan r\u00e9gional, par la r\u00e9ouverture de la ligne Pau-Canfranc, (qui s&#8217;inscrit dans un vaste programme de d\u00e9veloppement des liaisons ferroviaires et de la strat\u00e9gie d&#8217;ouverture de l&#8217;Aquitaine vers l&#8217;Europe du Sud). \u00bb<br \/>On ne sait pas en quoi ce film a permis de contribuer \u00e0 la r\u00e9ouverture de la ligne Pau &#8211; Canfranc \u2013 Saragosse et en quoi il a permis d\u2019ouvrir l\u2019Aquitaine vers l\u2019Europe du Sud ! Quoi qu\u2019il en soit, il en reste un film-documentaire de 59 minutes qui a obtenu le prix Cin\u00e9rail d\u2019argent au 10e Festival International \u00ab Train et Cin\u00e9ma \u00bb de Lille en 2001 et qui est toujours disponible \u00e0 l\u2019achat aupr\u00e8s des producteurs. <br \/>Pour avoir une id\u00e9e de ce film-documentaire, le site du r\u00e9alisateur propose cinq extraits de 27 minutes au total, soit quasiment la moiti\u00e9 du film :<\/p><p><a href=\"http:\/\/www.jeanpaulroig.fr\/?p=625\">http:\/\/www.jeanpaulroig.fr\/?p=625<\/a><\/p>\t\t\t\t\t\t<\/div>\n\t\t\t\t<\/div>\n\t\t\t\t\t<\/div>\n\t\t<\/div>\n\t\t\t\t\t\t\t<\/div>\n\t\t<\/section>\n\t\t\t\t\t\t<\/div>\n\t\t\t\t\t<\/div>\n\t\t","protected":false},"excerpt":{"rendered":"<p>\u00a0 D\u00e9lib\u00e9rations du Conseil R\u00e9gional de Nouvelle-Aquitaine Subventions &#8220;La g\u00e9n\u00e9rosit\u00e9 n&#8217;est que la piti\u00e9 des \u00e2mes nobles&#8221; S\u00e9bastien-Roch Nicolas de Chamfort (1740 \u2013 1794) \u2013 Maximes et pens\u00e9es, caract\u00e8res et anecdotes \u2013 CCCXVIII &#8211; 1795 Version initiale du 13 septembre 2022, derni\u00e8re mise \u00e0 jour au 17 juin 2023 Les g\u00e9n\u00e9reuses subventions du Conseil R\u00e9gional &hellip;<\/p>\n<p class=\"read-more\"> <a class=\"\" href=\"https:\/\/croc-aspe.com\/?page_id=4628\"> <span class=\"screen-reader-text\">Conseil R\u00e9gional : Subventions<\/span> Read More &raquo;<\/a><\/p>\n","protected":false},"author":1,"featured_media":0,"parent":0,"menu_order":0,"comment_status":"closed","ping_status":"closed","template":"","meta":{"om_disable_all_campaigns":false,"_monsterinsights_skip_tracking":false,"_monsterinsights_sitenote_active":false,"_monsterinsights_sitenote_note":"","_monsterinsights_sitenote_category":0,"site-sidebar-layout":"no-sidebar","site-content-layout":"page-builder","ast-main-header-display":"","ast-hfb-above-header-display":"","ast-hfb-below-header-display":"","ast-hfb-mobile-header-display":"","site-post-title":"disabled","ast-breadcrumbs-content":"","ast-featured-img":"disabled","footer-sml-layout":"","theme-transparent-header-meta":"","adv-header-id-meta":"","stick-header-meta":"","header-above-stick-meta":"","header-main-stick-meta":"","header-below-stick-meta":"","footnotes":""},"class_list":["post-4628","page","type-page","status-publish","hentry"],"_links":{"self":[{"href":"https:\/\/croc-aspe.com\/index.php?rest_route=\/wp\/v2\/pages\/4628","targetHints":{"allow":["GET"]}}],"collection":[{"href":"https:\/\/croc-aspe.com\/index.php?rest_route=\/wp\/v2\/pages"}],"about":[{"href":"https:\/\/croc-aspe.com\/index.php?rest_route=\/wp\/v2\/types\/page"}],"author":[{"embeddable":true,"href":"https:\/\/croc-aspe.com\/index.php?rest_route=\/wp\/v2\/users\/1"}],"replies":[{"embeddable":true,"href":"https:\/\/croc-aspe.com\/index.php?rest_route=%2Fwp%2Fv2%2Fcomments&post=4628"}],"version-history":[{"count":70,"href":"https:\/\/croc-aspe.com\/index.php?rest_route=\/wp\/v2\/pages\/4628\/revisions"}],"predecessor-version":[{"id":5436,"href":"https:\/\/croc-aspe.com\/index.php?rest_route=\/wp\/v2\/pages\/4628\/revisions\/5436"}],"wp:attachment":[{"href":"https:\/\/croc-aspe.com\/index.php?rest_route=%2Fwp%2Fv2%2Fmedia&parent=4628"}],"curies":[{"name":"wp","href":"https:\/\/api.w.org\/{rel}","templated":true}]}}