{"id":4172,"date":"2022-06-05T05:38:49","date_gmt":"2022-06-05T05:38:49","guid":{"rendered":"https:\/\/croc-aspe.com\/?page_id=4172"},"modified":"2022-12-29T04:47:17","modified_gmt":"2022-12-29T04:47:17","slug":"biographie-gustave-regelsperger","status":"publish","type":"page","link":"https:\/\/croc-aspe.com\/?page_id=4172","title":{"rendered":"Biographie Gustave Regelsperger"},"content":{"rendered":"\t\t<div data-elementor-type=\"wp-page\" data-elementor-id=\"4172\" class=\"elementor elementor-4172\" data-elementor-settings=\"[]\">\n\t\t\t\t\t\t\t<div class=\"elementor-section-wrap\">\n\t\t\t\t\t\t\t<section class=\"elementor-section elementor-top-section elementor-element elementor-element-dfab19c elementor-section-boxed elementor-section-height-default elementor-section-height-default\" data-id=\"dfab19c\" data-element_type=\"section\">\n\t\t\t\t\t\t<div class=\"elementor-container elementor-column-gap-default\">\n\t\t\t\t\t<div class=\"elementor-column elementor-col-100 elementor-top-column elementor-element elementor-element-a137a44\" data-id=\"a137a44\" data-element_type=\"column\">\n\t\t\t<div class=\"elementor-widget-wrap elementor-element-populated\">\n\t\t\t\t\t\t\t\t<div class=\"elementor-element elementor-element-13b2127c elementor-widget elementor-widget-text-editor\" data-id=\"13b2127c\" data-element_type=\"widget\" data-widget_type=\"text-editor.default\">\n\t\t\t\t<div class=\"elementor-widget-container\">\n\t\t\t<style>\/*! elementor - v3.5.5 - 03-02-2022 *\/\n.elementor-widget-text-editor.elementor-drop-cap-view-stacked .elementor-drop-cap{background-color:#818a91;color:#fff}.elementor-widget-text-editor.elementor-drop-cap-view-framed .elementor-drop-cap{color:#818a91;border:3px solid;background-color:transparent}.elementor-widget-text-editor:not(.elementor-drop-cap-view-default) .elementor-drop-cap{margin-top:8px}.elementor-widget-text-editor:not(.elementor-drop-cap-view-default) .elementor-drop-cap-letter{width:1em;height:1em}.elementor-widget-text-editor .elementor-drop-cap{float:left;text-align:center;line-height:1;font-size:50px}.elementor-widget-text-editor .elementor-drop-cap-letter{display:inline-block}<\/style>\t\t\t\t<p><b><\/b><b><span lang=\"ES\" style=\"font-size: 14.0pt; mso-ansi-language: ES;\"><strong>Gustave Regelsperger (31\/07\/1856 Rochefort &#8211; 12\/06\/1940 Rochefort)<\/strong><\/span><\/b><\/p>\t\t\t\t\t\t<\/div>\n\t\t\t\t<\/div>\n\t\t\t\t\t<\/div>\n\t\t<\/div>\n\t\t\t\t\t\t\t<\/div>\n\t\t<\/section>\n\t\t\t\t<section class=\"elementor-section elementor-top-section elementor-element elementor-element-18a50677 elementor-section-boxed elementor-section-height-default elementor-section-height-default\" data-id=\"18a50677\" data-element_type=\"section\">\n\t\t\t\t\t\t<div class=\"elementor-container elementor-column-gap-default\">\n\t\t\t\t\t<div class=\"elementor-column elementor-col-100 elementor-top-column elementor-element elementor-element-516f769d\" data-id=\"516f769d\" data-element_type=\"column\">\n\t\t\t<div class=\"elementor-widget-wrap elementor-element-populated\">\n\t\t\t\t\t\t\t\t<div class=\"elementor-element elementor-element-6e66ae7d elementor-widget elementor-widget-text-editor\" data-id=\"6e66ae7d\" data-element_type=\"widget\" data-widget_type=\"text-editor.default\">\n\t\t\t\t<div class=\"elementor-widget-container\">\n\t\t\t\t\t\t\t<p>Professeur de droit et Homme de Lettres, Membre de la Soci\u00e9t\u00e9 de g\u00e9ographie commerciale de Paris d\u00e8s 1891, Membre de l&#8217;Acad\u00e9mie des sciences coloniales de 1924 \u00e0 1940<\/p>\t\t\t\t\t\t<\/div>\n\t\t\t\t<\/div>\n\t\t\t\t\t<\/div>\n\t\t<\/div>\n\t\t\t\t\t\t\t<\/div>\n\t\t<\/section>\n\t\t\t\t<section class=\"elementor-section elementor-top-section elementor-element elementor-element-57012497 elementor-section-boxed elementor-section-height-default elementor-section-height-default\" data-id=\"57012497\" data-element_type=\"section\">\n\t\t\t\t\t\t<div class=\"elementor-container elementor-column-gap-default\">\n\t\t\t\t\t<div class=\"elementor-column elementor-col-100 elementor-top-column elementor-element elementor-element-1fb687bf\" data-id=\"1fb687bf\" data-element_type=\"column\">\n\t\t\t<div class=\"elementor-widget-wrap elementor-element-populated\">\n\t\t\t\t\t\t\t\t<div class=\"elementor-element elementor-element-1c48d5ea elementor-widget elementor-widget-text-editor\" data-id=\"1c48d5ea\" data-element_type=\"widget\" data-widget_type=\"text-editor.default\">\n\t\t\t\t<div class=\"elementor-widget-container\">\n\t\t\t\t\t\t\t<p>Gustave Regelsperger fut un juriste et professeur de droit qui eut une carri\u00e8re d\u2019enseignant. Il divulgua de nombreuses publications scientifiques, juridiques et g\u00e9ographiques. Il fut membre de diff\u00e9rentes soci\u00e9t\u00e9s savantes et acad\u00e9mies li\u00e9es \u00e0 la g\u00e9ographie et aux colonies.<\/p><p>Il fut l\u2019une des nombreuses personnalit\u00e9s qui estim\u00e8rent les transpyr\u00e9n\u00e9ens inutiles. Il d\u00e9plora la convention du 18 ao\u00fbt 1904 et souhaitait que les transports et trafics par les ports soient privil\u00e9gi\u00e9s. Il ne vit pas l&#8217;int\u00e9r\u00eat pour la France de faire transiter les marchandises par la ligne Pau &#8211; Canfranc &#8211; Saragosse \u00e0 destination des colonies d&#8217;Afrique. Il estimait que les transpyr\u00e9n\u00e9ens n\u2019auraient qu\u2019un int\u00e9r\u00eat purement local avec quelques \u00e9changes limit\u00e9s. Il pensait que les compagnies pr\u00e9f\u00e9reraient toujours un d\u00e9tour plus long mais moins cher que la ligne droite plus ch\u00e8re. Il vit uniquement un int\u00e9r\u00eat pour les voyageurs de Toulouse \u00e0 Saragosse mais avec peu de trafic. Il regrettait la posture id\u00e9ologique de l&#8217;Espagne \u00e0 r\u00e9aliser cette ligne exclusivement pour des raisons politiques \u00e0 destination de l&#8217;Aragon loyaliste.<\/p><p>L\u2019avenir lui donnera malheureusement raison. Sa volont\u00e9 de d\u00e9velopper le trafic des marchandises par les ports sera tout \u00e0 fait judicieuse. Aujourd\u2019hui encore, les ports d\u2019Alg\u00e9siras, Valence, Barcelone, Santander, Vigo, Bilbao assurent une tr\u00e8s grande partie du trafic de marchandises de par le monde et l\u2019Europe. Bien reli\u00e9s aux hinterlands espagnols par des voies ferr\u00e9es \u00e0 l\u2019\u00e9cartement ib\u00e9rique et par la route, ces ports continueront \u00e0 se d\u00e9velopper \u00e0 l\u2019avenir. La ligne ferroviaire Pau &#8211; Canfranc &#8211; Saragosse p\u00e8sera bien peu, si ce n\u2019est rien du tout, dans ce transport de marchandises et sera irr\u00e9m\u00e9diablement vou\u00e9e \u00e0 l\u2019\u00e9chec d\u00e8s son \u00e9ventuelle r\u00e9ouverture.<\/p>\t\t\t\t\t\t<\/div>\n\t\t\t\t<\/div>\n\t\t\t\t\t<\/div>\n\t\t<\/div>\n\t\t\t\t\t\t\t<\/div>\n\t\t<\/section>\n\t\t\t\t<section class=\"elementor-section elementor-top-section elementor-element elementor-element-a73a8e6 elementor-section-boxed elementor-section-height-default elementor-section-height-default\" data-id=\"a73a8e6\" data-element_type=\"section\">\n\t\t\t\t\t\t<div class=\"elementor-container elementor-column-gap-default\">\n\t\t\t\t\t<div class=\"elementor-column elementor-col-100 elementor-top-column elementor-element elementor-element-e51f880\" data-id=\"e51f880\" data-element_type=\"column\">\n\t\t\t<div class=\"elementor-widget-wrap\">\n\t\t\t\t\t\t\t\t\t<\/div>\n\t\t<\/div>\n\t\t\t\t\t\t\t<\/div>\n\t\t<\/section>\n\t\t\t\t<section class=\"elementor-section elementor-top-section elementor-element elementor-element-137bd8f1 elementor-section-boxed elementor-section-height-default elementor-section-height-default\" data-id=\"137bd8f1\" data-element_type=\"section\">\n\t\t\t\t\t\t<div class=\"elementor-container elementor-column-gap-default\">\n\t\t\t\t\t<div class=\"elementor-column elementor-col-50 elementor-top-column elementor-element elementor-element-17d159e\" data-id=\"17d159e\" data-element_type=\"column\">\n\t\t\t<div class=\"elementor-widget-wrap elementor-element-populated\">\n\t\t\t\t\t\t\t\t<div class=\"elementor-element elementor-element-7b711c20 elementor-button-success elementor-align-center elementor-widget elementor-widget-button\" data-id=\"7b711c20\" data-element_type=\"widget\" data-widget_type=\"button.default\">\n\t\t\t\t<div class=\"elementor-widget-container\">\n\t\t\t\t\t<div class=\"elementor-button-wrapper\">\n\t\t\t<a href=\"https:\/\/croc-aspe.com\/?page_id=1506\" class=\"elementor-button-link elementor-button elementor-size-sm\" role=\"button\">\n\t\t\t\t\t\t<span class=\"elementor-button-content-wrapper\">\n\t\t\t\t\t\t<span class=\"elementor-button-text\">Quelques citations de Gustave Regelsperger<\/span>\n\t\t<\/span>\n\t\t\t\t\t<\/a>\n\t\t<\/div>\n\t\t\t\t<\/div>\n\t\t\t\t<\/div>\n\t\t\t\t\t<\/div>\n\t\t<\/div>\n\t\t\t\t<div class=\"elementor-column elementor-col-50 elementor-top-column elementor-element elementor-element-7ce400b4\" data-id=\"7ce400b4\" data-element_type=\"column\">\n\t\t\t<div class=\"elementor-widget-wrap elementor-element-populated\">\n\t\t\t\t\t\t\t\t<div class=\"elementor-element elementor-element-2478dc elementor-align-center elementor-widget elementor-widget-button\" data-id=\"2478dc\" data-element_type=\"widget\" data-widget_type=\"button.default\">\n\t\t\t\t<div class=\"elementor-widget-container\">\n\t\t\t\t\t<div class=\"elementor-button-wrapper\">\n\t\t\t<a href=\"https:\/\/croc-aspe.com\/?page_id=3952\" class=\"elementor-button-link elementor-button elementor-size-sm\" role=\"button\">\n\t\t\t\t\t\t<span class=\"elementor-button-content-wrapper\">\n\t\t\t\t\t\t<span class=\"elementor-button-text\">Retour aux personnages<\/span>\n\t\t<\/span>\n\t\t\t\t\t<\/a>\n\t\t<\/div>\n\t\t\t\t<\/div>\n\t\t\t\t<\/div>\n\t\t\t\t\t<\/div>\n\t\t<\/div>\n\t\t\t\t\t\t\t<\/div>\n\t\t<\/section>\n\t\t\t\t\t\t<\/div>\n\t\t\t\t\t<\/div>\n\t\t","protected":false},"excerpt":{"rendered":"<p>Gustave Regelsperger (31\/07\/1856 Rochefort &#8211; 12\/06\/1940 Rochefort) Professeur de droit et Homme de Lettres, Membre de la Soci\u00e9t\u00e9 de g\u00e9ographie commerciale de Paris d\u00e8s 1891, Membre de l&#8217;Acad\u00e9mie des sciences coloniales de 1924 \u00e0 1940 Gustave Regelsperger fut un juriste et professeur de droit qui eut une carri\u00e8re d\u2019enseignant. Il divulgua de nombreuses publications scientifiques, &hellip;<\/p>\n<p class=\"read-more\"> <a class=\"\" href=\"https:\/\/croc-aspe.com\/?page_id=4172\"> <span class=\"screen-reader-text\">Biographie Gustave Regelsperger<\/span> Read More &raquo;<\/a><\/p>\n","protected":false},"author":1,"featured_media":0,"parent":0,"menu_order":0,"comment_status":"closed","ping_status":"closed","template":"","meta":{"om_disable_all_campaigns":false,"_monsterinsights_skip_tracking":false,"_monsterinsights_sitenote_active":false,"_monsterinsights_sitenote_note":"","_monsterinsights_sitenote_category":0,"site-sidebar-layout":"no-sidebar","site-content-layout":"page-builder","ast-main-header-display":"","ast-hfb-above-header-display":"","ast-hfb-below-header-display":"","ast-hfb-mobile-header-display":"","site-post-title":"disabled","ast-breadcrumbs-content":"","ast-featured-img":"disabled","footer-sml-layout":"","theme-transparent-header-meta":"","adv-header-id-meta":"","stick-header-meta":"","header-above-stick-meta":"","header-main-stick-meta":"","header-below-stick-meta":"","footnotes":""},"class_list":["post-4172","page","type-page","status-publish","hentry"],"_links":{"self":[{"href":"https:\/\/croc-aspe.com\/index.php?rest_route=\/wp\/v2\/pages\/4172","targetHints":{"allow":["GET"]}}],"collection":[{"href":"https:\/\/croc-aspe.com\/index.php?rest_route=\/wp\/v2\/pages"}],"about":[{"href":"https:\/\/croc-aspe.com\/index.php?rest_route=\/wp\/v2\/types\/page"}],"author":[{"embeddable":true,"href":"https:\/\/croc-aspe.com\/index.php?rest_route=\/wp\/v2\/users\/1"}],"replies":[{"embeddable":true,"href":"https:\/\/croc-aspe.com\/index.php?rest_route=%2Fwp%2Fv2%2Fcomments&post=4172"}],"version-history":[{"count":10,"href":"https:\/\/croc-aspe.com\/index.php?rest_route=\/wp\/v2\/pages\/4172\/revisions"}],"predecessor-version":[{"id":4897,"href":"https:\/\/croc-aspe.com\/index.php?rest_route=\/wp\/v2\/pages\/4172\/revisions\/4897"}],"wp:attachment":[{"href":"https:\/\/croc-aspe.com\/index.php?rest_route=%2Fwp%2Fv2%2Fmedia&parent=4172"}],"curies":[{"name":"wp","href":"https:\/\/api.w.org\/{rel}","templated":true}]}}