{"id":1520,"date":"2022-02-20T20:03:42","date_gmt":"2022-02-20T20:03:42","guid":{"rendered":"https:\/\/croc-aspe.com\/?page_id=1520"},"modified":"2022-12-29T04:48:50","modified_gmt":"2022-12-29T04:48:50","slug":"biographie-jean-sermet","status":"publish","type":"page","link":"https:\/\/croc-aspe.com\/?page_id=1520","title":{"rendered":"Biographie Jean Sermet"},"content":{"rendered":"\t\t<div data-elementor-type=\"wp-page\" data-elementor-id=\"1520\" class=\"elementor elementor-1520\" data-elementor-settings=\"[]\">\n\t\t\t\t\t\t\t<div class=\"elementor-section-wrap\">\n\t\t\t\t\t\t\t<section class=\"elementor-section elementor-top-section elementor-element elementor-element-2746e8e elementor-section-boxed elementor-section-height-default elementor-section-height-default\" data-id=\"2746e8e\" data-element_type=\"section\">\n\t\t\t\t\t\t<div class=\"elementor-container elementor-column-gap-default\">\n\t\t\t\t\t<div class=\"elementor-column elementor-col-100 elementor-top-column elementor-element elementor-element-210680f0\" data-id=\"210680f0\" data-element_type=\"column\">\n\t\t\t<div class=\"elementor-widget-wrap elementor-element-populated\">\n\t\t\t\t\t\t\t\t<div class=\"elementor-element elementor-element-4a87cced elementor-widget elementor-widget-text-editor\" data-id=\"4a87cced\" data-element_type=\"widget\" data-widget_type=\"text-editor.default\">\n\t\t\t\t<div class=\"elementor-widget-container\">\n\t\t\t<style>\/*! elementor - v3.5.5 - 03-02-2022 *\/\n.elementor-widget-text-editor.elementor-drop-cap-view-stacked .elementor-drop-cap{background-color:#818a91;color:#fff}.elementor-widget-text-editor.elementor-drop-cap-view-framed .elementor-drop-cap{color:#818a91;border:3px solid;background-color:transparent}.elementor-widget-text-editor:not(.elementor-drop-cap-view-default) .elementor-drop-cap{margin-top:8px}.elementor-widget-text-editor:not(.elementor-drop-cap-view-default) .elementor-drop-cap-letter{width:1em;height:1em}.elementor-widget-text-editor .elementor-drop-cap{float:left;text-align:center;line-height:1;font-size:50px}.elementor-widget-text-editor .elementor-drop-cap-letter{display:inline-block}<\/style>\t\t\t\t<p><b><\/b><b><span lang=\"ES\" style=\"font-size: 14.0pt; mso-ansi-language: ES;\"><strong>Jean Sermet (19\/01\/1907 Toulouse &#8211; 02\/02\/2003 Toulouse)<\/strong><\/span><\/b><\/p>\t\t\t\t\t\t<\/div>\n\t\t\t\t<\/div>\n\t\t\t\t\t<\/div>\n\t\t<\/div>\n\t\t\t\t\t\t\t<\/div>\n\t\t<\/section>\n\t\t\t\t<section class=\"elementor-section elementor-top-section elementor-element elementor-element-1c4ff51 elementor-section-boxed elementor-section-height-default elementor-section-height-default\" data-id=\"1c4ff51\" data-element_type=\"section\">\n\t\t\t\t\t\t<div class=\"elementor-container elementor-column-gap-default\">\n\t\t\t\t\t<div class=\"elementor-column elementor-col-100 elementor-top-column elementor-element elementor-element-d342735\" data-id=\"d342735\" data-element_type=\"column\">\n\t\t\t<div class=\"elementor-widget-wrap elementor-element-populated\">\n\t\t\t\t\t\t\t\t<div class=\"elementor-element elementor-element-cfdf569 elementor-widget elementor-widget-text-editor\" data-id=\"cfdf569\" data-element_type=\"widget\" data-widget_type=\"text-editor.default\">\n\t\t\t\t<div class=\"elementor-widget-container\">\n\t\t\t\t\t\t\t<p>Agr\u00e9g\u00e9 d\u2019histoire et de g\u00e9ographie, Professeur de g\u00e9ographie \u00e0 l\u2019Universit\u00e9 de Toulouse, Directeur de cabinet du pr\u00e9fet de la Haute-Garonne, Charg\u00e9 de mission \u00e0 l\u2019abornement de la fronti\u00e8re franco-espagnole, Conseiller aupr\u00e8s des Ministres de l\u2019Int\u00e9rieur et des Affaires Etrang\u00e8res, Membre de l\u2019Acad\u00e9mie des Jeux Floraux de Toulouse en 1955 puis Secr\u00e9taire perp\u00e9tuel en 1984, Directeur de la revue Pyr\u00e9n\u00e9es de 1991 \u00e0 1995, Chevalier de la L\u00e9gion d\u2019Honneur en 1957<\/p>\t\t\t\t\t\t<\/div>\n\t\t\t\t<\/div>\n\t\t\t\t\t<\/div>\n\t\t<\/div>\n\t\t\t\t\t\t\t<\/div>\n\t\t<\/section>\n\t\t\t\t<section class=\"elementor-section elementor-top-section elementor-element elementor-element-d58e477 elementor-section-boxed elementor-section-height-default elementor-section-height-default\" data-id=\"d58e477\" data-element_type=\"section\">\n\t\t\t\t\t\t<div class=\"elementor-container elementor-column-gap-default\">\n\t\t\t\t\t<div class=\"elementor-column elementor-col-100 elementor-top-column elementor-element elementor-element-5f36a78\" data-id=\"5f36a78\" data-element_type=\"column\">\n\t\t\t<div class=\"elementor-widget-wrap elementor-element-populated\">\n\t\t\t\t\t\t\t\t<div class=\"elementor-element elementor-element-0a6c876 elementor-widget elementor-widget-text-editor\" data-id=\"0a6c876\" data-element_type=\"widget\" data-widget_type=\"text-editor.default\">\n\t\t\t\t<div class=\"elementor-widget-container\">\n\t\t\t\t\t\t\t<p>Jean Sermet \u00e9tait un grand g\u00e9ographe, professeur \u00e0 l\u2019Universit\u00e9 de Toulouse Le Mirail et dont les contributions furent reconnues universellement. Il \u00e9tudia principalement la g\u00e9ologie, la g\u00e9ographie et l\u2019\u00e9conomie de l\u2019Espagne sous les diff\u00e9rentes disciplines de l\u2019industrie, de l\u2019agriculture et des transports. Il \u00e9crivit de tr\u00e8s nombreux livres, publications et articles sur l\u2019Espagne qui sont actuellement toujours consid\u00e9r\u00e9es comme des r\u00e9f\u00e9rences.<\/p><p>Il s\u2019int\u00e9ressa beaucoup aux Pyr\u00e9n\u00e9es dont il \u00e9tait un amoureux, les parcourant \u00e0 de nombreuses reprises et les photographiant sur toutes leurs longueurs dans le cadre de ses travaux sur la d\u00e9limitation de la fronti\u00e8re franco-espagnole. 24 000 de ses photographies et diapositives sont aujourd\u2019hui conserv\u00e9es aux archives de la Haute-Garonne et constituent un pr\u00e9cieux t\u00e9moignage des Pyr\u00e9n\u00e9es durant les ann\u00e9es 1950 \u00e0 1970.<\/p><p>Il s\u2019int\u00e9ressa \u00e9galement aux chemins de fer transpyr\u00e9n\u00e9ens en expliquant qu\u2019ils firent construits pour des raisons politiques car la ligne droite de Paris \u00e0 Madrid passait d\u2019abord par Hendaye. Il expliqua que les techniciens, les constructeurs et les exploitants refus\u00e8rent les transpyr\u00e9n\u00e9ens et que le trac\u00e9 a \u00e9t\u00e9 d\u00e9termin\u00e9 par la &#8220;petite politique politicienne&#8221;. Il conclut en estimant que les transpyr\u00e9n\u00e9ens ne virent jamais un trafic justifiant leur construction et que ce fut finalement une erreur. Il y eut &#8220;un peu de transit&#8221; par Canfranc avec des agrumes du Levant.<\/p><p>Il fut \u00e9galement l\u2019un des premiers promoteurs d\u2019une travers\u00e9e centrale des Pyr\u00e9n\u00e9es qu\u2019il d\u00e9fendit au deuxi\u00e8me Congr\u00e8s international d&#8217;Etudes pyr\u00e9n\u00e9ennes en septembre 1954.<\/p><p>Malheureusement, l\u2019on ne peut pas dire que ses successeurs g\u00e9ographes \u00e0 l\u2019Universit\u00e9 de Toulouse Le Mirail aient brillamment pris sa succession, plus pr\u00e9occup\u00e9s qu\u2019ils furent \u00e0 s\u2019occuper de pays africains lointains et inconnus qui n\u2019int\u00e9ressent strictement personne et \u00e0 utiliser les fonds publics pour faire la promotion de leur caprice.<\/p>\t\t\t\t\t\t<\/div>\n\t\t\t\t<\/div>\n\t\t\t\t\t<\/div>\n\t\t<\/div>\n\t\t\t\t\t\t\t<\/div>\n\t\t<\/section>\n\t\t\t\t<section class=\"elementor-section elementor-top-section elementor-element elementor-element-26961ecb elementor-section-boxed elementor-section-height-default elementor-section-height-default\" data-id=\"26961ecb\" data-element_type=\"section\">\n\t\t\t\t\t\t<div class=\"elementor-container elementor-column-gap-default\">\n\t\t\t\t\t<div class=\"elementor-column elementor-col-50 elementor-top-column elementor-element elementor-element-524bf8ff\" data-id=\"524bf8ff\" data-element_type=\"column\">\n\t\t\t<div class=\"elementor-widget-wrap elementor-element-populated\">\n\t\t\t\t\t\t\t\t<div class=\"elementor-element elementor-element-ec57ecd elementor-button-success elementor-align-center elementor-widget elementor-widget-button\" data-id=\"ec57ecd\" data-element_type=\"widget\" data-widget_type=\"button.default\">\n\t\t\t\t<div class=\"elementor-widget-container\">\n\t\t\t\t\t<div class=\"elementor-button-wrapper\">\n\t\t\t<a href=\"https:\/\/croc-aspe.com\/?page_id=1525\" class=\"elementor-button-link elementor-button elementor-size-sm\" role=\"button\">\n\t\t\t\t\t\t<span class=\"elementor-button-content-wrapper\">\n\t\t\t\t\t\t<span class=\"elementor-button-text\">Quelques citations de Jean Sermet<\/span>\n\t\t<\/span>\n\t\t\t\t\t<\/a>\n\t\t<\/div>\n\t\t\t\t<\/div>\n\t\t\t\t<\/div>\n\t\t\t\t\t<\/div>\n\t\t<\/div>\n\t\t\t\t<div class=\"elementor-column elementor-col-50 elementor-top-column elementor-element elementor-element-4624256f\" data-id=\"4624256f\" data-element_type=\"column\">\n\t\t\t<div class=\"elementor-widget-wrap elementor-element-populated\">\n\t\t\t\t\t\t\t\t<div class=\"elementor-element elementor-element-447b2dde elementor-align-center elementor-widget elementor-widget-button\" data-id=\"447b2dde\" data-element_type=\"widget\" data-widget_type=\"button.default\">\n\t\t\t\t<div class=\"elementor-widget-container\">\n\t\t\t\t\t<div class=\"elementor-button-wrapper\">\n\t\t\t<a href=\"https:\/\/croc-aspe.com\/?page_id=3947\" class=\"elementor-button-link elementor-button elementor-size-sm\" role=\"button\">\n\t\t\t\t\t\t<span class=\"elementor-button-content-wrapper\">\n\t\t\t\t\t\t<span class=\"elementor-button-text\">Retour aux personnages<\/span>\n\t\t<\/span>\n\t\t\t\t\t<\/a>\n\t\t<\/div>\n\t\t\t\t<\/div>\n\t\t\t\t<\/div>\n\t\t\t\t\t<\/div>\n\t\t<\/div>\n\t\t\t\t\t\t\t<\/div>\n\t\t<\/section>\n\t\t\t\t\t\t<\/div>\n\t\t\t\t\t<\/div>\n\t\t","protected":false},"excerpt":{"rendered":"<p>Jean Sermet (19\/01\/1907 Toulouse &#8211; 02\/02\/2003 Toulouse) Agr\u00e9g\u00e9 d\u2019histoire et de g\u00e9ographie, Professeur de g\u00e9ographie \u00e0 l\u2019Universit\u00e9 de Toulouse, Directeur de cabinet du pr\u00e9fet de la Haute-Garonne, Charg\u00e9 de mission \u00e0 l\u2019abornement de la fronti\u00e8re franco-espagnole, Conseiller aupr\u00e8s des Ministres de l\u2019Int\u00e9rieur et des Affaires Etrang\u00e8res, Membre de l\u2019Acad\u00e9mie des Jeux Floraux de Toulouse en &hellip;<\/p>\n<p class=\"read-more\"> <a class=\"\" href=\"https:\/\/croc-aspe.com\/?page_id=1520\"> <span class=\"screen-reader-text\">Biographie Jean Sermet<\/span> Read More &raquo;<\/a><\/p>\n","protected":false},"author":1,"featured_media":0,"parent":0,"menu_order":0,"comment_status":"closed","ping_status":"closed","template":"","meta":{"om_disable_all_campaigns":false,"_monsterinsights_skip_tracking":false,"_monsterinsights_sitenote_active":false,"_monsterinsights_sitenote_note":"","_monsterinsights_sitenote_category":0,"site-sidebar-layout":"no-sidebar","site-content-layout":"page-builder","ast-main-header-display":"","ast-hfb-above-header-display":"","ast-hfb-below-header-display":"","ast-hfb-mobile-header-display":"","site-post-title":"disabled","ast-breadcrumbs-content":"","ast-featured-img":"disabled","footer-sml-layout":"","theme-transparent-header-meta":"","adv-header-id-meta":"","stick-header-meta":"","header-above-stick-meta":"","header-main-stick-meta":"","header-below-stick-meta":"","footnotes":""},"class_list":["post-1520","page","type-page","status-publish","hentry"],"_links":{"self":[{"href":"https:\/\/croc-aspe.com\/index.php?rest_route=\/wp\/v2\/pages\/1520","targetHints":{"allow":["GET"]}}],"collection":[{"href":"https:\/\/croc-aspe.com\/index.php?rest_route=\/wp\/v2\/pages"}],"about":[{"href":"https:\/\/croc-aspe.com\/index.php?rest_route=\/wp\/v2\/types\/page"}],"author":[{"embeddable":true,"href":"https:\/\/croc-aspe.com\/index.php?rest_route=\/wp\/v2\/users\/1"}],"replies":[{"embeddable":true,"href":"https:\/\/croc-aspe.com\/index.php?rest_route=%2Fwp%2Fv2%2Fcomments&post=1520"}],"version-history":[{"count":29,"href":"https:\/\/croc-aspe.com\/index.php?rest_route=\/wp\/v2\/pages\/1520\/revisions"}],"predecessor-version":[{"id":4915,"href":"https:\/\/croc-aspe.com\/index.php?rest_route=\/wp\/v2\/pages\/1520\/revisions\/4915"}],"wp:attachment":[{"href":"https:\/\/croc-aspe.com\/index.php?rest_route=%2Fwp%2Fv2%2Fmedia&parent=1520"}],"curies":[{"name":"wp","href":"https:\/\/api.w.org\/{rel}","templated":true}]}}