{"id":1403,"date":"2022-02-20T18:27:09","date_gmt":"2022-02-20T18:27:09","guid":{"rendered":"https:\/\/croc-aspe.com\/?page_id=1403"},"modified":"2022-06-05T04:56:26","modified_gmt":"2022-06-05T04:56:26","slug":"biographie-henri-lorin","status":"publish","type":"page","link":"https:\/\/croc-aspe.com\/?page_id=1403","title":{"rendered":"Biographie Henri Lorin"},"content":{"rendered":"\t\t<div data-elementor-type=\"wp-page\" data-elementor-id=\"1403\" class=\"elementor elementor-1403\" data-elementor-settings=\"[]\">\n\t\t\t\t\t\t\t<div class=\"elementor-section-wrap\">\n\t\t\t\t\t\t\t<section class=\"elementor-section elementor-top-section elementor-element elementor-element-1f6efbd0 elementor-section-boxed elementor-section-height-default elementor-section-height-default\" data-id=\"1f6efbd0\" data-element_type=\"section\">\n\t\t\t\t\t\t<div class=\"elementor-container elementor-column-gap-default\">\n\t\t\t\t\t<div class=\"elementor-column elementor-col-100 elementor-top-column elementor-element elementor-element-38218e6e\" data-id=\"38218e6e\" data-element_type=\"column\">\n\t\t\t<div class=\"elementor-widget-wrap elementor-element-populated\">\n\t\t\t\t\t\t\t\t<div class=\"elementor-element elementor-element-59cb2c16 elementor-widget elementor-widget-text-editor\" data-id=\"59cb2c16\" data-element_type=\"widget\" data-widget_type=\"text-editor.default\">\n\t\t\t\t<div class=\"elementor-widget-container\">\n\t\t\t<style>\/*! elementor - v3.5.5 - 03-02-2022 *\/\n.elementor-widget-text-editor.elementor-drop-cap-view-stacked .elementor-drop-cap{background-color:#818a91;color:#fff}.elementor-widget-text-editor.elementor-drop-cap-view-framed .elementor-drop-cap{color:#818a91;border:3px solid;background-color:transparent}.elementor-widget-text-editor:not(.elementor-drop-cap-view-default) .elementor-drop-cap{margin-top:8px}.elementor-widget-text-editor:not(.elementor-drop-cap-view-default) .elementor-drop-cap-letter{width:1em;height:1em}.elementor-widget-text-editor .elementor-drop-cap{float:left;text-align:center;line-height:1;font-size:50px}.elementor-widget-text-editor .elementor-drop-cap-letter{display:inline-block}<\/style>\t\t\t\t<p><b><\/b><b><span lang=\"ES\" style=\"font-size: 14.0pt; mso-ansi-language: ES;\"><strong>Henri Lorin (02\/07\/1866 Bayonne &#8211; 01\/05\/1932 Bordeaux)<\/strong><\/span><\/b><\/p>\t\t\t\t\t\t<\/div>\n\t\t\t\t<\/div>\n\t\t\t\t\t<\/div>\n\t\t<\/div>\n\t\t\t\t\t\t\t<\/div>\n\t\t<\/section>\n\t\t\t\t<section class=\"elementor-section elementor-top-section elementor-element elementor-element-47c17e4 elementor-section-boxed elementor-section-height-default elementor-section-height-default\" data-id=\"47c17e4\" data-element_type=\"section\">\n\t\t\t\t\t\t<div class=\"elementor-container elementor-column-gap-default\">\n\t\t\t\t\t<div class=\"elementor-column elementor-col-100 elementor-top-column elementor-element elementor-element-941bcf5\" data-id=\"941bcf5\" data-element_type=\"column\">\n\t\t\t<div class=\"elementor-widget-wrap elementor-element-populated\">\n\t\t\t\t\t\t\t\t<div class=\"elementor-element elementor-element-60e3c3a elementor-widget elementor-widget-text-editor\" data-id=\"60e3c3a\" data-element_type=\"widget\" data-widget_type=\"text-editor.default\">\n\t\t\t\t<div class=\"elementor-widget-container\">\n\t\t\t\t\t\t\t<p>Polytechnicien, Professeur de g\u00e9ographie coloniale \u00e0 l&#8217;Universit\u00e9 de Bordeaux, D\u00e9put\u00e9 de la Gironde de 1919 \u00e0 1924 puis de 1928 \u00e0 1932, Chevalier de la L\u00e9gion d&#8217;Honneur en 1913 puis Officier en 1927<\/p>\t\t\t\t\t\t<\/div>\n\t\t\t\t<\/div>\n\t\t\t\t\t<\/div>\n\t\t<\/div>\n\t\t\t\t\t\t\t<\/div>\n\t\t<\/section>\n\t\t\t\t<section class=\"elementor-section elementor-top-section elementor-element elementor-element-a59ebce elementor-section-boxed elementor-section-height-default elementor-section-height-default\" data-id=\"a59ebce\" data-element_type=\"section\">\n\t\t\t\t\t\t<div class=\"elementor-container elementor-column-gap-default\">\n\t\t\t\t\t<div class=\"elementor-column elementor-col-100 elementor-top-column elementor-element elementor-element-aed3334\" data-id=\"aed3334\" data-element_type=\"column\">\n\t\t\t<div class=\"elementor-widget-wrap elementor-element-populated\">\n\t\t\t\t\t\t\t\t<div class=\"elementor-element elementor-element-87c7c15 elementor-widget elementor-widget-text-editor\" data-id=\"87c7c15\" data-element_type=\"widget\" data-widget_type=\"text-editor.default\">\n\t\t\t\t<div class=\"elementor-widget-container\">\n\t\t\t\t\t\t\t<p>Henri Lorin \u00e9tait polytechnicien et brillant professeur de g\u00e9ographie \u00e0 Pau, Tunis, \u00e0 l\u2019Ecole Normale Sup\u00e9rieure puis \u00e0 la Facult\u00e9 des Lettres de Bordeaux. Il devint d\u00e9put\u00e9 de la Gironde \u00e0 deux reprises sous la banni\u00e8re de l&#8217;Action r\u00e9publicaine et sociale, puis de l&#8217;Action d\u00e9mocratique et sociale. Membre de la Soci\u00e9t\u00e9 Math\u00e9matique de France, il a publi\u00e9 de nombreux \u00e9tudes et ouvrages sur l\u2019Afrique et les colonies.<\/p><p>Comme d\u2019autres ing\u00e9nieurs et scientifiques, il \u00e9tudia le dossier du transpyr\u00e9n\u00e9en occidental par Canfranc et comprit vite la vacuit\u00e9 de ce projet. Il estimait inutile les transpyr\u00e9n\u00e9ens et souhaitait tout d&#8217;abord un vrai trait\u00e9 commercial entre la France et l&#8217;Espagne afin de renforcer les \u00e9changes commerciaux par le trafic maritime et par les deux lignes ferroviaires aux extr\u00e9mit\u00e9s des Pyr\u00e9n\u00e9es. A juste titre, il pensait que la diff\u00e9rence d&#8217;\u00e9cartement des rails nuirait au trafic et pr\u00e9f\u00e9rait encourager le commerce des marchandises par les ports. Il estimait qu\u2019au minima, quitte \u00e0 faire le transpyr\u00e9n\u00e9en par Canfranc, que le tunnel du Somport devait comporter deux voies, cependant une seule voie a \u00e9t\u00e9 faite pour limiter le budget. Il combattait l\u2019id\u00e9e de faire payer par les contribuables fran\u00e7ais et espagnols des travaux co\u00fbteux qui n\u2019allaient profiter qu\u2019\u00e0 un petit nombre et non \u00e0 l\u2019int\u00e9r\u00eat g\u00e9n\u00e9ral.<\/p><p>Toutes ses intuitions sur le trafic maritime, sur les difficult\u00e9s de transbordement dues \u00e0 la diff\u00e9rence d\u2019\u00e9cartement, \u00e0 la voie unique, particuli\u00e8rement sous le tunnel du Somport se sont r\u00e9v\u00e9l\u00e9es \u00eatre tout \u00e0 fait pertinentes et exactes.<\/p><p>Malheureusement, aujourd\u2019hui, rien \u00e0 changer. Plus de 100 ann\u00e9es ont pass\u00e9, mais nos politiciens locaux et les partisans de la r\u00e9ouverture refont les m\u00eames erreurs et ne veulent toujours pas apprendre du pass\u00e9. Il suffirait de reprendre exactement les m\u00eames arguments, les adapter \u00e0 notre \u00e9poque et s\u2019apercevoir que la probl\u00e9matique est toujours rest\u00e9e la m\u00eame.<\/p>\t\t\t\t\t\t<\/div>\n\t\t\t\t<\/div>\n\t\t\t\t\t<\/div>\n\t\t<\/div>\n\t\t\t\t\t\t\t<\/div>\n\t\t<\/section>\n\t\t\t\t<section class=\"elementor-section elementor-top-section elementor-element elementor-element-6835212f elementor-section-boxed elementor-section-height-default elementor-section-height-default\" data-id=\"6835212f\" data-element_type=\"section\">\n\t\t\t\t\t\t<div class=\"elementor-container elementor-column-gap-default\">\n\t\t\t\t\t<div class=\"elementor-column elementor-col-100 elementor-top-column elementor-element elementor-element-496b4f06\" data-id=\"496b4f06\" data-element_type=\"column\">\n\t\t\t<div class=\"elementor-widget-wrap\">\n\t\t\t\t\t\t\t\t\t<\/div>\n\t\t<\/div>\n\t\t\t\t\t\t\t<\/div>\n\t\t<\/section>\n\t\t\t\t<section class=\"elementor-section elementor-top-section elementor-element elementor-element-5752aeb5 elementor-section-boxed elementor-section-height-default elementor-section-height-default\" data-id=\"5752aeb5\" data-element_type=\"section\">\n\t\t\t\t\t\t<div class=\"elementor-container elementor-column-gap-default\">\n\t\t\t\t\t<div class=\"elementor-column elementor-col-50 elementor-top-column elementor-element elementor-element-31ea544d\" data-id=\"31ea544d\" data-element_type=\"column\">\n\t\t\t<div class=\"elementor-widget-wrap elementor-element-populated\">\n\t\t\t\t\t\t\t\t<div class=\"elementor-element elementor-element-70b5e2cb elementor-button-success elementor-align-center elementor-widget elementor-widget-button\" data-id=\"70b5e2cb\" data-element_type=\"widget\" data-widget_type=\"button.default\">\n\t\t\t\t<div class=\"elementor-widget-container\">\n\t\t\t\t\t<div class=\"elementor-button-wrapper\">\n\t\t\t<a href=\"https:\/\/croc-aspe.com\/?page_id=1408\" class=\"elementor-button-link elementor-button elementor-size-sm\" role=\"button\">\n\t\t\t\t\t\t<span class=\"elementor-button-content-wrapper\">\n\t\t\t\t\t\t<span class=\"elementor-button-text\">Quelques citations d'Henri Lorin<\/span>\n\t\t<\/span>\n\t\t\t\t\t<\/a>\n\t\t<\/div>\n\t\t\t\t<\/div>\n\t\t\t\t<\/div>\n\t\t\t\t\t<\/div>\n\t\t<\/div>\n\t\t\t\t<div class=\"elementor-column elementor-col-50 elementor-top-column elementor-element elementor-element-77558da3\" data-id=\"77558da3\" data-element_type=\"column\">\n\t\t\t<div class=\"elementor-widget-wrap elementor-element-populated\">\n\t\t\t\t\t\t\t\t<div class=\"elementor-element elementor-element-51a6331e elementor-align-center elementor-widget elementor-widget-button\" data-id=\"51a6331e\" data-element_type=\"widget\" data-widget_type=\"button.default\">\n\t\t\t\t<div class=\"elementor-widget-container\">\n\t\t\t\t\t<div class=\"elementor-button-wrapper\">\n\t\t\t<a href=\"https:\/\/croc-aspe.com\/?page_id=3947\" class=\"elementor-button-link elementor-button elementor-size-sm\" role=\"button\">\n\t\t\t\t\t\t<span class=\"elementor-button-content-wrapper\">\n\t\t\t\t\t\t<span class=\"elementor-button-text\">Retour aux personnages<\/span>\n\t\t<\/span>\n\t\t\t\t\t<\/a>\n\t\t<\/div>\n\t\t\t\t<\/div>\n\t\t\t\t<\/div>\n\t\t\t\t\t<\/div>\n\t\t<\/div>\n\t\t\t\t\t\t\t<\/div>\n\t\t<\/section>\n\t\t\t\t\t\t<\/div>\n\t\t\t\t\t<\/div>\n\t\t","protected":false},"excerpt":{"rendered":"<p>Henri Lorin (02\/07\/1866 Bayonne &#8211; 01\/05\/1932 Bordeaux) Polytechnicien, Professeur de g\u00e9ographie coloniale \u00e0 l&#8217;Universit\u00e9 de Bordeaux, D\u00e9put\u00e9 de la Gironde de 1919 \u00e0 1924 puis de 1928 \u00e0 1932, Chevalier de la L\u00e9gion d&#8217;Honneur en 1913 puis Officier en 1927 Henri Lorin \u00e9tait polytechnicien et brillant professeur de g\u00e9ographie \u00e0 Pau, Tunis, \u00e0 l\u2019Ecole Normale &hellip;<\/p>\n<p class=\"read-more\"> <a class=\"\" href=\"https:\/\/croc-aspe.com\/?page_id=1403\"> <span class=\"screen-reader-text\">Biographie Henri Lorin<\/span> Read More &raquo;<\/a><\/p>\n","protected":false},"author":1,"featured_media":0,"parent":0,"menu_order":0,"comment_status":"closed","ping_status":"closed","template":"","meta":{"om_disable_all_campaigns":false,"_monsterinsights_skip_tracking":false,"_monsterinsights_sitenote_active":false,"_monsterinsights_sitenote_note":"","_monsterinsights_sitenote_category":0,"site-sidebar-layout":"no-sidebar","site-content-layout":"page-builder","ast-main-header-display":"","ast-hfb-above-header-display":"","ast-hfb-below-header-display":"","ast-hfb-mobile-header-display":"","site-post-title":"disabled","ast-breadcrumbs-content":"","ast-featured-img":"disabled","footer-sml-layout":"","theme-transparent-header-meta":"","adv-header-id-meta":"","stick-header-meta":"","header-above-stick-meta":"","header-main-stick-meta":"","header-below-stick-meta":"","footnotes":""},"class_list":["post-1403","page","type-page","status-publish","hentry"],"_links":{"self":[{"href":"https:\/\/croc-aspe.com\/index.php?rest_route=\/wp\/v2\/pages\/1403","targetHints":{"allow":["GET"]}}],"collection":[{"href":"https:\/\/croc-aspe.com\/index.php?rest_route=\/wp\/v2\/pages"}],"about":[{"href":"https:\/\/croc-aspe.com\/index.php?rest_route=\/wp\/v2\/types\/page"}],"author":[{"embeddable":true,"href":"https:\/\/croc-aspe.com\/index.php?rest_route=\/wp\/v2\/users\/1"}],"replies":[{"embeddable":true,"href":"https:\/\/croc-aspe.com\/index.php?rest_route=%2Fwp%2Fv2%2Fcomments&post=1403"}],"version-history":[{"count":20,"href":"https:\/\/croc-aspe.com\/index.php?rest_route=\/wp\/v2\/pages\/1403\/revisions"}],"predecessor-version":[{"id":4042,"href":"https:\/\/croc-aspe.com\/index.php?rest_route=\/wp\/v2\/pages\/1403\/revisions\/4042"}],"wp:attachment":[{"href":"https:\/\/croc-aspe.com\/index.php?rest_route=%2Fwp%2Fv2%2Fmedia&parent=1403"}],"curies":[{"name":"wp","href":"https:\/\/api.w.org\/{rel}","templated":true}]}}