{"id":1174,"date":"2022-02-20T11:21:28","date_gmt":"2022-02-20T11:21:28","guid":{"rendered":"https:\/\/croc-aspe.com\/?page_id=1174"},"modified":"2022-06-05T04:52:04","modified_gmt":"2022-06-05T04:52:04","slug":"biographie-comte-henri-begouen","status":"publish","type":"page","link":"https:\/\/croc-aspe.com\/?page_id=1174","title":{"rendered":"Biographie Comte Henri B\u00e9gou\u00ebn"},"content":{"rendered":"\t\t<div data-elementor-type=\"wp-page\" data-elementor-id=\"1174\" class=\"elementor elementor-1174\" data-elementor-settings=\"[]\">\n\t\t\t\t\t\t\t<div class=\"elementor-section-wrap\">\n\t\t\t\t\t\t\t<section class=\"elementor-section elementor-top-section elementor-element elementor-element-55ea32d9 elementor-section-boxed elementor-section-height-default elementor-section-height-default\" data-id=\"55ea32d9\" data-element_type=\"section\">\n\t\t\t\t\t\t<div class=\"elementor-container elementor-column-gap-default\">\n\t\t\t\t\t<div class=\"elementor-column elementor-col-100 elementor-top-column elementor-element elementor-element-2eccf382\" data-id=\"2eccf382\" data-element_type=\"column\">\n\t\t\t<div class=\"elementor-widget-wrap elementor-element-populated\">\n\t\t\t\t\t\t\t\t<div class=\"elementor-element elementor-element-6a522891 elementor-widget elementor-widget-text-editor\" data-id=\"6a522891\" data-element_type=\"widget\" data-widget_type=\"text-editor.default\">\n\t\t\t\t<div class=\"elementor-widget-container\">\n\t\t\t<style>\/*! elementor - v3.5.5 - 03-02-2022 *\/\n.elementor-widget-text-editor.elementor-drop-cap-view-stacked .elementor-drop-cap{background-color:#818a91;color:#fff}.elementor-widget-text-editor.elementor-drop-cap-view-framed .elementor-drop-cap{color:#818a91;border:3px solid;background-color:transparent}.elementor-widget-text-editor:not(.elementor-drop-cap-view-default) .elementor-drop-cap{margin-top:8px}.elementor-widget-text-editor:not(.elementor-drop-cap-view-default) .elementor-drop-cap-letter{width:1em;height:1em}.elementor-widget-text-editor .elementor-drop-cap{float:left;text-align:center;line-height:1;font-size:50px}.elementor-widget-text-editor .elementor-drop-cap-letter{display:inline-block}<\/style>\t\t\t\t<p><b><\/b><b><span lang=\"ES\" style=\"font-size: 14.0pt; mso-ansi-language: ES;\"><strong>Comte Napol\u00e9on-Henri B\u00e9gou\u00ebn (20\/11\/1863 Ch\u00e2teauroux &#8211; 04\/11\/1956 Montesquieu-Avant\u00e8s)<\/strong><\/span><\/b><\/p>\t\t\t\t\t\t<\/div>\n\t\t\t\t<\/div>\n\t\t\t\t\t<\/div>\n\t\t<\/div>\n\t\t\t\t\t\t\t<\/div>\n\t\t<\/section>\n\t\t\t\t<section class=\"elementor-section elementor-top-section elementor-element elementor-element-9608c8c elementor-section-boxed elementor-section-height-default elementor-section-height-default\" data-id=\"9608c8c\" data-element_type=\"section\">\n\t\t\t\t\t\t<div class=\"elementor-container elementor-column-gap-default\">\n\t\t\t\t\t<div class=\"elementor-column elementor-col-100 elementor-top-column elementor-element elementor-element-d84937f\" data-id=\"d84937f\" data-element_type=\"column\">\n\t\t\t<div class=\"elementor-widget-wrap elementor-element-populated\">\n\t\t\t\t\t\t\t\t<div class=\"elementor-element elementor-element-6f13338 elementor-widget elementor-widget-text-editor\" data-id=\"6f13338\" data-element_type=\"widget\" data-widget_type=\"text-editor.default\">\n\t\t\t\t<div class=\"elementor-widget-container\">\n\t\t\t\t\t\t\t<p>Arch\u00e9ologue, Pr\u00e9historien, Professeur de pr\u00e9histoire \u00e0 l&#8217;Universit\u00e9 de Toulouse, Conservateur du Mus\u00e9e d&#8217;Histoire Naturelle de Toulouse, Maire de Montesquieu-Avant\u00e8s de 1912 \u00e0 1924, Membre de l&#8217;Institut, Chevalier de la L\u00e9gion d&#8217;Honneur en 1920 puis Officier en 1934 puis Commandeur en 1951<\/p>\t\t\t\t\t\t<\/div>\n\t\t\t\t<\/div>\n\t\t\t\t\t<\/div>\n\t\t<\/div>\n\t\t\t\t\t\t\t<\/div>\n\t\t<\/section>\n\t\t\t\t<section class=\"elementor-section elementor-top-section elementor-element elementor-element-17f3758 elementor-section-boxed elementor-section-height-default elementor-section-height-default\" data-id=\"17f3758\" data-element_type=\"section\">\n\t\t\t\t\t\t<div class=\"elementor-container elementor-column-gap-default\">\n\t\t\t\t\t<div class=\"elementor-column elementor-col-100 elementor-top-column elementor-element elementor-element-d15fc83\" data-id=\"d15fc83\" data-element_type=\"column\">\n\t\t\t<div class=\"elementor-widget-wrap elementor-element-populated\">\n\t\t\t\t\t\t\t\t<div class=\"elementor-element elementor-element-af13308 elementor-widget elementor-widget-text-editor\" data-id=\"af13308\" data-element_type=\"widget\" data-widget_type=\"text-editor.default\">\n\t\t\t\t<div class=\"elementor-widget-container\">\n\t\t\t\t\t\t\t<p>Bien que politicien et propri\u00e9taire d\u2019un journal \u00e0 Toulouse, le Comte Henri B\u00e9gou\u00ebn s\u2019int\u00e9ressait \u00e0 la g\u00e9ologie depuis sa jeunesse et sera \u00e0 l\u2019origine de la d\u00e9couverte avec ses trois fils de plusieurs grottes en Ari\u00e8ge. Il s\u2019est en effet install\u00e9 dans ce d\u00e9partement \u00e0 Montesquieu-Avant\u00e8s d\u2019o\u00f9 sa femme est originaire et dont il sera le maire durant 13 ann\u00e9es. Se prenant de passion pour la pr\u00e9histoire \u00e0 un \u00e2ge avanc\u00e9, il visita de nombreux sites pr\u00e9historiques \u00e0 travers toute le France puis fut nomm\u00e9 conservateur du Mus\u00e9e d\u2019Histoire Naturelle de Toulouse. Savant \u00e9clectique, il \u00e9dita plus de 250 publications sur la pr\u00e9histoire, l\u2019histoire, l\u2019arch\u00e9ologie, la politique, la religion\u2026<\/p><p>Il s\u2019int\u00e9ressa aux transpyr\u00e9n\u00e9ens, f\u00fbt un de ses d\u00e9fenseurs mais chercha avant tout \u00e0 promouvoir la ligne centrale passant par la vall\u00e9e du Salat, le col de Salau et la vall\u00e9e du Noguera-Pallaresa. Il pensait \u00e0 juste titre que les transpyr\u00e9n\u00e9ens envisag\u00e9s par Canfranc et Ax-Ripoll auraient des tunnels d\u2019altitude trop \u00e9lev\u00e9e, ce qui serait contraignant pour l\u2019exploitation et pourrait bloquer le trafic durant plusieurs jours en raison de l\u2019enneigement.<\/p><p>Sa volont\u00e9 de cr\u00e9er un tunnel de plus basse altitude au col du Salau et de passer par les vall\u00e9es plus propices du Salat et du Noguera-Pallaresa \u00e9tait certainement une bonne intuition. Cette id\u00e9e sera cependant constamment combattue par le gouvernement espagnol pour des consid\u00e9rations de politique int\u00e9rieure pr\u00e9f\u00e9rant toujours la r\u00e9alisation de la ligne par Canfranc.<\/p>\t\t\t\t\t\t<\/div>\n\t\t\t\t<\/div>\n\t\t\t\t\t<\/div>\n\t\t<\/div>\n\t\t\t\t\t\t\t<\/div>\n\t\t<\/section>\n\t\t\t\t<section class=\"elementor-section elementor-top-section elementor-element elementor-element-7e55292 elementor-section-boxed elementor-section-height-default elementor-section-height-default\" data-id=\"7e55292\" data-element_type=\"section\">\n\t\t\t\t\t\t<div class=\"elementor-container elementor-column-gap-default\">\n\t\t\t\t\t<div class=\"elementor-column elementor-col-100 elementor-top-column elementor-element elementor-element-a2de44b\" data-id=\"a2de44b\" data-element_type=\"column\">\n\t\t\t<div class=\"elementor-widget-wrap\">\n\t\t\t\t\t\t\t\t\t<\/div>\n\t\t<\/div>\n\t\t\t\t\t\t\t<\/div>\n\t\t<\/section>\n\t\t\t\t<section class=\"elementor-section elementor-top-section elementor-element elementor-element-1cdbd5a1 elementor-section-boxed elementor-section-height-default elementor-section-height-default\" data-id=\"1cdbd5a1\" data-element_type=\"section\">\n\t\t\t\t\t\t<div class=\"elementor-container elementor-column-gap-default\">\n\t\t\t\t\t<div class=\"elementor-column elementor-col-50 elementor-top-column elementor-element elementor-element-60769518\" data-id=\"60769518\" data-element_type=\"column\">\n\t\t\t<div class=\"elementor-widget-wrap elementor-element-populated\">\n\t\t\t\t\t\t\t\t<div class=\"elementor-element elementor-element-e4a17df elementor-button-success elementor-align-center elementor-widget elementor-widget-button\" data-id=\"e4a17df\" data-element_type=\"widget\" data-widget_type=\"button.default\">\n\t\t\t\t<div class=\"elementor-widget-container\">\n\t\t\t\t\t<div class=\"elementor-button-wrapper\">\n\t\t\t<a href=\"https:\/\/croc-aspe.com\/?page_id=1179\" class=\"elementor-button-link elementor-button elementor-size-sm\" role=\"button\">\n\t\t\t\t\t\t<span class=\"elementor-button-content-wrapper\">\n\t\t\t\t\t\t<span class=\"elementor-button-text\">Quelques citations du comte henri B\u00e9gou\u00ebn<\/span>\n\t\t<\/span>\n\t\t\t\t\t<\/a>\n\t\t<\/div>\n\t\t\t\t<\/div>\n\t\t\t\t<\/div>\n\t\t\t\t\t<\/div>\n\t\t<\/div>\n\t\t\t\t<div class=\"elementor-column elementor-col-50 elementor-top-column elementor-element elementor-element-432f9bc2\" data-id=\"432f9bc2\" data-element_type=\"column\">\n\t\t\t<div class=\"elementor-widget-wrap elementor-element-populated\">\n\t\t\t\t\t\t\t\t<div class=\"elementor-element elementor-element-5fd1afed elementor-align-center elementor-widget elementor-widget-button\" data-id=\"5fd1afed\" data-element_type=\"widget\" data-widget_type=\"button.default\">\n\t\t\t\t<div class=\"elementor-widget-container\">\n\t\t\t\t\t<div class=\"elementor-button-wrapper\">\n\t\t\t<a href=\"https:\/\/croc-aspe.com\/?page_id=3930\" class=\"elementor-button-link elementor-button elementor-size-sm\" role=\"button\">\n\t\t\t\t\t\t<span class=\"elementor-button-content-wrapper\">\n\t\t\t\t\t\t<span class=\"elementor-button-text\">Retour aux personnages<\/span>\n\t\t<\/span>\n\t\t\t\t\t<\/a>\n\t\t<\/div>\n\t\t\t\t<\/div>\n\t\t\t\t<\/div>\n\t\t\t\t\t<\/div>\n\t\t<\/div>\n\t\t\t\t\t\t\t<\/div>\n\t\t<\/section>\n\t\t\t\t\t\t<\/div>\n\t\t\t\t\t<\/div>\n\t\t","protected":false},"excerpt":{"rendered":"<p>Comte Napol\u00e9on-Henri B\u00e9gou\u00ebn (20\/11\/1863 Ch\u00e2teauroux &#8211; 04\/11\/1956 Montesquieu-Avant\u00e8s) Arch\u00e9ologue, Pr\u00e9historien, Professeur de pr\u00e9histoire \u00e0 l&#8217;Universit\u00e9 de Toulouse, Conservateur du Mus\u00e9e d&#8217;Histoire Naturelle de Toulouse, Maire de Montesquieu-Avant\u00e8s de 1912 \u00e0 1924, Membre de l&#8217;Institut, Chevalier de la L\u00e9gion d&#8217;Honneur en 1920 puis Officier en 1934 puis Commandeur en 1951 Bien que politicien et propri\u00e9taire d\u2019un &hellip;<\/p>\n<p class=\"read-more\"> <a class=\"\" href=\"https:\/\/croc-aspe.com\/?page_id=1174\"> <span class=\"screen-reader-text\">Biographie Comte Henri B\u00e9gou\u00ebn<\/span> Read More &raquo;<\/a><\/p>\n","protected":false},"author":1,"featured_media":0,"parent":0,"menu_order":0,"comment_status":"closed","ping_status":"closed","template":"","meta":{"om_disable_all_campaigns":false,"_monsterinsights_skip_tracking":false,"_monsterinsights_sitenote_active":false,"_monsterinsights_sitenote_note":"","_monsterinsights_sitenote_category":0,"site-sidebar-layout":"no-sidebar","site-content-layout":"page-builder","ast-main-header-display":"","ast-hfb-above-header-display":"","ast-hfb-below-header-display":"","ast-hfb-mobile-header-display":"","site-post-title":"disabled","ast-breadcrumbs-content":"","ast-featured-img":"disabled","footer-sml-layout":"","theme-transparent-header-meta":"","adv-header-id-meta":"","stick-header-meta":"","header-above-stick-meta":"","header-main-stick-meta":"","header-below-stick-meta":"","footnotes":""},"class_list":["post-1174","page","type-page","status-publish","hentry"],"_links":{"self":[{"href":"https:\/\/croc-aspe.com\/index.php?rest_route=\/wp\/v2\/pages\/1174","targetHints":{"allow":["GET"]}}],"collection":[{"href":"https:\/\/croc-aspe.com\/index.php?rest_route=\/wp\/v2\/pages"}],"about":[{"href":"https:\/\/croc-aspe.com\/index.php?rest_route=\/wp\/v2\/types\/page"}],"author":[{"embeddable":true,"href":"https:\/\/croc-aspe.com\/index.php?rest_route=\/wp\/v2\/users\/1"}],"replies":[{"embeddable":true,"href":"https:\/\/croc-aspe.com\/index.php?rest_route=%2Fwp%2Fv2%2Fcomments&post=1174"}],"version-history":[{"count":28,"href":"https:\/\/croc-aspe.com\/index.php?rest_route=\/wp\/v2\/pages\/1174\/revisions"}],"predecessor-version":[{"id":4015,"href":"https:\/\/croc-aspe.com\/index.php?rest_route=\/wp\/v2\/pages\/1174\/revisions\/4015"}],"wp:attachment":[{"href":"https:\/\/croc-aspe.com\/index.php?rest_route=%2Fwp%2Fv2%2Fmedia&parent=1174"}],"curies":[{"name":"wp","href":"https:\/\/api.w.org\/{rel}","templated":true}]}}